{"id":21472,"date":"2014-06-20T23:44:34","date_gmt":"2014-06-21T02:44:34","guid":{"rendered":"https:\/\/hansenimoveis.com\/property\/luxury-penthouse-with-bay-view-in-vitoria-2\/"},"modified":"2025-04-16T17:34:43","modified_gmt":"2025-04-16T20:34:43","slug":"apartamento-de-luxo-a-venda-vitoria-salvador","status":"publish","type":"property","link":"https:\/\/hansenimoveis.com\/pt-br\/property\/apartamento-de-luxo-a-venda-vitoria-salvador\/","title":{"rendered":"Apartamento de luxo a venda Vit\u00f3ria Salvador"},"content":{"rendered":"<h2>Apartamento de luxo a venda Vit\u00f3ria Salvador<\/h2>\n<p>Rara oportunidade de possuir uma obra-prima \u00fanica &#8211; uma cobertura maravilhosa, um apartamento de luxo a venda Vit\u00f3ria Salvador com vista para o mar expansiva vitrine para a Ba\u00eda de Bahia, 3 suites, todos com vista mar, espa\u00e7os abertos, salas de estar e salas de estar finamente decorado, lavabo, cozinha, varanda com piscina de hidromassagem e gourmet e 2 vagas de garagem cobertas. Conforto e aconchego projetado com eleg\u00e2ncia e design superior.<\/p>\n<h3>Condom\u00ednio de luxo no corredor da Vit\u00f3ria<\/h3>\n<p><span style=\"text-decoration: underline;\">Apartamento de luxo a venda Vit\u00f3ria Salvador<\/span> e condom\u00ednio de luxo localizado no <span style=\"text-decoration: underline;\"><strong><a href=\"http:\/\/www.salvadorbahiabrasil.com\/blog\/tag\/corredor-da-vitoria\" target=\"_blank\" rel=\"noopener noreferrer\">corredor da Vit\u00f3ria<\/a><\/strong><\/span> &#8211; a melhor \u00e1rea em Salvador, com seguran\u00e7a 24 horas, plataforma de banho, piscina, fitness center e elevador.<\/p>\n<h4>Informa\u00e7\u00e3o sobre Salvador<\/h4>\n<p>A cidade de Salvador faz parte do Estado da Bahia onde o Brasil foi descoberto e podemos encontrar belas paisagens e uma grande extens\u00e3o de praias maravilhosas em Salvador como as praias da Barra, Rio Vermelho, Ondina, Ribeira, Itapu\u00e3, Stella Maris dentre outras.<br \/>\nSalvador \u00e9 muito conhecida pela cultura afro e pelo tradicional carnaval de rua que acontece sempre no in\u00edcio de cada entre os meses de fevereiro e mar\u00e7o.<\/p>\n<h5>Informa\u00e7\u00e3o sobre Vit\u00f3ria<\/h5>\n<p>A <span style=\"text-decoration: underline;\"><strong><a href=\"http:\/\/pt.wikipedia.org\/wiki\/Vit%C3%B3ria_%28Salvador%29\" target=\"_blank\" rel=\"noopener noreferrer\">Vit\u00f3ria<\/a><\/strong><\/span> \u00e9 um bairro nobre de Salvador. O bairro da <span style=\"text-decoration: underline;\"><strong><a href=\"http:\/\/pt.wikipedia.org\/wiki\/Esporte_Clube_Vit%C3%B3ria\" target=\"_blank\" rel=\"noopener noreferrer\">Vit\u00f3ria<\/a><\/strong><\/span> \u00e9 basicamente composto pelo <span style=\"text-decoration: underline;\"><strong>Corredor da Vit\u00f3ria<\/strong><\/span>, trecho da avenida Sete de Setembro que vai do Largo da Vit\u00f3ria at\u00e9 o Campo Grande, ruas e vielas adjacentes.<br \/>\n\u00c9 vizinho dos bairros da Barra, Gra\u00e7a, Campo Grande e Canela. A Vit\u00f3ria \u00e9 um dos metros quadrados mais elevados de Salvador. Alguns de seus edif\u00edcios possuem telef\u00e9ricos e p\u00eders exclusivos para o mar. O bairro tem constru\u00e7\u00f5es que est\u00e3o entre as mais altas da Bahia, como o edif\u00edcio Margarida Costa Pinto, de 148 metros de altura e 43 pavimentos, e a Morada dos Cardeais, com 137 metros de altura e 40 pavimentos.<\/p>\n<p>Veja o YouTube v\u00eddeo deste <em>Apartamento de luxo a venda Vit\u00f3ria Salvador<\/em>.<br \/>\nAgende uma visita com <span style=\"text-decoration: underline;\"><strong><a href=\"https:\/\/hansenimoveis.com\/pt-br\/contato\/\" target=\"_blank\" rel=\"noopener noreferrer\">Hansen Im\u00f3veis<\/a><\/strong><\/span>, veja outras op\u00e7\u00f5es de <span style=\"text-decoration: underline;\"><strong><a href=\"https:\/\/hansenimoveis.com\/pt-br\/property-city\/salvador-pt-br\/\" target=\"_blank\" rel=\"noopener noreferrer\">im\u00f3veis em Salvador<\/a><\/strong><\/span>.<\/p>\n","protected":false},"excerpt":{"rendered":"<p>Apartamento de luxo a venda Vit\u00f3ria Salvador Rara oportunidade de possuir uma obra-prima \u00fanica &#8211; uma cobertura maravilhosa, um apartamento de luxo a venda Vit\u00f3ria Salvador com vista para o mar expansiva vitrine para a Ba\u00eda de Bahia, 3 suites, todos com vista mar, espa\u00e7os abertos, salas de estar e salas de estar finamente decorado,&#8230;<\/p>\n","protected":false},"author":1,"featured_media":34522,"parent":0,"menu_order":0,"comment_status":"closed","ping_status":"closed","template":"templates\/property-full-width-layout.php","property-feature":[237,203,218,233,187,225,265,117],"property-type":[994,558],"property-city":[1441],"property-status":[7954,629],"class_list":["post-21472","property","type-property","status-publish","has-post-thumbnail","hentry","property-feature-academia","property-feature-ar-condicionado","property-feature-condominio","property-feature-piscina","property-feature-porcelanato","property-feature-portaria-24h","property-feature-salao-de-festas","property-feature-vista-mar","property-type-apartamentos","property-type-casa-de-luxo","property-city-salvador-pt-br","property-status-suspensa","property-status-venda-pt-br"],"yoast_head":"<!-- This site is optimized with the Yoast SEO Premium plugin v27.5 (Yoast SEO v27.5) - https:\/\/yoast.com\/product\/yoast-seo-premium-wordpress\/ -->\n<title>Apartamento de luxo a venda Vit\u00f3ria Salvador | Hansen Im\u00f3veis<\/title>\n<meta name=\"description\" content=\"Apartamento de luxo a venda Vit\u00f3ria Salvador com vista para o mar expansiva vitrine para a Ba\u00eda de Bahia, 3 suites com vista mar...\" \/>\n<meta name=\"robots\" content=\"index, follow, max-snippet:-1, max-image-preview:large, max-video-preview:-1\" \/>\n<link rel=\"canonical\" href=\"https:\/\/hansenimoveis.com\/pt-br\/property\/apartamento-de-luxo-a-venda-vitoria-salvador\/\" \/>\n<meta property=\"og:locale\" content=\"pt_BR\" \/>\n<meta property=\"og:type\" content=\"article\" \/>\n<meta property=\"og:title\" content=\"Apartamento de luxo a venda Vit\u00f3ria Salvador\" \/>\n<meta property=\"og:description\" content=\"Apartamento de luxo a venda Vit\u00f3ria Salvador com vista para o mar expansiva vitrine para a Ba\u00eda de Bahia, 3 suites com vista mar...\" \/>\n<meta property=\"og:url\" content=\"https:\/\/hansenimoveis.com\/pt-br\/property\/apartamento-de-luxo-a-venda-vitoria-salvador\/\" \/>\n<meta property=\"og:site_name\" content=\"Hansen Im\u00f3veis | Im\u00f3veis \u00e0 venda Lauro de Freitas, Litoral Norte e Salvador\" \/>\n<meta property=\"article:publisher\" content=\"https:\/\/www.facebook.com\/Hansen-Imveis-356389241069613\/\" \/>\n<meta property=\"article:modified_time\" content=\"2025-04-16T20:34:43+00:00\" \/>\n<meta property=\"og:image\" content=\"https:\/\/hansenimoveis.com\/wp-content\/uploads\/2014\/06\/cobertura-de-luxo-com-vista-para-a-baia-a-venda-em-vitoria-30.jpg\" \/>\n\t<meta property=\"og:image:width\" content=\"1900\" \/>\n\t<meta property=\"og:image:height\" content=\"1275\" \/>\n\t<meta property=\"og:image:type\" content=\"image\/jpeg\" \/>\n<meta name=\"twitter:label1\" content=\"Est. tempo de leitura\" \/>\n\t<meta name=\"twitter:data1\" content=\"2 minutos\" \/>\n<script type=\"application\/ld+json\" class=\"yoast-schema-graph\">{\"@context\":\"https:\\\/\\\/schema.org\",\"@graph\":[{\"@type\":\"WebPage\",\"@id\":\"https:\\\/\\\/hansenimoveis.com\\\/pt-br\\\/property\\\/apartamento-de-luxo-a-venda-vitoria-salvador\\\/\",\"url\":\"https:\\\/\\\/hansenimoveis.com\\\/pt-br\\\/property\\\/apartamento-de-luxo-a-venda-vitoria-salvador\\\/\",\"name\":\"Apartamento de luxo a venda Vit\u00f3ria Salvador | Hansen Im\u00f3veis\",\"isPartOf\":{\"@id\":\"https:\\\/\\\/hansenimoveis.com\\\/pt-br\\\/#website\"},\"primaryImageOfPage\":{\"@id\":\"https:\\\/\\\/hansenimoveis.com\\\/pt-br\\\/property\\\/apartamento-de-luxo-a-venda-vitoria-salvador\\\/#primaryimage\"},\"image\":{\"@id\":\"https:\\\/\\\/hansenimoveis.com\\\/pt-br\\\/property\\\/apartamento-de-luxo-a-venda-vitoria-salvador\\\/#primaryimage\"},\"thumbnailUrl\":\"https:\\\/\\\/hansenimoveis.com\\\/wp-content\\\/uploads\\\/2014\\\/06\\\/cobertura-de-luxo-com-vista-para-a-baia-a-venda-em-vitoria-30.jpg\",\"datePublished\":\"2014-06-21T02:44:34+00:00\",\"dateModified\":\"2025-04-16T20:34:43+00:00\",\"description\":\"Apartamento de luxo a venda Vit\u00f3ria Salvador com vista para o mar expansiva vitrine para a Ba\u00eda de Bahia, 3 suites com vista mar...\",\"breadcrumb\":{\"@id\":\"https:\\\/\\\/hansenimoveis.com\\\/pt-br\\\/property\\\/apartamento-de-luxo-a-venda-vitoria-salvador\\\/#breadcrumb\"},\"inLanguage\":\"pt-BR\",\"potentialAction\":[{\"@type\":\"ReadAction\",\"target\":[\"https:\\\/\\\/hansenimoveis.com\\\/pt-br\\\/property\\\/apartamento-de-luxo-a-venda-vitoria-salvador\\\/\"]}]},{\"@type\":\"ImageObject\",\"inLanguage\":\"pt-BR\",\"@id\":\"https:\\\/\\\/hansenimoveis.com\\\/pt-br\\\/property\\\/apartamento-de-luxo-a-venda-vitoria-salvador\\\/#primaryimage\",\"url\":\"https:\\\/\\\/hansenimoveis.com\\\/wp-content\\\/uploads\\\/2014\\\/06\\\/cobertura-de-luxo-com-vista-para-a-baia-a-venda-em-vitoria-30.jpg\",\"contentUrl\":\"https:\\\/\\\/hansenimoveis.com\\\/wp-content\\\/uploads\\\/2014\\\/06\\\/cobertura-de-luxo-com-vista-para-a-baia-a-venda-em-vitoria-30.jpg\",\"width\":1900,\"height\":1275,\"caption\":\"Cobertura de luxo com vista para a ba\u00eda a venda em Vit\u00f3ria\"},{\"@type\":\"BreadcrumbList\",\"@id\":\"https:\\\/\\\/hansenimoveis.com\\\/pt-br\\\/property\\\/apartamento-de-luxo-a-venda-vitoria-salvador\\\/#breadcrumb\",\"itemListElement\":[{\"@type\":\"ListItem\",\"position\":1,\"name\":\"In\u00edcio\",\"item\":\"https:\\\/\\\/hansenimoveis.com\\\/pt-br\\\/\"},{\"@type\":\"ListItem\",\"position\":2,\"name\":\"Propriedades\",\"item\":\"https:\\\/\\\/hansenimoveis.com\\\/pt-br\\\/property\\\/\"},{\"@type\":\"ListItem\",\"position\":3,\"name\":\"Apartamento de luxo a venda Vit\u00f3ria Salvador\"}]},{\"@type\":\"WebSite\",\"@id\":\"https:\\\/\\\/hansenimoveis.com\\\/pt-br\\\/#website\",\"url\":\"https:\\\/\\\/hansenimoveis.com\\\/pt-br\\\/\",\"name\":\"Hansen Im\u00f3veis | Im\u00f3veis \u00e0 venda Lauro de Freitas, Litoral Norte e Salvador\",\"description\":\"Homes for sale in Lauro de Freitas, Litoral Norte and Salvador\",\"publisher\":{\"@id\":\"https:\\\/\\\/hansenimoveis.com\\\/pt-br\\\/#organization\"},\"potentialAction\":[{\"@type\":\"SearchAction\",\"target\":{\"@type\":\"EntryPoint\",\"urlTemplate\":\"https:\\\/\\\/hansenimoveis.com\\\/pt-br\\\/?s={search_term_string}\"},\"query-input\":{\"@type\":\"PropertyValueSpecification\",\"valueRequired\":true,\"valueName\":\"search_term_string\"}}],\"inLanguage\":\"pt-BR\"},{\"@type\":[\"Organization\",\"Place\"],\"@id\":\"https:\\\/\\\/hansenimoveis.com\\\/pt-br\\\/#organization\",\"name\":\"Hansen Im\u00f3veis LTDA\",\"url\":\"https:\\\/\\\/hansenimoveis.com\\\/pt-br\\\/\",\"logo\":{\"@id\":\"https:\\\/\\\/hansenimoveis.com\\\/pt-br\\\/property\\\/apartamento-de-luxo-a-venda-vitoria-salvador\\\/#local-main-organization-logo\"},\"image\":{\"@id\":\"https:\\\/\\\/hansenimoveis.com\\\/pt-br\\\/property\\\/apartamento-de-luxo-a-venda-vitoria-salvador\\\/#local-main-organization-logo\"},\"sameAs\":[\"https:\\\/\\\/www.facebook.com\\\/Hansen-Imveis-356389241069613\\\/\",\"https:\\\/\\\/www.pinterest.dk\\\/hansenimoveis\\\/\",\"https:\\\/\\\/www.youtube.com\\\/channel\\\/UCH1v_JXMzDe4Pf4-ZHMaFDg\"],\"telephone\":[],\"openingHoursSpecification\":[{\"@type\":\"OpeningHoursSpecification\",\"dayOfWeek\":[\"Monday\",\"Tuesday\",\"Wednesday\",\"Thursday\",\"Friday\",\"Saturday\",\"Sunday\"],\"opens\":\"09:00\",\"closes\":\"17:00\"}]},{\"@type\":\"ImageObject\",\"inLanguage\":\"pt-BR\",\"@id\":\"https:\\\/\\\/hansenimoveis.com\\\/pt-br\\\/property\\\/apartamento-de-luxo-a-venda-vitoria-salvador\\\/#local-main-organization-logo\",\"url\":\"https:\\\/\\\/hansenimoveis.com\\\/wp-content\\\/uploads\\\/2014\\\/06\\\/Hansen-logo.jpg\",\"contentUrl\":\"https:\\\/\\\/hansenimoveis.com\\\/wp-content\\\/uploads\\\/2014\\\/06\\\/Hansen-logo.jpg\",\"width\":283,\"height\":283,\"caption\":\"Hansen Im\u00f3veis LTDA\"}]}<\/script>\n<!-- \/ Yoast SEO Premium plugin. -->","yoast_head_json":{"title":"Apartamento de luxo a venda Vit\u00f3ria Salvador | Hansen Im\u00f3veis","description":"Apartamento de luxo a venda Vit\u00f3ria Salvador com vista para o mar expansiva vitrine para a Ba\u00eda de Bahia, 3 suites com vista mar...","robots":{"index":"index","follow":"follow","max-snippet":"max-snippet:-1","max-image-preview":"max-image-preview:large","max-video-preview":"max-video-preview:-1"},"canonical":"https:\/\/hansenimoveis.com\/pt-br\/property\/apartamento-de-luxo-a-venda-vitoria-salvador\/","og_locale":"pt_BR","og_type":"article","og_title":"Apartamento de luxo a venda Vit\u00f3ria Salvador","og_description":"Apartamento de luxo a venda Vit\u00f3ria Salvador com vista para o mar expansiva vitrine para a Ba\u00eda de Bahia, 3 suites com vista mar...","og_url":"https:\/\/hansenimoveis.com\/pt-br\/property\/apartamento-de-luxo-a-venda-vitoria-salvador\/","og_site_name":"Hansen Im\u00f3veis | Im\u00f3veis \u00e0 venda Lauro de Freitas, Litoral Norte e Salvador","article_publisher":"https:\/\/www.facebook.com\/Hansen-Imveis-356389241069613\/","article_modified_time":"2025-04-16T20:34:43+00:00","og_image":[{"width":1900,"height":1275,"url":"https:\/\/hansenimoveis.com\/wp-content\/uploads\/2014\/06\/cobertura-de-luxo-com-vista-para-a-baia-a-venda-em-vitoria-30.jpg","type":"image\/jpeg"}],"twitter_misc":{"Est. tempo de leitura":"2 minutos"},"schema":{"@context":"https:\/\/schema.org","@graph":[{"@type":"WebPage","@id":"https:\/\/hansenimoveis.com\/pt-br\/property\/apartamento-de-luxo-a-venda-vitoria-salvador\/","url":"https:\/\/hansenimoveis.com\/pt-br\/property\/apartamento-de-luxo-a-venda-vitoria-salvador\/","name":"Apartamento de luxo a venda Vit\u00f3ria Salvador | Hansen Im\u00f3veis","isPartOf":{"@id":"https:\/\/hansenimoveis.com\/pt-br\/#website"},"primaryImageOfPage":{"@id":"https:\/\/hansenimoveis.com\/pt-br\/property\/apartamento-de-luxo-a-venda-vitoria-salvador\/#primaryimage"},"image":{"@id":"https:\/\/hansenimoveis.com\/pt-br\/property\/apartamento-de-luxo-a-venda-vitoria-salvador\/#primaryimage"},"thumbnailUrl":"https:\/\/hansenimoveis.com\/wp-content\/uploads\/2014\/06\/cobertura-de-luxo-com-vista-para-a-baia-a-venda-em-vitoria-30.jpg","datePublished":"2014-06-21T02:44:34+00:00","dateModified":"2025-04-16T20:34:43+00:00","description":"Apartamento de luxo a venda Vit\u00f3ria Salvador com vista para o mar expansiva vitrine para a Ba\u00eda de Bahia, 3 suites com vista mar...","breadcrumb":{"@id":"https:\/\/hansenimoveis.com\/pt-br\/property\/apartamento-de-luxo-a-venda-vitoria-salvador\/#breadcrumb"},"inLanguage":"pt-BR","potentialAction":[{"@type":"ReadAction","target":["https:\/\/hansenimoveis.com\/pt-br\/property\/apartamento-de-luxo-a-venda-vitoria-salvador\/"]}]},{"@type":"ImageObject","inLanguage":"pt-BR","@id":"https:\/\/hansenimoveis.com\/pt-br\/property\/apartamento-de-luxo-a-venda-vitoria-salvador\/#primaryimage","url":"https:\/\/hansenimoveis.com\/wp-content\/uploads\/2014\/06\/cobertura-de-luxo-com-vista-para-a-baia-a-venda-em-vitoria-30.jpg","contentUrl":"https:\/\/hansenimoveis.com\/wp-content\/uploads\/2014\/06\/cobertura-de-luxo-com-vista-para-a-baia-a-venda-em-vitoria-30.jpg","width":1900,"height":1275,"caption":"Cobertura de luxo com vista para a ba\u00eda a venda em Vit\u00f3ria"},{"@type":"BreadcrumbList","@id":"https:\/\/hansenimoveis.com\/pt-br\/property\/apartamento-de-luxo-a-venda-vitoria-salvador\/#breadcrumb","itemListElement":[{"@type":"ListItem","position":1,"name":"In\u00edcio","item":"https:\/\/hansenimoveis.com\/pt-br\/"},{"@type":"ListItem","position":2,"name":"Propriedades","item":"https:\/\/hansenimoveis.com\/pt-br\/property\/"},{"@type":"ListItem","position":3,"name":"Apartamento de luxo a venda Vit\u00f3ria Salvador"}]},{"@type":"WebSite","@id":"https:\/\/hansenimoveis.com\/pt-br\/#website","url":"https:\/\/hansenimoveis.com\/pt-br\/","name":"Hansen Im\u00f3veis | Im\u00f3veis \u00e0 venda Lauro de Freitas, Litoral Norte e Salvador","description":"Homes for sale in Lauro de Freitas, Litoral Norte and Salvador","publisher":{"@id":"https:\/\/hansenimoveis.com\/pt-br\/#organization"},"potentialAction":[{"@type":"SearchAction","target":{"@type":"EntryPoint","urlTemplate":"https:\/\/hansenimoveis.com\/pt-br\/?s={search_term_string}"},"query-input":{"@type":"PropertyValueSpecification","valueRequired":true,"valueName":"search_term_string"}}],"inLanguage":"pt-BR"},{"@type":["Organization","Place"],"@id":"https:\/\/hansenimoveis.com\/pt-br\/#organization","name":"Hansen Im\u00f3veis LTDA","url":"https:\/\/hansenimoveis.com\/pt-br\/","logo":{"@id":"https:\/\/hansenimoveis.com\/pt-br\/property\/apartamento-de-luxo-a-venda-vitoria-salvador\/#local-main-organization-logo"},"image":{"@id":"https:\/\/hansenimoveis.com\/pt-br\/property\/apartamento-de-luxo-a-venda-vitoria-salvador\/#local-main-organization-logo"},"sameAs":["https:\/\/www.facebook.com\/Hansen-Imveis-356389241069613\/","https:\/\/www.pinterest.dk\/hansenimoveis\/","https:\/\/www.youtube.com\/channel\/UCH1v_JXMzDe4Pf4-ZHMaFDg"],"telephone":[],"openingHoursSpecification":[{"@type":"OpeningHoursSpecification","dayOfWeek":["Monday","Tuesday","Wednesday","Thursday","Friday","Saturday","Sunday"],"opens":"09:00","closes":"17:00"}]},{"@type":"ImageObject","inLanguage":"pt-BR","@id":"https:\/\/hansenimoveis.com\/pt-br\/property\/apartamento-de-luxo-a-venda-vitoria-salvador\/#local-main-organization-logo","url":"https:\/\/hansenimoveis.com\/wp-content\/uploads\/2014\/06\/Hansen-logo.jpg","contentUrl":"https:\/\/hansenimoveis.com\/wp-content\/uploads\/2014\/06\/Hansen-logo.jpg","width":283,"height":283,"caption":"Hansen Im\u00f3veis LTDA"}]}},"property_meta":{"REAL_HOMES_property_price":"2500000","REAL_HOMES_property_old_price":"","REAL_HOMES_property_price_prefix":"","REAL_HOMES_property_price_postfix":"","REAL_HOMES_property_size":"220","REAL_HOMES_property_size_postfix":"m\u00b2","REAL_HOMES_property_lot_size":"","REAL_HOMES_property_lot_size_postfix":"","REAL_HOMES_property_bedrooms":"3","REAL_HOMES_property_bathrooms":"5","REAL_HOMES_property_garage":"2","REAL_HOMES_property_id":"AP193","REAL_HOMES_property_year_built":"","REAL_HOMES_featured":"1","REAL_HOMES_additional_details_list":[],"REAL_HOMES_property_location":{"latitude":"-12.9930033","longitude":"-38.5247961","zoom":"0"},"REAL_HOMES_property_address":"Vit\u00f3ria, Salvador - Bahia, Brasilien","REAL_HOMES_property_map":"0","REAL_HOMES_property_images":[{"width":150,"height":150,"file":"2014\/06\/cobertura-de-luxo-com-vista-para-a-baia-a-venda-em-vitoria-7.jpg","sizes":{"thumbnail":{"file":"cobertura-de-luxo-com-vista-para-a-baia-a-venda-em-vitoria-7-150x150.jpg","width":150,"height":150,"mime-type":"image\/jpeg","url":"https:\/\/hansenimoveis.com\/wp-content\/uploads\/2014\/06\/cobertura-de-luxo-com-vista-para-a-baia-a-venda-em-vitoria-7-150x150.jpg"},"post-thumbnail":{"file":"cobertura-de-luxo-com-vista-para-a-baia-a-venda-em-vitoria-7-150x101.jpg","width":150,"height":101,"mime-type":"image\/jpeg","url":"https:\/\/hansenimoveis.com\/wp-content\/uploads\/2014\/06\/cobertura-de-luxo-com-vista-para-a-baia-a-venda-em-vitoria-7-150x101.jpg"},"modern-property-child-slider":{"file":"cobertura-de-luxo-com-vista-para-a-baia-a-venda-em-vitoria-7-680x510.jpg","width":680,"height":510,"mime-type":"image\/jpeg","url":"https:\/\/hansenimoveis.com\/wp-content\/uploads\/2014\/06\/cobertura-de-luxo-com-vista-para-a-baia-a-venda-em-vitoria-7-680x510.jpg"},"property-thumb-image":{"file":"cobertura-de-luxo-com-vista-para-a-baia-a-venda-em-vitoria-7-488x326.jpg","width":488,"height":326,"mime-type":"image\/jpeg","url":"https:\/\/hansenimoveis.com\/wp-content\/uploads\/2014\/06\/cobertura-de-luxo-com-vista-para-a-baia-a-venda-em-vitoria-7-488x326.jpg"},"property-detail-video-image":{"file":"cobertura-de-luxo-com-vista-para-a-baia-a-venda-em-vitoria-7-818x417.jpg","width":818,"height":417,"mime-type":"image\/jpeg","url":"https:\/\/hansenimoveis.com\/wp-content\/uploads\/2014\/06\/cobertura-de-luxo-com-vista-para-a-baia-a-venda-em-vitoria-7-818x417.jpg"},"agent-image":{"file":"cobertura-de-luxo-com-vista-para-a-baia-a-venda-em-vitoria-7-210x210.jpg","width":210,"height":210,"mime-type":"image\/jpeg","url":"https:\/\/hansenimoveis.com\/wp-content\/uploads\/2014\/06\/cobertura-de-luxo-com-vista-para-a-baia-a-venda-em-vitoria-7-210x210.jpg"},"partners-logo":{"file":"cobertura-de-luxo-com-vista-para-a-baia-a-venda-em-vitoria-7-600x1275.jpg","width":600,"height":1275,"mime-type":"image\/jpeg","url":"https:\/\/hansenimoveis.com\/wp-content\/uploads\/2014\/06\/cobertura-de-luxo-com-vista-para-a-baia-a-venda-em-vitoria-7-600x1275.jpg"},"post-featured-image":{"file":"cobertura-de-luxo-com-vista-para-a-baia-a-venda-em-vitoria-7-1240x720.jpg","width":1240,"height":720,"mime-type":"image\/jpeg","url":"https:\/\/hansenimoveis.com\/wp-content\/uploads\/2014\/06\/cobertura-de-luxo-com-vista-para-a-baia-a-venda-em-vitoria-7-1240x720.jpg"}},"image_meta":{"aperture":"0","credit":"","camera":"","caption":"","created_timestamp":"0","copyright":"","focal_length":"0","iso":"0","shutter_speed":"0","title":"","orientation":"0","keywords":[]},"ID":"34382","name":"cobertura-de-luxo-com-vista-para-a-baia-a-venda-em-vitoria-7.jpg","path":"\/home\/hansenimoveis.com\/public_html\/wp-content\/uploads\/2014\/06\/cobertura-de-luxo-com-vista-para-a-baia-a-venda-em-vitoria-7.jpg","url":"https:\/\/hansenimoveis.com\/wp-content\/uploads\/2014\/06\/cobertura-de-luxo-com-vista-para-a-baia-a-venda-em-vitoria-7-150x150.jpg","full_url":"https:\/\/hansenimoveis.com\/wp-content\/uploads\/2014\/06\/cobertura-de-luxo-com-vista-para-a-baia-a-venda-em-vitoria-7.jpg","title":"cobertura-de-luxo-com-vista-para-a-baia-a-venda-em-vitoria-7","caption":"","description":"","alt":"Cobertura de luxo com vista para a ba\u00eda a venda em Vit\u00f3ria","srcset":"https:\/\/hansenimoveis.com\/wp-content\/uploads\/2014\/06\/cobertura-de-luxo-com-vista-para-a-baia-a-venda-em-vitoria-7-150x150.jpg 150w, https:\/\/hansenimoveis.com\/wp-content\/uploads\/2014\/06\/cobertura-de-luxo-com-vista-para-a-baia-a-venda-em-vitoria-7-210x210.jpg 210w"},{"width":150,"height":150,"file":"2014\/06\/cobertura-de-luxo-com-vista-para-a-baia-a-venda-em-vitoria-8.jpg","sizes":{"thumbnail":{"file":"cobertura-de-luxo-com-vista-para-a-baia-a-venda-em-vitoria-8-150x150.jpg","width":150,"height":150,"mime-type":"image\/jpeg","url":"https:\/\/hansenimoveis.com\/wp-content\/uploads\/2014\/06\/cobertura-de-luxo-com-vista-para-a-baia-a-venda-em-vitoria-8-150x150.jpg"},"post-thumbnail":{"file":"cobertura-de-luxo-com-vista-para-a-baia-a-venda-em-vitoria-8-150x101.jpg","width":150,"height":101,"mime-type":"image\/jpeg","url":"https:\/\/hansenimoveis.com\/wp-content\/uploads\/2014\/06\/cobertura-de-luxo-com-vista-para-a-baia-a-venda-em-vitoria-8-150x101.jpg"},"modern-property-child-slider":{"file":"cobertura-de-luxo-com-vista-para-a-baia-a-venda-em-vitoria-8-680x510.jpg","width":680,"height":510,"mime-type":"image\/jpeg","url":"https:\/\/hansenimoveis.com\/wp-content\/uploads\/2014\/06\/cobertura-de-luxo-com-vista-para-a-baia-a-venda-em-vitoria-8-680x510.jpg"},"property-thumb-image":{"file":"cobertura-de-luxo-com-vista-para-a-baia-a-venda-em-vitoria-8-488x326.jpg","width":488,"height":326,"mime-type":"image\/jpeg","url":"https:\/\/hansenimoveis.com\/wp-content\/uploads\/2014\/06\/cobertura-de-luxo-com-vista-para-a-baia-a-venda-em-vitoria-8-488x326.jpg"},"property-detail-video-image":{"file":"cobertura-de-luxo-com-vista-para-a-baia-a-venda-em-vitoria-8-818x417.jpg","width":818,"height":417,"mime-type":"image\/jpeg","url":"https:\/\/hansenimoveis.com\/wp-content\/uploads\/2014\/06\/cobertura-de-luxo-com-vista-para-a-baia-a-venda-em-vitoria-8-818x417.jpg"},"agent-image":{"file":"cobertura-de-luxo-com-vista-para-a-baia-a-venda-em-vitoria-8-210x210.jpg","width":210,"height":210,"mime-type":"image\/jpeg","url":"https:\/\/hansenimoveis.com\/wp-content\/uploads\/2014\/06\/cobertura-de-luxo-com-vista-para-a-baia-a-venda-em-vitoria-8-210x210.jpg"},"partners-logo":{"file":"cobertura-de-luxo-com-vista-para-a-baia-a-venda-em-vitoria-8-600x1275.jpg","width":600,"height":1275,"mime-type":"image\/jpeg","url":"https:\/\/hansenimoveis.com\/wp-content\/uploads\/2014\/06\/cobertura-de-luxo-com-vista-para-a-baia-a-venda-em-vitoria-8-600x1275.jpg"},"post-featured-image":{"file":"cobertura-de-luxo-com-vista-para-a-baia-a-venda-em-vitoria-8-1240x720.jpg","width":1240,"height":720,"mime-type":"image\/jpeg","url":"https:\/\/hansenimoveis.com\/wp-content\/uploads\/2014\/06\/cobertura-de-luxo-com-vista-para-a-baia-a-venda-em-vitoria-8-1240x720.jpg"}},"image_meta":{"aperture":"0","credit":"","camera":"","caption":"","created_timestamp":"0","copyright":"","focal_length":"0","iso":"0","shutter_speed":"0","title":"","orientation":"0","keywords":[]},"ID":"34392","name":"cobertura-de-luxo-com-vista-para-a-baia-a-venda-em-vitoria-8.jpg","path":"\/home\/hansenimoveis.com\/public_html\/wp-content\/uploads\/2014\/06\/cobertura-de-luxo-com-vista-para-a-baia-a-venda-em-vitoria-8.jpg","url":"https:\/\/hansenimoveis.com\/wp-content\/uploads\/2014\/06\/cobertura-de-luxo-com-vista-para-a-baia-a-venda-em-vitoria-8-150x150.jpg","full_url":"https:\/\/hansenimoveis.com\/wp-content\/uploads\/2014\/06\/cobertura-de-luxo-com-vista-para-a-baia-a-venda-em-vitoria-8.jpg","title":"cobertura-de-luxo-com-vista-para-a-baia-a-venda-em-vitoria-8","caption":"","description":"","alt":"Cobertura de luxo com vista para a ba\u00eda a venda em Vit\u00f3ria","srcset":"https:\/\/hansenimoveis.com\/wp-content\/uploads\/2014\/06\/cobertura-de-luxo-com-vista-para-a-baia-a-venda-em-vitoria-8-150x150.jpg 150w, https:\/\/hansenimoveis.com\/wp-content\/uploads\/2014\/06\/cobertura-de-luxo-com-vista-para-a-baia-a-venda-em-vitoria-8-210x210.jpg 210w"},{"width":150,"height":150,"file":"2014\/06\/cobertura-de-luxo-com-vista-para-a-baia-a-venda-em-vitoria-9.jpg","sizes":{"thumbnail":{"file":"cobertura-de-luxo-com-vista-para-a-baia-a-venda-em-vitoria-9-150x150.jpg","width":150,"height":150,"mime-type":"image\/jpeg","url":"https:\/\/hansenimoveis.com\/wp-content\/uploads\/2014\/06\/cobertura-de-luxo-com-vista-para-a-baia-a-venda-em-vitoria-9-150x150.jpg"},"post-thumbnail":{"file":"cobertura-de-luxo-com-vista-para-a-baia-a-venda-em-vitoria-9-150x101.jpg","width":150,"height":101,"mime-type":"image\/jpeg","url":"https:\/\/hansenimoveis.com\/wp-content\/uploads\/2014\/06\/cobertura-de-luxo-com-vista-para-a-baia-a-venda-em-vitoria-9-150x101.jpg"},"modern-property-child-slider":{"file":"cobertura-de-luxo-com-vista-para-a-baia-a-venda-em-vitoria-9-680x510.jpg","width":680,"height":510,"mime-type":"image\/jpeg","url":"https:\/\/hansenimoveis.com\/wp-content\/uploads\/2014\/06\/cobertura-de-luxo-com-vista-para-a-baia-a-venda-em-vitoria-9-680x510.jpg"},"property-thumb-image":{"file":"cobertura-de-luxo-com-vista-para-a-baia-a-venda-em-vitoria-9-488x326.jpg","width":488,"height":326,"mime-type":"image\/jpeg","url":"https:\/\/hansenimoveis.com\/wp-content\/uploads\/2014\/06\/cobertura-de-luxo-com-vista-para-a-baia-a-venda-em-vitoria-9-488x326.jpg"},"property-detail-video-image":{"file":"cobertura-de-luxo-com-vista-para-a-baia-a-venda-em-vitoria-9-818x417.jpg","width":818,"height":417,"mime-type":"image\/jpeg","url":"https:\/\/hansenimoveis.com\/wp-content\/uploads\/2014\/06\/cobertura-de-luxo-com-vista-para-a-baia-a-venda-em-vitoria-9-818x417.jpg"},"agent-image":{"file":"cobertura-de-luxo-com-vista-para-a-baia-a-venda-em-vitoria-9-210x210.jpg","width":210,"height":210,"mime-type":"image\/jpeg","url":"https:\/\/hansenimoveis.com\/wp-content\/uploads\/2014\/06\/cobertura-de-luxo-com-vista-para-a-baia-a-venda-em-vitoria-9-210x210.jpg"},"partners-logo":{"file":"cobertura-de-luxo-com-vista-para-a-baia-a-venda-em-vitoria-9-600x1275.jpg","width":600,"height":1275,"mime-type":"image\/jpeg","url":"https:\/\/hansenimoveis.com\/wp-content\/uploads\/2014\/06\/cobertura-de-luxo-com-vista-para-a-baia-a-venda-em-vitoria-9-600x1275.jpg"},"post-featured-image":{"file":"cobertura-de-luxo-com-vista-para-a-baia-a-venda-em-vitoria-9-1240x720.jpg","width":1240,"height":720,"mime-type":"image\/jpeg","url":"https:\/\/hansenimoveis.com\/wp-content\/uploads\/2014\/06\/cobertura-de-luxo-com-vista-para-a-baia-a-venda-em-vitoria-9-1240x720.jpg"}},"image_meta":{"aperture":"0","credit":"","camera":"","caption":"","created_timestamp":"0","copyright":"","focal_length":"0","iso":"0","shutter_speed":"0","title":"","orientation":"0","keywords":[]},"ID":"34397","name":"cobertura-de-luxo-com-vista-para-a-baia-a-venda-em-vitoria-9.jpg","path":"\/home\/hansenimoveis.com\/public_html\/wp-content\/uploads\/2014\/06\/cobertura-de-luxo-com-vista-para-a-baia-a-venda-em-vitoria-9.jpg","url":"https:\/\/hansenimoveis.com\/wp-content\/uploads\/2014\/06\/cobertura-de-luxo-com-vista-para-a-baia-a-venda-em-vitoria-9-150x150.jpg","full_url":"https:\/\/hansenimoveis.com\/wp-content\/uploads\/2014\/06\/cobertura-de-luxo-com-vista-para-a-baia-a-venda-em-vitoria-9.jpg","title":"cobertura-de-luxo-com-vista-para-a-baia-a-venda-em-vitoria-9","caption":"","description":"","alt":"Cobertura de luxo com vista para a ba\u00eda a venda em Vit\u00f3ria","srcset":"https:\/\/hansenimoveis.com\/wp-content\/uploads\/2014\/06\/cobertura-de-luxo-com-vista-para-a-baia-a-venda-em-vitoria-9-150x150.jpg 150w, https:\/\/hansenimoveis.com\/wp-content\/uploads\/2014\/06\/cobertura-de-luxo-com-vista-para-a-baia-a-venda-em-vitoria-9-210x210.jpg 210w"},{"width":150,"height":150,"file":"2014\/06\/cobertura-de-luxo-com-vista-para-a-baia-a-venda-em-vitoria-17.jpg","sizes":{"thumbnail":{"file":"cobertura-de-luxo-com-vista-para-a-baia-a-venda-em-vitoria-17-150x150.jpg","width":150,"height":150,"mime-type":"image\/jpeg","url":"https:\/\/hansenimoveis.com\/wp-content\/uploads\/2014\/06\/cobertura-de-luxo-com-vista-para-a-baia-a-venda-em-vitoria-17-150x150.jpg"},"post-thumbnail":{"file":"cobertura-de-luxo-com-vista-para-a-baia-a-venda-em-vitoria-17-150x101.jpg","width":150,"height":101,"mime-type":"image\/jpeg","url":"https:\/\/hansenimoveis.com\/wp-content\/uploads\/2014\/06\/cobertura-de-luxo-com-vista-para-a-baia-a-venda-em-vitoria-17-150x101.jpg"},"modern-property-child-slider":{"file":"cobertura-de-luxo-com-vista-para-a-baia-a-venda-em-vitoria-17-680x510.jpg","width":680,"height":510,"mime-type":"image\/jpeg","url":"https:\/\/hansenimoveis.com\/wp-content\/uploads\/2014\/06\/cobertura-de-luxo-com-vista-para-a-baia-a-venda-em-vitoria-17-680x510.jpg"},"property-thumb-image":{"file":"cobertura-de-luxo-com-vista-para-a-baia-a-venda-em-vitoria-17-488x326.jpg","width":488,"height":326,"mime-type":"image\/jpeg","url":"https:\/\/hansenimoveis.com\/wp-content\/uploads\/2014\/06\/cobertura-de-luxo-com-vista-para-a-baia-a-venda-em-vitoria-17-488x326.jpg"},"property-detail-video-image":{"file":"cobertura-de-luxo-com-vista-para-a-baia-a-venda-em-vitoria-17-818x417.jpg","width":818,"height":417,"mime-type":"image\/jpeg","url":"https:\/\/hansenimoveis.com\/wp-content\/uploads\/2014\/06\/cobertura-de-luxo-com-vista-para-a-baia-a-venda-em-vitoria-17-818x417.jpg"},"agent-image":{"file":"cobertura-de-luxo-com-vista-para-a-baia-a-venda-em-vitoria-17-210x210.jpg","width":210,"height":210,"mime-type":"image\/jpeg","url":"https:\/\/hansenimoveis.com\/wp-content\/uploads\/2014\/06\/cobertura-de-luxo-com-vista-para-a-baia-a-venda-em-vitoria-17-210x210.jpg"},"partners-logo":{"file":"cobertura-de-luxo-com-vista-para-a-baia-a-venda-em-vitoria-17-600x1275.jpg","width":600,"height":1275,"mime-type":"image\/jpeg","url":"https:\/\/hansenimoveis.com\/wp-content\/uploads\/2014\/06\/cobertura-de-luxo-com-vista-para-a-baia-a-venda-em-vitoria-17-600x1275.jpg"},"post-featured-image":{"file":"cobertura-de-luxo-com-vista-para-a-baia-a-venda-em-vitoria-17-1240x720.jpg","width":1240,"height":720,"mime-type":"image\/jpeg","url":"https:\/\/hansenimoveis.com\/wp-content\/uploads\/2014\/06\/cobertura-de-luxo-com-vista-para-a-baia-a-venda-em-vitoria-17-1240x720.jpg"}},"image_meta":{"aperture":"0","credit":"","camera":"","caption":"","created_timestamp":"0","copyright":"","focal_length":"0","iso":"0","shutter_speed":"0","title":"","orientation":"0","keywords":[]},"ID":"34440","name":"cobertura-de-luxo-com-vista-para-a-baia-a-venda-em-vitoria-17.jpg","path":"\/home\/hansenimoveis.com\/public_html\/wp-content\/uploads\/2014\/06\/cobertura-de-luxo-com-vista-para-a-baia-a-venda-em-vitoria-17.jpg","url":"https:\/\/hansenimoveis.com\/wp-content\/uploads\/2014\/06\/cobertura-de-luxo-com-vista-para-a-baia-a-venda-em-vitoria-17-150x150.jpg","full_url":"https:\/\/hansenimoveis.com\/wp-content\/uploads\/2014\/06\/cobertura-de-luxo-com-vista-para-a-baia-a-venda-em-vitoria-17.jpg","title":"cobertura-de-luxo-com-vista-para-a-baia-a-venda-em-vitoria-17","caption":"","description":"","alt":"Cobertura de luxo com vista para a ba\u00eda a venda em Vit\u00f3ria","srcset":"https:\/\/hansenimoveis.com\/wp-content\/uploads\/2014\/06\/cobertura-de-luxo-com-vista-para-a-baia-a-venda-em-vitoria-17-150x150.jpg 150w, https:\/\/hansenimoveis.com\/wp-content\/uploads\/2014\/06\/cobertura-de-luxo-com-vista-para-a-baia-a-venda-em-vitoria-17-210x210.jpg 210w"},{"width":150,"height":150,"file":"2014\/06\/cobertura-de-luxo-com-vista-para-a-baia-a-venda-em-vitoria-18.jpg","sizes":{"thumbnail":{"file":"cobertura-de-luxo-com-vista-para-a-baia-a-venda-em-vitoria-18-150x150.jpg","width":150,"height":150,"mime-type":"image\/jpeg","url":"https:\/\/hansenimoveis.com\/wp-content\/uploads\/2014\/06\/cobertura-de-luxo-com-vista-para-a-baia-a-venda-em-vitoria-18-150x150.jpg"},"post-thumbnail":{"file":"cobertura-de-luxo-com-vista-para-a-baia-a-venda-em-vitoria-18-150x101.jpg","width":150,"height":101,"mime-type":"image\/jpeg","url":"https:\/\/hansenimoveis.com\/wp-content\/uploads\/2014\/06\/cobertura-de-luxo-com-vista-para-a-baia-a-venda-em-vitoria-18-150x101.jpg"},"modern-property-child-slider":{"file":"cobertura-de-luxo-com-vista-para-a-baia-a-venda-em-vitoria-18-680x510.jpg","width":680,"height":510,"mime-type":"image\/jpeg","url":"https:\/\/hansenimoveis.com\/wp-content\/uploads\/2014\/06\/cobertura-de-luxo-com-vista-para-a-baia-a-venda-em-vitoria-18-680x510.jpg"},"property-thumb-image":{"file":"cobertura-de-luxo-com-vista-para-a-baia-a-venda-em-vitoria-18-488x326.jpg","width":488,"height":326,"mime-type":"image\/jpeg","url":"https:\/\/hansenimoveis.com\/wp-content\/uploads\/2014\/06\/cobertura-de-luxo-com-vista-para-a-baia-a-venda-em-vitoria-18-488x326.jpg"},"property-detail-video-image":{"file":"cobertura-de-luxo-com-vista-para-a-baia-a-venda-em-vitoria-18-818x417.jpg","width":818,"height":417,"mime-type":"image\/jpeg","url":"https:\/\/hansenimoveis.com\/wp-content\/uploads\/2014\/06\/cobertura-de-luxo-com-vista-para-a-baia-a-venda-em-vitoria-18-818x417.jpg"},"agent-image":{"file":"cobertura-de-luxo-com-vista-para-a-baia-a-venda-em-vitoria-18-210x210.jpg","width":210,"height":210,"mime-type":"image\/jpeg","url":"https:\/\/hansenimoveis.com\/wp-content\/uploads\/2014\/06\/cobertura-de-luxo-com-vista-para-a-baia-a-venda-em-vitoria-18-210x210.jpg"},"partners-logo":{"file":"cobertura-de-luxo-com-vista-para-a-baia-a-venda-em-vitoria-18-600x1275.jpg","width":600,"height":1275,"mime-type":"image\/jpeg","url":"https:\/\/hansenimoveis.com\/wp-content\/uploads\/2014\/06\/cobertura-de-luxo-com-vista-para-a-baia-a-venda-em-vitoria-18-600x1275.jpg"},"post-featured-image":{"file":"cobertura-de-luxo-com-vista-para-a-baia-a-venda-em-vitoria-18-1240x720.jpg","width":1240,"height":720,"mime-type":"image\/jpeg","url":"https:\/\/hansenimoveis.com\/wp-content\/uploads\/2014\/06\/cobertura-de-luxo-com-vista-para-a-baia-a-venda-em-vitoria-18-1240x720.jpg"}},"image_meta":{"aperture":"0","credit":"","camera":"","caption":"","created_timestamp":"0","copyright":"","focal_length":"0","iso":"0","shutter_speed":"0","title":"","orientation":"0","keywords":[]},"ID":"34447","name":"cobertura-de-luxo-com-vista-para-a-baia-a-venda-em-vitoria-18.jpg","path":"\/home\/hansenimoveis.com\/public_html\/wp-content\/uploads\/2014\/06\/cobertura-de-luxo-com-vista-para-a-baia-a-venda-em-vitoria-18.jpg","url":"https:\/\/hansenimoveis.com\/wp-content\/uploads\/2014\/06\/cobertura-de-luxo-com-vista-para-a-baia-a-venda-em-vitoria-18-150x150.jpg","full_url":"https:\/\/hansenimoveis.com\/wp-content\/uploads\/2014\/06\/cobertura-de-luxo-com-vista-para-a-baia-a-venda-em-vitoria-18.jpg","title":"cobertura-de-luxo-com-vista-para-a-baia-a-venda-em-vitoria-18","caption":"","description":"","alt":"Cobertura de luxo com vista para a ba\u00eda a venda em Vit\u00f3ria","srcset":"https:\/\/hansenimoveis.com\/wp-content\/uploads\/2014\/06\/cobertura-de-luxo-com-vista-para-a-baia-a-venda-em-vitoria-18-150x150.jpg 150w, https:\/\/hansenimoveis.com\/wp-content\/uploads\/2014\/06\/cobertura-de-luxo-com-vista-para-a-baia-a-venda-em-vitoria-18-210x210.jpg 210w"},{"width":150,"height":150,"file":"2014\/06\/cobertura-de-luxo-com-vista-para-a-baia-a-venda-em-vitoria-26.jpg","sizes":{"thumbnail":{"file":"cobertura-de-luxo-com-vista-para-a-baia-a-venda-em-vitoria-26-150x150.jpg","width":150,"height":150,"mime-type":"image\/jpeg","url":"https:\/\/hansenimoveis.com\/wp-content\/uploads\/2014\/06\/cobertura-de-luxo-com-vista-para-a-baia-a-venda-em-vitoria-26-150x150.jpg"},"post-thumbnail":{"file":"cobertura-de-luxo-com-vista-para-a-baia-a-venda-em-vitoria-26-150x101.jpg","width":150,"height":101,"mime-type":"image\/jpeg","url":"https:\/\/hansenimoveis.com\/wp-content\/uploads\/2014\/06\/cobertura-de-luxo-com-vista-para-a-baia-a-venda-em-vitoria-26-150x101.jpg"},"modern-property-child-slider":{"file":"cobertura-de-luxo-com-vista-para-a-baia-a-venda-em-vitoria-26-680x510.jpg","width":680,"height":510,"mime-type":"image\/jpeg","url":"https:\/\/hansenimoveis.com\/wp-content\/uploads\/2014\/06\/cobertura-de-luxo-com-vista-para-a-baia-a-venda-em-vitoria-26-680x510.jpg"},"property-thumb-image":{"file":"cobertura-de-luxo-com-vista-para-a-baia-a-venda-em-vitoria-26-488x326.jpg","width":488,"height":326,"mime-type":"image\/jpeg","url":"https:\/\/hansenimoveis.com\/wp-content\/uploads\/2014\/06\/cobertura-de-luxo-com-vista-para-a-baia-a-venda-em-vitoria-26-488x326.jpg"},"property-detail-video-image":{"file":"cobertura-de-luxo-com-vista-para-a-baia-a-venda-em-vitoria-26-818x417.jpg","width":818,"height":417,"mime-type":"image\/jpeg","url":"https:\/\/hansenimoveis.com\/wp-content\/uploads\/2014\/06\/cobertura-de-luxo-com-vista-para-a-baia-a-venda-em-vitoria-26-818x417.jpg"},"agent-image":{"file":"cobertura-de-luxo-com-vista-para-a-baia-a-venda-em-vitoria-26-210x210.jpg","width":210,"height":210,"mime-type":"image\/jpeg","url":"https:\/\/hansenimoveis.com\/wp-content\/uploads\/2014\/06\/cobertura-de-luxo-com-vista-para-a-baia-a-venda-em-vitoria-26-210x210.jpg"},"partners-logo":{"file":"cobertura-de-luxo-com-vista-para-a-baia-a-venda-em-vitoria-26-600x1275.jpg","width":600,"height":1275,"mime-type":"image\/jpeg","url":"https:\/\/hansenimoveis.com\/wp-content\/uploads\/2014\/06\/cobertura-de-luxo-com-vista-para-a-baia-a-venda-em-vitoria-26-600x1275.jpg"},"post-featured-image":{"file":"cobertura-de-luxo-com-vista-para-a-baia-a-venda-em-vitoria-26-1240x720.jpg","width":1240,"height":720,"mime-type":"image\/jpeg","url":"https:\/\/hansenimoveis.com\/wp-content\/uploads\/2014\/06\/cobertura-de-luxo-com-vista-para-a-baia-a-venda-em-vitoria-26-1240x720.jpg"}},"image_meta":{"aperture":"0","credit":"","camera":"","caption":"","created_timestamp":"0","copyright":"","focal_length":"0","iso":"0","shutter_speed":"0","title":"","orientation":"0","keywords":[]},"ID":"34487","name":"cobertura-de-luxo-com-vista-para-a-baia-a-venda-em-vitoria-26.jpg","path":"\/home\/hansenimoveis.com\/public_html\/wp-content\/uploads\/2014\/06\/cobertura-de-luxo-com-vista-para-a-baia-a-venda-em-vitoria-26.jpg","url":"https:\/\/hansenimoveis.com\/wp-content\/uploads\/2014\/06\/cobertura-de-luxo-com-vista-para-a-baia-a-venda-em-vitoria-26-150x150.jpg","full_url":"https:\/\/hansenimoveis.com\/wp-content\/uploads\/2014\/06\/cobertura-de-luxo-com-vista-para-a-baia-a-venda-em-vitoria-26.jpg","title":"cobertura-de-luxo-com-vista-para-a-baia-a-venda-em-vitoria-26","caption":"","description":"","alt":"Cobertura de luxo com vista para a ba\u00eda a venda em Vit\u00f3ria","srcset":"https:\/\/hansenimoveis.com\/wp-content\/uploads\/2014\/06\/cobertura-de-luxo-com-vista-para-a-baia-a-venda-em-vitoria-26-150x150.jpg 150w, https:\/\/hansenimoveis.com\/wp-content\/uploads\/2014\/06\/cobertura-de-luxo-com-vista-para-a-baia-a-venda-em-vitoria-26-210x210.jpg 210w"},{"width":150,"height":150,"file":"2014\/06\/cobertura-de-luxo-com-vista-para-a-baia-a-venda-em-vitoria-25.jpg","sizes":{"thumbnail":{"file":"cobertura-de-luxo-com-vista-para-a-baia-a-venda-em-vitoria-25-150x150.jpg","width":150,"height":150,"mime-type":"image\/jpeg","url":"https:\/\/hansenimoveis.com\/wp-content\/uploads\/2014\/06\/cobertura-de-luxo-com-vista-para-a-baia-a-venda-em-vitoria-25-150x150.jpg"},"post-thumbnail":{"file":"cobertura-de-luxo-com-vista-para-a-baia-a-venda-em-vitoria-25-150x101.jpg","width":150,"height":101,"mime-type":"image\/jpeg","url":"https:\/\/hansenimoveis.com\/wp-content\/uploads\/2014\/06\/cobertura-de-luxo-com-vista-para-a-baia-a-venda-em-vitoria-25-150x101.jpg"},"modern-property-child-slider":{"file":"cobertura-de-luxo-com-vista-para-a-baia-a-venda-em-vitoria-25-680x510.jpg","width":680,"height":510,"mime-type":"image\/jpeg","url":"https:\/\/hansenimoveis.com\/wp-content\/uploads\/2014\/06\/cobertura-de-luxo-com-vista-para-a-baia-a-venda-em-vitoria-25-680x510.jpg"},"property-thumb-image":{"file":"cobertura-de-luxo-com-vista-para-a-baia-a-venda-em-vitoria-25-488x326.jpg","width":488,"height":326,"mime-type":"image\/jpeg","url":"https:\/\/hansenimoveis.com\/wp-content\/uploads\/2014\/06\/cobertura-de-luxo-com-vista-para-a-baia-a-venda-em-vitoria-25-488x326.jpg"},"property-detail-video-image":{"file":"cobertura-de-luxo-com-vista-para-a-baia-a-venda-em-vitoria-25-818x417.jpg","width":818,"height":417,"mime-type":"image\/jpeg","url":"https:\/\/hansenimoveis.com\/wp-content\/uploads\/2014\/06\/cobertura-de-luxo-com-vista-para-a-baia-a-venda-em-vitoria-25-818x417.jpg"},"agent-image":{"file":"cobertura-de-luxo-com-vista-para-a-baia-a-venda-em-vitoria-25-210x210.jpg","width":210,"height":210,"mime-type":"image\/jpeg","url":"https:\/\/hansenimoveis.com\/wp-content\/uploads\/2014\/06\/cobertura-de-luxo-com-vista-para-a-baia-a-venda-em-vitoria-25-210x210.jpg"},"partners-logo":{"file":"cobertura-de-luxo-com-vista-para-a-baia-a-venda-em-vitoria-25-600x1275.jpg","width":600,"height":1275,"mime-type":"image\/jpeg","url":"https:\/\/hansenimoveis.com\/wp-content\/uploads\/2014\/06\/cobertura-de-luxo-com-vista-para-a-baia-a-venda-em-vitoria-25-600x1275.jpg"},"post-featured-image":{"file":"cobertura-de-luxo-com-vista-para-a-baia-a-venda-em-vitoria-25-1240x720.jpg","width":1240,"height":720,"mime-type":"image\/jpeg","url":"https:\/\/hansenimoveis.com\/wp-content\/uploads\/2014\/06\/cobertura-de-luxo-com-vista-para-a-baia-a-venda-em-vitoria-25-1240x720.jpg"}},"image_meta":{"aperture":"0","credit":"","camera":"","caption":"","created_timestamp":"0","copyright":"","focal_length":"0","iso":"0","shutter_speed":"0","title":"","orientation":"0","keywords":[]},"ID":"34482","name":"cobertura-de-luxo-com-vista-para-a-baia-a-venda-em-vitoria-25.jpg","path":"\/home\/hansenimoveis.com\/public_html\/wp-content\/uploads\/2014\/06\/cobertura-de-luxo-com-vista-para-a-baia-a-venda-em-vitoria-25.jpg","url":"https:\/\/hansenimoveis.com\/wp-content\/uploads\/2014\/06\/cobertura-de-luxo-com-vista-para-a-baia-a-venda-em-vitoria-25-150x150.jpg","full_url":"https:\/\/hansenimoveis.com\/wp-content\/uploads\/2014\/06\/cobertura-de-luxo-com-vista-para-a-baia-a-venda-em-vitoria-25.jpg","title":"cobertura-de-luxo-com-vista-para-a-baia-a-venda-em-vitoria-25","caption":"","description":"","alt":"Cobertura de luxo com vista para a ba\u00eda a venda em Vit\u00f3ria","srcset":"https:\/\/hansenimoveis.com\/wp-content\/uploads\/2014\/06\/cobertura-de-luxo-com-vista-para-a-baia-a-venda-em-vitoria-25-150x150.jpg 150w, https:\/\/hansenimoveis.com\/wp-content\/uploads\/2014\/06\/cobertura-de-luxo-com-vista-para-a-baia-a-venda-em-vitoria-25-210x210.jpg 210w"},{"width":150,"height":150,"file":"2014\/06\/cobertura-de-luxo-com-vista-para-a-baia-a-venda-em-vitoria-24.jpg","sizes":{"thumbnail":{"file":"cobertura-de-luxo-com-vista-para-a-baia-a-venda-em-vitoria-24-150x150.jpg","width":150,"height":150,"mime-type":"image\/jpeg","url":"https:\/\/hansenimoveis.com\/wp-content\/uploads\/2014\/06\/cobertura-de-luxo-com-vista-para-a-baia-a-venda-em-vitoria-24-150x150.jpg"},"post-thumbnail":{"file":"cobertura-de-luxo-com-vista-para-a-baia-a-venda-em-vitoria-24-150x101.jpg","width":150,"height":101,"mime-type":"image\/jpeg","url":"https:\/\/hansenimoveis.com\/wp-content\/uploads\/2014\/06\/cobertura-de-luxo-com-vista-para-a-baia-a-venda-em-vitoria-24-150x101.jpg"},"modern-property-child-slider":{"file":"cobertura-de-luxo-com-vista-para-a-baia-a-venda-em-vitoria-24-680x510.jpg","width":680,"height":510,"mime-type":"image\/jpeg","url":"https:\/\/hansenimoveis.com\/wp-content\/uploads\/2014\/06\/cobertura-de-luxo-com-vista-para-a-baia-a-venda-em-vitoria-24-680x510.jpg"},"property-thumb-image":{"file":"cobertura-de-luxo-com-vista-para-a-baia-a-venda-em-vitoria-24-488x326.jpg","width":488,"height":326,"mime-type":"image\/jpeg","url":"https:\/\/hansenimoveis.com\/wp-content\/uploads\/2014\/06\/cobertura-de-luxo-com-vista-para-a-baia-a-venda-em-vitoria-24-488x326.jpg"},"property-detail-video-image":{"file":"cobertura-de-luxo-com-vista-para-a-baia-a-venda-em-vitoria-24-818x417.jpg","width":818,"height":417,"mime-type":"image\/jpeg","url":"https:\/\/hansenimoveis.com\/wp-content\/uploads\/2014\/06\/cobertura-de-luxo-com-vista-para-a-baia-a-venda-em-vitoria-24-818x417.jpg"},"agent-image":{"file":"cobertura-de-luxo-com-vista-para-a-baia-a-venda-em-vitoria-24-210x210.jpg","width":210,"height":210,"mime-type":"image\/jpeg","url":"https:\/\/hansenimoveis.com\/wp-content\/uploads\/2014\/06\/cobertura-de-luxo-com-vista-para-a-baia-a-venda-em-vitoria-24-210x210.jpg"},"partners-logo":{"file":"cobertura-de-luxo-com-vista-para-a-baia-a-venda-em-vitoria-24-600x1275.jpg","width":600,"height":1275,"mime-type":"image\/jpeg","url":"https:\/\/hansenimoveis.com\/wp-content\/uploads\/2014\/06\/cobertura-de-luxo-com-vista-para-a-baia-a-venda-em-vitoria-24-600x1275.jpg"},"post-featured-image":{"file":"cobertura-de-luxo-com-vista-para-a-baia-a-venda-em-vitoria-24-1240x720.jpg","width":1240,"height":720,"mime-type":"image\/jpeg","url":"https:\/\/hansenimoveis.com\/wp-content\/uploads\/2014\/06\/cobertura-de-luxo-com-vista-para-a-baia-a-venda-em-vitoria-24-1240x720.jpg"}},"image_meta":{"aperture":"0","credit":"","camera":"","caption":"","created_timestamp":"0","copyright":"","focal_length":"0","iso":"0","shutter_speed":"0","title":"","orientation":"0","keywords":[]},"ID":"34477","name":"cobertura-de-luxo-com-vista-para-a-baia-a-venda-em-vitoria-24.jpg","path":"\/home\/hansenimoveis.com\/public_html\/wp-content\/uploads\/2014\/06\/cobertura-de-luxo-com-vista-para-a-baia-a-venda-em-vitoria-24.jpg","url":"https:\/\/hansenimoveis.com\/wp-content\/uploads\/2014\/06\/cobertura-de-luxo-com-vista-para-a-baia-a-venda-em-vitoria-24-150x150.jpg","full_url":"https:\/\/hansenimoveis.com\/wp-content\/uploads\/2014\/06\/cobertura-de-luxo-com-vista-para-a-baia-a-venda-em-vitoria-24.jpg","title":"cobertura-de-luxo-com-vista-para-a-baia-a-venda-em-vitoria-24","caption":"","description":"","alt":"Cobertura de luxo com vista para a ba\u00eda a venda em Vit\u00f3ria","srcset":"https:\/\/hansenimoveis.com\/wp-content\/uploads\/2014\/06\/cobertura-de-luxo-com-vista-para-a-baia-a-venda-em-vitoria-24-150x150.jpg 150w, https:\/\/hansenimoveis.com\/wp-content\/uploads\/2014\/06\/cobertura-de-luxo-com-vista-para-a-baia-a-venda-em-vitoria-24-210x210.jpg 210w"},{"width":150,"height":150,"file":"2014\/06\/cobertura-de-luxo-com-vista-para-a-baia-a-venda-em-vitoria-23.jpg","sizes":{"thumbnail":{"file":"cobertura-de-luxo-com-vista-para-a-baia-a-venda-em-vitoria-23-150x150.jpg","width":150,"height":150,"mime-type":"image\/jpeg","url":"https:\/\/hansenimoveis.com\/wp-content\/uploads\/2014\/06\/cobertura-de-luxo-com-vista-para-a-baia-a-venda-em-vitoria-23-150x150.jpg"},"post-thumbnail":{"file":"cobertura-de-luxo-com-vista-para-a-baia-a-venda-em-vitoria-23-150x101.jpg","width":150,"height":101,"mime-type":"image\/jpeg","url":"https:\/\/hansenimoveis.com\/wp-content\/uploads\/2014\/06\/cobertura-de-luxo-com-vista-para-a-baia-a-venda-em-vitoria-23-150x101.jpg"},"modern-property-child-slider":{"file":"cobertura-de-luxo-com-vista-para-a-baia-a-venda-em-vitoria-23-680x510.jpg","width":680,"height":510,"mime-type":"image\/jpeg","url":"https:\/\/hansenimoveis.com\/wp-content\/uploads\/2014\/06\/cobertura-de-luxo-com-vista-para-a-baia-a-venda-em-vitoria-23-680x510.jpg"},"property-thumb-image":{"file":"cobertura-de-luxo-com-vista-para-a-baia-a-venda-em-vitoria-23-488x326.jpg","width":488,"height":326,"mime-type":"image\/jpeg","url":"https:\/\/hansenimoveis.com\/wp-content\/uploads\/2014\/06\/cobertura-de-luxo-com-vista-para-a-baia-a-venda-em-vitoria-23-488x326.jpg"},"property-detail-video-image":{"file":"cobertura-de-luxo-com-vista-para-a-baia-a-venda-em-vitoria-23-818x417.jpg","width":818,"height":417,"mime-type":"image\/jpeg","url":"https:\/\/hansenimoveis.com\/wp-content\/uploads\/2014\/06\/cobertura-de-luxo-com-vista-para-a-baia-a-venda-em-vitoria-23-818x417.jpg"},"agent-image":{"file":"cobertura-de-luxo-com-vista-para-a-baia-a-venda-em-vitoria-23-210x210.jpg","width":210,"height":210,"mime-type":"image\/jpeg","url":"https:\/\/hansenimoveis.com\/wp-content\/uploads\/2014\/06\/cobertura-de-luxo-com-vista-para-a-baia-a-venda-em-vitoria-23-210x210.jpg"},"partners-logo":{"file":"cobertura-de-luxo-com-vista-para-a-baia-a-venda-em-vitoria-23-600x1275.jpg","width":600,"height":1275,"mime-type":"image\/jpeg","url":"https:\/\/hansenimoveis.com\/wp-content\/uploads\/2014\/06\/cobertura-de-luxo-com-vista-para-a-baia-a-venda-em-vitoria-23-600x1275.jpg"},"post-featured-image":{"file":"cobertura-de-luxo-com-vista-para-a-baia-a-venda-em-vitoria-23-1240x720.jpg","width":1240,"height":720,"mime-type":"image\/jpeg","url":"https:\/\/hansenimoveis.com\/wp-content\/uploads\/2014\/06\/cobertura-de-luxo-com-vista-para-a-baia-a-venda-em-vitoria-23-1240x720.jpg"}},"image_meta":{"aperture":"0","credit":"","camera":"","caption":"","created_timestamp":"0","copyright":"","focal_length":"0","iso":"0","shutter_speed":"0","title":"","orientation":"0","keywords":[]},"ID":"34472","name":"cobertura-de-luxo-com-vista-para-a-baia-a-venda-em-vitoria-23.jpg","path":"\/home\/hansenimoveis.com\/public_html\/wp-content\/uploads\/2014\/06\/cobertura-de-luxo-com-vista-para-a-baia-a-venda-em-vitoria-23.jpg","url":"https:\/\/hansenimoveis.com\/wp-content\/uploads\/2014\/06\/cobertura-de-luxo-com-vista-para-a-baia-a-venda-em-vitoria-23-150x150.jpg","full_url":"https:\/\/hansenimoveis.com\/wp-content\/uploads\/2014\/06\/cobertura-de-luxo-com-vista-para-a-baia-a-venda-em-vitoria-23.jpg","title":"cobertura-de-luxo-com-vista-para-a-baia-a-venda-em-vitoria-23","caption":"","description":"","alt":"Cobertura de luxo com vista para a ba\u00eda a venda em Vit\u00f3ria","srcset":"https:\/\/hansenimoveis.com\/wp-content\/uploads\/2014\/06\/cobertura-de-luxo-com-vista-para-a-baia-a-venda-em-vitoria-23-150x150.jpg 150w, https:\/\/hansenimoveis.com\/wp-content\/uploads\/2014\/06\/cobertura-de-luxo-com-vista-para-a-baia-a-venda-em-vitoria-23-210x210.jpg 210w"},{"width":150,"height":150,"file":"2014\/06\/cobertura-de-luxo-com-vista-para-a-baia-a-venda-em-vitoria-28.jpg","sizes":{"thumbnail":{"file":"cobertura-de-luxo-com-vista-para-a-baia-a-venda-em-vitoria-28-150x150.jpg","width":150,"height":150,"mime-type":"image\/jpeg","url":"https:\/\/hansenimoveis.com\/wp-content\/uploads\/2014\/06\/cobertura-de-luxo-com-vista-para-a-baia-a-venda-em-vitoria-28-150x150.jpg"},"post-thumbnail":{"file":"cobertura-de-luxo-com-vista-para-a-baia-a-venda-em-vitoria-28-150x101.jpg","width":150,"height":101,"mime-type":"image\/jpeg","url":"https:\/\/hansenimoveis.com\/wp-content\/uploads\/2014\/06\/cobertura-de-luxo-com-vista-para-a-baia-a-venda-em-vitoria-28-150x101.jpg"},"modern-property-child-slider":{"file":"cobertura-de-luxo-com-vista-para-a-baia-a-venda-em-vitoria-28-680x510.jpg","width":680,"height":510,"mime-type":"image\/jpeg","url":"https:\/\/hansenimoveis.com\/wp-content\/uploads\/2014\/06\/cobertura-de-luxo-com-vista-para-a-baia-a-venda-em-vitoria-28-680x510.jpg"},"property-thumb-image":{"file":"cobertura-de-luxo-com-vista-para-a-baia-a-venda-em-vitoria-28-488x326.jpg","width":488,"height":326,"mime-type":"image\/jpeg","url":"https:\/\/hansenimoveis.com\/wp-content\/uploads\/2014\/06\/cobertura-de-luxo-com-vista-para-a-baia-a-venda-em-vitoria-28-488x326.jpg"},"property-detail-video-image":{"file":"cobertura-de-luxo-com-vista-para-a-baia-a-venda-em-vitoria-28-818x417.jpg","width":818,"height":417,"mime-type":"image\/jpeg","url":"https:\/\/hansenimoveis.com\/wp-content\/uploads\/2014\/06\/cobertura-de-luxo-com-vista-para-a-baia-a-venda-em-vitoria-28-818x417.jpg"},"agent-image":{"file":"cobertura-de-luxo-com-vista-para-a-baia-a-venda-em-vitoria-28-210x210.jpg","width":210,"height":210,"mime-type":"image\/jpeg","url":"https:\/\/hansenimoveis.com\/wp-content\/uploads\/2014\/06\/cobertura-de-luxo-com-vista-para-a-baia-a-venda-em-vitoria-28-210x210.jpg"},"partners-logo":{"file":"cobertura-de-luxo-com-vista-para-a-baia-a-venda-em-vitoria-28-600x1275.jpg","width":600,"height":1275,"mime-type":"image\/jpeg","url":"https:\/\/hansenimoveis.com\/wp-content\/uploads\/2014\/06\/cobertura-de-luxo-com-vista-para-a-baia-a-venda-em-vitoria-28-600x1275.jpg"},"post-featured-image":{"file":"cobertura-de-luxo-com-vista-para-a-baia-a-venda-em-vitoria-28-1240x720.jpg","width":1240,"height":720,"mime-type":"image\/jpeg","url":"https:\/\/hansenimoveis.com\/wp-content\/uploads\/2014\/06\/cobertura-de-luxo-com-vista-para-a-baia-a-venda-em-vitoria-28-1240x720.jpg"}},"image_meta":{"aperture":"0","credit":"","camera":"","caption":"","created_timestamp":"0","copyright":"","focal_length":"0","iso":"0","shutter_speed":"0","title":"","orientation":"0","keywords":[]},"ID":"34504","name":"cobertura-de-luxo-com-vista-para-a-baia-a-venda-em-vitoria-28.jpg","path":"\/home\/hansenimoveis.com\/public_html\/wp-content\/uploads\/2014\/06\/cobertura-de-luxo-com-vista-para-a-baia-a-venda-em-vitoria-28.jpg","url":"https:\/\/hansenimoveis.com\/wp-content\/uploads\/2014\/06\/cobertura-de-luxo-com-vista-para-a-baia-a-venda-em-vitoria-28-150x150.jpg","full_url":"https:\/\/hansenimoveis.com\/wp-content\/uploads\/2014\/06\/cobertura-de-luxo-com-vista-para-a-baia-a-venda-em-vitoria-28.jpg","title":"cobertura-de-luxo-com-vista-para-a-baia-a-venda-em-vitoria-28","caption":"","description":"","alt":"Cobertura de luxo com vista para a ba\u00eda a venda em Vit\u00f3ria","srcset":"https:\/\/hansenimoveis.com\/wp-content\/uploads\/2014\/06\/cobertura-de-luxo-com-vista-para-a-baia-a-venda-em-vitoria-28-150x150.jpg 150w, https:\/\/hansenimoveis.com\/wp-content\/uploads\/2014\/06\/cobertura-de-luxo-com-vista-para-a-baia-a-venda-em-vitoria-28-210x210.jpg 210w"},{"width":150,"height":150,"file":"2014\/06\/cobertura-de-luxo-com-vista-para-a-baia-a-venda-em-vitoria-27.jpg","sizes":{"thumbnail":{"file":"cobertura-de-luxo-com-vista-para-a-baia-a-venda-em-vitoria-27-150x150.jpg","width":150,"height":150,"mime-type":"image\/jpeg","url":"https:\/\/hansenimoveis.com\/wp-content\/uploads\/2014\/06\/cobertura-de-luxo-com-vista-para-a-baia-a-venda-em-vitoria-27-150x150.jpg"},"post-thumbnail":{"file":"cobertura-de-luxo-com-vista-para-a-baia-a-venda-em-vitoria-27-150x101.jpg","width":150,"height":101,"mime-type":"image\/jpeg","url":"https:\/\/hansenimoveis.com\/wp-content\/uploads\/2014\/06\/cobertura-de-luxo-com-vista-para-a-baia-a-venda-em-vitoria-27-150x101.jpg"},"modern-property-child-slider":{"file":"cobertura-de-luxo-com-vista-para-a-baia-a-venda-em-vitoria-27-680x510.jpg","width":680,"height":510,"mime-type":"image\/jpeg","url":"https:\/\/hansenimoveis.com\/wp-content\/uploads\/2014\/06\/cobertura-de-luxo-com-vista-para-a-baia-a-venda-em-vitoria-27-680x510.jpg"},"property-thumb-image":{"file":"cobertura-de-luxo-com-vista-para-a-baia-a-venda-em-vitoria-27-488x326.jpg","width":488,"height":326,"mime-type":"image\/jpeg","url":"https:\/\/hansenimoveis.com\/wp-content\/uploads\/2014\/06\/cobertura-de-luxo-com-vista-para-a-baia-a-venda-em-vitoria-27-488x326.jpg"},"property-detail-video-image":{"file":"cobertura-de-luxo-com-vista-para-a-baia-a-venda-em-vitoria-27-818x417.jpg","width":818,"height":417,"mime-type":"image\/jpeg","url":"https:\/\/hansenimoveis.com\/wp-content\/uploads\/2014\/06\/cobertura-de-luxo-com-vista-para-a-baia-a-venda-em-vitoria-27-818x417.jpg"},"agent-image":{"file":"cobertura-de-luxo-com-vista-para-a-baia-a-venda-em-vitoria-27-210x210.jpg","width":210,"height":210,"mime-type":"image\/jpeg","url":"https:\/\/hansenimoveis.com\/wp-content\/uploads\/2014\/06\/cobertura-de-luxo-com-vista-para-a-baia-a-venda-em-vitoria-27-210x210.jpg"},"partners-logo":{"file":"cobertura-de-luxo-com-vista-para-a-baia-a-venda-em-vitoria-27-600x1275.jpg","width":600,"height":1275,"mime-type":"image\/jpeg","url":"https:\/\/hansenimoveis.com\/wp-content\/uploads\/2014\/06\/cobertura-de-luxo-com-vista-para-a-baia-a-venda-em-vitoria-27-600x1275.jpg"},"post-featured-image":{"file":"cobertura-de-luxo-com-vista-para-a-baia-a-venda-em-vitoria-27-1240x720.jpg","width":1240,"height":720,"mime-type":"image\/jpeg","url":"https:\/\/hansenimoveis.com\/wp-content\/uploads\/2014\/06\/cobertura-de-luxo-com-vista-para-a-baia-a-venda-em-vitoria-27-1240x720.jpg"}},"image_meta":{"aperture":"0","credit":"","camera":"","caption":"","created_timestamp":"0","copyright":"","focal_length":"0","iso":"0","shutter_speed":"0","title":"","orientation":"0","keywords":[]},"ID":"34497","name":"cobertura-de-luxo-com-vista-para-a-baia-a-venda-em-vitoria-27.jpg","path":"\/home\/hansenimoveis.com\/public_html\/wp-content\/uploads\/2014\/06\/cobertura-de-luxo-com-vista-para-a-baia-a-venda-em-vitoria-27.jpg","url":"https:\/\/hansenimoveis.com\/wp-content\/uploads\/2014\/06\/cobertura-de-luxo-com-vista-para-a-baia-a-venda-em-vitoria-27-150x150.jpg","full_url":"https:\/\/hansenimoveis.com\/wp-content\/uploads\/2014\/06\/cobertura-de-luxo-com-vista-para-a-baia-a-venda-em-vitoria-27.jpg","title":"cobertura-de-luxo-com-vista-para-a-baia-a-venda-em-vitoria-27","caption":"","description":"","alt":"Cobertura de luxo com vista para a ba\u00eda a venda em Vit\u00f3ria","srcset":"https:\/\/hansenimoveis.com\/wp-content\/uploads\/2014\/06\/cobertura-de-luxo-com-vista-para-a-baia-a-venda-em-vitoria-27-150x150.jpg 150w, https:\/\/hansenimoveis.com\/wp-content\/uploads\/2014\/06\/cobertura-de-luxo-com-vista-para-a-baia-a-venda-em-vitoria-27-210x210.jpg 210w"},{"width":150,"height":150,"file":"2014\/06\/cobertura-de-luxo-com-vista-para-a-baia-a-venda-em-vitoria-22.jpg","sizes":{"thumbnail":{"file":"cobertura-de-luxo-com-vista-para-a-baia-a-venda-em-vitoria-22-150x150.jpg","width":150,"height":150,"mime-type":"image\/jpeg","url":"https:\/\/hansenimoveis.com\/wp-content\/uploads\/2014\/06\/cobertura-de-luxo-com-vista-para-a-baia-a-venda-em-vitoria-22-150x150.jpg"},"post-thumbnail":{"file":"cobertura-de-luxo-com-vista-para-a-baia-a-venda-em-vitoria-22-150x101.jpg","width":150,"height":101,"mime-type":"image\/jpeg","url":"https:\/\/hansenimoveis.com\/wp-content\/uploads\/2014\/06\/cobertura-de-luxo-com-vista-para-a-baia-a-venda-em-vitoria-22-150x101.jpg"},"modern-property-child-slider":{"file":"cobertura-de-luxo-com-vista-para-a-baia-a-venda-em-vitoria-22-680x510.jpg","width":680,"height":510,"mime-type":"image\/jpeg","url":"https:\/\/hansenimoveis.com\/wp-content\/uploads\/2014\/06\/cobertura-de-luxo-com-vista-para-a-baia-a-venda-em-vitoria-22-680x510.jpg"},"property-thumb-image":{"file":"cobertura-de-luxo-com-vista-para-a-baia-a-venda-em-vitoria-22-488x326.jpg","width":488,"height":326,"mime-type":"image\/jpeg","url":"https:\/\/hansenimoveis.com\/wp-content\/uploads\/2014\/06\/cobertura-de-luxo-com-vista-para-a-baia-a-venda-em-vitoria-22-488x326.jpg"},"property-detail-video-image":{"file":"cobertura-de-luxo-com-vista-para-a-baia-a-venda-em-vitoria-22-818x417.jpg","width":818,"height":417,"mime-type":"image\/jpeg","url":"https:\/\/hansenimoveis.com\/wp-content\/uploads\/2014\/06\/cobertura-de-luxo-com-vista-para-a-baia-a-venda-em-vitoria-22-818x417.jpg"},"agent-image":{"file":"cobertura-de-luxo-com-vista-para-a-baia-a-venda-em-vitoria-22-210x210.jpg","width":210,"height":210,"mime-type":"image\/jpeg","url":"https:\/\/hansenimoveis.com\/wp-content\/uploads\/2014\/06\/cobertura-de-luxo-com-vista-para-a-baia-a-venda-em-vitoria-22-210x210.jpg"},"partners-logo":{"file":"cobertura-de-luxo-com-vista-para-a-baia-a-venda-em-vitoria-22-600x1275.jpg","width":600,"height":1275,"mime-type":"image\/jpeg","url":"https:\/\/hansenimoveis.com\/wp-content\/uploads\/2014\/06\/cobertura-de-luxo-com-vista-para-a-baia-a-venda-em-vitoria-22-600x1275.jpg"},"post-featured-image":{"file":"cobertura-de-luxo-com-vista-para-a-baia-a-venda-em-vitoria-22-1240x720.jpg","width":1240,"height":720,"mime-type":"image\/jpeg","url":"https:\/\/hansenimoveis.com\/wp-content\/uploads\/2014\/06\/cobertura-de-luxo-com-vista-para-a-baia-a-venda-em-vitoria-22-1240x720.jpg"}},"image_meta":{"aperture":"0","credit":"","camera":"","caption":"","created_timestamp":"0","copyright":"","focal_length":"0","iso":"0","shutter_speed":"0","title":"","orientation":"0","keywords":[]},"ID":"34467","name":"cobertura-de-luxo-com-vista-para-a-baia-a-venda-em-vitoria-22.jpg","path":"\/home\/hansenimoveis.com\/public_html\/wp-content\/uploads\/2014\/06\/cobertura-de-luxo-com-vista-para-a-baia-a-venda-em-vitoria-22.jpg","url":"https:\/\/hansenimoveis.com\/wp-content\/uploads\/2014\/06\/cobertura-de-luxo-com-vista-para-a-baia-a-venda-em-vitoria-22-150x150.jpg","full_url":"https:\/\/hansenimoveis.com\/wp-content\/uploads\/2014\/06\/cobertura-de-luxo-com-vista-para-a-baia-a-venda-em-vitoria-22.jpg","title":"cobertura-de-luxo-com-vista-para-a-baia-a-venda-em-vitoria-22","caption":"","description":"","alt":"Cobertura de luxo com vista para a ba\u00eda a venda em Vit\u00f3ria","srcset":"https:\/\/hansenimoveis.com\/wp-content\/uploads\/2014\/06\/cobertura-de-luxo-com-vista-para-a-baia-a-venda-em-vitoria-22-150x150.jpg 150w, https:\/\/hansenimoveis.com\/wp-content\/uploads\/2014\/06\/cobertura-de-luxo-com-vista-para-a-baia-a-venda-em-vitoria-22-210x210.jpg 210w"},{"width":150,"height":150,"file":"2014\/06\/cobertura-de-luxo-com-vista-para-a-baia-a-venda-em-vitoria-14.jpg","sizes":{"thumbnail":{"file":"cobertura-de-luxo-com-vista-para-a-baia-a-venda-em-vitoria-14-150x150.jpg","width":150,"height":150,"mime-type":"image\/jpeg","url":"https:\/\/hansenimoveis.com\/wp-content\/uploads\/2014\/06\/cobertura-de-luxo-com-vista-para-a-baia-a-venda-em-vitoria-14-150x150.jpg"},"post-thumbnail":{"file":"cobertura-de-luxo-com-vista-para-a-baia-a-venda-em-vitoria-14-150x101.jpg","width":150,"height":101,"mime-type":"image\/jpeg","url":"https:\/\/hansenimoveis.com\/wp-content\/uploads\/2014\/06\/cobertura-de-luxo-com-vista-para-a-baia-a-venda-em-vitoria-14-150x101.jpg"},"modern-property-child-slider":{"file":"cobertura-de-luxo-com-vista-para-a-baia-a-venda-em-vitoria-14-680x510.jpg","width":680,"height":510,"mime-type":"image\/jpeg","url":"https:\/\/hansenimoveis.com\/wp-content\/uploads\/2014\/06\/cobertura-de-luxo-com-vista-para-a-baia-a-venda-em-vitoria-14-680x510.jpg"},"property-thumb-image":{"file":"cobertura-de-luxo-com-vista-para-a-baia-a-venda-em-vitoria-14-488x326.jpg","width":488,"height":326,"mime-type":"image\/jpeg","url":"https:\/\/hansenimoveis.com\/wp-content\/uploads\/2014\/06\/cobertura-de-luxo-com-vista-para-a-baia-a-venda-em-vitoria-14-488x326.jpg"},"property-detail-video-image":{"file":"cobertura-de-luxo-com-vista-para-a-baia-a-venda-em-vitoria-14-818x417.jpg","width":818,"height":417,"mime-type":"image\/jpeg","url":"https:\/\/hansenimoveis.com\/wp-content\/uploads\/2014\/06\/cobertura-de-luxo-com-vista-para-a-baia-a-venda-em-vitoria-14-818x417.jpg"},"agent-image":{"file":"cobertura-de-luxo-com-vista-para-a-baia-a-venda-em-vitoria-14-210x210.jpg","width":210,"height":210,"mime-type":"image\/jpeg","url":"https:\/\/hansenimoveis.com\/wp-content\/uploads\/2014\/06\/cobertura-de-luxo-com-vista-para-a-baia-a-venda-em-vitoria-14-210x210.jpg"},"partners-logo":{"file":"cobertura-de-luxo-com-vista-para-a-baia-a-venda-em-vitoria-14-600x1275.jpg","width":600,"height":1275,"mime-type":"image\/jpeg","url":"https:\/\/hansenimoveis.com\/wp-content\/uploads\/2014\/06\/cobertura-de-luxo-com-vista-para-a-baia-a-venda-em-vitoria-14-600x1275.jpg"},"post-featured-image":{"file":"cobertura-de-luxo-com-vista-para-a-baia-a-venda-em-vitoria-14-1240x720.jpg","width":1240,"height":720,"mime-type":"image\/jpeg","url":"https:\/\/hansenimoveis.com\/wp-content\/uploads\/2014\/06\/cobertura-de-luxo-com-vista-para-a-baia-a-venda-em-vitoria-14-1240x720.jpg"}},"image_meta":{"aperture":"0","credit":"","camera":"","caption":"","created_timestamp":"0","copyright":"","focal_length":"0","iso":"0","shutter_speed":"0","title":"","orientation":"0","keywords":[]},"ID":"34422","name":"cobertura-de-luxo-com-vista-para-a-baia-a-venda-em-vitoria-14.jpg","path":"\/home\/hansenimoveis.com\/public_html\/wp-content\/uploads\/2014\/06\/cobertura-de-luxo-com-vista-para-a-baia-a-venda-em-vitoria-14.jpg","url":"https:\/\/hansenimoveis.com\/wp-content\/uploads\/2014\/06\/cobertura-de-luxo-com-vista-para-a-baia-a-venda-em-vitoria-14-150x150.jpg","full_url":"https:\/\/hansenimoveis.com\/wp-content\/uploads\/2014\/06\/cobertura-de-luxo-com-vista-para-a-baia-a-venda-em-vitoria-14.jpg","title":"cobertura-de-luxo-com-vista-para-a-baia-a-venda-em-vitoria-14","caption":"","description":"","alt":"Cobertura de luxo com vista para a ba\u00eda a venda em Vit\u00f3ria","srcset":"https:\/\/hansenimoveis.com\/wp-content\/uploads\/2014\/06\/cobertura-de-luxo-com-vista-para-a-baia-a-venda-em-vitoria-14-150x150.jpg 150w, https:\/\/hansenimoveis.com\/wp-content\/uploads\/2014\/06\/cobertura-de-luxo-com-vista-para-a-baia-a-venda-em-vitoria-14-210x210.jpg 210w"},{"width":150,"height":150,"file":"2014\/06\/cobertura-de-luxo-com-vista-para-a-baia-a-venda-em-vitoria-13.jpg","sizes":{"thumbnail":{"file":"cobertura-de-luxo-com-vista-para-a-baia-a-venda-em-vitoria-13-150x150.jpg","width":150,"height":150,"mime-type":"image\/jpeg","url":"https:\/\/hansenimoveis.com\/wp-content\/uploads\/2014\/06\/cobertura-de-luxo-com-vista-para-a-baia-a-venda-em-vitoria-13-150x150.jpg"},"post-thumbnail":{"file":"cobertura-de-luxo-com-vista-para-a-baia-a-venda-em-vitoria-13-150x101.jpg","width":150,"height":101,"mime-type":"image\/jpeg","url":"https:\/\/hansenimoveis.com\/wp-content\/uploads\/2014\/06\/cobertura-de-luxo-com-vista-para-a-baia-a-venda-em-vitoria-13-150x101.jpg"},"modern-property-child-slider":{"file":"cobertura-de-luxo-com-vista-para-a-baia-a-venda-em-vitoria-13-680x510.jpg","width":680,"height":510,"mime-type":"image\/jpeg","url":"https:\/\/hansenimoveis.com\/wp-content\/uploads\/2014\/06\/cobertura-de-luxo-com-vista-para-a-baia-a-venda-em-vitoria-13-680x510.jpg"},"property-thumb-image":{"file":"cobertura-de-luxo-com-vista-para-a-baia-a-venda-em-vitoria-13-488x326.jpg","width":488,"height":326,"mime-type":"image\/jpeg","url":"https:\/\/hansenimoveis.com\/wp-content\/uploads\/2014\/06\/cobertura-de-luxo-com-vista-para-a-baia-a-venda-em-vitoria-13-488x326.jpg"},"property-detail-video-image":{"file":"cobertura-de-luxo-com-vista-para-a-baia-a-venda-em-vitoria-13-818x417.jpg","width":818,"height":417,"mime-type":"image\/jpeg","url":"https:\/\/hansenimoveis.com\/wp-content\/uploads\/2014\/06\/cobertura-de-luxo-com-vista-para-a-baia-a-venda-em-vitoria-13-818x417.jpg"},"agent-image":{"file":"cobertura-de-luxo-com-vista-para-a-baia-a-venda-em-vitoria-13-210x210.jpg","width":210,"height":210,"mime-type":"image\/jpeg","url":"https:\/\/hansenimoveis.com\/wp-content\/uploads\/2014\/06\/cobertura-de-luxo-com-vista-para-a-baia-a-venda-em-vitoria-13-210x210.jpg"},"partners-logo":{"file":"cobertura-de-luxo-com-vista-para-a-baia-a-venda-em-vitoria-13-600x1275.jpg","width":600,"height":1275,"mime-type":"image\/jpeg","url":"https:\/\/hansenimoveis.com\/wp-content\/uploads\/2014\/06\/cobertura-de-luxo-com-vista-para-a-baia-a-venda-em-vitoria-13-600x1275.jpg"},"post-featured-image":{"file":"cobertura-de-luxo-com-vista-para-a-baia-a-venda-em-vitoria-13-1240x720.jpg","width":1240,"height":720,"mime-type":"image\/jpeg","url":"https:\/\/hansenimoveis.com\/wp-content\/uploads\/2014\/06\/cobertura-de-luxo-com-vista-para-a-baia-a-venda-em-vitoria-13-1240x720.jpg"}},"image_meta":{"aperture":"0","credit":"","camera":"","caption":"","created_timestamp":"0","copyright":"","focal_length":"0","iso":"0","shutter_speed":"0","title":"","orientation":"0","keywords":[]},"ID":"34417","name":"cobertura-de-luxo-com-vista-para-a-baia-a-venda-em-vitoria-13.jpg","path":"\/home\/hansenimoveis.com\/public_html\/wp-content\/uploads\/2014\/06\/cobertura-de-luxo-com-vista-para-a-baia-a-venda-em-vitoria-13.jpg","url":"https:\/\/hansenimoveis.com\/wp-content\/uploads\/2014\/06\/cobertura-de-luxo-com-vista-para-a-baia-a-venda-em-vitoria-13-150x150.jpg","full_url":"https:\/\/hansenimoveis.com\/wp-content\/uploads\/2014\/06\/cobertura-de-luxo-com-vista-para-a-baia-a-venda-em-vitoria-13.jpg","title":"cobertura-de-luxo-com-vista-para-a-baia-a-venda-em-vitoria-13","caption":"","description":"","alt":"Cobertura de luxo com vista para a ba\u00eda a venda em Vit\u00f3ria","srcset":"https:\/\/hansenimoveis.com\/wp-content\/uploads\/2014\/06\/cobertura-de-luxo-com-vista-para-a-baia-a-venda-em-vitoria-13-150x150.jpg 150w, https:\/\/hansenimoveis.com\/wp-content\/uploads\/2014\/06\/cobertura-de-luxo-com-vista-para-a-baia-a-venda-em-vitoria-13-210x210.jpg 210w"},{"width":150,"height":150,"file":"2014\/06\/cobertura-de-luxo-com-vista-para-a-baia-a-venda-em-vitoria-11.jpg","sizes":{"thumbnail":{"file":"cobertura-de-luxo-com-vista-para-a-baia-a-venda-em-vitoria-11-150x150.jpg","width":150,"height":150,"mime-type":"image\/jpeg","url":"https:\/\/hansenimoveis.com\/wp-content\/uploads\/2014\/06\/cobertura-de-luxo-com-vista-para-a-baia-a-venda-em-vitoria-11-150x150.jpg"},"post-thumbnail":{"file":"cobertura-de-luxo-com-vista-para-a-baia-a-venda-em-vitoria-11-150x101.jpg","width":150,"height":101,"mime-type":"image\/jpeg","url":"https:\/\/hansenimoveis.com\/wp-content\/uploads\/2014\/06\/cobertura-de-luxo-com-vista-para-a-baia-a-venda-em-vitoria-11-150x101.jpg"},"modern-property-child-slider":{"file":"cobertura-de-luxo-com-vista-para-a-baia-a-venda-em-vitoria-11-680x510.jpg","width":680,"height":510,"mime-type":"image\/jpeg","url":"https:\/\/hansenimoveis.com\/wp-content\/uploads\/2014\/06\/cobertura-de-luxo-com-vista-para-a-baia-a-venda-em-vitoria-11-680x510.jpg"},"property-thumb-image":{"file":"cobertura-de-luxo-com-vista-para-a-baia-a-venda-em-vitoria-11-488x326.jpg","width":488,"height":326,"mime-type":"image\/jpeg","url":"https:\/\/hansenimoveis.com\/wp-content\/uploads\/2014\/06\/cobertura-de-luxo-com-vista-para-a-baia-a-venda-em-vitoria-11-488x326.jpg"},"property-detail-video-image":{"file":"cobertura-de-luxo-com-vista-para-a-baia-a-venda-em-vitoria-11-818x417.jpg","width":818,"height":417,"mime-type":"image\/jpeg","url":"https:\/\/hansenimoveis.com\/wp-content\/uploads\/2014\/06\/cobertura-de-luxo-com-vista-para-a-baia-a-venda-em-vitoria-11-818x417.jpg"},"agent-image":{"file":"cobertura-de-luxo-com-vista-para-a-baia-a-venda-em-vitoria-11-210x210.jpg","width":210,"height":210,"mime-type":"image\/jpeg","url":"https:\/\/hansenimoveis.com\/wp-content\/uploads\/2014\/06\/cobertura-de-luxo-com-vista-para-a-baia-a-venda-em-vitoria-11-210x210.jpg"},"partners-logo":{"file":"cobertura-de-luxo-com-vista-para-a-baia-a-venda-em-vitoria-11-600x1275.jpg","width":600,"height":1275,"mime-type":"image\/jpeg","url":"https:\/\/hansenimoveis.com\/wp-content\/uploads\/2014\/06\/cobertura-de-luxo-com-vista-para-a-baia-a-venda-em-vitoria-11-600x1275.jpg"},"post-featured-image":{"file":"cobertura-de-luxo-com-vista-para-a-baia-a-venda-em-vitoria-11-1240x720.jpg","width":1240,"height":720,"mime-type":"image\/jpeg","url":"https:\/\/hansenimoveis.com\/wp-content\/uploads\/2014\/06\/cobertura-de-luxo-com-vista-para-a-baia-a-venda-em-vitoria-11-1240x720.jpg"}},"image_meta":{"aperture":"0","credit":"","camera":"","caption":"","created_timestamp":"0","copyright":"","focal_length":"0","iso":"0","shutter_speed":"0","title":"","orientation":"0","keywords":[]},"ID":"34407","name":"cobertura-de-luxo-com-vista-para-a-baia-a-venda-em-vitoria-11.jpg","path":"\/home\/hansenimoveis.com\/public_html\/wp-content\/uploads\/2014\/06\/cobertura-de-luxo-com-vista-para-a-baia-a-venda-em-vitoria-11.jpg","url":"https:\/\/hansenimoveis.com\/wp-content\/uploads\/2014\/06\/cobertura-de-luxo-com-vista-para-a-baia-a-venda-em-vitoria-11-150x150.jpg","full_url":"https:\/\/hansenimoveis.com\/wp-content\/uploads\/2014\/06\/cobertura-de-luxo-com-vista-para-a-baia-a-venda-em-vitoria-11.jpg","title":"cobertura-de-luxo-com-vista-para-a-baia-a-venda-em-vitoria-11","caption":"","description":"","alt":"Cobertura de luxo com vista para a ba\u00eda a venda em Vit\u00f3ria","srcset":"https:\/\/hansenimoveis.com\/wp-content\/uploads\/2014\/06\/cobertura-de-luxo-com-vista-para-a-baia-a-venda-em-vitoria-11-150x150.jpg 150w, https:\/\/hansenimoveis.com\/wp-content\/uploads\/2014\/06\/cobertura-de-luxo-com-vista-para-a-baia-a-venda-em-vitoria-11-210x210.jpg 210w"},{"width":150,"height":150,"file":"2014\/06\/cobertura-de-luxo-com-vista-para-a-baia-a-venda-em-vitoria-21.jpg","sizes":{"thumbnail":{"file":"cobertura-de-luxo-com-vista-para-a-baia-a-venda-em-vitoria-21-150x150.jpg","width":150,"height":150,"mime-type":"image\/jpeg","url":"https:\/\/hansenimoveis.com\/wp-content\/uploads\/2014\/06\/cobertura-de-luxo-com-vista-para-a-baia-a-venda-em-vitoria-21-150x150.jpg"},"post-thumbnail":{"file":"cobertura-de-luxo-com-vista-para-a-baia-a-venda-em-vitoria-21-150x101.jpg","width":150,"height":101,"mime-type":"image\/jpeg","url":"https:\/\/hansenimoveis.com\/wp-content\/uploads\/2014\/06\/cobertura-de-luxo-com-vista-para-a-baia-a-venda-em-vitoria-21-150x101.jpg"},"modern-property-child-slider":{"file":"cobertura-de-luxo-com-vista-para-a-baia-a-venda-em-vitoria-21-680x510.jpg","width":680,"height":510,"mime-type":"image\/jpeg","url":"https:\/\/hansenimoveis.com\/wp-content\/uploads\/2014\/06\/cobertura-de-luxo-com-vista-para-a-baia-a-venda-em-vitoria-21-680x510.jpg"},"property-thumb-image":{"file":"cobertura-de-luxo-com-vista-para-a-baia-a-venda-em-vitoria-21-488x326.jpg","width":488,"height":326,"mime-type":"image\/jpeg","url":"https:\/\/hansenimoveis.com\/wp-content\/uploads\/2014\/06\/cobertura-de-luxo-com-vista-para-a-baia-a-venda-em-vitoria-21-488x326.jpg"},"property-detail-video-image":{"file":"cobertura-de-luxo-com-vista-para-a-baia-a-venda-em-vitoria-21-818x417.jpg","width":818,"height":417,"mime-type":"image\/jpeg","url":"https:\/\/hansenimoveis.com\/wp-content\/uploads\/2014\/06\/cobertura-de-luxo-com-vista-para-a-baia-a-venda-em-vitoria-21-818x417.jpg"},"agent-image":{"file":"cobertura-de-luxo-com-vista-para-a-baia-a-venda-em-vitoria-21-210x210.jpg","width":210,"height":210,"mime-type":"image\/jpeg","url":"https:\/\/hansenimoveis.com\/wp-content\/uploads\/2014\/06\/cobertura-de-luxo-com-vista-para-a-baia-a-venda-em-vitoria-21-210x210.jpg"},"partners-logo":{"file":"cobertura-de-luxo-com-vista-para-a-baia-a-venda-em-vitoria-21-600x1275.jpg","width":600,"height":1275,"mime-type":"image\/jpeg","url":"https:\/\/hansenimoveis.com\/wp-content\/uploads\/2014\/06\/cobertura-de-luxo-com-vista-para-a-baia-a-venda-em-vitoria-21-600x1275.jpg"},"post-featured-image":{"file":"cobertura-de-luxo-com-vista-para-a-baia-a-venda-em-vitoria-21-1240x720.jpg","width":1240,"height":720,"mime-type":"image\/jpeg","url":"https:\/\/hansenimoveis.com\/wp-content\/uploads\/2014\/06\/cobertura-de-luxo-com-vista-para-a-baia-a-venda-em-vitoria-21-1240x720.jpg"}},"image_meta":{"aperture":"0","credit":"","camera":"","caption":"","created_timestamp":"0","copyright":"","focal_length":"0","iso":"0","shutter_speed":"0","title":"","orientation":"0","keywords":[]},"ID":"34462","name":"cobertura-de-luxo-com-vista-para-a-baia-a-venda-em-vitoria-21.jpg","path":"\/home\/hansenimoveis.com\/public_html\/wp-content\/uploads\/2014\/06\/cobertura-de-luxo-com-vista-para-a-baia-a-venda-em-vitoria-21.jpg","url":"https:\/\/hansenimoveis.com\/wp-content\/uploads\/2014\/06\/cobertura-de-luxo-com-vista-para-a-baia-a-venda-em-vitoria-21-150x150.jpg","full_url":"https:\/\/hansenimoveis.com\/wp-content\/uploads\/2014\/06\/cobertura-de-luxo-com-vista-para-a-baia-a-venda-em-vitoria-21.jpg","title":"cobertura-de-luxo-com-vista-para-a-baia-a-venda-em-vitoria-21","caption":"","description":"","alt":"Cobertura de luxo com vista para a ba\u00eda a venda em Vit\u00f3ria","srcset":"https:\/\/hansenimoveis.com\/wp-content\/uploads\/2014\/06\/cobertura-de-luxo-com-vista-para-a-baia-a-venda-em-vitoria-21-150x150.jpg 150w, https:\/\/hansenimoveis.com\/wp-content\/uploads\/2014\/06\/cobertura-de-luxo-com-vista-para-a-baia-a-venda-em-vitoria-21-210x210.jpg 210w"},{"width":150,"height":150,"file":"2014\/06\/cobertura-de-luxo-com-vista-para-a-baia-a-venda-em-vitoria-10.jpg","sizes":{"thumbnail":{"file":"cobertura-de-luxo-com-vista-para-a-baia-a-venda-em-vitoria-10-150x150.jpg","width":150,"height":150,"mime-type":"image\/jpeg","url":"https:\/\/hansenimoveis.com\/wp-content\/uploads\/2014\/06\/cobertura-de-luxo-com-vista-para-a-baia-a-venda-em-vitoria-10-150x150.jpg"},"post-thumbnail":{"file":"cobertura-de-luxo-com-vista-para-a-baia-a-venda-em-vitoria-10-150x101.jpg","width":150,"height":101,"mime-type":"image\/jpeg","url":"https:\/\/hansenimoveis.com\/wp-content\/uploads\/2014\/06\/cobertura-de-luxo-com-vista-para-a-baia-a-venda-em-vitoria-10-150x101.jpg"},"modern-property-child-slider":{"file":"cobertura-de-luxo-com-vista-para-a-baia-a-venda-em-vitoria-10-680x510.jpg","width":680,"height":510,"mime-type":"image\/jpeg","url":"https:\/\/hansenimoveis.com\/wp-content\/uploads\/2014\/06\/cobertura-de-luxo-com-vista-para-a-baia-a-venda-em-vitoria-10-680x510.jpg"},"property-thumb-image":{"file":"cobertura-de-luxo-com-vista-para-a-baia-a-venda-em-vitoria-10-488x326.jpg","width":488,"height":326,"mime-type":"image\/jpeg","url":"https:\/\/hansenimoveis.com\/wp-content\/uploads\/2014\/06\/cobertura-de-luxo-com-vista-para-a-baia-a-venda-em-vitoria-10-488x326.jpg"},"property-detail-video-image":{"file":"cobertura-de-luxo-com-vista-para-a-baia-a-venda-em-vitoria-10-818x417.jpg","width":818,"height":417,"mime-type":"image\/jpeg","url":"https:\/\/hansenimoveis.com\/wp-content\/uploads\/2014\/06\/cobertura-de-luxo-com-vista-para-a-baia-a-venda-em-vitoria-10-818x417.jpg"},"agent-image":{"file":"cobertura-de-luxo-com-vista-para-a-baia-a-venda-em-vitoria-10-210x210.jpg","width":210,"height":210,"mime-type":"image\/jpeg","url":"https:\/\/hansenimoveis.com\/wp-content\/uploads\/2014\/06\/cobertura-de-luxo-com-vista-para-a-baia-a-venda-em-vitoria-10-210x210.jpg"},"partners-logo":{"file":"cobertura-de-luxo-com-vista-para-a-baia-a-venda-em-vitoria-10-600x1275.jpg","width":600,"height":1275,"mime-type":"image\/jpeg","url":"https:\/\/hansenimoveis.com\/wp-content\/uploads\/2014\/06\/cobertura-de-luxo-com-vista-para-a-baia-a-venda-em-vitoria-10-600x1275.jpg"},"post-featured-image":{"file":"cobertura-de-luxo-com-vista-para-a-baia-a-venda-em-vitoria-10-1240x720.jpg","width":1240,"height":720,"mime-type":"image\/jpeg","url":"https:\/\/hansenimoveis.com\/wp-content\/uploads\/2014\/06\/cobertura-de-luxo-com-vista-para-a-baia-a-venda-em-vitoria-10-1240x720.jpg"}},"image_meta":{"aperture":"0","credit":"","camera":"","caption":"","created_timestamp":"0","copyright":"","focal_length":"0","iso":"0","shutter_speed":"0","title":"","orientation":"0","keywords":[]},"ID":"34402","name":"cobertura-de-luxo-com-vista-para-a-baia-a-venda-em-vitoria-10.jpg","path":"\/home\/hansenimoveis.com\/public_html\/wp-content\/uploads\/2014\/06\/cobertura-de-luxo-com-vista-para-a-baia-a-venda-em-vitoria-10.jpg","url":"https:\/\/hansenimoveis.com\/wp-content\/uploads\/2014\/06\/cobertura-de-luxo-com-vista-para-a-baia-a-venda-em-vitoria-10-150x150.jpg","full_url":"https:\/\/hansenimoveis.com\/wp-content\/uploads\/2014\/06\/cobertura-de-luxo-com-vista-para-a-baia-a-venda-em-vitoria-10.jpg","title":"cobertura-de-luxo-com-vista-para-a-baia-a-venda-em-vitoria-10","caption":"","description":"","alt":"Cobertura de luxo com vista para a ba\u00eda a venda em Vit\u00f3ria","srcset":"https:\/\/hansenimoveis.com\/wp-content\/uploads\/2014\/06\/cobertura-de-luxo-com-vista-para-a-baia-a-venda-em-vitoria-10-150x150.jpg 150w, https:\/\/hansenimoveis.com\/wp-content\/uploads\/2014\/06\/cobertura-de-luxo-com-vista-para-a-baia-a-venda-em-vitoria-10-210x210.jpg 210w"},{"width":150,"height":150,"file":"2014\/06\/cobertura-de-luxo-com-vista-para-a-baia-a-venda-em-vitoria-15.jpg","sizes":{"thumbnail":{"file":"cobertura-de-luxo-com-vista-para-a-baia-a-venda-em-vitoria-15-150x150.jpg","width":150,"height":150,"mime-type":"image\/jpeg","url":"https:\/\/hansenimoveis.com\/wp-content\/uploads\/2014\/06\/cobertura-de-luxo-com-vista-para-a-baia-a-venda-em-vitoria-15-150x150.jpg"},"post-thumbnail":{"file":"cobertura-de-luxo-com-vista-para-a-baia-a-venda-em-vitoria-15-150x101.jpg","width":150,"height":101,"mime-type":"image\/jpeg","url":"https:\/\/hansenimoveis.com\/wp-content\/uploads\/2014\/06\/cobertura-de-luxo-com-vista-para-a-baia-a-venda-em-vitoria-15-150x101.jpg"},"modern-property-child-slider":{"file":"cobertura-de-luxo-com-vista-para-a-baia-a-venda-em-vitoria-15-680x510.jpg","width":680,"height":510,"mime-type":"image\/jpeg","url":"https:\/\/hansenimoveis.com\/wp-content\/uploads\/2014\/06\/cobertura-de-luxo-com-vista-para-a-baia-a-venda-em-vitoria-15-680x510.jpg"},"property-thumb-image":{"file":"cobertura-de-luxo-com-vista-para-a-baia-a-venda-em-vitoria-15-488x326.jpg","width":488,"height":326,"mime-type":"image\/jpeg","url":"https:\/\/hansenimoveis.com\/wp-content\/uploads\/2014\/06\/cobertura-de-luxo-com-vista-para-a-baia-a-venda-em-vitoria-15-488x326.jpg"},"property-detail-video-image":{"file":"cobertura-de-luxo-com-vista-para-a-baia-a-venda-em-vitoria-15-818x417.jpg","width":818,"height":417,"mime-type":"image\/jpeg","url":"https:\/\/hansenimoveis.com\/wp-content\/uploads\/2014\/06\/cobertura-de-luxo-com-vista-para-a-baia-a-venda-em-vitoria-15-818x417.jpg"},"agent-image":{"file":"cobertura-de-luxo-com-vista-para-a-baia-a-venda-em-vitoria-15-210x210.jpg","width":210,"height":210,"mime-type":"image\/jpeg","url":"https:\/\/hansenimoveis.com\/wp-content\/uploads\/2014\/06\/cobertura-de-luxo-com-vista-para-a-baia-a-venda-em-vitoria-15-210x210.jpg"},"partners-logo":{"file":"cobertura-de-luxo-com-vista-para-a-baia-a-venda-em-vitoria-15-600x1275.jpg","width":600,"height":1275,"mime-type":"image\/jpeg","url":"https:\/\/hansenimoveis.com\/wp-content\/uploads\/2014\/06\/cobertura-de-luxo-com-vista-para-a-baia-a-venda-em-vitoria-15-600x1275.jpg"},"post-featured-image":{"file":"cobertura-de-luxo-com-vista-para-a-baia-a-venda-em-vitoria-15-1240x720.jpg","width":1240,"height":720,"mime-type":"image\/jpeg","url":"https:\/\/hansenimoveis.com\/wp-content\/uploads\/2014\/06\/cobertura-de-luxo-com-vista-para-a-baia-a-venda-em-vitoria-15-1240x720.jpg"}},"image_meta":{"aperture":"0","credit":"","camera":"","caption":"","created_timestamp":"0","copyright":"","focal_length":"0","iso":"0","shutter_speed":"0","title":"","orientation":"0","keywords":[]},"ID":"34428","name":"cobertura-de-luxo-com-vista-para-a-baia-a-venda-em-vitoria-15.jpg","path":"\/home\/hansenimoveis.com\/public_html\/wp-content\/uploads\/2014\/06\/cobertura-de-luxo-com-vista-para-a-baia-a-venda-em-vitoria-15.jpg","url":"https:\/\/hansenimoveis.com\/wp-content\/uploads\/2014\/06\/cobertura-de-luxo-com-vista-para-a-baia-a-venda-em-vitoria-15-150x150.jpg","full_url":"https:\/\/hansenimoveis.com\/wp-content\/uploads\/2014\/06\/cobertura-de-luxo-com-vista-para-a-baia-a-venda-em-vitoria-15.jpg","title":"cobertura-de-luxo-com-vista-para-a-baia-a-venda-em-vitoria-15","caption":"","description":"","alt":"Cobertura de luxo com vista para a ba\u00eda a venda em Vit\u00f3ria","srcset":"https:\/\/hansenimoveis.com\/wp-content\/uploads\/2014\/06\/cobertura-de-luxo-com-vista-para-a-baia-a-venda-em-vitoria-15-150x150.jpg 150w, https:\/\/hansenimoveis.com\/wp-content\/uploads\/2014\/06\/cobertura-de-luxo-com-vista-para-a-baia-a-venda-em-vitoria-15-210x210.jpg 210w"},{"width":150,"height":150,"file":"2014\/06\/cobertura-de-luxo-com-vista-para-a-baia-a-venda-em-vitoria-16.jpg","sizes":{"thumbnail":{"file":"cobertura-de-luxo-com-vista-para-a-baia-a-venda-em-vitoria-16-150x150.jpg","width":150,"height":150,"mime-type":"image\/jpeg","url":"https:\/\/hansenimoveis.com\/wp-content\/uploads\/2014\/06\/cobertura-de-luxo-com-vista-para-a-baia-a-venda-em-vitoria-16-150x150.jpg"},"post-thumbnail":{"file":"cobertura-de-luxo-com-vista-para-a-baia-a-venda-em-vitoria-16-150x101.jpg","width":150,"height":101,"mime-type":"image\/jpeg","url":"https:\/\/hansenimoveis.com\/wp-content\/uploads\/2014\/06\/cobertura-de-luxo-com-vista-para-a-baia-a-venda-em-vitoria-16-150x101.jpg"},"modern-property-child-slider":{"file":"cobertura-de-luxo-com-vista-para-a-baia-a-venda-em-vitoria-16-680x510.jpg","width":680,"height":510,"mime-type":"image\/jpeg","url":"https:\/\/hansenimoveis.com\/wp-content\/uploads\/2014\/06\/cobertura-de-luxo-com-vista-para-a-baia-a-venda-em-vitoria-16-680x510.jpg"},"property-thumb-image":{"file":"cobertura-de-luxo-com-vista-para-a-baia-a-venda-em-vitoria-16-488x326.jpg","width":488,"height":326,"mime-type":"image\/jpeg","url":"https:\/\/hansenimoveis.com\/wp-content\/uploads\/2014\/06\/cobertura-de-luxo-com-vista-para-a-baia-a-venda-em-vitoria-16-488x326.jpg"},"property-detail-video-image":{"file":"cobertura-de-luxo-com-vista-para-a-baia-a-venda-em-vitoria-16-818x417.jpg","width":818,"height":417,"mime-type":"image\/jpeg","url":"https:\/\/hansenimoveis.com\/wp-content\/uploads\/2014\/06\/cobertura-de-luxo-com-vista-para-a-baia-a-venda-em-vitoria-16-818x417.jpg"},"agent-image":{"file":"cobertura-de-luxo-com-vista-para-a-baia-a-venda-em-vitoria-16-210x210.jpg","width":210,"height":210,"mime-type":"image\/jpeg","url":"https:\/\/hansenimoveis.com\/wp-content\/uploads\/2014\/06\/cobertura-de-luxo-com-vista-para-a-baia-a-venda-em-vitoria-16-210x210.jpg"},"partners-logo":{"file":"cobertura-de-luxo-com-vista-para-a-baia-a-venda-em-vitoria-16-600x1275.jpg","width":600,"height":1275,"mime-type":"image\/jpeg","url":"https:\/\/hansenimoveis.com\/wp-content\/uploads\/2014\/06\/cobertura-de-luxo-com-vista-para-a-baia-a-venda-em-vitoria-16-600x1275.jpg"},"post-featured-image":{"file":"cobertura-de-luxo-com-vista-para-a-baia-a-venda-em-vitoria-16-1240x720.jpg","width":1240,"height":720,"mime-type":"image\/jpeg","url":"https:\/\/hansenimoveis.com\/wp-content\/uploads\/2014\/06\/cobertura-de-luxo-com-vista-para-a-baia-a-venda-em-vitoria-16-1240x720.jpg"}},"image_meta":{"aperture":"0","credit":"","camera":"","caption":"","created_timestamp":"0","copyright":"","focal_length":"0","iso":"0","shutter_speed":"0","title":"","orientation":"0","keywords":[]},"ID":"34433","name":"cobertura-de-luxo-com-vista-para-a-baia-a-venda-em-vitoria-16.jpg","path":"\/home\/hansenimoveis.com\/public_html\/wp-content\/uploads\/2014\/06\/cobertura-de-luxo-com-vista-para-a-baia-a-venda-em-vitoria-16.jpg","url":"https:\/\/hansenimoveis.com\/wp-content\/uploads\/2014\/06\/cobertura-de-luxo-com-vista-para-a-baia-a-venda-em-vitoria-16-150x150.jpg","full_url":"https:\/\/hansenimoveis.com\/wp-content\/uploads\/2014\/06\/cobertura-de-luxo-com-vista-para-a-baia-a-venda-em-vitoria-16.jpg","title":"cobertura-de-luxo-com-vista-para-a-baia-a-venda-em-vitoria-16","caption":"","description":"","alt":"Cobertura de luxo com vista para a ba\u00eda a venda em Vit\u00f3ria","srcset":"https:\/\/hansenimoveis.com\/wp-content\/uploads\/2014\/06\/cobertura-de-luxo-com-vista-para-a-baia-a-venda-em-vitoria-16-150x150.jpg 150w, https:\/\/hansenimoveis.com\/wp-content\/uploads\/2014\/06\/cobertura-de-luxo-com-vista-para-a-baia-a-venda-em-vitoria-16-210x210.jpg 210w"},{"width":150,"height":150,"file":"2014\/06\/cobertura-de-luxo-com-vista-para-a-baia-a-venda-em-vitoria-20.jpg","sizes":{"thumbnail":{"file":"cobertura-de-luxo-com-vista-para-a-baia-a-venda-em-vitoria-20-150x150.jpg","width":150,"height":150,"mime-type":"image\/jpeg","url":"https:\/\/hansenimoveis.com\/wp-content\/uploads\/2014\/06\/cobertura-de-luxo-com-vista-para-a-baia-a-venda-em-vitoria-20-150x150.jpg"},"post-thumbnail":{"file":"cobertura-de-luxo-com-vista-para-a-baia-a-venda-em-vitoria-20-150x101.jpg","width":150,"height":101,"mime-type":"image\/jpeg","url":"https:\/\/hansenimoveis.com\/wp-content\/uploads\/2014\/06\/cobertura-de-luxo-com-vista-para-a-baia-a-venda-em-vitoria-20-150x101.jpg"},"modern-property-child-slider":{"file":"cobertura-de-luxo-com-vista-para-a-baia-a-venda-em-vitoria-20-680x510.jpg","width":680,"height":510,"mime-type":"image\/jpeg","url":"https:\/\/hansenimoveis.com\/wp-content\/uploads\/2014\/06\/cobertura-de-luxo-com-vista-para-a-baia-a-venda-em-vitoria-20-680x510.jpg"},"property-thumb-image":{"file":"cobertura-de-luxo-com-vista-para-a-baia-a-venda-em-vitoria-20-488x326.jpg","width":488,"height":326,"mime-type":"image\/jpeg","url":"https:\/\/hansenimoveis.com\/wp-content\/uploads\/2014\/06\/cobertura-de-luxo-com-vista-para-a-baia-a-venda-em-vitoria-20-488x326.jpg"},"property-detail-video-image":{"file":"cobertura-de-luxo-com-vista-para-a-baia-a-venda-em-vitoria-20-818x417.jpg","width":818,"height":417,"mime-type":"image\/jpeg","url":"https:\/\/hansenimoveis.com\/wp-content\/uploads\/2014\/06\/cobertura-de-luxo-com-vista-para-a-baia-a-venda-em-vitoria-20-818x417.jpg"},"agent-image":{"file":"cobertura-de-luxo-com-vista-para-a-baia-a-venda-em-vitoria-20-210x210.jpg","width":210,"height":210,"mime-type":"image\/jpeg","url":"https:\/\/hansenimoveis.com\/wp-content\/uploads\/2014\/06\/cobertura-de-luxo-com-vista-para-a-baia-a-venda-em-vitoria-20-210x210.jpg"},"partners-logo":{"file":"cobertura-de-luxo-com-vista-para-a-baia-a-venda-em-vitoria-20-600x1275.jpg","width":600,"height":1275,"mime-type":"image\/jpeg","url":"https:\/\/hansenimoveis.com\/wp-content\/uploads\/2014\/06\/cobertura-de-luxo-com-vista-para-a-baia-a-venda-em-vitoria-20-600x1275.jpg"},"post-featured-image":{"file":"cobertura-de-luxo-com-vista-para-a-baia-a-venda-em-vitoria-20-1240x720.jpg","width":1240,"height":720,"mime-type":"image\/jpeg","url":"https:\/\/hansenimoveis.com\/wp-content\/uploads\/2014\/06\/cobertura-de-luxo-com-vista-para-a-baia-a-venda-em-vitoria-20-1240x720.jpg"}},"image_meta":{"aperture":"0","credit":"","camera":"","caption":"","created_timestamp":"0","copyright":"","focal_length":"0","iso":"0","shutter_speed":"0","title":"","orientation":"0","keywords":[]},"ID":"34457","name":"cobertura-de-luxo-com-vista-para-a-baia-a-venda-em-vitoria-20.jpg","path":"\/home\/hansenimoveis.com\/public_html\/wp-content\/uploads\/2014\/06\/cobertura-de-luxo-com-vista-para-a-baia-a-venda-em-vitoria-20.jpg","url":"https:\/\/hansenimoveis.com\/wp-content\/uploads\/2014\/06\/cobertura-de-luxo-com-vista-para-a-baia-a-venda-em-vitoria-20-150x150.jpg","full_url":"https:\/\/hansenimoveis.com\/wp-content\/uploads\/2014\/06\/cobertura-de-luxo-com-vista-para-a-baia-a-venda-em-vitoria-20.jpg","title":"cobertura-de-luxo-com-vista-para-a-baia-a-venda-em-vitoria-20","caption":"","description":"","alt":"Cobertura de luxo com vista para a ba\u00eda a venda em Vit\u00f3ria","srcset":"https:\/\/hansenimoveis.com\/wp-content\/uploads\/2014\/06\/cobertura-de-luxo-com-vista-para-a-baia-a-venda-em-vitoria-20-150x150.jpg 150w, https:\/\/hansenimoveis.com\/wp-content\/uploads\/2014\/06\/cobertura-de-luxo-com-vista-para-a-baia-a-venda-em-vitoria-20-210x210.jpg 210w"},{"width":150,"height":150,"file":"2014\/06\/cobertura-de-luxo-com-vista-para-a-baia-a-venda-em-vitoria-19.jpg","sizes":{"thumbnail":{"file":"cobertura-de-luxo-com-vista-para-a-baia-a-venda-em-vitoria-19-150x150.jpg","width":150,"height":150,"mime-type":"image\/jpeg","url":"https:\/\/hansenimoveis.com\/wp-content\/uploads\/2014\/06\/cobertura-de-luxo-com-vista-para-a-baia-a-venda-em-vitoria-19-150x150.jpg"},"post-thumbnail":{"file":"cobertura-de-luxo-com-vista-para-a-baia-a-venda-em-vitoria-19-150x101.jpg","width":150,"height":101,"mime-type":"image\/jpeg","url":"https:\/\/hansenimoveis.com\/wp-content\/uploads\/2014\/06\/cobertura-de-luxo-com-vista-para-a-baia-a-venda-em-vitoria-19-150x101.jpg"},"modern-property-child-slider":{"file":"cobertura-de-luxo-com-vista-para-a-baia-a-venda-em-vitoria-19-680x510.jpg","width":680,"height":510,"mime-type":"image\/jpeg","url":"https:\/\/hansenimoveis.com\/wp-content\/uploads\/2014\/06\/cobertura-de-luxo-com-vista-para-a-baia-a-venda-em-vitoria-19-680x510.jpg"},"property-thumb-image":{"file":"cobertura-de-luxo-com-vista-para-a-baia-a-venda-em-vitoria-19-488x326.jpg","width":488,"height":326,"mime-type":"image\/jpeg","url":"https:\/\/hansenimoveis.com\/wp-content\/uploads\/2014\/06\/cobertura-de-luxo-com-vista-para-a-baia-a-venda-em-vitoria-19-488x326.jpg"},"property-detail-video-image":{"file":"cobertura-de-luxo-com-vista-para-a-baia-a-venda-em-vitoria-19-818x417.jpg","width":818,"height":417,"mime-type":"image\/jpeg","url":"https:\/\/hansenimoveis.com\/wp-content\/uploads\/2014\/06\/cobertura-de-luxo-com-vista-para-a-baia-a-venda-em-vitoria-19-818x417.jpg"},"agent-image":{"file":"cobertura-de-luxo-com-vista-para-a-baia-a-venda-em-vitoria-19-210x210.jpg","width":210,"height":210,"mime-type":"image\/jpeg","url":"https:\/\/hansenimoveis.com\/wp-content\/uploads\/2014\/06\/cobertura-de-luxo-com-vista-para-a-baia-a-venda-em-vitoria-19-210x210.jpg"},"partners-logo":{"file":"cobertura-de-luxo-com-vista-para-a-baia-a-venda-em-vitoria-19-600x1275.jpg","width":600,"height":1275,"mime-type":"image\/jpeg","url":"https:\/\/hansenimoveis.com\/wp-content\/uploads\/2014\/06\/cobertura-de-luxo-com-vista-para-a-baia-a-venda-em-vitoria-19-600x1275.jpg"},"post-featured-image":{"file":"cobertura-de-luxo-com-vista-para-a-baia-a-venda-em-vitoria-19-1240x720.jpg","width":1240,"height":720,"mime-type":"image\/jpeg","url":"https:\/\/hansenimoveis.com\/wp-content\/uploads\/2014\/06\/cobertura-de-luxo-com-vista-para-a-baia-a-venda-em-vitoria-19-1240x720.jpg"}},"image_meta":{"aperture":"0","credit":"","camera":"","caption":"","created_timestamp":"0","copyright":"","focal_length":"0","iso":"0","shutter_speed":"0","title":"","orientation":"0","keywords":[]},"ID":"34452","name":"cobertura-de-luxo-com-vista-para-a-baia-a-venda-em-vitoria-19.jpg","path":"\/home\/hansenimoveis.com\/public_html\/wp-content\/uploads\/2014\/06\/cobertura-de-luxo-com-vista-para-a-baia-a-venda-em-vitoria-19.jpg","url":"https:\/\/hansenimoveis.com\/wp-content\/uploads\/2014\/06\/cobertura-de-luxo-com-vista-para-a-baia-a-venda-em-vitoria-19-150x150.jpg","full_url":"https:\/\/hansenimoveis.com\/wp-content\/uploads\/2014\/06\/cobertura-de-luxo-com-vista-para-a-baia-a-venda-em-vitoria-19.jpg","title":"cobertura-de-luxo-com-vista-para-a-baia-a-venda-em-vitoria-19","caption":"","description":"","alt":"Cobertura de luxo com vista para a ba\u00eda a venda em Vit\u00f3ria","srcset":"https:\/\/hansenimoveis.com\/wp-content\/uploads\/2014\/06\/cobertura-de-luxo-com-vista-para-a-baia-a-venda-em-vitoria-19-150x150.jpg 150w, https:\/\/hansenimoveis.com\/wp-content\/uploads\/2014\/06\/cobertura-de-luxo-com-vista-para-a-baia-a-venda-em-vitoria-19-210x210.jpg 210w"},{"width":150,"height":150,"file":"2014\/06\/cobertura-de-luxo-com-vista-para-a-baia-a-venda-em-vitoria-30.jpg","sizes":{"thumbnail":{"file":"cobertura-de-luxo-com-vista-para-a-baia-a-venda-em-vitoria-30-150x150.jpg","width":150,"height":150,"mime-type":"image\/jpeg","url":"https:\/\/hansenimoveis.com\/wp-content\/uploads\/2014\/06\/cobertura-de-luxo-com-vista-para-a-baia-a-venda-em-vitoria-30-150x150.jpg"},"post-thumbnail":{"file":"cobertura-de-luxo-com-vista-para-a-baia-a-venda-em-vitoria-30-150x101.jpg","width":150,"height":101,"mime-type":"image\/jpeg","url":"https:\/\/hansenimoveis.com\/wp-content\/uploads\/2014\/06\/cobertura-de-luxo-com-vista-para-a-baia-a-venda-em-vitoria-30-150x101.jpg"},"modern-property-child-slider":{"file":"cobertura-de-luxo-com-vista-para-a-baia-a-venda-em-vitoria-30-680x510.jpg","width":680,"height":510,"mime-type":"image\/jpeg","url":"https:\/\/hansenimoveis.com\/wp-content\/uploads\/2014\/06\/cobertura-de-luxo-com-vista-para-a-baia-a-venda-em-vitoria-30-680x510.jpg"},"property-thumb-image":{"file":"cobertura-de-luxo-com-vista-para-a-baia-a-venda-em-vitoria-30-488x326.jpg","width":488,"height":326,"mime-type":"image\/jpeg","url":"https:\/\/hansenimoveis.com\/wp-content\/uploads\/2014\/06\/cobertura-de-luxo-com-vista-para-a-baia-a-venda-em-vitoria-30-488x326.jpg"},"property-detail-video-image":{"file":"cobertura-de-luxo-com-vista-para-a-baia-a-venda-em-vitoria-30-818x417.jpg","width":818,"height":417,"mime-type":"image\/jpeg","url":"https:\/\/hansenimoveis.com\/wp-content\/uploads\/2014\/06\/cobertura-de-luxo-com-vista-para-a-baia-a-venda-em-vitoria-30-818x417.jpg"},"agent-image":{"file":"cobertura-de-luxo-com-vista-para-a-baia-a-venda-em-vitoria-30-210x210.jpg","width":210,"height":210,"mime-type":"image\/jpeg","url":"https:\/\/hansenimoveis.com\/wp-content\/uploads\/2014\/06\/cobertura-de-luxo-com-vista-para-a-baia-a-venda-em-vitoria-30-210x210.jpg"},"partners-logo":{"file":"cobertura-de-luxo-com-vista-para-a-baia-a-venda-em-vitoria-30-600x1275.jpg","width":600,"height":1275,"mime-type":"image\/jpeg","url":"https:\/\/hansenimoveis.com\/wp-content\/uploads\/2014\/06\/cobertura-de-luxo-com-vista-para-a-baia-a-venda-em-vitoria-30-600x1275.jpg"},"post-featured-image":{"file":"cobertura-de-luxo-com-vista-para-a-baia-a-venda-em-vitoria-30-1240x720.jpg","width":1240,"height":720,"mime-type":"image\/jpeg","url":"https:\/\/hansenimoveis.com\/wp-content\/uploads\/2014\/06\/cobertura-de-luxo-com-vista-para-a-baia-a-venda-em-vitoria-30-1240x720.jpg"}},"image_meta":{"aperture":"0","credit":"","camera":"","caption":"","created_timestamp":"0","copyright":"","focal_length":"0","iso":"0","shutter_speed":"0","title":"","orientation":"0","keywords":[]},"ID":"34522","name":"cobertura-de-luxo-com-vista-para-a-baia-a-venda-em-vitoria-30.jpg","path":"\/home\/hansenimoveis.com\/public_html\/wp-content\/uploads\/2014\/06\/cobertura-de-luxo-com-vista-para-a-baia-a-venda-em-vitoria-30.jpg","url":"https:\/\/hansenimoveis.com\/wp-content\/uploads\/2014\/06\/cobertura-de-luxo-com-vista-para-a-baia-a-venda-em-vitoria-30-150x150.jpg","full_url":"https:\/\/hansenimoveis.com\/wp-content\/uploads\/2014\/06\/cobertura-de-luxo-com-vista-para-a-baia-a-venda-em-vitoria-30.jpg","title":"cobertura-de-luxo-com-vista-para-a-baia-a-venda-em-vitoria-30","caption":"","description":"","alt":"Cobertura de luxo com vista para a ba\u00eda a venda em Vit\u00f3ria","srcset":"https:\/\/hansenimoveis.com\/wp-content\/uploads\/2014\/06\/cobertura-de-luxo-com-vista-para-a-baia-a-venda-em-vitoria-30-150x150.jpg 150w, https:\/\/hansenimoveis.com\/wp-content\/uploads\/2014\/06\/cobertura-de-luxo-com-vista-para-a-baia-a-venda-em-vitoria-30-210x210.jpg 210w"},{"width":150,"height":150,"file":"2014\/06\/cobertura-de-luxo-com-vista-para-a-baia-a-venda-em-vitoria-6.jpg","sizes":{"thumbnail":{"file":"cobertura-de-luxo-com-vista-para-a-baia-a-venda-em-vitoria-6-150x150.jpg","width":150,"height":150,"mime-type":"image\/jpeg","url":"https:\/\/hansenimoveis.com\/wp-content\/uploads\/2014\/06\/cobertura-de-luxo-com-vista-para-a-baia-a-venda-em-vitoria-6-150x150.jpg"},"post-thumbnail":{"file":"cobertura-de-luxo-com-vista-para-a-baia-a-venda-em-vitoria-6-150x101.jpg","width":150,"height":101,"mime-type":"image\/jpeg","url":"https:\/\/hansenimoveis.com\/wp-content\/uploads\/2014\/06\/cobertura-de-luxo-com-vista-para-a-baia-a-venda-em-vitoria-6-150x101.jpg"},"modern-property-child-slider":{"file":"cobertura-de-luxo-com-vista-para-a-baia-a-venda-em-vitoria-6-680x510.jpg","width":680,"height":510,"mime-type":"image\/jpeg","url":"https:\/\/hansenimoveis.com\/wp-content\/uploads\/2014\/06\/cobertura-de-luxo-com-vista-para-a-baia-a-venda-em-vitoria-6-680x510.jpg"},"property-thumb-image":{"file":"cobertura-de-luxo-com-vista-para-a-baia-a-venda-em-vitoria-6-488x326.jpg","width":488,"height":326,"mime-type":"image\/jpeg","url":"https:\/\/hansenimoveis.com\/wp-content\/uploads\/2014\/06\/cobertura-de-luxo-com-vista-para-a-baia-a-venda-em-vitoria-6-488x326.jpg"},"property-detail-video-image":{"file":"cobertura-de-luxo-com-vista-para-a-baia-a-venda-em-vitoria-6-818x417.jpg","width":818,"height":417,"mime-type":"image\/jpeg","url":"https:\/\/hansenimoveis.com\/wp-content\/uploads\/2014\/06\/cobertura-de-luxo-com-vista-para-a-baia-a-venda-em-vitoria-6-818x417.jpg"},"agent-image":{"file":"cobertura-de-luxo-com-vista-para-a-baia-a-venda-em-vitoria-6-210x210.jpg","width":210,"height":210,"mime-type":"image\/jpeg","url":"https:\/\/hansenimoveis.com\/wp-content\/uploads\/2014\/06\/cobertura-de-luxo-com-vista-para-a-baia-a-venda-em-vitoria-6-210x210.jpg"},"partners-logo":{"file":"cobertura-de-luxo-com-vista-para-a-baia-a-venda-em-vitoria-6-600x1275.jpg","width":600,"height":1275,"mime-type":"image\/jpeg","url":"https:\/\/hansenimoveis.com\/wp-content\/uploads\/2014\/06\/cobertura-de-luxo-com-vista-para-a-baia-a-venda-em-vitoria-6-600x1275.jpg"},"post-featured-image":{"file":"cobertura-de-luxo-com-vista-para-a-baia-a-venda-em-vitoria-6-1240x720.jpg","width":1240,"height":720,"mime-type":"image\/jpeg","url":"https:\/\/hansenimoveis.com\/wp-content\/uploads\/2014\/06\/cobertura-de-luxo-com-vista-para-a-baia-a-venda-em-vitoria-6-1240x720.jpg"},"elementor_custom_800x800":{"file":"elementor\/thumbs\/cobertura-de-luxo-com-vista-para-a-baia-a-venda-em-vitoria-6-ohg4pmbtuw6onutg0x9o7i1npvorhhmepnbvzv7sjk.jpg","width":800,"height":800,"mime-type":"image\/jpeg","url":"https:\/\/hansenimoveis.com\/wp-content\/uploads\/2014\/06\/elementor\/thumbs\/cobertura-de-luxo-com-vista-para-a-baia-a-venda-em-vitoria-6-ohg4pmbtuw6onutg0x9o7i1npvorhhmepnbvzv7sjk.jpg"}},"image_meta":{"aperture":"0","credit":"","camera":"","caption":"","created_timestamp":"0","copyright":"","focal_length":"0","iso":"0","shutter_speed":"0","title":"","orientation":"0","keywords":[]},"ID":"34372","name":"cobertura-de-luxo-com-vista-para-a-baia-a-venda-em-vitoria-6.jpg","path":"\/home\/hansenimoveis.com\/public_html\/wp-content\/uploads\/2014\/06\/cobertura-de-luxo-com-vista-para-a-baia-a-venda-em-vitoria-6.jpg","url":"https:\/\/hansenimoveis.com\/wp-content\/uploads\/2014\/06\/cobertura-de-luxo-com-vista-para-a-baia-a-venda-em-vitoria-6-150x150.jpg","full_url":"https:\/\/hansenimoveis.com\/wp-content\/uploads\/2014\/06\/cobertura-de-luxo-com-vista-para-a-baia-a-venda-em-vitoria-6.jpg","title":"cobertura-de-luxo-com-vista-para-a-baia-a-venda-em-vitoria-6","caption":"","description":"","alt":"Cobertura de luxo com vista para a ba\u00eda a venda em Vit\u00f3ria","srcset":"https:\/\/hansenimoveis.com\/wp-content\/uploads\/2014\/06\/cobertura-de-luxo-com-vista-para-a-baia-a-venda-em-vitoria-6-150x150.jpg 150w, https:\/\/hansenimoveis.com\/wp-content\/uploads\/2014\/06\/cobertura-de-luxo-com-vista-para-a-baia-a-venda-em-vitoria-6-210x210.jpg 210w, https:\/\/hansenimoveis.com\/wp-content\/uploads\/2014\/06\/elementor\/thumbs\/cobertura-de-luxo-com-vista-para-a-baia-a-venda-em-vitoria-6-ohg4pmbtuw6onutg0x9o7i1npvorhhmepnbvzv7sjk.jpg 800w"},{"width":150,"height":150,"file":"2014\/06\/cobertura-de-luxo-com-vista-para-a-baia-a-venda-em-vitoria-5.jpg","sizes":{"thumbnail":{"file":"cobertura-de-luxo-com-vista-para-a-baia-a-venda-em-vitoria-5-150x150.jpg","width":150,"height":150,"mime-type":"image\/jpeg","url":"https:\/\/hansenimoveis.com\/wp-content\/uploads\/2014\/06\/cobertura-de-luxo-com-vista-para-a-baia-a-venda-em-vitoria-5-150x150.jpg"},"post-thumbnail":{"file":"cobertura-de-luxo-com-vista-para-a-baia-a-venda-em-vitoria-5-150x101.jpg","width":150,"height":101,"mime-type":"image\/jpeg","url":"https:\/\/hansenimoveis.com\/wp-content\/uploads\/2014\/06\/cobertura-de-luxo-com-vista-para-a-baia-a-venda-em-vitoria-5-150x101.jpg"},"modern-property-child-slider":{"file":"cobertura-de-luxo-com-vista-para-a-baia-a-venda-em-vitoria-5-680x510.jpg","width":680,"height":510,"mime-type":"image\/jpeg","url":"https:\/\/hansenimoveis.com\/wp-content\/uploads\/2014\/06\/cobertura-de-luxo-com-vista-para-a-baia-a-venda-em-vitoria-5-680x510.jpg"},"property-thumb-image":{"file":"cobertura-de-luxo-com-vista-para-a-baia-a-venda-em-vitoria-5-488x326.jpg","width":488,"height":326,"mime-type":"image\/jpeg","url":"https:\/\/hansenimoveis.com\/wp-content\/uploads\/2014\/06\/cobertura-de-luxo-com-vista-para-a-baia-a-venda-em-vitoria-5-488x326.jpg"},"property-detail-video-image":{"file":"cobertura-de-luxo-com-vista-para-a-baia-a-venda-em-vitoria-5-818x417.jpg","width":818,"height":417,"mime-type":"image\/jpeg","url":"https:\/\/hansenimoveis.com\/wp-content\/uploads\/2014\/06\/cobertura-de-luxo-com-vista-para-a-baia-a-venda-em-vitoria-5-818x417.jpg"},"agent-image":{"file":"cobertura-de-luxo-com-vista-para-a-baia-a-venda-em-vitoria-5-210x210.jpg","width":210,"height":210,"mime-type":"image\/jpeg","url":"https:\/\/hansenimoveis.com\/wp-content\/uploads\/2014\/06\/cobertura-de-luxo-com-vista-para-a-baia-a-venda-em-vitoria-5-210x210.jpg"},"partners-logo":{"file":"cobertura-de-luxo-com-vista-para-a-baia-a-venda-em-vitoria-5-600x1275.jpg","width":600,"height":1275,"mime-type":"image\/jpeg","url":"https:\/\/hansenimoveis.com\/wp-content\/uploads\/2014\/06\/cobertura-de-luxo-com-vista-para-a-baia-a-venda-em-vitoria-5-600x1275.jpg"},"post-featured-image":{"file":"cobertura-de-luxo-com-vista-para-a-baia-a-venda-em-vitoria-5-1240x720.jpg","width":1240,"height":720,"mime-type":"image\/jpeg","url":"https:\/\/hansenimoveis.com\/wp-content\/uploads\/2014\/06\/cobertura-de-luxo-com-vista-para-a-baia-a-venda-em-vitoria-5-1240x720.jpg"}},"image_meta":{"aperture":"0","credit":"","camera":"","caption":"","created_timestamp":"0","copyright":"","focal_length":"0","iso":"0","shutter_speed":"0","title":"","orientation":"0","keywords":[]},"ID":"34362","name":"cobertura-de-luxo-com-vista-para-a-baia-a-venda-em-vitoria-5.jpg","path":"\/home\/hansenimoveis.com\/public_html\/wp-content\/uploads\/2014\/06\/cobertura-de-luxo-com-vista-para-a-baia-a-venda-em-vitoria-5.jpg","url":"https:\/\/hansenimoveis.com\/wp-content\/uploads\/2014\/06\/cobertura-de-luxo-com-vista-para-a-baia-a-venda-em-vitoria-5-150x150.jpg","full_url":"https:\/\/hansenimoveis.com\/wp-content\/uploads\/2014\/06\/cobertura-de-luxo-com-vista-para-a-baia-a-venda-em-vitoria-5.jpg","title":"cobertura-de-luxo-com-vista-para-a-baia-a-venda-em-vitoria-5","caption":"","description":"","alt":"Cobertura de luxo com vista para a ba\u00eda a venda em Vit\u00f3ria","srcset":"https:\/\/hansenimoveis.com\/wp-content\/uploads\/2014\/06\/cobertura-de-luxo-com-vista-para-a-baia-a-venda-em-vitoria-5-150x150.jpg 150w, https:\/\/hansenimoveis.com\/wp-content\/uploads\/2014\/06\/cobertura-de-luxo-com-vista-para-a-baia-a-venda-em-vitoria-5-210x210.jpg 210w"},{"width":150,"height":150,"file":"2014\/06\/cobertura-de-luxo-com-vista-para-a-baia-a-venda-em-vitoria-4.jpg","sizes":{"thumbnail":{"file":"cobertura-de-luxo-com-vista-para-a-baia-a-venda-em-vitoria-4-150x150.jpg","width":150,"height":150,"mime-type":"image\/jpeg","url":"https:\/\/hansenimoveis.com\/wp-content\/uploads\/2014\/06\/cobertura-de-luxo-com-vista-para-a-baia-a-venda-em-vitoria-4-150x150.jpg"},"post-thumbnail":{"file":"cobertura-de-luxo-com-vista-para-a-baia-a-venda-em-vitoria-4-150x101.jpg","width":150,"height":101,"mime-type":"image\/jpeg","url":"https:\/\/hansenimoveis.com\/wp-content\/uploads\/2014\/06\/cobertura-de-luxo-com-vista-para-a-baia-a-venda-em-vitoria-4-150x101.jpg"},"modern-property-child-slider":{"file":"cobertura-de-luxo-com-vista-para-a-baia-a-venda-em-vitoria-4-680x510.jpg","width":680,"height":510,"mime-type":"image\/jpeg","url":"https:\/\/hansenimoveis.com\/wp-content\/uploads\/2014\/06\/cobertura-de-luxo-com-vista-para-a-baia-a-venda-em-vitoria-4-680x510.jpg"},"property-thumb-image":{"file":"cobertura-de-luxo-com-vista-para-a-baia-a-venda-em-vitoria-4-488x326.jpg","width":488,"height":326,"mime-type":"image\/jpeg","url":"https:\/\/hansenimoveis.com\/wp-content\/uploads\/2014\/06\/cobertura-de-luxo-com-vista-para-a-baia-a-venda-em-vitoria-4-488x326.jpg"},"property-detail-video-image":{"file":"cobertura-de-luxo-com-vista-para-a-baia-a-venda-em-vitoria-4-818x417.jpg","width":818,"height":417,"mime-type":"image\/jpeg","url":"https:\/\/hansenimoveis.com\/wp-content\/uploads\/2014\/06\/cobertura-de-luxo-com-vista-para-a-baia-a-venda-em-vitoria-4-818x417.jpg"},"agent-image":{"file":"cobertura-de-luxo-com-vista-para-a-baia-a-venda-em-vitoria-4-210x210.jpg","width":210,"height":210,"mime-type":"image\/jpeg","url":"https:\/\/hansenimoveis.com\/wp-content\/uploads\/2014\/06\/cobertura-de-luxo-com-vista-para-a-baia-a-venda-em-vitoria-4-210x210.jpg"},"partners-logo":{"file":"cobertura-de-luxo-com-vista-para-a-baia-a-venda-em-vitoria-4-600x1275.jpg","width":600,"height":1275,"mime-type":"image\/jpeg","url":"https:\/\/hansenimoveis.com\/wp-content\/uploads\/2014\/06\/cobertura-de-luxo-com-vista-para-a-baia-a-venda-em-vitoria-4-600x1275.jpg"},"post-featured-image":{"file":"cobertura-de-luxo-com-vista-para-a-baia-a-venda-em-vitoria-4-1240x720.jpg","width":1240,"height":720,"mime-type":"image\/jpeg","url":"https:\/\/hansenimoveis.com\/wp-content\/uploads\/2014\/06\/cobertura-de-luxo-com-vista-para-a-baia-a-venda-em-vitoria-4-1240x720.jpg"}},"image_meta":{"aperture":"0","credit":"","camera":"","caption":"","created_timestamp":"0","copyright":"","focal_length":"0","iso":"0","shutter_speed":"0","title":"","orientation":"0","keywords":[]},"ID":"34352","name":"cobertura-de-luxo-com-vista-para-a-baia-a-venda-em-vitoria-4.jpg","path":"\/home\/hansenimoveis.com\/public_html\/wp-content\/uploads\/2014\/06\/cobertura-de-luxo-com-vista-para-a-baia-a-venda-em-vitoria-4.jpg","url":"https:\/\/hansenimoveis.com\/wp-content\/uploads\/2014\/06\/cobertura-de-luxo-com-vista-para-a-baia-a-venda-em-vitoria-4-150x150.jpg","full_url":"https:\/\/hansenimoveis.com\/wp-content\/uploads\/2014\/06\/cobertura-de-luxo-com-vista-para-a-baia-a-venda-em-vitoria-4.jpg","title":"cobertura-de-luxo-com-vista-para-a-baia-a-venda-em-vitoria-4","caption":"","description":"","alt":"Cobertura de luxo com vista para a ba\u00eda a venda em Vit\u00f3ria","srcset":"https:\/\/hansenimoveis.com\/wp-content\/uploads\/2014\/06\/cobertura-de-luxo-com-vista-para-a-baia-a-venda-em-vitoria-4-150x150.jpg 150w, https:\/\/hansenimoveis.com\/wp-content\/uploads\/2014\/06\/cobertura-de-luxo-com-vista-para-a-baia-a-venda-em-vitoria-4-210x210.jpg 210w"},{"width":150,"height":150,"file":"2014\/06\/cobertura-de-luxo-com-vista-para-a-baia-a-venda-em-vitoria-3.jpg","sizes":{"thumbnail":{"file":"cobertura-de-luxo-com-vista-para-a-baia-a-venda-em-vitoria-3-150x150.jpg","width":150,"height":150,"mime-type":"image\/jpeg","url":"https:\/\/hansenimoveis.com\/wp-content\/uploads\/2014\/06\/cobertura-de-luxo-com-vista-para-a-baia-a-venda-em-vitoria-3-150x150.jpg"},"post-thumbnail":{"file":"cobertura-de-luxo-com-vista-para-a-baia-a-venda-em-vitoria-3-150x101.jpg","width":150,"height":101,"mime-type":"image\/jpeg","url":"https:\/\/hansenimoveis.com\/wp-content\/uploads\/2014\/06\/cobertura-de-luxo-com-vista-para-a-baia-a-venda-em-vitoria-3-150x101.jpg"},"modern-property-child-slider":{"file":"cobertura-de-luxo-com-vista-para-a-baia-a-venda-em-vitoria-3-680x510.jpg","width":680,"height":510,"mime-type":"image\/jpeg","url":"https:\/\/hansenimoveis.com\/wp-content\/uploads\/2014\/06\/cobertura-de-luxo-com-vista-para-a-baia-a-venda-em-vitoria-3-680x510.jpg"},"property-thumb-image":{"file":"cobertura-de-luxo-com-vista-para-a-baia-a-venda-em-vitoria-3-488x326.jpg","width":488,"height":326,"mime-type":"image\/jpeg","url":"https:\/\/hansenimoveis.com\/wp-content\/uploads\/2014\/06\/cobertura-de-luxo-com-vista-para-a-baia-a-venda-em-vitoria-3-488x326.jpg"},"property-detail-video-image":{"file":"cobertura-de-luxo-com-vista-para-a-baia-a-venda-em-vitoria-3-818x417.jpg","width":818,"height":417,"mime-type":"image\/jpeg","url":"https:\/\/hansenimoveis.com\/wp-content\/uploads\/2014\/06\/cobertura-de-luxo-com-vista-para-a-baia-a-venda-em-vitoria-3-818x417.jpg"},"agent-image":{"file":"cobertura-de-luxo-com-vista-para-a-baia-a-venda-em-vitoria-3-210x210.jpg","width":210,"height":210,"mime-type":"image\/jpeg","url":"https:\/\/hansenimoveis.com\/wp-content\/uploads\/2014\/06\/cobertura-de-luxo-com-vista-para-a-baia-a-venda-em-vitoria-3-210x210.jpg"},"partners-logo":{"file":"cobertura-de-luxo-com-vista-para-a-baia-a-venda-em-vitoria-3-600x1275.jpg","width":600,"height":1275,"mime-type":"image\/jpeg","url":"https:\/\/hansenimoveis.com\/wp-content\/uploads\/2014\/06\/cobertura-de-luxo-com-vista-para-a-baia-a-venda-em-vitoria-3-600x1275.jpg"},"post-featured-image":{"file":"cobertura-de-luxo-com-vista-para-a-baia-a-venda-em-vitoria-3-1240x720.jpg","width":1240,"height":720,"mime-type":"image\/jpeg","url":"https:\/\/hansenimoveis.com\/wp-content\/uploads\/2014\/06\/cobertura-de-luxo-com-vista-para-a-baia-a-venda-em-vitoria-3-1240x720.jpg"}},"image_meta":{"aperture":"0","credit":"","camera":"","caption":"","created_timestamp":"0","copyright":"","focal_length":"0","iso":"0","shutter_speed":"0","title":"","orientation":"0","keywords":[]},"ID":"34342","name":"cobertura-de-luxo-com-vista-para-a-baia-a-venda-em-vitoria-3.jpg","path":"\/home\/hansenimoveis.com\/public_html\/wp-content\/uploads\/2014\/06\/cobertura-de-luxo-com-vista-para-a-baia-a-venda-em-vitoria-3.jpg","url":"https:\/\/hansenimoveis.com\/wp-content\/uploads\/2014\/06\/cobertura-de-luxo-com-vista-para-a-baia-a-venda-em-vitoria-3-150x150.jpg","full_url":"https:\/\/hansenimoveis.com\/wp-content\/uploads\/2014\/06\/cobertura-de-luxo-com-vista-para-a-baia-a-venda-em-vitoria-3.jpg","title":"cobertura-de-luxo-com-vista-para-a-baia-a-venda-em-vitoria-3","caption":"","description":"","alt":"Cobertura de luxo com vista para a ba\u00eda a venda em Vit\u00f3ria","srcset":"https:\/\/hansenimoveis.com\/wp-content\/uploads\/2014\/06\/cobertura-de-luxo-com-vista-para-a-baia-a-venda-em-vitoria-3-150x150.jpg 150w, https:\/\/hansenimoveis.com\/wp-content\/uploads\/2014\/06\/cobertura-de-luxo-com-vista-para-a-baia-a-venda-em-vitoria-3-210x210.jpg 210w"},{"width":150,"height":150,"file":"2014\/06\/cobertura-de-luxo-com-vista-para-a-baia-a-venda-em-vitoria-1.jpg","sizes":{"thumbnail":{"file":"cobertura-de-luxo-com-vista-para-a-baia-a-venda-em-vitoria-1-150x150.jpg","width":150,"height":150,"mime-type":"image\/jpeg","url":"https:\/\/hansenimoveis.com\/wp-content\/uploads\/2014\/06\/cobertura-de-luxo-com-vista-para-a-baia-a-venda-em-vitoria-1-150x150.jpg"},"post-thumbnail":{"file":"cobertura-de-luxo-com-vista-para-a-baia-a-venda-em-vitoria-1-150x101.jpg","width":150,"height":101,"mime-type":"image\/jpeg","url":"https:\/\/hansenimoveis.com\/wp-content\/uploads\/2014\/06\/cobertura-de-luxo-com-vista-para-a-baia-a-venda-em-vitoria-1-150x101.jpg"},"modern-property-child-slider":{"file":"cobertura-de-luxo-com-vista-para-a-baia-a-venda-em-vitoria-1-680x510.jpg","width":680,"height":510,"mime-type":"image\/jpeg","url":"https:\/\/hansenimoveis.com\/wp-content\/uploads\/2014\/06\/cobertura-de-luxo-com-vista-para-a-baia-a-venda-em-vitoria-1-680x510.jpg"},"property-thumb-image":{"file":"cobertura-de-luxo-com-vista-para-a-baia-a-venda-em-vitoria-1-488x326.jpg","width":488,"height":326,"mime-type":"image\/jpeg","url":"https:\/\/hansenimoveis.com\/wp-content\/uploads\/2014\/06\/cobertura-de-luxo-com-vista-para-a-baia-a-venda-em-vitoria-1-488x326.jpg"},"property-detail-video-image":{"file":"cobertura-de-luxo-com-vista-para-a-baia-a-venda-em-vitoria-1-818x417.jpg","width":818,"height":417,"mime-type":"image\/jpeg","url":"https:\/\/hansenimoveis.com\/wp-content\/uploads\/2014\/06\/cobertura-de-luxo-com-vista-para-a-baia-a-venda-em-vitoria-1-818x417.jpg"},"agent-image":{"file":"cobertura-de-luxo-com-vista-para-a-baia-a-venda-em-vitoria-1-210x210.jpg","width":210,"height":210,"mime-type":"image\/jpeg","url":"https:\/\/hansenimoveis.com\/wp-content\/uploads\/2014\/06\/cobertura-de-luxo-com-vista-para-a-baia-a-venda-em-vitoria-1-210x210.jpg"},"partners-logo":{"file":"cobertura-de-luxo-com-vista-para-a-baia-a-venda-em-vitoria-1-600x1275.jpg","width":600,"height":1275,"mime-type":"image\/jpeg","url":"https:\/\/hansenimoveis.com\/wp-content\/uploads\/2014\/06\/cobertura-de-luxo-com-vista-para-a-baia-a-venda-em-vitoria-1-600x1275.jpg"},"post-featured-image":{"file":"cobertura-de-luxo-com-vista-para-a-baia-a-venda-em-vitoria-1-1240x720.jpg","width":1240,"height":720,"mime-type":"image\/jpeg","url":"https:\/\/hansenimoveis.com\/wp-content\/uploads\/2014\/06\/cobertura-de-luxo-com-vista-para-a-baia-a-venda-em-vitoria-1-1240x720.jpg"}},"image_meta":{"aperture":"0","credit":"","camera":"","caption":"","created_timestamp":"0","copyright":"","focal_length":"0","iso":"0","shutter_speed":"0","title":"","orientation":"0","keywords":[]},"ID":"34322","name":"cobertura-de-luxo-com-vista-para-a-baia-a-venda-em-vitoria-1.jpg","path":"\/home\/hansenimoveis.com\/public_html\/wp-content\/uploads\/2014\/06\/cobertura-de-luxo-com-vista-para-a-baia-a-venda-em-vitoria-1.jpg","url":"https:\/\/hansenimoveis.com\/wp-content\/uploads\/2014\/06\/cobertura-de-luxo-com-vista-para-a-baia-a-venda-em-vitoria-1-150x150.jpg","full_url":"https:\/\/hansenimoveis.com\/wp-content\/uploads\/2014\/06\/cobertura-de-luxo-com-vista-para-a-baia-a-venda-em-vitoria-1.jpg","title":"cobertura-de-luxo-com-vista-para-a-baia-a-venda-em-vitoria-1","caption":"","description":"","alt":"Cobertura de luxo com vista para a ba\u00eda a venda em Vit\u00f3ria","srcset":"https:\/\/hansenimoveis.com\/wp-content\/uploads\/2014\/06\/cobertura-de-luxo-com-vista-para-a-baia-a-venda-em-vitoria-1-150x150.jpg 150w, https:\/\/hansenimoveis.com\/wp-content\/uploads\/2014\/06\/cobertura-de-luxo-com-vista-para-a-baia-a-venda-em-vitoria-1-210x210.jpg 210w"},{"width":150,"height":150,"file":"2014\/06\/cobertura-de-luxo-com-vista-para-a-baia-a-venda-em-vitoria-2.jpg","sizes":{"thumbnail":{"file":"cobertura-de-luxo-com-vista-para-a-baia-a-venda-em-vitoria-2-150x150.jpg","width":150,"height":150,"mime-type":"image\/jpeg","url":"https:\/\/hansenimoveis.com\/wp-content\/uploads\/2014\/06\/cobertura-de-luxo-com-vista-para-a-baia-a-venda-em-vitoria-2-150x150.jpg"},"post-thumbnail":{"file":"cobertura-de-luxo-com-vista-para-a-baia-a-venda-em-vitoria-2-150x101.jpg","width":150,"height":101,"mime-type":"image\/jpeg","url":"https:\/\/hansenimoveis.com\/wp-content\/uploads\/2014\/06\/cobertura-de-luxo-com-vista-para-a-baia-a-venda-em-vitoria-2-150x101.jpg"},"modern-property-child-slider":{"file":"cobertura-de-luxo-com-vista-para-a-baia-a-venda-em-vitoria-2-680x510.jpg","width":680,"height":510,"mime-type":"image\/jpeg","url":"https:\/\/hansenimoveis.com\/wp-content\/uploads\/2014\/06\/cobertura-de-luxo-com-vista-para-a-baia-a-venda-em-vitoria-2-680x510.jpg"},"property-thumb-image":{"file":"cobertura-de-luxo-com-vista-para-a-baia-a-venda-em-vitoria-2-488x326.jpg","width":488,"height":326,"mime-type":"image\/jpeg","url":"https:\/\/hansenimoveis.com\/wp-content\/uploads\/2014\/06\/cobertura-de-luxo-com-vista-para-a-baia-a-venda-em-vitoria-2-488x326.jpg"},"property-detail-video-image":{"file":"cobertura-de-luxo-com-vista-para-a-baia-a-venda-em-vitoria-2-818x417.jpg","width":818,"height":417,"mime-type":"image\/jpeg","url":"https:\/\/hansenimoveis.com\/wp-content\/uploads\/2014\/06\/cobertura-de-luxo-com-vista-para-a-baia-a-venda-em-vitoria-2-818x417.jpg"},"agent-image":{"file":"cobertura-de-luxo-com-vista-para-a-baia-a-venda-em-vitoria-2-210x210.jpg","width":210,"height":210,"mime-type":"image\/jpeg","url":"https:\/\/hansenimoveis.com\/wp-content\/uploads\/2014\/06\/cobertura-de-luxo-com-vista-para-a-baia-a-venda-em-vitoria-2-210x210.jpg"},"partners-logo":{"file":"cobertura-de-luxo-com-vista-para-a-baia-a-venda-em-vitoria-2-600x1275.jpg","width":600,"height":1275,"mime-type":"image\/jpeg","url":"https:\/\/hansenimoveis.com\/wp-content\/uploads\/2014\/06\/cobertura-de-luxo-com-vista-para-a-baia-a-venda-em-vitoria-2-600x1275.jpg"},"post-featured-image":{"file":"cobertura-de-luxo-com-vista-para-a-baia-a-venda-em-vitoria-2-1240x720.jpg","width":1240,"height":720,"mime-type":"image\/jpeg","url":"https:\/\/hansenimoveis.com\/wp-content\/uploads\/2014\/06\/cobertura-de-luxo-com-vista-para-a-baia-a-venda-em-vitoria-2-1240x720.jpg"}},"image_meta":{"aperture":"0","credit":"","camera":"","caption":"","created_timestamp":"0","copyright":"","focal_length":"0","iso":"0","shutter_speed":"0","title":"","orientation":"0","keywords":[]},"ID":"34332","name":"cobertura-de-luxo-com-vista-para-a-baia-a-venda-em-vitoria-2.jpg","path":"\/home\/hansenimoveis.com\/public_html\/wp-content\/uploads\/2014\/06\/cobertura-de-luxo-com-vista-para-a-baia-a-venda-em-vitoria-2.jpg","url":"https:\/\/hansenimoveis.com\/wp-content\/uploads\/2014\/06\/cobertura-de-luxo-com-vista-para-a-baia-a-venda-em-vitoria-2-150x150.jpg","full_url":"https:\/\/hansenimoveis.com\/wp-content\/uploads\/2014\/06\/cobertura-de-luxo-com-vista-para-a-baia-a-venda-em-vitoria-2.jpg","title":"cobertura-de-luxo-com-vista-para-a-baia-a-venda-em-vitoria-2","caption":"","description":"","alt":"Cobertura de luxo com vista para a ba\u00eda a venda em Vit\u00f3ria","srcset":"https:\/\/hansenimoveis.com\/wp-content\/uploads\/2014\/06\/cobertura-de-luxo-com-vista-para-a-baia-a-venda-em-vitoria-2-150x150.jpg 150w, https:\/\/hansenimoveis.com\/wp-content\/uploads\/2014\/06\/cobertura-de-luxo-com-vista-para-a-baia-a-venda-em-vitoria-2-210x210.jpg 210w"},{"width":150,"height":150,"file":"2014\/06\/cobertura-de-luxo-com-vista-para-a-baia-a-venda-em-vitoria-29.jpg","sizes":{"thumbnail":{"file":"cobertura-de-luxo-com-vista-para-a-baia-a-venda-em-vitoria-29-150x150.jpg","width":150,"height":150,"mime-type":"image\/jpeg","url":"https:\/\/hansenimoveis.com\/wp-content\/uploads\/2014\/06\/cobertura-de-luxo-com-vista-para-a-baia-a-venda-em-vitoria-29-150x150.jpg"},"post-thumbnail":{"file":"cobertura-de-luxo-com-vista-para-a-baia-a-venda-em-vitoria-29-150x101.jpg","width":150,"height":101,"mime-type":"image\/jpeg","url":"https:\/\/hansenimoveis.com\/wp-content\/uploads\/2014\/06\/cobertura-de-luxo-com-vista-para-a-baia-a-venda-em-vitoria-29-150x101.jpg"},"modern-property-child-slider":{"file":"cobertura-de-luxo-com-vista-para-a-baia-a-venda-em-vitoria-29-680x510.jpg","width":680,"height":510,"mime-type":"image\/jpeg","url":"https:\/\/hansenimoveis.com\/wp-content\/uploads\/2014\/06\/cobertura-de-luxo-com-vista-para-a-baia-a-venda-em-vitoria-29-680x510.jpg"},"property-thumb-image":{"file":"cobertura-de-luxo-com-vista-para-a-baia-a-venda-em-vitoria-29-488x326.jpg","width":488,"height":326,"mime-type":"image\/jpeg","url":"https:\/\/hansenimoveis.com\/wp-content\/uploads\/2014\/06\/cobertura-de-luxo-com-vista-para-a-baia-a-venda-em-vitoria-29-488x326.jpg"},"property-detail-video-image":{"file":"cobertura-de-luxo-com-vista-para-a-baia-a-venda-em-vitoria-29-818x417.jpg","width":818,"height":417,"mime-type":"image\/jpeg","url":"https:\/\/hansenimoveis.com\/wp-content\/uploads\/2014\/06\/cobertura-de-luxo-com-vista-para-a-baia-a-venda-em-vitoria-29-818x417.jpg"},"agent-image":{"file":"cobertura-de-luxo-com-vista-para-a-baia-a-venda-em-vitoria-29-210x210.jpg","width":210,"height":210,"mime-type":"image\/jpeg","url":"https:\/\/hansenimoveis.com\/wp-content\/uploads\/2014\/06\/cobertura-de-luxo-com-vista-para-a-baia-a-venda-em-vitoria-29-210x210.jpg"},"partners-logo":{"file":"cobertura-de-luxo-com-vista-para-a-baia-a-venda-em-vitoria-29-600x1275.jpg","width":600,"height":1275,"mime-type":"image\/jpeg","url":"https:\/\/hansenimoveis.com\/wp-content\/uploads\/2014\/06\/cobertura-de-luxo-com-vista-para-a-baia-a-venda-em-vitoria-29-600x1275.jpg"},"post-featured-image":{"file":"cobertura-de-luxo-com-vista-para-a-baia-a-venda-em-vitoria-29-1240x720.jpg","width":1240,"height":720,"mime-type":"image\/jpeg","url":"https:\/\/hansenimoveis.com\/wp-content\/uploads\/2014\/06\/cobertura-de-luxo-com-vista-para-a-baia-a-venda-em-vitoria-29-1240x720.jpg"},"elementor_custom_800x800":{"file":"elementor\/thumbs\/cobertura-de-luxo-com-vista-para-a-baia-a-venda-em-vitoria-29-ohg4ojsg2opxfudf9ylyv9rrd2yppwdewckzbisxmo.jpg","width":800,"height":800,"mime-type":"image\/jpeg","url":"https:\/\/hansenimoveis.com\/wp-content\/uploads\/2014\/06\/elementor\/thumbs\/cobertura-de-luxo-com-vista-para-a-baia-a-venda-em-vitoria-29-ohg4ojsg2opxfudf9ylyv9rrd2yppwdewckzbisxmo.jpg"}},"image_meta":{"aperture":"0","credit":"","camera":"","caption":"","created_timestamp":"0","copyright":"","focal_length":"0","iso":"0","shutter_speed":"0","title":"","orientation":"0","keywords":[]},"ID":"34512","name":"cobertura-de-luxo-com-vista-para-a-baia-a-venda-em-vitoria-29.jpg","path":"\/home\/hansenimoveis.com\/public_html\/wp-content\/uploads\/2014\/06\/cobertura-de-luxo-com-vista-para-a-baia-a-venda-em-vitoria-29.jpg","url":"https:\/\/hansenimoveis.com\/wp-content\/uploads\/2014\/06\/cobertura-de-luxo-com-vista-para-a-baia-a-venda-em-vitoria-29-150x150.jpg","full_url":"https:\/\/hansenimoveis.com\/wp-content\/uploads\/2014\/06\/cobertura-de-luxo-com-vista-para-a-baia-a-venda-em-vitoria-29.jpg","title":"cobertura-de-luxo-com-vista-para-a-baia-a-venda-em-vitoria-29","caption":"","description":"","alt":"Cobertura de luxo com vista para a ba\u00eda a venda em Vit\u00f3ria","srcset":"https:\/\/hansenimoveis.com\/wp-content\/uploads\/2014\/06\/cobertura-de-luxo-com-vista-para-a-baia-a-venda-em-vitoria-29-150x150.jpg 150w, https:\/\/hansenimoveis.com\/wp-content\/uploads\/2014\/06\/cobertura-de-luxo-com-vista-para-a-baia-a-venda-em-vitoria-29-210x210.jpg 210w, https:\/\/hansenimoveis.com\/wp-content\/uploads\/2014\/06\/elementor\/thumbs\/cobertura-de-luxo-com-vista-para-a-baia-a-venda-em-vitoria-29-ohg4ojsg2opxfudf9ylyv9rrd2yppwdewckzbisxmo.jpg 800w"},{"width":150,"height":150,"file":"2014\/06\/cobertura-de-luxo-com-vista-para-a-baia-a-venda-em-vitoria-12.jpg","sizes":{"thumbnail":{"file":"cobertura-de-luxo-com-vista-para-a-baia-a-venda-em-vitoria-12-150x150.jpg","width":150,"height":150,"mime-type":"image\/jpeg","url":"https:\/\/hansenimoveis.com\/wp-content\/uploads\/2014\/06\/cobertura-de-luxo-com-vista-para-a-baia-a-venda-em-vitoria-12-150x150.jpg"},"post-thumbnail":{"file":"cobertura-de-luxo-com-vista-para-a-baia-a-venda-em-vitoria-12-150x101.jpg","width":150,"height":101,"mime-type":"image\/jpeg","url":"https:\/\/hansenimoveis.com\/wp-content\/uploads\/2014\/06\/cobertura-de-luxo-com-vista-para-a-baia-a-venda-em-vitoria-12-150x101.jpg"},"modern-property-child-slider":{"file":"cobertura-de-luxo-com-vista-para-a-baia-a-venda-em-vitoria-12-680x510.jpg","width":680,"height":510,"mime-type":"image\/jpeg","url":"https:\/\/hansenimoveis.com\/wp-content\/uploads\/2014\/06\/cobertura-de-luxo-com-vista-para-a-baia-a-venda-em-vitoria-12-680x510.jpg"},"property-thumb-image":{"file":"cobertura-de-luxo-com-vista-para-a-baia-a-venda-em-vitoria-12-488x326.jpg","width":488,"height":326,"mime-type":"image\/jpeg","url":"https:\/\/hansenimoveis.com\/wp-content\/uploads\/2014\/06\/cobertura-de-luxo-com-vista-para-a-baia-a-venda-em-vitoria-12-488x326.jpg"},"property-detail-video-image":{"file":"cobertura-de-luxo-com-vista-para-a-baia-a-venda-em-vitoria-12-818x417.jpg","width":818,"height":417,"mime-type":"image\/jpeg","url":"https:\/\/hansenimoveis.com\/wp-content\/uploads\/2014\/06\/cobertura-de-luxo-com-vista-para-a-baia-a-venda-em-vitoria-12-818x417.jpg"},"agent-image":{"file":"cobertura-de-luxo-com-vista-para-a-baia-a-venda-em-vitoria-12-210x210.jpg","width":210,"height":210,"mime-type":"image\/jpeg","url":"https:\/\/hansenimoveis.com\/wp-content\/uploads\/2014\/06\/cobertura-de-luxo-com-vista-para-a-baia-a-venda-em-vitoria-12-210x210.jpg"},"partners-logo":{"file":"cobertura-de-luxo-com-vista-para-a-baia-a-venda-em-vitoria-12-600x1275.jpg","width":600,"height":1275,"mime-type":"image\/jpeg","url":"https:\/\/hansenimoveis.com\/wp-content\/uploads\/2014\/06\/cobertura-de-luxo-com-vista-para-a-baia-a-venda-em-vitoria-12-600x1275.jpg"},"post-featured-image":{"file":"cobertura-de-luxo-com-vista-para-a-baia-a-venda-em-vitoria-12-1240x720.jpg","width":1240,"height":720,"mime-type":"image\/jpeg","url":"https:\/\/hansenimoveis.com\/wp-content\/uploads\/2014\/06\/cobertura-de-luxo-com-vista-para-a-baia-a-venda-em-vitoria-12-1240x720.jpg"}},"image_meta":{"aperture":"0","credit":"","camera":"","caption":"","created_timestamp":"0","copyright":"","focal_length":"0","iso":"0","shutter_speed":"0","title":"","orientation":"0","keywords":[]},"ID":"34412","name":"cobertura-de-luxo-com-vista-para-a-baia-a-venda-em-vitoria-12.jpg","path":"\/home\/hansenimoveis.com\/public_html\/wp-content\/uploads\/2014\/06\/cobertura-de-luxo-com-vista-para-a-baia-a-venda-em-vitoria-12.jpg","url":"https:\/\/hansenimoveis.com\/wp-content\/uploads\/2014\/06\/cobertura-de-luxo-com-vista-para-a-baia-a-venda-em-vitoria-12-150x150.jpg","full_url":"https:\/\/hansenimoveis.com\/wp-content\/uploads\/2014\/06\/cobertura-de-luxo-com-vista-para-a-baia-a-venda-em-vitoria-12.jpg","title":"cobertura-de-luxo-com-vista-para-a-baia-a-venda-em-vitoria-12","caption":"","description":"","alt":"Cobertura de luxo com vista para a ba\u00eda a venda em Vit\u00f3ria","srcset":"https:\/\/hansenimoveis.com\/wp-content\/uploads\/2014\/06\/cobertura-de-luxo-com-vista-para-a-baia-a-venda-em-vitoria-12-150x150.jpg 150w, https:\/\/hansenimoveis.com\/wp-content\/uploads\/2014\/06\/cobertura-de-luxo-com-vista-para-a-baia-a-venda-em-vitoria-12-210x210.jpg 210w"}],"REAL_HOMES_change_gallery_slider_type":"0","REAL_HOMES_gallery_slider_type":"thumb-on-bottom","inspiry_floor_plans":[],"inspiry_video_group":[],"REAL_HOMES_360_virtual_tour":"","REAL_HOMES_agent_display_option":"agent_info","REAL_HOMES_agents":["110"],"REAL_HOMES_energy_class":"none","REAL_HOMES_energy_performance":"","REAL_HOMES_epc_current_rating":"","REAL_HOMES_epc_potential_rating":"","ere_property_schedule_tour":"global","ere_property_schedule_time_slots":"","ere_property_schedule_description":"","REAL_HOMES_sticky":"0","inspiry_property_label":"SUSPENSA A VENDA","inspiry_property_label_color":"","inspiry_property_tax":"","inspiry_additional_fee":"","REAL_HOMES_attachments":[],"inspiry_property_owner_name":"","inspiry_property_owner_contact":"","inspiry_property_owner_address":"","REAL_HOMES_property_private_note":"","inspiry_message_to_reviewer":"","inspiry_global_property_template_override":"0","REAL_HOMES_add_in_slider":"no","REAL_HOMES_slider_image":[],"REAL_HOMES_page_banner_image":[],"REAL_HOMES_hide_property_advance_search":"0","REAL_HOMES_custom_header_display":"default","REAL_HOMES_custom_header_position":"relative","REAL_HOMES_custom_footer_display":"default","REAL_HOMES_hide_advance_search":"0","REAL_HOMES_custom_search_form":"default","REAL_HOMES_search_form_margin_top":"","REAL_HOMES_search_form_margin_bottom":""},"_links":{"self":[{"href":"https:\/\/hansenimoveis.com\/pt-br\/wp-json\/wp\/v2\/property\/21472","targetHints":{"allow":["GET"]}}],"collection":[{"href":"https:\/\/hansenimoveis.com\/pt-br\/wp-json\/wp\/v2\/property"}],"about":[{"href":"https:\/\/hansenimoveis.com\/pt-br\/wp-json\/wp\/v2\/types\/property"}],"author":[{"embeddable":true,"href":"https:\/\/hansenimoveis.com\/pt-br\/wp-json\/wp\/v2\/users\/1"}],"replies":[{"embeddable":true,"href":"https:\/\/hansenimoveis.com\/pt-br\/wp-json\/wp\/v2\/comments?post=21472"}],"version-history":[{"count":0,"href":"https:\/\/hansenimoveis.com\/pt-br\/wp-json\/wp\/v2\/property\/21472\/revisions"}],"wp:featuredmedia":[{"embeddable":true,"href":"https:\/\/hansenimoveis.com\/pt-br\/wp-json\/wp\/v2\/media\/34522"}],"wp:attachment":[{"href":"https:\/\/hansenimoveis.com\/pt-br\/wp-json\/wp\/v2\/media?parent=21472"}],"wp:term":[{"taxonomy":"property-feature","embeddable":true,"href":"https:\/\/hansenimoveis.com\/pt-br\/wp-json\/wp\/v2\/property-feature?post=21472"},{"taxonomy":"property-type","embeddable":true,"href":"https:\/\/hansenimoveis.com\/pt-br\/wp-json\/wp\/v2\/property-type?post=21472"},{"taxonomy":"property-city","embeddable":true,"href":"https:\/\/hansenimoveis.com\/pt-br\/wp-json\/wp\/v2\/property-city?post=21472"},{"taxonomy":"property-status","embeddable":true,"href":"https:\/\/hansenimoveis.com\/pt-br\/wp-json\/wp\/v2\/property-status?post=21472"}],"curies":[{"name":"wp","href":"https:\/\/api.w.org\/{rel}","templated":true}]}}