{"id":26065,"date":"2014-05-22T13:22:31","date_gmt":"2014-05-22T16:22:31","guid":{"rendered":"https:\/\/hansenimoveis.com\/?post_type=property&#038;p=26065"},"modified":"2019-12-14T19:07:49","modified_gmt":"2019-12-14T22:07:49","slug":"grande-casa-in-vendita-a-vilas-do-atlantico","status":"publish","type":"property","link":"https:\/\/hansenimoveis.com\/it\/property\/grande-casa-in-vendita-a-vilas-do-atlantico\/","title":{"rendered":"Grande casa in vendita a Vilas do Atl\u00e2ntico"},"content":{"rendered":"<h2>Grande casa in vendita a Vilas do Atl\u00e2ntico<\/h2>\n<p><strong>Grande casa in vendita a Vilas do Atl\u00e2ntico<\/strong> con ottima posizione nel centro commerciale chiuso con portineria di sicurezza, vicino alle ville commerciali atlantiche e circa 200 metri dalla spiaggia. Casa suddivisa in cinque unit\u00e0, come segue:<\/p>\n<p><strong>Unit\u00e0<\/strong> <strong>1<\/strong>: 110m2, anteriore al piano terra, due quarti e una suite, ampio soggiorno, bagno, cucina con dispensa, veranda e zona lavanderia.<\/p>\n<p><strong>Unit\u00e0 2<\/strong>: 85m2, sfondi piano terra, due quarti e una suite, soggiorno, bagno, cucina, zona lavanderia con bagno.<\/p>\n<p><strong>Unit\u00e0 3<\/strong>: 65m2 al piano di sopra, 1\/4, grande sala a forma di L, camera da letto, bagno, cucina e veranda sul retro.<\/p>\n<p><strong>Unit\u00e0 4<\/strong>: 85m2 al piano di sopra, due quarti, due bagni, soggiorno, cucina, veranda sul retro.<\/p>\n<p><strong>Unit\u00e0 5<\/strong>: 55m2, duplex, 1\/4, soggiorno, cucina, camera da letto con armadio, bagno, veranda. All&#8217;esterno: giardino, piscina, area barbecue con deposito, lato garage (posto vacante per 4 auto).<\/p>\n","protected":false},"excerpt":{"rendered":"<p>Grande casa in vendita a Vilas do Atl\u00e2ntico Grande casa in vendita a Vilas do Atl\u00e2ntico con ottima posizione nel centro commerciale chiuso con portineria di sicurezza, vicino alle ville commerciali atlantiche e circa 200 metri dalla spiaggia. Casa suddivisa in cinque unit\u00e0, come segue: Unit\u00e0 1: 110m2, anteriore al piano terra, due quarti e&#8230;<\/p>\n","protected":false},"author":1,"featured_media":92771,"parent":0,"menu_order":0,"comment_status":"closed","ping_status":"closed","template":"templates\/property-full-width-layout.php","property-feature":[],"property-type":[],"property-city":[],"property-status":[],"class_list":["post-26065","property","type-property","status-publish","has-post-thumbnail","hentry"],"yoast_head":"<!-- This site is optimized with the Yoast SEO Premium plugin v27.5 (Yoast SEO v27.5) - https:\/\/yoast.com\/product\/yoast-seo-premium-wordpress\/ -->\n<title>Grande casa in vendita a Vilas do Atl\u00e2ntico | Hansen Im\u00f3veis<\/title>\n<meta name=\"description\" content=\"Grande casa in vendita a Vilas do Atl\u00e2ntico, Lauro de Freitas con ottima posizione nel centro commerciale, portineria di sicurezza e 200 m dalla spiaggia...\" \/>\n<meta name=\"robots\" content=\"index, follow, max-snippet:-1, max-image-preview:large, max-video-preview:-1\" \/>\n<link rel=\"canonical\" href=\"https:\/\/hansenimoveis.com\/it\/property\/grande-casa-in-vendita-a-vilas-do-atlantico\/\" \/>\n<meta property=\"og:locale\" content=\"it_IT\" \/>\n<meta property=\"og:type\" content=\"article\" \/>\n<meta property=\"og:title\" content=\"Grande casa in vendita a Vilas do Atl\u00e2ntico\" \/>\n<meta property=\"og:description\" content=\"Grande casa in vendita a Vilas do Atl\u00e2ntico, Lauro de Freitas con ottima posizione nel centro commerciale, portineria di sicurezza e 200 m dalla spiaggia...\" \/>\n<meta property=\"og:url\" content=\"https:\/\/hansenimoveis.com\/it\/property\/grande-casa-in-vendita-a-vilas-do-atlantico\/\" \/>\n<meta property=\"og:site_name\" content=\"Hansen Im\u00f3veis | Case in vendita Lauro de Freitas, Litoral Norte e Salvador\" \/>\n<meta property=\"article:publisher\" content=\"https:\/\/www.facebook.com\/Hansen-Imveis-356389241069613\/\" \/>\n<meta property=\"article:modified_time\" content=\"2019-12-14T22:07:49+00:00\" \/>\n<meta property=\"og:image\" content=\"https:\/\/hansenimoveis.com\/wp-content\/uploads\/2014\/05\/casa-grande-a-venda-em-vilas-do-atlantico-5.jpg\" \/>\n\t<meta property=\"og:image:width\" content=\"1900\" \/>\n\t<meta property=\"og:image:height\" content=\"1425\" \/>\n\t<meta property=\"og:image:type\" content=\"image\/jpeg\" \/>\n<meta name=\"twitter:label1\" content=\"Tempo di lettura stimato\" \/>\n\t<meta name=\"twitter:data1\" content=\"1 minuto\" \/>\n<script type=\"application\/ld+json\" class=\"yoast-schema-graph\">{\"@context\":\"https:\\\/\\\/schema.org\",\"@graph\":[{\"@type\":\"WebPage\",\"@id\":\"https:\\\/\\\/hansenimoveis.com\\\/it\\\/property\\\/grande-casa-in-vendita-a-vilas-do-atlantico\\\/\",\"url\":\"https:\\\/\\\/hansenimoveis.com\\\/it\\\/property\\\/grande-casa-in-vendita-a-vilas-do-atlantico\\\/\",\"name\":\"Grande casa in vendita a Vilas do Atl\u00e2ntico | Hansen Im\u00f3veis\",\"isPartOf\":{\"@id\":\"https:\\\/\\\/hansenimoveis.com\\\/it\\\/#website\"},\"primaryImageOfPage\":{\"@id\":\"https:\\\/\\\/hansenimoveis.com\\\/it\\\/property\\\/grande-casa-in-vendita-a-vilas-do-atlantico\\\/#primaryimage\"},\"image\":{\"@id\":\"https:\\\/\\\/hansenimoveis.com\\\/it\\\/property\\\/grande-casa-in-vendita-a-vilas-do-atlantico\\\/#primaryimage\"},\"thumbnailUrl\":\"https:\\\/\\\/hansenimoveis.com\\\/wp-content\\\/uploads\\\/2014\\\/05\\\/casa-grande-a-venda-em-vilas-do-atlantico-5.jpg\",\"datePublished\":\"2014-05-22T16:22:31+00:00\",\"dateModified\":\"2019-12-14T22:07:49+00:00\",\"description\":\"Grande casa in vendita a Vilas do Atl\u00e2ntico, Lauro de Freitas con ottima posizione nel centro commerciale, portineria di sicurezza e 200 m dalla spiaggia...\",\"breadcrumb\":{\"@id\":\"https:\\\/\\\/hansenimoveis.com\\\/it\\\/property\\\/grande-casa-in-vendita-a-vilas-do-atlantico\\\/#breadcrumb\"},\"inLanguage\":\"it-IT\",\"potentialAction\":[{\"@type\":\"ReadAction\",\"target\":[\"https:\\\/\\\/hansenimoveis.com\\\/it\\\/property\\\/grande-casa-in-vendita-a-vilas-do-atlantico\\\/\"]}]},{\"@type\":\"ImageObject\",\"inLanguage\":\"it-IT\",\"@id\":\"https:\\\/\\\/hansenimoveis.com\\\/it\\\/property\\\/grande-casa-in-vendita-a-vilas-do-atlantico\\\/#primaryimage\",\"url\":\"https:\\\/\\\/hansenimoveis.com\\\/wp-content\\\/uploads\\\/2014\\\/05\\\/casa-grande-a-venda-em-vilas-do-atlantico-5.jpg\",\"contentUrl\":\"https:\\\/\\\/hansenimoveis.com\\\/wp-content\\\/uploads\\\/2014\\\/05\\\/casa-grande-a-venda-em-vilas-do-atlantico-5.jpg\",\"width\":1900,\"height\":1425},{\"@type\":\"BreadcrumbList\",\"@id\":\"https:\\\/\\\/hansenimoveis.com\\\/it\\\/property\\\/grande-casa-in-vendita-a-vilas-do-atlantico\\\/#breadcrumb\",\"itemListElement\":[{\"@type\":\"ListItem\",\"position\":1,\"name\":\"In\u00edcio\",\"item\":\"https:\\\/\\\/hansenimoveis.com\\\/it\\\/\"},{\"@type\":\"ListItem\",\"position\":2,\"name\":\"Immobili\",\"item\":\"https:\\\/\\\/hansenimoveis.com\\\/it\\\/property\\\/\"},{\"@type\":\"ListItem\",\"position\":3,\"name\":\"Grande casa in vendita a Vilas do Atl\u00e2ntico\"}]},{\"@type\":\"WebSite\",\"@id\":\"https:\\\/\\\/hansenimoveis.com\\\/it\\\/#website\",\"url\":\"https:\\\/\\\/hansenimoveis.com\\\/it\\\/\",\"name\":\"Hansen Im\u00f3veis | Case in vendita Lauro de Freitas, Litoral Norte e Salvador\",\"description\":\"Homes for sale in Lauro de Freitas, Litoral Norte and Salvador\",\"publisher\":{\"@id\":\"https:\\\/\\\/hansenimoveis.com\\\/it\\\/#organization\"},\"potentialAction\":[{\"@type\":\"SearchAction\",\"target\":{\"@type\":\"EntryPoint\",\"urlTemplate\":\"https:\\\/\\\/hansenimoveis.com\\\/it\\\/?s={search_term_string}\"},\"query-input\":{\"@type\":\"PropertyValueSpecification\",\"valueRequired\":true,\"valueName\":\"search_term_string\"}}],\"inLanguage\":\"it-IT\"},{\"@type\":[\"Organization\",\"Place\"],\"@id\":\"https:\\\/\\\/hansenimoveis.com\\\/it\\\/#organization\",\"name\":\"Hansen Im\u00f3veis LTDA\",\"url\":\"https:\\\/\\\/hansenimoveis.com\\\/it\\\/\",\"logo\":{\"@id\":\"https:\\\/\\\/hansenimoveis.com\\\/it\\\/property\\\/grande-casa-in-vendita-a-vilas-do-atlantico\\\/#local-main-organization-logo\"},\"image\":{\"@id\":\"https:\\\/\\\/hansenimoveis.com\\\/it\\\/property\\\/grande-casa-in-vendita-a-vilas-do-atlantico\\\/#local-main-organization-logo\"},\"sameAs\":[\"https:\\\/\\\/www.facebook.com\\\/Hansen-Imveis-356389241069613\\\/\",\"https:\\\/\\\/www.pinterest.dk\\\/hansenimoveis\\\/\",\"https:\\\/\\\/www.youtube.com\\\/channel\\\/UCH1v_JXMzDe4Pf4-ZHMaFDg\"],\"telephone\":[],\"openingHoursSpecification\":[{\"@type\":\"OpeningHoursSpecification\",\"dayOfWeek\":[\"Monday\",\"Tuesday\",\"Wednesday\",\"Thursday\",\"Friday\",\"Saturday\",\"Sunday\"],\"opens\":\"09:00\",\"closes\":\"17:00\"}]},{\"@type\":\"ImageObject\",\"inLanguage\":\"it-IT\",\"@id\":\"https:\\\/\\\/hansenimoveis.com\\\/it\\\/property\\\/grande-casa-in-vendita-a-vilas-do-atlantico\\\/#local-main-organization-logo\",\"url\":\"https:\\\/\\\/hansenimoveis.com\\\/wp-content\\\/uploads\\\/2014\\\/06\\\/Hansen-logo.jpg\",\"contentUrl\":\"https:\\\/\\\/hansenimoveis.com\\\/wp-content\\\/uploads\\\/2014\\\/06\\\/Hansen-logo.jpg\",\"width\":283,\"height\":283,\"caption\":\"Hansen Im\u00f3veis LTDA\"}]}<\/script>\n<!-- \/ Yoast SEO Premium plugin. -->","yoast_head_json":{"title":"Grande casa in vendita a Vilas do Atl\u00e2ntico | Hansen Im\u00f3veis","description":"Grande casa in vendita a Vilas do Atl\u00e2ntico, Lauro de Freitas con ottima posizione nel centro commerciale, portineria di sicurezza e 200 m dalla spiaggia...","robots":{"index":"index","follow":"follow","max-snippet":"max-snippet:-1","max-image-preview":"max-image-preview:large","max-video-preview":"max-video-preview:-1"},"canonical":"https:\/\/hansenimoveis.com\/it\/property\/grande-casa-in-vendita-a-vilas-do-atlantico\/","og_locale":"it_IT","og_type":"article","og_title":"Grande casa in vendita a Vilas do Atl\u00e2ntico","og_description":"Grande casa in vendita a Vilas do Atl\u00e2ntico, Lauro de Freitas con ottima posizione nel centro commerciale, portineria di sicurezza e 200 m dalla spiaggia...","og_url":"https:\/\/hansenimoveis.com\/it\/property\/grande-casa-in-vendita-a-vilas-do-atlantico\/","og_site_name":"Hansen Im\u00f3veis | Case in vendita Lauro de Freitas, Litoral Norte e Salvador","article_publisher":"https:\/\/www.facebook.com\/Hansen-Imveis-356389241069613\/","article_modified_time":"2019-12-14T22:07:49+00:00","og_image":[{"width":1900,"height":1425,"url":"https:\/\/hansenimoveis.com\/wp-content\/uploads\/2014\/05\/casa-grande-a-venda-em-vilas-do-atlantico-5.jpg","type":"image\/jpeg"}],"twitter_misc":{"Tempo di lettura stimato":"1 minuto"},"schema":{"@context":"https:\/\/schema.org","@graph":[{"@type":"WebPage","@id":"https:\/\/hansenimoveis.com\/it\/property\/grande-casa-in-vendita-a-vilas-do-atlantico\/","url":"https:\/\/hansenimoveis.com\/it\/property\/grande-casa-in-vendita-a-vilas-do-atlantico\/","name":"Grande casa in vendita a Vilas do Atl\u00e2ntico | Hansen Im\u00f3veis","isPartOf":{"@id":"https:\/\/hansenimoveis.com\/it\/#website"},"primaryImageOfPage":{"@id":"https:\/\/hansenimoveis.com\/it\/property\/grande-casa-in-vendita-a-vilas-do-atlantico\/#primaryimage"},"image":{"@id":"https:\/\/hansenimoveis.com\/it\/property\/grande-casa-in-vendita-a-vilas-do-atlantico\/#primaryimage"},"thumbnailUrl":"https:\/\/hansenimoveis.com\/wp-content\/uploads\/2014\/05\/casa-grande-a-venda-em-vilas-do-atlantico-5.jpg","datePublished":"2014-05-22T16:22:31+00:00","dateModified":"2019-12-14T22:07:49+00:00","description":"Grande casa in vendita a Vilas do Atl\u00e2ntico, Lauro de Freitas con ottima posizione nel centro commerciale, portineria di sicurezza e 200 m dalla spiaggia...","breadcrumb":{"@id":"https:\/\/hansenimoveis.com\/it\/property\/grande-casa-in-vendita-a-vilas-do-atlantico\/#breadcrumb"},"inLanguage":"it-IT","potentialAction":[{"@type":"ReadAction","target":["https:\/\/hansenimoveis.com\/it\/property\/grande-casa-in-vendita-a-vilas-do-atlantico\/"]}]},{"@type":"ImageObject","inLanguage":"it-IT","@id":"https:\/\/hansenimoveis.com\/it\/property\/grande-casa-in-vendita-a-vilas-do-atlantico\/#primaryimage","url":"https:\/\/hansenimoveis.com\/wp-content\/uploads\/2014\/05\/casa-grande-a-venda-em-vilas-do-atlantico-5.jpg","contentUrl":"https:\/\/hansenimoveis.com\/wp-content\/uploads\/2014\/05\/casa-grande-a-venda-em-vilas-do-atlantico-5.jpg","width":1900,"height":1425},{"@type":"BreadcrumbList","@id":"https:\/\/hansenimoveis.com\/it\/property\/grande-casa-in-vendita-a-vilas-do-atlantico\/#breadcrumb","itemListElement":[{"@type":"ListItem","position":1,"name":"In\u00edcio","item":"https:\/\/hansenimoveis.com\/it\/"},{"@type":"ListItem","position":2,"name":"Immobili","item":"https:\/\/hansenimoveis.com\/it\/property\/"},{"@type":"ListItem","position":3,"name":"Grande casa in vendita a Vilas do Atl\u00e2ntico"}]},{"@type":"WebSite","@id":"https:\/\/hansenimoveis.com\/it\/#website","url":"https:\/\/hansenimoveis.com\/it\/","name":"Hansen Im\u00f3veis | Case in vendita Lauro de Freitas, Litoral Norte e Salvador","description":"Homes for sale in Lauro de Freitas, Litoral Norte and Salvador","publisher":{"@id":"https:\/\/hansenimoveis.com\/it\/#organization"},"potentialAction":[{"@type":"SearchAction","target":{"@type":"EntryPoint","urlTemplate":"https:\/\/hansenimoveis.com\/it\/?s={search_term_string}"},"query-input":{"@type":"PropertyValueSpecification","valueRequired":true,"valueName":"search_term_string"}}],"inLanguage":"it-IT"},{"@type":["Organization","Place"],"@id":"https:\/\/hansenimoveis.com\/it\/#organization","name":"Hansen Im\u00f3veis LTDA","url":"https:\/\/hansenimoveis.com\/it\/","logo":{"@id":"https:\/\/hansenimoveis.com\/it\/property\/grande-casa-in-vendita-a-vilas-do-atlantico\/#local-main-organization-logo"},"image":{"@id":"https:\/\/hansenimoveis.com\/it\/property\/grande-casa-in-vendita-a-vilas-do-atlantico\/#local-main-organization-logo"},"sameAs":["https:\/\/www.facebook.com\/Hansen-Imveis-356389241069613\/","https:\/\/www.pinterest.dk\/hansenimoveis\/","https:\/\/www.youtube.com\/channel\/UCH1v_JXMzDe4Pf4-ZHMaFDg"],"telephone":[],"openingHoursSpecification":[{"@type":"OpeningHoursSpecification","dayOfWeek":["Monday","Tuesday","Wednesday","Thursday","Friday","Saturday","Sunday"],"opens":"09:00","closes":"17:00"}]},{"@type":"ImageObject","inLanguage":"it-IT","@id":"https:\/\/hansenimoveis.com\/it\/property\/grande-casa-in-vendita-a-vilas-do-atlantico\/#local-main-organization-logo","url":"https:\/\/hansenimoveis.com\/wp-content\/uploads\/2014\/06\/Hansen-logo.jpg","contentUrl":"https:\/\/hansenimoveis.com\/wp-content\/uploads\/2014\/06\/Hansen-logo.jpg","width":283,"height":283,"caption":"Hansen Im\u00f3veis LTDA"}]}},"property_meta":{"REAL_HOMES_property_price":"590000","REAL_HOMES_property_old_price":"","REAL_HOMES_property_price_prefix":"","REAL_HOMES_property_price_postfix":"","REAL_HOMES_property_size":"600","REAL_HOMES_property_size_postfix":"m\u00b2","REAL_HOMES_property_lot_size":"","REAL_HOMES_property_lot_size_postfix":"","REAL_HOMES_property_bedrooms":"8","REAL_HOMES_property_bathrooms":"8","REAL_HOMES_property_garage":"8","REAL_HOMES_property_id":"CS228","REAL_HOMES_property_year_built":"","REAL_HOMES_featured":"0","REAL_HOMES_additional_details_list":[],"REAL_HOMES_property_location":{"latitude":"-12.884897","longitude":"-38.292854199999965","zoom":"15"},"REAL_HOMES_property_address":"Vilas do Atlantico, Lauro de Freitas - Bahia, Brasilien","REAL_HOMES_property_map":"0","REAL_HOMES_property_images":[],"REAL_HOMES_change_gallery_slider_type":"","REAL_HOMES_gallery_slider_type":"thumb-on-bottom","inspiry_floor_plans":[],"inspiry_video_group":[],"REAL_HOMES_360_virtual_tour":"","REAL_HOMES_agent_display_option":"agent_info","REAL_HOMES_agents":["664"],"REAL_HOMES_energy_class":"","REAL_HOMES_energy_performance":"","REAL_HOMES_epc_current_rating":"","REAL_HOMES_epc_potential_rating":"","ere_property_schedule_tour":"","ere_property_schedule_time_slots":"","ere_property_schedule_description":"","REAL_HOMES_sticky":"","inspiry_property_label":"","inspiry_property_label_color":"","inspiry_property_tax":"","inspiry_additional_fee":"","REAL_HOMES_attachments":[],"inspiry_property_owner_name":"","inspiry_property_owner_contact":"","inspiry_property_owner_address":"","REAL_HOMES_property_private_note":"","inspiry_message_to_reviewer":"","inspiry_global_property_template_override":"","REAL_HOMES_add_in_slider":"","REAL_HOMES_slider_image":[],"REAL_HOMES_page_banner_image":[],"REAL_HOMES_hide_property_advance_search":"","REAL_HOMES_custom_header_display":"","REAL_HOMES_custom_header_position":"","REAL_HOMES_custom_footer_display":"","REAL_HOMES_hide_advance_search":"","REAL_HOMES_custom_search_form":"","REAL_HOMES_search_form_margin_top":"","REAL_HOMES_search_form_margin_bottom":""},"_links":{"self":[{"href":"https:\/\/hansenimoveis.com\/it\/wp-json\/wp\/v2\/property\/26065","targetHints":{"allow":["GET"]}}],"collection":[{"href":"https:\/\/hansenimoveis.com\/it\/wp-json\/wp\/v2\/property"}],"about":[{"href":"https:\/\/hansenimoveis.com\/it\/wp-json\/wp\/v2\/types\/property"}],"author":[{"embeddable":true,"href":"https:\/\/hansenimoveis.com\/it\/wp-json\/wp\/v2\/users\/1"}],"replies":[{"embeddable":true,"href":"https:\/\/hansenimoveis.com\/it\/wp-json\/wp\/v2\/comments?post=26065"}],"version-history":[{"count":0,"href":"https:\/\/hansenimoveis.com\/it\/wp-json\/wp\/v2\/property\/26065\/revisions"}],"wp:featuredmedia":[{"embeddable":true,"href":"https:\/\/hansenimoveis.com\/it\/wp-json\/wp\/v2\/media\/92771"}],"wp:attachment":[{"href":"https:\/\/hansenimoveis.com\/it\/wp-json\/wp\/v2\/media?parent=26065"}],"wp:term":[{"taxonomy":"property-feature","embeddable":true,"href":"https:\/\/hansenimoveis.com\/it\/wp-json\/wp\/v2\/property-feature?post=26065"},{"taxonomy":"property-type","embeddable":true,"href":"https:\/\/hansenimoveis.com\/it\/wp-json\/wp\/v2\/property-type?post=26065"},{"taxonomy":"property-city","embeddable":true,"href":"https:\/\/hansenimoveis.com\/it\/wp-json\/wp\/v2\/property-city?post=26065"},{"taxonomy":"property-status","embeddable":true,"href":"https:\/\/hansenimoveis.com\/it\/wp-json\/wp\/v2\/property-status?post=26065"}],"curies":[{"name":"wp","href":"https:\/\/api.w.org\/{rel}","templated":true}]}}