{"id":169029,"date":"2025-06-04T12:36:48","date_gmt":"2025-06-04T15:36:48","guid":{"rendered":"https:\/\/hansenimoveis.com\/?post_type=property&#038;p=169029"},"modified":"2025-06-04T12:36:48","modified_gmt":"2025-06-04T15:36:48","slug":"mansion-en-alquiler-a-70-m-del-mar-en-praia-do-forte","status":"publish","type":"property","link":"https:\/\/hansenimoveis.com\/es\/property\/mansion-en-alquiler-a-70-m-del-mar-en-praia-do-forte\/","title":{"rendered":"Mansi\u00f3n en alquiler a 70 m del mar en Praia do Forte"},"content":{"rendered":"<h2 class=\"ai-optimize-6\">Mansi\u00f3n en alquiler a 70 m del mar en Praia do Forte<\/h2>\n<p class=\"ai-optimize-7 ai-optimize-introduction\"><strong>Mansi\u00f3n en alquiler a 70 m del mar en Praia do Forte<\/strong> . Te invito a vivir una experiencia incre\u00edble aloj\u00e1ndote en esta lujosa mansi\u00f3n ubicada en el Condominio Enseada do Castelo con acceso a la playa, donde podr\u00e1s disfrutarla con seguridad y tranquilidad cualquier d\u00eda del a\u00f1o.<\/p>\n<p class=\"ai-optimize-8\">Casa de verano que consta de 06 (seis) suites, comedor, sala, cocina, espacio gourmet, sala de juegos, garaje m\u00e1s \u00e1rea de servicio, piscina, hidromasaje, totalmente amueblada.<\/p>\n<h3 class=\"ai-optimize-9\">Planta baja:<\/h3>\n<ul>\n<li class=\"ai-optimize-10\">Espacio gourmet con p\u00e9rgola reservada m\u00e1s alejada de la casa para dar mayor privacidad a todos, especialmente si se realiza un evento, ya que el acceso a la casa es m\u00e1s privado, amplio balc\u00f3n techado con dise\u00f1o moderno, cubiertas de m\u00e1rmol y gabinetes empotrados, asador de acero inoxidable con cristal, amplia mesa de m\u00e1rmol con 10 sillas, alberca de 3 niveles con peque\u00f1a playa y jacuzzi reservado, deck con camastros de fibra de vidrio;<\/li>\n<li class=\"ai-optimize-11\">Sala y sala de TV integradas con un hermoso panel de lamas creando una sutil separaci\u00f3n del comedor, aire acondicionado y TV de 65 pulgadas;<\/li>\n<li class=\"ai-optimize-12\">Comedor integrado a la cocina americana y vistas al balc\u00f3n, jard\u00edn y piscina;<\/li>\n<li class=\"ai-optimize-13\">Suite en planta baja con vistas a la piscina, 1 cama doble con cama supletoria, TV, aire acondicionado;<\/li>\n<li class=\"ai-optimize-14\">Cocina americana con muebles empotrados y preciosa vista al jard\u00edn, apertura para plato de servir y despensa con estantes;<\/li>\n<li class=\"ai-optimize-15\">Suite de servicio con cama individual y colch\u00f3n.<\/li>\n<\/ul>\n<h3 class=\"ai-optimize-16\">Planta superior con 5 suites:<\/h3>\n<ul>\n<li class=\"ai-optimize-17\">Amplia suite principal con cama King, vista al jard\u00edn, vestidor, amplio ba\u00f1o con 2 lavabos;<\/li>\n<li class=\"ai-optimize-18\">Acogedora Suite 1 con vista a la calle, cama queen, aire acondicionado y TV;<\/li>\n<li class=\"ai-optimize-19\">Suite 2 con vista a la piscina, amplio balc\u00f3n, aire acondicionado, vestidores y TV;<\/li>\n<li class=\"ai-optimize-20\">Suite 3 con cama de matrimonio y cama supletoria, armario empotrado, TV y aire acondicionado;<\/li>\n<li class=\"ai-optimize-21\">Suite 4 con cama queen, armario empotrado, TV, aire acondicionado y amplio ba\u00f1o;<\/li>\n<li class=\"ai-optimize-22\">Escalera de acceso a la planta superior, toda en madera.<\/li>\n<\/ul>\n<h3 class=\"ai-optimize-23\">Planta subterr\u00e1nea<\/h3>\n<ul>\n<li class=\"ai-optimize-24\">Sala de juegos con mesa de billar, mesa de cartas;<\/li>\n<li class=\"ai-optimize-25\">Gran sof\u00e1 de 4 plazas para relajarse;<\/li>\n<li class=\"ai-optimize-26\">Encimera de granito con fregadero y muebles empotrados;<\/li>\n<li class=\"ai-optimize-27\">Ambiente acogedor y s\u00faper amplio para brindar diversi\u00f3n a toda la familia.<\/li>\n<\/ul>\n<p class=\"ai-optimize-28\">Nota: La casa cuenta con sistema de c\u00e1maras en toda el \u00e1rea externa y est\u00e1 disponible para la venta por R$ 11.500.000.<br \/>\nSuperficie del terreno: 700,00 m\u00b2.<br \/>\nSuperficie total construida: 558,22 m\u00b2.<\/p>\n<h3 class=\"ai-optimize-29\">ALQUILER:<\/h3>\n<ul>\n<li class=\"ai-optimize-30\">Capacidad m\u00e1xima 18 personas, entre adolescentes y ni\u00f1os.<\/li>\n<li class=\"ai-optimize-31\">Estancia m\u00ednima diaria: 04 d\u00edas.<\/li>\n<li class=\"ai-optimize-32\">Nochevieja 10 noches | Carnaval 07 d\u00edas.<\/li>\n<li class=\"ai-optimize-33\">Notas para Alquiler: Nochevieja, Carnaval y Festivos, consultar precios.<\/li>\n<\/ul>\n<h3 class=\"ai-optimize-34\">Valores de:<\/h3>\n<ul>\n<li class=\"ai-optimize-35\">Temporada Baja (Abril a Agosto) R$: 8.000,00 por d\u00eda.<\/li>\n<li class=\"ai-optimize-36\">Temporada Media (Septiembre a Noviembre) R$: 10.000,00 por d\u00eda.<\/li>\n<li class=\"ai-optimize-37\">Temporada Alta (Diciembre a Marzo) R$: 14.000,00 por d\u00eda.<\/li>\n<li class=\"ai-optimize-38\">Temporada Alta (Navidad, Nochevieja, Carnaval, S\u00e3o Jo\u00e3o) R$ 17.000,00<\/li>\n<li class=\"ai-optimize-39\">VALORES SUJETOS A CAMBIOS SIN PREVIO AVISO.<\/li>\n<\/ul>\n<h4 class=\"ai-optimize-40\">Condominio Castle Cove<\/h4>\n<ul>\n<li class=\"ai-optimize-41\">Condominio club con infraestructura completa con una hermosa laguna al fondo<\/li>\n<li class=\"ai-optimize-42\">Tres piscinas integradas con terraza cubierta, una para adultos, una para adultos, una para ni\u00f1os y una con carril y borde infinito.<\/li>\n<li class=\"ai-optimize-43\">Sal\u00f3n de fiestas abierto y cubierto con capacidad para 200 personas<\/li>\n<li class=\"ai-optimize-44\">Gimnasio completo, bien estructurado, climatizado y con equipamiento moderno.<\/li>\n<li class=\"ai-optimize-45\">Deck integrado con kiosco que cuenta con mesas al aire libre y estructura de congelador, refrigerador, mostrador, encimeras de granito y cocina de apoyo.<\/li>\n<li class=\"ai-optimize-46\">Bar frente a la piscina con un amplio mostrador rodeado de sillas, una isla en el medio y varios congeladores y enfriadores de cerveza.<\/li>\n<li class=\"ai-optimize-47\">Parque infantil con piscina reservada y ba\u00f1o s\u00f3lo para ni\u00f1os.<\/li>\n<li class=\"ai-optimize-48\">Dos kioscos con barbacoa con capacidad hasta para 25 personas cada uno<\/li>\n<li class=\"ai-optimize-49\">SPA con sauna seca y h\u00fameda, sala de masajes y terraza reservada en el spa<\/li>\n<li class=\"ai-optimize-50\">Dos pistas de tenis, tenis playa, pista polideportiva y campo de f\u00fatbol.<\/li>\n<li class=\"ai-optimize-51\">Aparcamiento en la zona del club<\/li>\n<\/ul>\n<h4 class=\"ai-optimize-52\">Playa Forte<\/h4>\n<p class=\"ai-optimize-53\"><em>Elegante mansi\u00f3n cerca del mar en venta en Praia do Forte<\/em> en el Condominio Praia Bella <em>,<\/em> Praia do Forte est\u00e1 ubicada en el municipio de Mata de S\u00e3o Jo\u00e3o en Bah\u00eda, a 80 kil\u00f3metros del aeropuerto internacional de Salvador.<br \/>\nPor ser un lugar paradis\u00edaco, es muy concurrido por turistas brasile\u00f1os y extranjeros durante todo el a\u00f1o. Tambi\u00e9n cuenta con el maravilloso Proyecto Tamar, muy popular por preservar las tortugas marinas a lo largo de 12 kil\u00f3metros de playas.<\/p>\n<p class=\"ai-optimize-54\">El descendiente alem\u00e1n Klaus Peters y un amigo compraron en 1970 30.000 hect\u00e1reas de bosque, donde ten\u00edan cocoteros, r\u00edos, playas y un pueblo de pescadores, que fue cedido al municipio de Mata de S\u00e3o Jo\u00e3o. El condominio Enseada do Castelo era un edificio en ruinas que dio origen al nombre de Praia do Forte.<br \/>\nDespu\u00e9s de 10 a\u00f1os, a partir de 1980, Klaus Peters se convirti\u00f3 en el \u00fanico propietario de un maravilloso terreno que a\u00fan hoy se conserva con esmero, lo que propici\u00f3 el surgimiento de los primeros negocios en la zona, como una casa de hu\u00e9spedes y un hotel. Con el objetivo de rendir homenaje a Klaus Peters, el Ayuntamiento de Mata de S\u00e3o Jo\u00e3o inaugur\u00f3 en 2013 el Parque Municipal Klaus Peters.<\/p>\n<p class=\"ai-optimize-55\">Ver otras propiedades en <strong><a href=\"https:\/\/hansenimoveis.com\/es\/propiedades-en-venta-en-litoral-norte\/\" target=\"_blank\" rel=\"noopener noreferrer\">Litoral Norte<\/a><\/strong>.<\/p>\n<p class=\"ai-optimize-56\">Vea el v\u00eddeo de <em>Hansen Im\u00f3veis<\/em> en <strong><a href=\"https:\/\/youtu.be\/eXf3N5jgSrY?si=g0YIdhQic2CRezbK\" target=\"_blank\" rel=\"noopener noreferrer\">YouTube<\/a><\/strong><\/p>\n","protected":false},"excerpt":{"rendered":"<p>Mansi\u00f3n en alquiler a 70 m del mar en Praia do Forte Mansi\u00f3n en alquiler a 70 m del mar en Praia do Forte . Te invito a vivir una experiencia incre\u00edble aloj\u00e1ndote en esta lujosa mansi\u00f3n ubicada en el Condominio Enseada do Castelo con acceso a la playa, donde podr\u00e1s disfrutarla con seguridad y&#8230;<\/p>\n","protected":false},"author":2,"featured_media":165908,"parent":0,"menu_order":0,"comment_status":"closed","ping_status":"closed","template":"templates\/property-full-width-layout.php","property-feature":[239,206,215,1042,182,208,172,141,1062,1038,220,1035,1040,1034,1183,1074,1054,120,125,273,135,190,223,1037,1313,266,1196,1078,1055,160],"property-type":[7960,557,1113],"property-city":[1439,1751],"property-status":[1097,104],"class_list":["post-169029","property","type-property","status-publish","has-post-thumbnail","hentry","property-feature-academia-de-ginastica-es","property-feature-aire-acondicionado","property-feature-almacenamiento-privado","property-feature-area-de-servicio","property-feature-armario","property-feature-balcon","property-feature-bodega","property-feature-casa-barbacoa","property-feature-cocina-americano","property-feature-comedor","property-feature-condominio-es","property-feature-criada","property-feature-cubierta-de-la-piscina","property-feature-deposito-es","property-feature-despensa-es","property-feature-gastronomo","property-feature-jardin","property-feature-patio-delantero","property-feature-patio-trasero","property-feature-piscina-es","property-feature-piscina-privada","property-feature-porcelana","property-feature-portero-24-horas","property-feature-sala-de-estar-es","property-feature-sala-de-juegos","property-feature-sala-de-recreacion","property-feature-sala-de-television","property-feature-sistema-de-camara","property-feature-sistema-de-riego","property-feature-torbellino","property-type-casa-cerca-de-la-playa-es","property-type-casa-de-lujo","property-type-casa-en-condominio","property-city-mata-de-sao-joao-es","property-city-praia-do-forte-es","property-status-alquiler-temporario","property-status-en-venta"],"yoast_head":"<!-- This site is optimized with the Yoast SEO Premium plugin v27.5 (Yoast SEO v27.5) - https:\/\/yoast.com\/product\/yoast-seo-premium-wordpress\/ -->\n<title>Mansi\u00f3n en alquiler a 70 m del mar en Praia do Forte<\/title>\n<meta name=\"description\" content=\"Mansi\u00f3n en alquiler a 70 m del mar en Praia do Forte. Lujosa mansi\u00f3n ubicada en el Condominio Enseada do Castelo con acceso a la playa.\" \/>\n<meta name=\"robots\" content=\"index, follow, max-snippet:-1, max-image-preview:large, max-video-preview:-1\" \/>\n<link rel=\"canonical\" href=\"https:\/\/hansenimoveis.com\/es\/property\/mansion-en-alquiler-a-70-m-del-mar-en-praia-do-forte\/\" \/>\n<meta property=\"og:locale\" content=\"es_ES\" \/>\n<meta property=\"og:type\" content=\"article\" \/>\n<meta property=\"og:title\" content=\"Mansi\u00f3n en alquiler a 70 m del mar en Praia do Forte\" \/>\n<meta property=\"og:description\" content=\"Mansi\u00f3n en alquiler a 70 m del mar en Praia do Forte. Lujosa mansi\u00f3n ubicada en el Condominio Enseada do Castelo con acceso a la playa.\" \/>\n<meta property=\"og:url\" content=\"https:\/\/hansenimoveis.com\/es\/property\/mansion-en-alquiler-a-70-m-del-mar-en-praia-do-forte\/\" \/>\n<meta property=\"og:site_name\" content=\"Hansen Im\u00f3veis | Casas en venta Lauro de Freitas, Litoral Norte y Salvador\" \/>\n<meta property=\"article:publisher\" content=\"https:\/\/www.facebook.com\/Hansen-Imveis-356389241069613\/\" \/>\n<meta property=\"og:image\" content=\"https:\/\/hansenimoveis.com\/wp-content\/uploads\/2024\/11\/Mansao-para-aluguel-a-70-m-do-mar-na-Praia-do-Forte.jpg\" \/>\n\t<meta property=\"og:image:width\" content=\"1280\" \/>\n\t<meta property=\"og:image:height\" content=\"725\" \/>\n\t<meta property=\"og:image:type\" content=\"image\/jpeg\" \/>\n<meta name=\"twitter:label1\" content=\"Tiempo de lectura\" \/>\n\t<meta name=\"twitter:data1\" content=\"5 minutos\" \/>\n<script type=\"application\/ld+json\" class=\"yoast-schema-graph\">{\"@context\":\"https:\\\/\\\/schema.org\",\"@graph\":[{\"@type\":\"WebPage\",\"@id\":\"https:\\\/\\\/hansenimoveis.com\\\/es\\\/property\\\/mansion-en-alquiler-a-70-m-del-mar-en-praia-do-forte\\\/\",\"url\":\"https:\\\/\\\/hansenimoveis.com\\\/es\\\/property\\\/mansion-en-alquiler-a-70-m-del-mar-en-praia-do-forte\\\/\",\"name\":\"Mansi\u00f3n en alquiler a 70 m del mar en Praia do Forte\",\"isPartOf\":{\"@id\":\"https:\\\/\\\/hansenimoveis.com\\\/es\\\/#website\"},\"primaryImageOfPage\":{\"@id\":\"https:\\\/\\\/hansenimoveis.com\\\/es\\\/property\\\/mansion-en-alquiler-a-70-m-del-mar-en-praia-do-forte\\\/#primaryimage\"},\"image\":{\"@id\":\"https:\\\/\\\/hansenimoveis.com\\\/es\\\/property\\\/mansion-en-alquiler-a-70-m-del-mar-en-praia-do-forte\\\/#primaryimage\"},\"thumbnailUrl\":\"https:\\\/\\\/hansenimoveis.com\\\/wp-content\\\/uploads\\\/2024\\\/11\\\/Mansao-para-aluguel-a-70-m-do-mar-na-Praia-do-Forte.jpg\",\"datePublished\":\"2025-06-04T15:36:48+00:00\",\"description\":\"Mansi\u00f3n en alquiler a 70 m del mar en Praia do Forte. Lujosa mansi\u00f3n ubicada en el Condominio Enseada do Castelo con acceso a la playa.\",\"breadcrumb\":{\"@id\":\"https:\\\/\\\/hansenimoveis.com\\\/es\\\/property\\\/mansion-en-alquiler-a-70-m-del-mar-en-praia-do-forte\\\/#breadcrumb\"},\"inLanguage\":\"es\",\"potentialAction\":[{\"@type\":\"ReadAction\",\"target\":[\"https:\\\/\\\/hansenimoveis.com\\\/es\\\/property\\\/mansion-en-alquiler-a-70-m-del-mar-en-praia-do-forte\\\/\"]}]},{\"@type\":\"ImageObject\",\"inLanguage\":\"es\",\"@id\":\"https:\\\/\\\/hansenimoveis.com\\\/es\\\/property\\\/mansion-en-alquiler-a-70-m-del-mar-en-praia-do-forte\\\/#primaryimage\",\"url\":\"https:\\\/\\\/hansenimoveis.com\\\/wp-content\\\/uploads\\\/2024\\\/11\\\/Mansao-para-aluguel-a-70-m-do-mar-na-Praia-do-Forte.jpg\",\"contentUrl\":\"https:\\\/\\\/hansenimoveis.com\\\/wp-content\\\/uploads\\\/2024\\\/11\\\/Mansao-para-aluguel-a-70-m-do-mar-na-Praia-do-Forte.jpg\",\"width\":1280,\"height\":725,\"caption\":\"Mans\u00e3o para aluguel \u00e0 70 m do mar na Praia do Forte\"},{\"@type\":\"BreadcrumbList\",\"@id\":\"https:\\\/\\\/hansenimoveis.com\\\/es\\\/property\\\/mansion-en-alquiler-a-70-m-del-mar-en-praia-do-forte\\\/#breadcrumb\",\"itemListElement\":[{\"@type\":\"ListItem\",\"position\":1,\"name\":\"In\u00edcio\",\"item\":\"https:\\\/\\\/hansenimoveis.com\\\/es\\\/\"},{\"@type\":\"ListItem\",\"position\":2,\"name\":\"Propiedades\",\"item\":\"https:\\\/\\\/hansenimoveis.com\\\/es\\\/property\\\/\"},{\"@type\":\"ListItem\",\"position\":3,\"name\":\"Mansi\u00f3n en alquiler a 70 m del mar en Praia do Forte\"}]},{\"@type\":\"WebSite\",\"@id\":\"https:\\\/\\\/hansenimoveis.com\\\/es\\\/#website\",\"url\":\"https:\\\/\\\/hansenimoveis.com\\\/es\\\/\",\"name\":\"Hansen Im\u00f3veis | Casas en venta Lauro de Freitas, Litoral Norte y Salvador\",\"description\":\"Homes for sale in Lauro de Freitas, Litoral Norte and Salvador\",\"publisher\":{\"@id\":\"https:\\\/\\\/hansenimoveis.com\\\/es\\\/#organization\"},\"potentialAction\":[{\"@type\":\"SearchAction\",\"target\":{\"@type\":\"EntryPoint\",\"urlTemplate\":\"https:\\\/\\\/hansenimoveis.com\\\/es\\\/?s={search_term_string}\"},\"query-input\":{\"@type\":\"PropertyValueSpecification\",\"valueRequired\":true,\"valueName\":\"search_term_string\"}}],\"inLanguage\":\"es\"},{\"@type\":[\"Organization\",\"Place\"],\"@id\":\"https:\\\/\\\/hansenimoveis.com\\\/es\\\/#organization\",\"name\":\"Hansen Im\u00f3veis LTDA\",\"url\":\"https:\\\/\\\/hansenimoveis.com\\\/es\\\/\",\"logo\":{\"@id\":\"https:\\\/\\\/hansenimoveis.com\\\/es\\\/property\\\/mansion-en-alquiler-a-70-m-del-mar-en-praia-do-forte\\\/#local-main-organization-logo\"},\"image\":{\"@id\":\"https:\\\/\\\/hansenimoveis.com\\\/es\\\/property\\\/mansion-en-alquiler-a-70-m-del-mar-en-praia-do-forte\\\/#local-main-organization-logo\"},\"sameAs\":[\"https:\\\/\\\/www.facebook.com\\\/Hansen-Imveis-356389241069613\\\/\",\"https:\\\/\\\/www.pinterest.dk\\\/hansenimoveis\\\/\",\"https:\\\/\\\/www.youtube.com\\\/channel\\\/UCH1v_JXMzDe4Pf4-ZHMaFDg\"],\"telephone\":[],\"openingHoursSpecification\":[{\"@type\":\"OpeningHoursSpecification\",\"dayOfWeek\":[\"Monday\",\"Tuesday\",\"Wednesday\",\"Thursday\",\"Friday\",\"Saturday\",\"Sunday\"],\"opens\":\"09:00\",\"closes\":\"17:00\"}]},{\"@type\":\"ImageObject\",\"inLanguage\":\"es\",\"@id\":\"https:\\\/\\\/hansenimoveis.com\\\/es\\\/property\\\/mansion-en-alquiler-a-70-m-del-mar-en-praia-do-forte\\\/#local-main-organization-logo\",\"url\":\"https:\\\/\\\/hansenimoveis.com\\\/wp-content\\\/uploads\\\/2014\\\/06\\\/Hansen-logo.jpg\",\"contentUrl\":\"https:\\\/\\\/hansenimoveis.com\\\/wp-content\\\/uploads\\\/2014\\\/06\\\/Hansen-logo.jpg\",\"width\":283,\"height\":283,\"caption\":\"Hansen Im\u00f3veis LTDA\"}]}<\/script>\n<!-- \/ Yoast SEO Premium plugin. -->","yoast_head_json":{"title":"Mansi\u00f3n en alquiler a 70 m del mar en Praia do Forte","description":"Mansi\u00f3n en alquiler a 70 m del mar en Praia do Forte. Lujosa mansi\u00f3n ubicada en el Condominio Enseada do Castelo con acceso a la playa.","robots":{"index":"index","follow":"follow","max-snippet":"max-snippet:-1","max-image-preview":"max-image-preview:large","max-video-preview":"max-video-preview:-1"},"canonical":"https:\/\/hansenimoveis.com\/es\/property\/mansion-en-alquiler-a-70-m-del-mar-en-praia-do-forte\/","og_locale":"es_ES","og_type":"article","og_title":"Mansi\u00f3n en alquiler a 70 m del mar en Praia do Forte","og_description":"Mansi\u00f3n en alquiler a 70 m del mar en Praia do Forte. Lujosa mansi\u00f3n ubicada en el Condominio Enseada do Castelo con acceso a la playa.","og_url":"https:\/\/hansenimoveis.com\/es\/property\/mansion-en-alquiler-a-70-m-del-mar-en-praia-do-forte\/","og_site_name":"Hansen Im\u00f3veis | Casas en venta Lauro de Freitas, Litoral Norte y Salvador","article_publisher":"https:\/\/www.facebook.com\/Hansen-Imveis-356389241069613\/","og_image":[{"width":1280,"height":725,"url":"https:\/\/hansenimoveis.com\/wp-content\/uploads\/2024\/11\/Mansao-para-aluguel-a-70-m-do-mar-na-Praia-do-Forte.jpg","type":"image\/jpeg"}],"twitter_misc":{"Tiempo de lectura":"5 minutos"},"schema":{"@context":"https:\/\/schema.org","@graph":[{"@type":"WebPage","@id":"https:\/\/hansenimoveis.com\/es\/property\/mansion-en-alquiler-a-70-m-del-mar-en-praia-do-forte\/","url":"https:\/\/hansenimoveis.com\/es\/property\/mansion-en-alquiler-a-70-m-del-mar-en-praia-do-forte\/","name":"Mansi\u00f3n en alquiler a 70 m del mar en Praia do Forte","isPartOf":{"@id":"https:\/\/hansenimoveis.com\/es\/#website"},"primaryImageOfPage":{"@id":"https:\/\/hansenimoveis.com\/es\/property\/mansion-en-alquiler-a-70-m-del-mar-en-praia-do-forte\/#primaryimage"},"image":{"@id":"https:\/\/hansenimoveis.com\/es\/property\/mansion-en-alquiler-a-70-m-del-mar-en-praia-do-forte\/#primaryimage"},"thumbnailUrl":"https:\/\/hansenimoveis.com\/wp-content\/uploads\/2024\/11\/Mansao-para-aluguel-a-70-m-do-mar-na-Praia-do-Forte.jpg","datePublished":"2025-06-04T15:36:48+00:00","description":"Mansi\u00f3n en alquiler a 70 m del mar en Praia do Forte. Lujosa mansi\u00f3n ubicada en el Condominio Enseada do Castelo con acceso a la playa.","breadcrumb":{"@id":"https:\/\/hansenimoveis.com\/es\/property\/mansion-en-alquiler-a-70-m-del-mar-en-praia-do-forte\/#breadcrumb"},"inLanguage":"es","potentialAction":[{"@type":"ReadAction","target":["https:\/\/hansenimoveis.com\/es\/property\/mansion-en-alquiler-a-70-m-del-mar-en-praia-do-forte\/"]}]},{"@type":"ImageObject","inLanguage":"es","@id":"https:\/\/hansenimoveis.com\/es\/property\/mansion-en-alquiler-a-70-m-del-mar-en-praia-do-forte\/#primaryimage","url":"https:\/\/hansenimoveis.com\/wp-content\/uploads\/2024\/11\/Mansao-para-aluguel-a-70-m-do-mar-na-Praia-do-Forte.jpg","contentUrl":"https:\/\/hansenimoveis.com\/wp-content\/uploads\/2024\/11\/Mansao-para-aluguel-a-70-m-do-mar-na-Praia-do-Forte.jpg","width":1280,"height":725,"caption":"Mans\u00e3o para aluguel \u00e0 70 m do mar na Praia do Forte"},{"@type":"BreadcrumbList","@id":"https:\/\/hansenimoveis.com\/es\/property\/mansion-en-alquiler-a-70-m-del-mar-en-praia-do-forte\/#breadcrumb","itemListElement":[{"@type":"ListItem","position":1,"name":"In\u00edcio","item":"https:\/\/hansenimoveis.com\/es\/"},{"@type":"ListItem","position":2,"name":"Propiedades","item":"https:\/\/hansenimoveis.com\/es\/property\/"},{"@type":"ListItem","position":3,"name":"Mansi\u00f3n en alquiler a 70 m del mar en Praia do Forte"}]},{"@type":"WebSite","@id":"https:\/\/hansenimoveis.com\/es\/#website","url":"https:\/\/hansenimoveis.com\/es\/","name":"Hansen Im\u00f3veis | Casas en venta Lauro de Freitas, Litoral Norte y Salvador","description":"Homes for sale in Lauro de Freitas, Litoral Norte and Salvador","publisher":{"@id":"https:\/\/hansenimoveis.com\/es\/#organization"},"potentialAction":[{"@type":"SearchAction","target":{"@type":"EntryPoint","urlTemplate":"https:\/\/hansenimoveis.com\/es\/?s={search_term_string}"},"query-input":{"@type":"PropertyValueSpecification","valueRequired":true,"valueName":"search_term_string"}}],"inLanguage":"es"},{"@type":["Organization","Place"],"@id":"https:\/\/hansenimoveis.com\/es\/#organization","name":"Hansen Im\u00f3veis LTDA","url":"https:\/\/hansenimoveis.com\/es\/","logo":{"@id":"https:\/\/hansenimoveis.com\/es\/property\/mansion-en-alquiler-a-70-m-del-mar-en-praia-do-forte\/#local-main-organization-logo"},"image":{"@id":"https:\/\/hansenimoveis.com\/es\/property\/mansion-en-alquiler-a-70-m-del-mar-en-praia-do-forte\/#local-main-organization-logo"},"sameAs":["https:\/\/www.facebook.com\/Hansen-Imveis-356389241069613\/","https:\/\/www.pinterest.dk\/hansenimoveis\/","https:\/\/www.youtube.com\/channel\/UCH1v_JXMzDe4Pf4-ZHMaFDg"],"telephone":[],"openingHoursSpecification":[{"@type":"OpeningHoursSpecification","dayOfWeek":["Monday","Tuesday","Wednesday","Thursday","Friday","Saturday","Sunday"],"opens":"09:00","closes":"17:00"}]},{"@type":"ImageObject","inLanguage":"es","@id":"https:\/\/hansenimoveis.com\/es\/property\/mansion-en-alquiler-a-70-m-del-mar-en-praia-do-forte\/#local-main-organization-logo","url":"https:\/\/hansenimoveis.com\/wp-content\/uploads\/2014\/06\/Hansen-logo.jpg","contentUrl":"https:\/\/hansenimoveis.com\/wp-content\/uploads\/2014\/06\/Hansen-logo.jpg","width":283,"height":283,"caption":"Hansen Im\u00f3veis LTDA"}]}},"property_meta":{"REAL_HOMES_property_price":"8000","REAL_HOMES_property_old_price":"","REAL_HOMES_property_price_prefix":"Di\u00e1ria \u00e0 partir de","REAL_HOMES_property_price_postfix":"","REAL_HOMES_property_size":"558","REAL_HOMES_property_size_postfix":"m\u00b2","REAL_HOMES_property_lot_size":"700","REAL_HOMES_property_lot_size_postfix":"m\u00b2","REAL_HOMES_property_bedrooms":"6","REAL_HOMES_property_bathrooms":"8","REAL_HOMES_property_garage":"4","REAL_HOMES_property_id":"CO617A","REAL_HOMES_property_year_built":"","REAL_HOMES_featured":"1","REAL_HOMES_additional_details_list":[],"REAL_HOMES_property_location":{"latitude":"-12.5775448","longitude":"-38.0063618","zoom":"14"},"REAL_HOMES_property_address":"Praia do Forte, Mata de S\u00e3o Jo\u00e3o, Regi\u00e3o Geogr\u00e1fica Imediata de Salvador, Regi\u00e3o Metropolitana de Salvador, Regi\u00e3o Geogr\u00e1fica Intermedi\u00e1ria de Salvador, Bahia, Regi\u00e3o Nordeste, 48287-000, Brasil","REAL_HOMES_property_map":"0","REAL_HOMES_property_images":[{"width":150,"height":150,"file":"2024\/11\/Mansao-para-aluguel-a-70-m-do-mar-na-Praia-do-Forte.jpg","filesize":794573,"sizes":{"thumbnail":{"file":"Mansao-para-aluguel-a-70-m-do-mar-na-Praia-do-Forte-150x150.jpg","width":150,"height":150,"mime-type":"image\/jpeg","filesize":7720,"url":"https:\/\/hansenimoveis.com\/wp-content\/uploads\/2024\/11\/Mansao-para-aluguel-a-70-m-do-mar-na-Praia-do-Forte-150x150.jpg"},"post-thumbnail":{"file":"Mansao-para-aluguel-a-70-m-do-mar-na-Praia-do-Forte-150x85.jpg","width":150,"height":85,"mime-type":"image\/jpeg","filesize":5410,"url":"https:\/\/hansenimoveis.com\/wp-content\/uploads\/2024\/11\/Mansao-para-aluguel-a-70-m-do-mar-na-Praia-do-Forte-150x85.jpg"},"modern-property-child-slider":{"file":"Mansao-para-aluguel-a-70-m-do-mar-na-Praia-do-Forte-680x510.jpg","width":680,"height":510,"mime-type":"image\/jpeg","filesize":84158,"url":"https:\/\/hansenimoveis.com\/wp-content\/uploads\/2024\/11\/Mansao-para-aluguel-a-70-m-do-mar-na-Praia-do-Forte-680x510.jpg"},"property-thumb-image":{"file":"Mansao-para-aluguel-a-70-m-do-mar-na-Praia-do-Forte-488x326.jpg","width":488,"height":326,"mime-type":"image\/jpeg","filesize":44220,"url":"https:\/\/hansenimoveis.com\/wp-content\/uploads\/2024\/11\/Mansao-para-aluguel-a-70-m-do-mar-na-Praia-do-Forte-488x326.jpg"},"property-detail-video-image":{"file":"Mansao-para-aluguel-a-70-m-do-mar-na-Praia-do-Forte-818x417.jpg","width":818,"height":417,"mime-type":"image\/jpeg","filesize":93438,"url":"https:\/\/hansenimoveis.com\/wp-content\/uploads\/2024\/11\/Mansao-para-aluguel-a-70-m-do-mar-na-Praia-do-Forte-818x417.jpg"},"agent-image":{"file":"Mansao-para-aluguel-a-70-m-do-mar-na-Praia-do-Forte-210x210.jpg","width":210,"height":210,"mime-type":"image\/jpeg","filesize":13646,"url":"https:\/\/hansenimoveis.com\/wp-content\/uploads\/2024\/11\/Mansao-para-aluguel-a-70-m-do-mar-na-Praia-do-Forte-210x210.jpg"},"partners-logo":{"file":"Mansao-para-aluguel-a-70-m-do-mar-na-Praia-do-Forte-600x725.jpg","width":600,"height":725,"mime-type":"image\/jpeg","filesize":100930,"url":"https:\/\/hansenimoveis.com\/wp-content\/uploads\/2024\/11\/Mansao-para-aluguel-a-70-m-do-mar-na-Praia-do-Forte-600x725.jpg"},"post-featured-image":{"file":"Mansao-para-aluguel-a-70-m-do-mar-na-Praia-do-Forte-1240x720.jpg","width":1240,"height":720,"mime-type":"image\/jpeg","filesize":199727,"url":"https:\/\/hansenimoveis.com\/wp-content\/uploads\/2024\/11\/Mansao-para-aluguel-a-70-m-do-mar-na-Praia-do-Forte-1240x720.jpg"}},"image_meta":{"aperture":"7.1","credit":"Rodrigo Melo","camera":"Canon EOS 5D Mark IV","caption":"","created_timestamp":"1704923134","copyright":"Rodrigo Melo","focal_length":"16","iso":"400","shutter_speed":"0.05","title":"","orientation":"0","keywords":[]},"ID":"168571","name":"Mansao-para-aluguel-a-70-m-do-mar-na-Praia-do-Forte.jpg","path":"\/home\/hansenimoveis.com\/public_html\/wp-content\/uploads\/2024\/11\/Mansao-para-aluguel-a-70-m-do-mar-na-Praia-do-Forte.jpg","url":"https:\/\/hansenimoveis.com\/wp-content\/uploads\/2024\/11\/Mansao-para-aluguel-a-70-m-do-mar-na-Praia-do-Forte-150x150.jpg","full_url":"https:\/\/hansenimoveis.com\/wp-content\/uploads\/2024\/11\/Mansao-para-aluguel-a-70-m-do-mar-na-Praia-do-Forte.jpg","title":"Herrenhaus zu vermieten 70 m en Praia do Forte","caption":"","description":"","alt":"Herrenhaus zu vermieten 70 m en Praia do Forte","srcset":"https:\/\/hansenimoveis.com\/wp-content\/uploads\/2024\/11\/Mansao-para-aluguel-a-70-m-do-mar-na-Praia-do-Forte-150x150.jpg 150w, https:\/\/hansenimoveis.com\/wp-content\/uploads\/2024\/11\/Mansao-para-aluguel-a-70-m-do-mar-na-Praia-do-Forte-210x210.jpg 210w"},{"width":150,"height":150,"file":"2024\/11\/Mansao-a-venda-70-m-do-mar-na-Praia-do-Forte-947.jpg","filesize":1042847,"sizes":{"thumbnail":{"file":"Mansao-a-venda-70-m-do-mar-na-Praia-do-Forte-947-150x150.jpg","width":150,"height":150,"mime-type":"image\/jpeg","filesize":8177,"url":"https:\/\/hansenimoveis.com\/wp-content\/uploads\/2024\/11\/Mansao-a-venda-70-m-do-mar-na-Praia-do-Forte-947-150x150.jpg"},"post-thumbnail":{"file":"Mansao-a-venda-70-m-do-mar-na-Praia-do-Forte-947-150x85.jpg","width":150,"height":85,"mime-type":"image\/jpeg","filesize":5601,"url":"https:\/\/hansenimoveis.com\/wp-content\/uploads\/2024\/11\/Mansao-a-venda-70-m-do-mar-na-Praia-do-Forte-947-150x85.jpg"},"modern-property-child-slider":{"file":"Mansao-a-venda-70-m-do-mar-na-Praia-do-Forte-947-680x510.jpg","width":680,"height":510,"mime-type":"image\/jpeg","filesize":93571,"url":"https:\/\/hansenimoveis.com\/wp-content\/uploads\/2024\/11\/Mansao-a-venda-70-m-do-mar-na-Praia-do-Forte-947-680x510.jpg"},"property-thumb-image":{"file":"Mansao-a-venda-70-m-do-mar-na-Praia-do-Forte-947-488x326.jpg","width":488,"height":326,"mime-type":"image\/jpeg","filesize":48881,"url":"https:\/\/hansenimoveis.com\/wp-content\/uploads\/2024\/11\/Mansao-a-venda-70-m-do-mar-na-Praia-do-Forte-947-488x326.jpg"},"property-detail-video-image":{"file":"Mansao-a-venda-70-m-do-mar-na-Praia-do-Forte-947-818x417.jpg","width":818,"height":417,"mime-type":"image\/jpeg","filesize":103632,"url":"https:\/\/hansenimoveis.com\/wp-content\/uploads\/2024\/11\/Mansao-a-venda-70-m-do-mar-na-Praia-do-Forte-947-818x417.jpg"},"agent-image":{"file":"Mansao-a-venda-70-m-do-mar-na-Praia-do-Forte-947-210x210.jpg","width":210,"height":210,"mime-type":"image\/jpeg","filesize":14383,"url":"https:\/\/hansenimoveis.com\/wp-content\/uploads\/2024\/11\/Mansao-a-venda-70-m-do-mar-na-Praia-do-Forte-947-210x210.jpg"},"partners-logo":{"file":"Mansao-a-venda-70-m-do-mar-na-Praia-do-Forte-947-600x725.jpg","width":600,"height":725,"mime-type":"image\/jpeg","filesize":110008,"url":"https:\/\/hansenimoveis.com\/wp-content\/uploads\/2024\/11\/Mansao-a-venda-70-m-do-mar-na-Praia-do-Forte-947-600x725.jpg"},"post-featured-image":{"file":"Mansao-a-venda-70-m-do-mar-na-Praia-do-Forte-947-1240x720.jpg","width":1240,"height":720,"mime-type":"image\/jpeg","filesize":235406,"url":"https:\/\/hansenimoveis.com\/wp-content\/uploads\/2024\/11\/Mansao-a-venda-70-m-do-mar-na-Praia-do-Forte-947-1240x720.jpg"}},"image_meta":{"aperture":"7.1","credit":"Rodrigo Melo","camera":"Canon EOS 5D Mark IV","caption":"","created_timestamp":"1705418600","copyright":"Rodrigo Melo","focal_length":"16","iso":"100","shutter_speed":"0.0025","title":"","orientation":"0","keywords":[]},"ID":"186484","name":"Mansao-a-venda-70-m-do-mar-na-Praia-do-Forte-947.jpg","path":"\/home\/hansenimoveis.com\/public_html\/wp-content\/uploads\/2024\/11\/Mansao-a-venda-70-m-do-mar-na-Praia-do-Forte-947.jpg","url":"https:\/\/hansenimoveis.com\/wp-content\/uploads\/2024\/11\/Mansao-a-venda-70-m-do-mar-na-Praia-do-Forte-947-150x150.jpg","full_url":"https:\/\/hansenimoveis.com\/wp-content\/uploads\/2024\/11\/Mansao-a-venda-70-m-do-mar-na-Praia-do-Forte-947.jpg","title":"Mansa\u0303o a\u0301 venda 70 m do mar na Praia do Forte-947","caption":"","description":"","alt":"Mansa\u0303o para aluguel a\u0300 70 m do mar na Praia do Forte","srcset":"https:\/\/hansenimoveis.com\/wp-content\/uploads\/2024\/11\/Mansao-a-venda-70-m-do-mar-na-Praia-do-Forte-947-150x150.jpg 150w, https:\/\/hansenimoveis.com\/wp-content\/uploads\/2024\/11\/Mansao-a-venda-70-m-do-mar-na-Praia-do-Forte-947-210x210.jpg 210w"},{"width":150,"height":150,"file":"2024\/11\/Mansao-a-venda-70-m-do-mar-na-Praia-do-Forte-948.jpg","filesize":803400,"sizes":{"thumbnail":{"file":"Mansao-a-venda-70-m-do-mar-na-Praia-do-Forte-948-150x150.jpg","width":150,"height":150,"mime-type":"image\/jpeg","filesize":7882,"url":"https:\/\/hansenimoveis.com\/wp-content\/uploads\/2024\/11\/Mansao-a-venda-70-m-do-mar-na-Praia-do-Forte-948-150x150.jpg"},"post-thumbnail":{"file":"Mansao-a-venda-70-m-do-mar-na-Praia-do-Forte-948-150x85.jpg","width":150,"height":85,"mime-type":"image\/jpeg","filesize":5290,"url":"https:\/\/hansenimoveis.com\/wp-content\/uploads\/2024\/11\/Mansao-a-venda-70-m-do-mar-na-Praia-do-Forte-948-150x85.jpg"},"modern-property-child-slider":{"file":"Mansao-a-venda-70-m-do-mar-na-Praia-do-Forte-948-680x510.jpg","width":680,"height":510,"mime-type":"image\/jpeg","filesize":85129,"url":"https:\/\/hansenimoveis.com\/wp-content\/uploads\/2024\/11\/Mansao-a-venda-70-m-do-mar-na-Praia-do-Forte-948-680x510.jpg"},"property-thumb-image":{"file":"Mansao-a-venda-70-m-do-mar-na-Praia-do-Forte-948-488x326.jpg","width":488,"height":326,"mime-type":"image\/jpeg","filesize":44393,"url":"https:\/\/hansenimoveis.com\/wp-content\/uploads\/2024\/11\/Mansao-a-venda-70-m-do-mar-na-Praia-do-Forte-948-488x326.jpg"},"property-detail-video-image":{"file":"Mansao-a-venda-70-m-do-mar-na-Praia-do-Forte-948-818x417.jpg","width":818,"height":417,"mime-type":"image\/jpeg","filesize":91519,"url":"https:\/\/hansenimoveis.com\/wp-content\/uploads\/2024\/11\/Mansao-a-venda-70-m-do-mar-na-Praia-do-Forte-948-818x417.jpg"},"agent-image":{"file":"Mansao-a-venda-70-m-do-mar-na-Praia-do-Forte-948-210x210.jpg","width":210,"height":210,"mime-type":"image\/jpeg","filesize":13987,"url":"https:\/\/hansenimoveis.com\/wp-content\/uploads\/2024\/11\/Mansao-a-venda-70-m-do-mar-na-Praia-do-Forte-948-210x210.jpg"},"partners-logo":{"file":"Mansao-a-venda-70-m-do-mar-na-Praia-do-Forte-948-600x725.jpg","width":600,"height":725,"mime-type":"image\/jpeg","filesize":103509,"url":"https:\/\/hansenimoveis.com\/wp-content\/uploads\/2024\/11\/Mansao-a-venda-70-m-do-mar-na-Praia-do-Forte-948-600x725.jpg"},"post-featured-image":{"file":"Mansao-a-venda-70-m-do-mar-na-Praia-do-Forte-948-1240x720.jpg","width":1240,"height":720,"mime-type":"image\/jpeg","filesize":198537,"url":"https:\/\/hansenimoveis.com\/wp-content\/uploads\/2024\/11\/Mansao-a-venda-70-m-do-mar-na-Praia-do-Forte-948-1240x720.jpg"}},"image_meta":{"aperture":"7.1","credit":"Rodrigo Melo","camera":"Canon EOS 5D Mark IV","caption":"","created_timestamp":"1705418745","copyright":"Rodrigo Melo","focal_length":"16","iso":"100","shutter_speed":"0.002","title":"","orientation":"0","keywords":[]},"ID":"186488","name":"Mansao-a-venda-70-m-do-mar-na-Praia-do-Forte-948.jpg","path":"\/home\/hansenimoveis.com\/public_html\/wp-content\/uploads\/2024\/11\/Mansao-a-venda-70-m-do-mar-na-Praia-do-Forte-948.jpg","url":"https:\/\/hansenimoveis.com\/wp-content\/uploads\/2024\/11\/Mansao-a-venda-70-m-do-mar-na-Praia-do-Forte-948-150x150.jpg","full_url":"https:\/\/hansenimoveis.com\/wp-content\/uploads\/2024\/11\/Mansao-a-venda-70-m-do-mar-na-Praia-do-Forte-948.jpg","title":"Mansa\u0303o a\u0301 venda 70 m do mar na Praia do Forte-948","caption":"","description":"","alt":"Mansa\u0303o para aluguel a\u0300 70 m do mar na Praia do Forte","srcset":"https:\/\/hansenimoveis.com\/wp-content\/uploads\/2024\/11\/Mansao-a-venda-70-m-do-mar-na-Praia-do-Forte-948-150x150.jpg 150w, https:\/\/hansenimoveis.com\/wp-content\/uploads\/2024\/11\/Mansao-a-venda-70-m-do-mar-na-Praia-do-Forte-948-210x210.jpg 210w"},{"width":150,"height":150,"file":"2024\/11\/Mansao-a-venda-70-m-do-mar-na-Praia-do-Forte-935.jpg","filesize":939175,"sizes":{"thumbnail":{"file":"Mansao-a-venda-70-m-do-mar-na-Praia-do-Forte-935-150x150.jpg","width":150,"height":150,"mime-type":"image\/jpeg","filesize":7857,"url":"https:\/\/hansenimoveis.com\/wp-content\/uploads\/2024\/11\/Mansao-a-venda-70-m-do-mar-na-Praia-do-Forte-935-150x150.jpg"},"post-thumbnail":{"file":"Mansao-a-venda-70-m-do-mar-na-Praia-do-Forte-935-150x85.jpg","width":150,"height":85,"mime-type":"image\/jpeg","filesize":4824,"url":"https:\/\/hansenimoveis.com\/wp-content\/uploads\/2024\/11\/Mansao-a-venda-70-m-do-mar-na-Praia-do-Forte-935-150x85.jpg"},"modern-property-child-slider":{"file":"Mansao-a-venda-70-m-do-mar-na-Praia-do-Forte-935-680x510.jpg","width":680,"height":510,"mime-type":"image\/jpeg","filesize":92228,"url":"https:\/\/hansenimoveis.com\/wp-content\/uploads\/2024\/11\/Mansao-a-venda-70-m-do-mar-na-Praia-do-Forte-935-680x510.jpg"},"property-thumb-image":{"file":"Mansao-a-venda-70-m-do-mar-na-Praia-do-Forte-935-488x326.jpg","width":488,"height":326,"mime-type":"image\/jpeg","filesize":45920,"url":"https:\/\/hansenimoveis.com\/wp-content\/uploads\/2024\/11\/Mansao-a-venda-70-m-do-mar-na-Praia-do-Forte-935-488x326.jpg"},"property-detail-video-image":{"file":"Mansao-a-venda-70-m-do-mar-na-Praia-do-Forte-935-818x417.jpg","width":818,"height":417,"mime-type":"image\/jpeg","filesize":96304,"url":"https:\/\/hansenimoveis.com\/wp-content\/uploads\/2024\/11\/Mansao-a-venda-70-m-do-mar-na-Praia-do-Forte-935-818x417.jpg"},"agent-image":{"file":"Mansao-a-venda-70-m-do-mar-na-Praia-do-Forte-935-210x210.jpg","width":210,"height":210,"mime-type":"image\/jpeg","filesize":14167,"url":"https:\/\/hansenimoveis.com\/wp-content\/uploads\/2024\/11\/Mansao-a-venda-70-m-do-mar-na-Praia-do-Forte-935-210x210.jpg"},"partners-logo":{"file":"Mansao-a-venda-70-m-do-mar-na-Praia-do-Forte-935-600x725.jpg","width":600,"height":725,"mime-type":"image\/jpeg","filesize":121514,"url":"https:\/\/hansenimoveis.com\/wp-content\/uploads\/2024\/11\/Mansao-a-venda-70-m-do-mar-na-Praia-do-Forte-935-600x725.jpg"},"post-featured-image":{"file":"Mansao-a-venda-70-m-do-mar-na-Praia-do-Forte-935-1240x720.jpg","width":1240,"height":720,"mime-type":"image\/jpeg","filesize":217558,"url":"https:\/\/hansenimoveis.com\/wp-content\/uploads\/2024\/11\/Mansao-a-venda-70-m-do-mar-na-Praia-do-Forte-935-1240x720.jpg"}},"image_meta":{"aperture":"7.1","credit":"Rodrigo Melo","camera":"Canon EOS 5D Mark IV","caption":"","created_timestamp":"1704923404","copyright":"Rodrigo Melo","focal_length":"23","iso":"400","shutter_speed":"0.3","title":"","orientation":"0","keywords":[]},"ID":"186436","name":"Mansao-a-venda-70-m-do-mar-na-Praia-do-Forte-935.jpg","path":"\/home\/hansenimoveis.com\/public_html\/wp-content\/uploads\/2024\/11\/Mansao-a-venda-70-m-do-mar-na-Praia-do-Forte-935.jpg","url":"https:\/\/hansenimoveis.com\/wp-content\/uploads\/2024\/11\/Mansao-a-venda-70-m-do-mar-na-Praia-do-Forte-935-150x150.jpg","full_url":"https:\/\/hansenimoveis.com\/wp-content\/uploads\/2024\/11\/Mansao-a-venda-70-m-do-mar-na-Praia-do-Forte-935.jpg","title":"Mansa\u0303o a\u0301 venda 70 m do mar na Praia do Forte-935","caption":"","description":"","alt":"Mansa\u0303o para aluguel a\u0300 70 m do mar na Praia do Forte","srcset":"https:\/\/hansenimoveis.com\/wp-content\/uploads\/2024\/11\/Mansao-a-venda-70-m-do-mar-na-Praia-do-Forte-935-150x150.jpg 150w, https:\/\/hansenimoveis.com\/wp-content\/uploads\/2024\/11\/Mansao-a-venda-70-m-do-mar-na-Praia-do-Forte-935-210x210.jpg 210w"},{"width":150,"height":150,"file":"2024\/11\/Mansao-a-venda-70-m-do-mar-na-Praia-do-Forte-932.jpg","filesize":848958,"sizes":{"thumbnail":{"file":"Mansao-a-venda-70-m-do-mar-na-Praia-do-Forte-932-150x150.jpg","width":150,"height":150,"mime-type":"image\/jpeg","filesize":7934,"url":"https:\/\/hansenimoveis.com\/wp-content\/uploads\/2024\/11\/Mansao-a-venda-70-m-do-mar-na-Praia-do-Forte-932-150x150.jpg"},"post-thumbnail":{"file":"Mansao-a-venda-70-m-do-mar-na-Praia-do-Forte-932-150x85.jpg","width":150,"height":85,"mime-type":"image\/jpeg","filesize":5058,"url":"https:\/\/hansenimoveis.com\/wp-content\/uploads\/2024\/11\/Mansao-a-venda-70-m-do-mar-na-Praia-do-Forte-932-150x85.jpg"},"modern-property-child-slider":{"file":"Mansao-a-venda-70-m-do-mar-na-Praia-do-Forte-932-680x510.jpg","width":680,"height":510,"mime-type":"image\/jpeg","filesize":90096,"url":"https:\/\/hansenimoveis.com\/wp-content\/uploads\/2024\/11\/Mansao-a-venda-70-m-do-mar-na-Praia-do-Forte-932-680x510.jpg"},"property-thumb-image":{"file":"Mansao-a-venda-70-m-do-mar-na-Praia-do-Forte-932-488x326.jpg","width":488,"height":326,"mime-type":"image\/jpeg","filesize":44615,"url":"https:\/\/hansenimoveis.com\/wp-content\/uploads\/2024\/11\/Mansao-a-venda-70-m-do-mar-na-Praia-do-Forte-932-488x326.jpg"},"property-detail-video-image":{"file":"Mansao-a-venda-70-m-do-mar-na-Praia-do-Forte-932-818x417.jpg","width":818,"height":417,"mime-type":"image\/jpeg","filesize":93420,"url":"https:\/\/hansenimoveis.com\/wp-content\/uploads\/2024\/11\/Mansao-a-venda-70-m-do-mar-na-Praia-do-Forte-932-818x417.jpg"},"agent-image":{"file":"Mansao-a-venda-70-m-do-mar-na-Praia-do-Forte-932-210x210.jpg","width":210,"height":210,"mime-type":"image\/jpeg","filesize":14325,"url":"https:\/\/hansenimoveis.com\/wp-content\/uploads\/2024\/11\/Mansao-a-venda-70-m-do-mar-na-Praia-do-Forte-932-210x210.jpg"},"partners-logo":{"file":"Mansao-a-venda-70-m-do-mar-na-Praia-do-Forte-932-600x725.jpg","width":600,"height":725,"mime-type":"image\/jpeg","filesize":124667,"url":"https:\/\/hansenimoveis.com\/wp-content\/uploads\/2024\/11\/Mansao-a-venda-70-m-do-mar-na-Praia-do-Forte-932-600x725.jpg"},"post-featured-image":{"file":"Mansao-a-venda-70-m-do-mar-na-Praia-do-Forte-932-1240x720.jpg","width":1240,"height":720,"mime-type":"image\/jpeg","filesize":211340,"url":"https:\/\/hansenimoveis.com\/wp-content\/uploads\/2024\/11\/Mansao-a-venda-70-m-do-mar-na-Praia-do-Forte-932-1240x720.jpg"}},"image_meta":{"aperture":"7.1","credit":"Rodrigo Melo","camera":"Canon EOS 5D Mark IV","caption":"","created_timestamp":"1704922898","copyright":"Rodrigo Melo","focal_length":"16","iso":"400","shutter_speed":"0.2","title":"","orientation":"0","keywords":[]},"ID":"186428","name":"Mansao-a-venda-70-m-do-mar-na-Praia-do-Forte-932.jpg","path":"\/home\/hansenimoveis.com\/public_html\/wp-content\/uploads\/2024\/11\/Mansao-a-venda-70-m-do-mar-na-Praia-do-Forte-932.jpg","url":"https:\/\/hansenimoveis.com\/wp-content\/uploads\/2024\/11\/Mansao-a-venda-70-m-do-mar-na-Praia-do-Forte-932-150x150.jpg","full_url":"https:\/\/hansenimoveis.com\/wp-content\/uploads\/2024\/11\/Mansao-a-venda-70-m-do-mar-na-Praia-do-Forte-932.jpg","title":"Mansa\u0303o a\u0301 venda 70 m do mar na Praia do Forte-932","caption":"","description":"","alt":"","srcset":"https:\/\/hansenimoveis.com\/wp-content\/uploads\/2024\/11\/Mansao-a-venda-70-m-do-mar-na-Praia-do-Forte-932-150x150.jpg 150w, https:\/\/hansenimoveis.com\/wp-content\/uploads\/2024\/11\/Mansao-a-venda-70-m-do-mar-na-Praia-do-Forte-932-210x210.jpg 210w"},{"width":150,"height":150,"file":"2024\/11\/Mansao-a-venda-70-m-do-mar-na-Praia-do-Forte-931.jpg","filesize":868827,"sizes":{"thumbnail":{"file":"Mansao-a-venda-70-m-do-mar-na-Praia-do-Forte-931-150x150.jpg","width":150,"height":150,"mime-type":"image\/jpeg","filesize":8302,"url":"https:\/\/hansenimoveis.com\/wp-content\/uploads\/2024\/11\/Mansao-a-venda-70-m-do-mar-na-Praia-do-Forte-931-150x150.jpg"},"post-thumbnail":{"file":"Mansao-a-venda-70-m-do-mar-na-Praia-do-Forte-931-150x85.jpg","width":150,"height":85,"mime-type":"image\/jpeg","filesize":5239,"url":"https:\/\/hansenimoveis.com\/wp-content\/uploads\/2024\/11\/Mansao-a-venda-70-m-do-mar-na-Praia-do-Forte-931-150x85.jpg"},"modern-property-child-slider":{"file":"Mansao-a-venda-70-m-do-mar-na-Praia-do-Forte-931-680x510.jpg","width":680,"height":510,"mime-type":"image\/jpeg","filesize":100943,"url":"https:\/\/hansenimoveis.com\/wp-content\/uploads\/2024\/11\/Mansao-a-venda-70-m-do-mar-na-Praia-do-Forte-931-680x510.jpg"},"property-thumb-image":{"file":"Mansao-a-venda-70-m-do-mar-na-Praia-do-Forte-931-488x326.jpg","width":488,"height":326,"mime-type":"image\/jpeg","filesize":49580,"url":"https:\/\/hansenimoveis.com\/wp-content\/uploads\/2024\/11\/Mansao-a-venda-70-m-do-mar-na-Praia-do-Forte-931-488x326.jpg"},"property-detail-video-image":{"file":"Mansao-a-venda-70-m-do-mar-na-Praia-do-Forte-931-818x417.jpg","width":818,"height":417,"mime-type":"image\/jpeg","filesize":102364,"url":"https:\/\/hansenimoveis.com\/wp-content\/uploads\/2024\/11\/Mansao-a-venda-70-m-do-mar-na-Praia-do-Forte-931-818x417.jpg"},"agent-image":{"file":"Mansao-a-venda-70-m-do-mar-na-Praia-do-Forte-931-210x210.jpg","width":210,"height":210,"mime-type":"image\/jpeg","filesize":15462,"url":"https:\/\/hansenimoveis.com\/wp-content\/uploads\/2024\/11\/Mansao-a-venda-70-m-do-mar-na-Praia-do-Forte-931-210x210.jpg"},"partners-logo":{"file":"Mansao-a-venda-70-m-do-mar-na-Praia-do-Forte-931-600x725.jpg","width":600,"height":725,"mime-type":"image\/jpeg","filesize":139283,"url":"https:\/\/hansenimoveis.com\/wp-content\/uploads\/2024\/11\/Mansao-a-venda-70-m-do-mar-na-Praia-do-Forte-931-600x725.jpg"},"post-featured-image":{"file":"Mansao-a-venda-70-m-do-mar-na-Praia-do-Forte-931-1240x720.jpg","width":1240,"height":720,"mime-type":"image\/jpeg","filesize":232745,"url":"https:\/\/hansenimoveis.com\/wp-content\/uploads\/2024\/11\/Mansao-a-venda-70-m-do-mar-na-Praia-do-Forte-931-1240x720.jpg"}},"image_meta":{"aperture":"7.1","credit":"Rodrigo Melo","camera":"Canon EOS 5D Mark IV","caption":"","created_timestamp":"1704922813","copyright":"Rodrigo Melo","focal_length":"16","iso":"400","shutter_speed":"0.2","title":"","orientation":"0","keywords":[]},"ID":"186424","name":"Mansao-a-venda-70-m-do-mar-na-Praia-do-Forte-931.jpg","path":"\/home\/hansenimoveis.com\/public_html\/wp-content\/uploads\/2024\/11\/Mansao-a-venda-70-m-do-mar-na-Praia-do-Forte-931.jpg","url":"https:\/\/hansenimoveis.com\/wp-content\/uploads\/2024\/11\/Mansao-a-venda-70-m-do-mar-na-Praia-do-Forte-931-150x150.jpg","full_url":"https:\/\/hansenimoveis.com\/wp-content\/uploads\/2024\/11\/Mansao-a-venda-70-m-do-mar-na-Praia-do-Forte-931.jpg","title":"Mansa\u0303o a\u0301 venda 70 m do mar na Praia do Forte-931","caption":"","description":"","alt":"","srcset":"https:\/\/hansenimoveis.com\/wp-content\/uploads\/2024\/11\/Mansao-a-venda-70-m-do-mar-na-Praia-do-Forte-931-150x150.jpg 150w, https:\/\/hansenimoveis.com\/wp-content\/uploads\/2024\/11\/Mansao-a-venda-70-m-do-mar-na-Praia-do-Forte-931-210x210.jpg 210w"},{"width":150,"height":150,"file":"2024\/11\/Mansao-a-venda-70-m-do-mar-na-Praia-do-Forte-933.jpg","filesize":906450,"sizes":{"thumbnail":{"file":"Mansao-a-venda-70-m-do-mar-na-Praia-do-Forte-933-150x150.jpg","width":150,"height":150,"mime-type":"image\/jpeg","filesize":8260,"url":"https:\/\/hansenimoveis.com\/wp-content\/uploads\/2024\/11\/Mansao-a-venda-70-m-do-mar-na-Praia-do-Forte-933-150x150.jpg"},"post-thumbnail":{"file":"Mansao-a-venda-70-m-do-mar-na-Praia-do-Forte-933-150x85.jpg","width":150,"height":85,"mime-type":"image\/jpeg","filesize":5746,"url":"https:\/\/hansenimoveis.com\/wp-content\/uploads\/2024\/11\/Mansao-a-venda-70-m-do-mar-na-Praia-do-Forte-933-150x85.jpg"},"modern-property-child-slider":{"file":"Mansao-a-venda-70-m-do-mar-na-Praia-do-Forte-933-680x510.jpg","width":680,"height":510,"mime-type":"image\/jpeg","filesize":93317,"url":"https:\/\/hansenimoveis.com\/wp-content\/uploads\/2024\/11\/Mansao-a-venda-70-m-do-mar-na-Praia-do-Forte-933-680x510.jpg"},"property-thumb-image":{"file":"Mansao-a-venda-70-m-do-mar-na-Praia-do-Forte-933-488x326.jpg","width":488,"height":326,"mime-type":"image\/jpeg","filesize":49163,"url":"https:\/\/hansenimoveis.com\/wp-content\/uploads\/2024\/11\/Mansao-a-venda-70-m-do-mar-na-Praia-do-Forte-933-488x326.jpg"},"property-detail-video-image":{"file":"Mansao-a-venda-70-m-do-mar-na-Praia-do-Forte-933-818x417.jpg","width":818,"height":417,"mime-type":"image\/jpeg","filesize":103381,"url":"https:\/\/hansenimoveis.com\/wp-content\/uploads\/2024\/11\/Mansao-a-venda-70-m-do-mar-na-Praia-do-Forte-933-818x417.jpg"},"agent-image":{"file":"Mansao-a-venda-70-m-do-mar-na-Praia-do-Forte-933-210x210.jpg","width":210,"height":210,"mime-type":"image\/jpeg","filesize":14650,"url":"https:\/\/hansenimoveis.com\/wp-content\/uploads\/2024\/11\/Mansao-a-venda-70-m-do-mar-na-Praia-do-Forte-933-210x210.jpg"},"partners-logo":{"file":"Mansao-a-venda-70-m-do-mar-na-Praia-do-Forte-933-600x725.jpg","width":600,"height":725,"mime-type":"image\/jpeg","filesize":104877,"url":"https:\/\/hansenimoveis.com\/wp-content\/uploads\/2024\/11\/Mansao-a-venda-70-m-do-mar-na-Praia-do-Forte-933-600x725.jpg"},"post-featured-image":{"file":"Mansao-a-venda-70-m-do-mar-na-Praia-do-Forte-933-1240x720.jpg","width":1240,"height":720,"mime-type":"image\/jpeg","filesize":228721,"url":"https:\/\/hansenimoveis.com\/wp-content\/uploads\/2024\/11\/Mansao-a-venda-70-m-do-mar-na-Praia-do-Forte-933-1240x720.jpg"}},"image_meta":{"aperture":"7.1","credit":"Rodrigo Melo","camera":"Canon EOS 5D Mark IV","caption":"","created_timestamp":"1704923069","copyright":"Rodrigo Melo","focal_length":"16","iso":"400","shutter_speed":"0.05","title":"","orientation":"0","keywords":[]},"ID":"168535","name":"Mansao-a-venda-70-m-do-mar-na-Praia-do-Forte-933.jpg","path":"\/home\/hansenimoveis.com\/public_html\/wp-content\/uploads\/2024\/11\/Mansao-a-venda-70-m-do-mar-na-Praia-do-Forte-933.jpg","url":"https:\/\/hansenimoveis.com\/wp-content\/uploads\/2024\/11\/Mansao-a-venda-70-m-do-mar-na-Praia-do-Forte-933-150x150.jpg","full_url":"https:\/\/hansenimoveis.com\/wp-content\/uploads\/2024\/11\/Mansao-a-venda-70-m-do-mar-na-Praia-do-Forte-933.jpg","title":"Villa en venta a 70 m del mar a Praia do Forte -933","caption":"","description":"","alt":"Villa en affitto a 70 m del mar hasta Praia do Forte","srcset":"https:\/\/hansenimoveis.com\/wp-content\/uploads\/2024\/11\/Mansao-a-venda-70-m-do-mar-na-Praia-do-Forte-933-150x150.jpg 150w, https:\/\/hansenimoveis.com\/wp-content\/uploads\/2024\/11\/Mansao-a-venda-70-m-do-mar-na-Praia-do-Forte-933-210x210.jpg 210w"},{"width":150,"height":150,"file":"2024\/11\/Mansao-a-venda-70-m-do-mar-na-Praia-do-Forte-940.jpg","filesize":754605,"sizes":{"thumbnail":{"file":"Mansao-a-venda-70-m-do-mar-na-Praia-do-Forte-940-150x150.jpg","width":150,"height":150,"mime-type":"image\/jpeg","filesize":7328,"url":"https:\/\/hansenimoveis.com\/wp-content\/uploads\/2024\/11\/Mansao-a-venda-70-m-do-mar-na-Praia-do-Forte-940-150x150.jpg"},"post-thumbnail":{"file":"Mansao-a-venda-70-m-do-mar-na-Praia-do-Forte-940-150x85.jpg","width":150,"height":85,"mime-type":"image\/jpeg","filesize":4922,"url":"https:\/\/hansenimoveis.com\/wp-content\/uploads\/2024\/11\/Mansao-a-venda-70-m-do-mar-na-Praia-do-Forte-940-150x85.jpg"},"modern-property-child-slider":{"file":"Mansao-a-venda-70-m-do-mar-na-Praia-do-Forte-940-680x510.jpg","width":680,"height":510,"mime-type":"image\/jpeg","filesize":79097,"url":"https:\/\/hansenimoveis.com\/wp-content\/uploads\/2024\/11\/Mansao-a-venda-70-m-do-mar-na-Praia-do-Forte-940-680x510.jpg"},"property-thumb-image":{"file":"Mansao-a-venda-70-m-do-mar-na-Praia-do-Forte-940-488x326.jpg","width":488,"height":326,"mime-type":"image\/jpeg","filesize":40575,"url":"https:\/\/hansenimoveis.com\/wp-content\/uploads\/2024\/11\/Mansao-a-venda-70-m-do-mar-na-Praia-do-Forte-940-488x326.jpg"},"property-detail-video-image":{"file":"Mansao-a-venda-70-m-do-mar-na-Praia-do-Forte-940-818x417.jpg","width":818,"height":417,"mime-type":"image\/jpeg","filesize":84322,"url":"https:\/\/hansenimoveis.com\/wp-content\/uploads\/2024\/11\/Mansao-a-venda-70-m-do-mar-na-Praia-do-Forte-940-818x417.jpg"},"agent-image":{"file":"Mansao-a-venda-70-m-do-mar-na-Praia-do-Forte-940-210x210.jpg","width":210,"height":210,"mime-type":"image\/jpeg","filesize":12981,"url":"https:\/\/hansenimoveis.com\/wp-content\/uploads\/2024\/11\/Mansao-a-venda-70-m-do-mar-na-Praia-do-Forte-940-210x210.jpg"},"partners-logo":{"file":"Mansao-a-venda-70-m-do-mar-na-Praia-do-Forte-940-600x725.jpg","width":600,"height":725,"mime-type":"image\/jpeg","filesize":103295,"url":"https:\/\/hansenimoveis.com\/wp-content\/uploads\/2024\/11\/Mansao-a-venda-70-m-do-mar-na-Praia-do-Forte-940-600x725.jpg"},"post-featured-image":{"file":"Mansao-a-venda-70-m-do-mar-na-Praia-do-Forte-940-1240x720.jpg","width":1240,"height":720,"mime-type":"image\/jpeg","filesize":187849,"url":"https:\/\/hansenimoveis.com\/wp-content\/uploads\/2024\/11\/Mansao-a-venda-70-m-do-mar-na-Praia-do-Forte-940-1240x720.jpg"}},"image_meta":{"aperture":"7.1","credit":"Rodrigo Melo","camera":"Canon EOS 5D Mark IV","caption":"","created_timestamp":"1704924187","copyright":"Rodrigo Melo","focal_length":"19","iso":"400","shutter_speed":"0.4","title":"","orientation":"0","keywords":[]},"ID":"186456","name":"Mansao-a-venda-70-m-do-mar-na-Praia-do-Forte-940.jpg","path":"\/home\/hansenimoveis.com\/public_html\/wp-content\/uploads\/2024\/11\/Mansao-a-venda-70-m-do-mar-na-Praia-do-Forte-940.jpg","url":"https:\/\/hansenimoveis.com\/wp-content\/uploads\/2024\/11\/Mansao-a-venda-70-m-do-mar-na-Praia-do-Forte-940-150x150.jpg","full_url":"https:\/\/hansenimoveis.com\/wp-content\/uploads\/2024\/11\/Mansao-a-venda-70-m-do-mar-na-Praia-do-Forte-940.jpg","title":"Mansa\u0303o a\u0301 venda 70 m do mar na Praia do Forte-940","caption":"","description":"","alt":"Mansa\u0303o para aluguel a\u0300 70 m do mar na Praia do Forte","srcset":"https:\/\/hansenimoveis.com\/wp-content\/uploads\/2024\/11\/Mansao-a-venda-70-m-do-mar-na-Praia-do-Forte-940-150x150.jpg 150w, https:\/\/hansenimoveis.com\/wp-content\/uploads\/2024\/11\/Mansao-a-venda-70-m-do-mar-na-Praia-do-Forte-940-210x210.jpg 210w"},{"width":150,"height":150,"file":"2024\/11\/Mansao-a-venda-70-m-do-mar-na-Praia-do-Forte-946.jpg","filesize":567174,"sizes":{"thumbnail":{"file":"Mansao-a-venda-70-m-do-mar-na-Praia-do-Forte-946-150x150.jpg","width":150,"height":150,"mime-type":"image\/jpeg","filesize":6438,"url":"https:\/\/hansenimoveis.com\/wp-content\/uploads\/2024\/11\/Mansao-a-venda-70-m-do-mar-na-Praia-do-Forte-946-150x150.jpg"},"post-thumbnail":{"file":"Mansao-a-venda-70-m-do-mar-na-Praia-do-Forte-946-150x85.jpg","width":150,"height":85,"mime-type":"image\/jpeg","filesize":4665,"url":"https:\/\/hansenimoveis.com\/wp-content\/uploads\/2024\/11\/Mansao-a-venda-70-m-do-mar-na-Praia-do-Forte-946-150x85.jpg"},"modern-property-child-slider":{"file":"Mansao-a-venda-70-m-do-mar-na-Praia-do-Forte-946-680x510.jpg","width":680,"height":510,"mime-type":"image\/jpeg","filesize":66516,"url":"https:\/\/hansenimoveis.com\/wp-content\/uploads\/2024\/11\/Mansao-a-venda-70-m-do-mar-na-Praia-do-Forte-946-680x510.jpg"},"property-thumb-image":{"file":"Mansao-a-venda-70-m-do-mar-na-Praia-do-Forte-946-488x326.jpg","width":488,"height":326,"mime-type":"image\/jpeg","filesize":34937,"url":"https:\/\/hansenimoveis.com\/wp-content\/uploads\/2024\/11\/Mansao-a-venda-70-m-do-mar-na-Praia-do-Forte-946-488x326.jpg"},"property-detail-video-image":{"file":"Mansao-a-venda-70-m-do-mar-na-Praia-do-Forte-946-818x417.jpg","width":818,"height":417,"mime-type":"image\/jpeg","filesize":70536,"url":"https:\/\/hansenimoveis.com\/wp-content\/uploads\/2024\/11\/Mansao-a-venda-70-m-do-mar-na-Praia-do-Forte-946-818x417.jpg"},"agent-image":{"file":"Mansao-a-venda-70-m-do-mar-na-Praia-do-Forte-946-210x210.jpg","width":210,"height":210,"mime-type":"image\/jpeg","filesize":11117,"url":"https:\/\/hansenimoveis.com\/wp-content\/uploads\/2024\/11\/Mansao-a-venda-70-m-do-mar-na-Praia-do-Forte-946-210x210.jpg"},"partners-logo":{"file":"Mansao-a-venda-70-m-do-mar-na-Praia-do-Forte-946-600x725.jpg","width":600,"height":725,"mime-type":"image\/jpeg","filesize":89400,"url":"https:\/\/hansenimoveis.com\/wp-content\/uploads\/2024\/11\/Mansao-a-venda-70-m-do-mar-na-Praia-do-Forte-946-600x725.jpg"},"post-featured-image":{"file":"Mansao-a-venda-70-m-do-mar-na-Praia-do-Forte-946-1240x720.jpg","width":1240,"height":720,"mime-type":"image\/jpeg","filesize":152007,"url":"https:\/\/hansenimoveis.com\/wp-content\/uploads\/2024\/11\/Mansao-a-venda-70-m-do-mar-na-Praia-do-Forte-946-1240x720.jpg"}},"image_meta":{"aperture":"7.1","credit":"Rodrigo Melo","camera":"Canon EOS 5D Mark IV","caption":"","created_timestamp":"1704925067","copyright":"Rodrigo Melo","focal_length":"16","iso":"200","shutter_speed":"0.4","title":"","orientation":"0","keywords":[]},"ID":"186480","name":"Mansao-a-venda-70-m-do-mar-na-Praia-do-Forte-946.jpg","path":"\/home\/hansenimoveis.com\/public_html\/wp-content\/uploads\/2024\/11\/Mansao-a-venda-70-m-do-mar-na-Praia-do-Forte-946.jpg","url":"https:\/\/hansenimoveis.com\/wp-content\/uploads\/2024\/11\/Mansao-a-venda-70-m-do-mar-na-Praia-do-Forte-946-150x150.jpg","full_url":"https:\/\/hansenimoveis.com\/wp-content\/uploads\/2024\/11\/Mansao-a-venda-70-m-do-mar-na-Praia-do-Forte-946.jpg","title":"Mansa\u0303o a\u0301 venda 70 m do mar na Praia do Forte-946","caption":"","description":"","alt":"","srcset":"https:\/\/hansenimoveis.com\/wp-content\/uploads\/2024\/11\/Mansao-a-venda-70-m-do-mar-na-Praia-do-Forte-946-150x150.jpg 150w, https:\/\/hansenimoveis.com\/wp-content\/uploads\/2024\/11\/Mansao-a-venda-70-m-do-mar-na-Praia-do-Forte-946-210x210.jpg 210w"},{"width":150,"height":150,"file":"2024\/11\/Mansao-a-venda-70-m-do-mar-na-Praia-do-Forte-927.jpg","filesize":841643,"sizes":{"thumbnail":{"file":"Mansao-a-venda-70-m-do-mar-na-Praia-do-Forte-927-150x150.jpg","width":150,"height":150,"mime-type":"image\/jpeg","filesize":7344,"url":"https:\/\/hansenimoveis.com\/wp-content\/uploads\/2024\/11\/Mansao-a-venda-70-m-do-mar-na-Praia-do-Forte-927-150x150.jpg"},"post-thumbnail":{"file":"Mansao-a-venda-70-m-do-mar-na-Praia-do-Forte-927-150x85.jpg","width":150,"height":85,"mime-type":"image\/jpeg","filesize":5097,"url":"https:\/\/hansenimoveis.com\/wp-content\/uploads\/2024\/11\/Mansao-a-venda-70-m-do-mar-na-Praia-do-Forte-927-150x85.jpg"},"modern-property-child-slider":{"file":"Mansao-a-venda-70-m-do-mar-na-Praia-do-Forte-927-680x510.jpg","width":680,"height":510,"mime-type":"image\/jpeg","filesize":80701,"url":"https:\/\/hansenimoveis.com\/wp-content\/uploads\/2024\/11\/Mansao-a-venda-70-m-do-mar-na-Praia-do-Forte-927-680x510.jpg"},"property-thumb-image":{"file":"Mansao-a-venda-70-m-do-mar-na-Praia-do-Forte-927-488x326.jpg","width":488,"height":326,"mime-type":"image\/jpeg","filesize":41208,"url":"https:\/\/hansenimoveis.com\/wp-content\/uploads\/2024\/11\/Mansao-a-venda-70-m-do-mar-na-Praia-do-Forte-927-488x326.jpg"},"property-detail-video-image":{"file":"Mansao-a-venda-70-m-do-mar-na-Praia-do-Forte-927-818x417.jpg","width":818,"height":417,"mime-type":"image\/jpeg","filesize":86258,"url":"https:\/\/hansenimoveis.com\/wp-content\/uploads\/2024\/11\/Mansao-a-venda-70-m-do-mar-na-Praia-do-Forte-927-818x417.jpg"},"agent-image":{"file":"Mansao-a-venda-70-m-do-mar-na-Praia-do-Forte-927-210x210.jpg","width":210,"height":210,"mime-type":"image\/jpeg","filesize":12942,"url":"https:\/\/hansenimoveis.com\/wp-content\/uploads\/2024\/11\/Mansao-a-venda-70-m-do-mar-na-Praia-do-Forte-927-210x210.jpg"},"partners-logo":{"file":"Mansao-a-venda-70-m-do-mar-na-Praia-do-Forte-927-600x725.jpg","width":600,"height":725,"mime-type":"image\/jpeg","filesize":106363,"url":"https:\/\/hansenimoveis.com\/wp-content\/uploads\/2024\/11\/Mansao-a-venda-70-m-do-mar-na-Praia-do-Forte-927-600x725.jpg"},"post-featured-image":{"file":"Mansao-a-venda-70-m-do-mar-na-Praia-do-Forte-927-1240x720.jpg","width":1240,"height":720,"mime-type":"image\/jpeg","filesize":189690,"url":"https:\/\/hansenimoveis.com\/wp-content\/uploads\/2024\/11\/Mansao-a-venda-70-m-do-mar-na-Praia-do-Forte-927-1240x720.jpg"}},"image_meta":{"aperture":"7.1","credit":"Rodrigo Melo","camera":"Canon EOS 5D Mark IV","caption":"","created_timestamp":"1704922198","copyright":"Rodrigo Melo","focal_length":"16","iso":"200","shutter_speed":"0.066666666666667","title":"","orientation":"0","keywords":[]},"ID":"186408","name":"Mansao-a-venda-70-m-do-mar-na-Praia-do-Forte-927.jpg","path":"\/home\/hansenimoveis.com\/public_html\/wp-content\/uploads\/2024\/11\/Mansao-a-venda-70-m-do-mar-na-Praia-do-Forte-927.jpg","url":"https:\/\/hansenimoveis.com\/wp-content\/uploads\/2024\/11\/Mansao-a-venda-70-m-do-mar-na-Praia-do-Forte-927-150x150.jpg","full_url":"https:\/\/hansenimoveis.com\/wp-content\/uploads\/2024\/11\/Mansao-a-venda-70-m-do-mar-na-Praia-do-Forte-927.jpg","title":"Mansa\u0303o a\u0301 venda 70 m do mar na Praia do Forte-927","caption":"","description":"","alt":"","srcset":"https:\/\/hansenimoveis.com\/wp-content\/uploads\/2024\/11\/Mansao-a-venda-70-m-do-mar-na-Praia-do-Forte-927-150x150.jpg 150w, https:\/\/hansenimoveis.com\/wp-content\/uploads\/2024\/11\/Mansao-a-venda-70-m-do-mar-na-Praia-do-Forte-927-210x210.jpg 210w"},{"width":150,"height":150,"file":"2024\/11\/Mansao-a-venda-70-m-do-mar-na-Praia-do-Forte-930.jpg","filesize":777820,"sizes":{"thumbnail":{"file":"Mansao-a-venda-70-m-do-mar-na-Praia-do-Forte-930-150x150.jpg","width":150,"height":150,"mime-type":"image\/jpeg","filesize":7656,"url":"https:\/\/hansenimoveis.com\/wp-content\/uploads\/2024\/11\/Mansao-a-venda-70-m-do-mar-na-Praia-do-Forte-930-150x150.jpg"},"post-thumbnail":{"file":"Mansao-a-venda-70-m-do-mar-na-Praia-do-Forte-930-150x85.jpg","width":150,"height":85,"mime-type":"image\/jpeg","filesize":5083,"url":"https:\/\/hansenimoveis.com\/wp-content\/uploads\/2024\/11\/Mansao-a-venda-70-m-do-mar-na-Praia-do-Forte-930-150x85.jpg"},"modern-property-child-slider":{"file":"Mansao-a-venda-70-m-do-mar-na-Praia-do-Forte-930-680x510.jpg","width":680,"height":510,"mime-type":"image\/jpeg","filesize":73238,"url":"https:\/\/hansenimoveis.com\/wp-content\/uploads\/2024\/11\/Mansao-a-venda-70-m-do-mar-na-Praia-do-Forte-930-680x510.jpg"},"property-thumb-image":{"file":"Mansao-a-venda-70-m-do-mar-na-Praia-do-Forte-930-488x326.jpg","width":488,"height":326,"mime-type":"image\/jpeg","filesize":38924,"url":"https:\/\/hansenimoveis.com\/wp-content\/uploads\/2024\/11\/Mansao-a-venda-70-m-do-mar-na-Praia-do-Forte-930-488x326.jpg"},"property-detail-video-image":{"file":"Mansao-a-venda-70-m-do-mar-na-Praia-do-Forte-930-818x417.jpg","width":818,"height":417,"mime-type":"image\/jpeg","filesize":75745,"url":"https:\/\/hansenimoveis.com\/wp-content\/uploads\/2024\/11\/Mansao-a-venda-70-m-do-mar-na-Praia-do-Forte-930-818x417.jpg"},"agent-image":{"file":"Mansao-a-venda-70-m-do-mar-na-Praia-do-Forte-930-210x210.jpg","width":210,"height":210,"mime-type":"image\/jpeg","filesize":12965,"url":"https:\/\/hansenimoveis.com\/wp-content\/uploads\/2024\/11\/Mansao-a-venda-70-m-do-mar-na-Praia-do-Forte-930-210x210.jpg"},"partners-logo":{"file":"Mansao-a-venda-70-m-do-mar-na-Praia-do-Forte-930-600x725.jpg","width":600,"height":725,"mime-type":"image\/jpeg","filesize":94562,"url":"https:\/\/hansenimoveis.com\/wp-content\/uploads\/2024\/11\/Mansao-a-venda-70-m-do-mar-na-Praia-do-Forte-930-600x725.jpg"},"post-featured-image":{"file":"Mansao-a-venda-70-m-do-mar-na-Praia-do-Forte-930-1240x720.jpg","width":1240,"height":720,"mime-type":"image\/jpeg","filesize":165262,"url":"https:\/\/hansenimoveis.com\/wp-content\/uploads\/2024\/11\/Mansao-a-venda-70-m-do-mar-na-Praia-do-Forte-930-1240x720.jpg"}},"image_meta":{"aperture":"7.1","credit":"Rodrigo Melo","camera":"Canon EOS 5D Mark IV","caption":"","created_timestamp":"1704922588","copyright":"Rodrigo Melo","focal_length":"16","iso":"200","shutter_speed":"0.16666666666667","title":"","orientation":"0","keywords":[]},"ID":"186420","name":"Mansao-a-venda-70-m-do-mar-na-Praia-do-Forte-930.jpg","path":"\/home\/hansenimoveis.com\/public_html\/wp-content\/uploads\/2024\/11\/Mansao-a-venda-70-m-do-mar-na-Praia-do-Forte-930.jpg","url":"https:\/\/hansenimoveis.com\/wp-content\/uploads\/2024\/11\/Mansao-a-venda-70-m-do-mar-na-Praia-do-Forte-930-150x150.jpg","full_url":"https:\/\/hansenimoveis.com\/wp-content\/uploads\/2024\/11\/Mansao-a-venda-70-m-do-mar-na-Praia-do-Forte-930.jpg","title":"Mansa\u0303o a\u0301 venda 70 m do mar na Praia do Forte-930","caption":"","description":"","alt":"","srcset":"https:\/\/hansenimoveis.com\/wp-content\/uploads\/2024\/11\/Mansao-a-venda-70-m-do-mar-na-Praia-do-Forte-930-150x150.jpg 150w, https:\/\/hansenimoveis.com\/wp-content\/uploads\/2024\/11\/Mansao-a-venda-70-m-do-mar-na-Praia-do-Forte-930-210x210.jpg 210w"},{"width":150,"height":150,"file":"2024\/11\/Mansao-a-venda-70-m-do-mar-na-Praia-do-Forte-928.jpg","filesize":684210,"sizes":{"thumbnail":{"file":"Mansao-a-venda-70-m-do-mar-na-Praia-do-Forte-928-150x150.jpg","width":150,"height":150,"mime-type":"image\/jpeg","filesize":8487,"url":"https:\/\/hansenimoveis.com\/wp-content\/uploads\/2024\/11\/Mansao-a-venda-70-m-do-mar-na-Praia-do-Forte-928-150x150.jpg"},"post-thumbnail":{"file":"Mansao-a-venda-70-m-do-mar-na-Praia-do-Forte-928-150x85.jpg","width":150,"height":85,"mime-type":"image\/jpeg","filesize":5005,"url":"https:\/\/hansenimoveis.com\/wp-content\/uploads\/2024\/11\/Mansao-a-venda-70-m-do-mar-na-Praia-do-Forte-928-150x85.jpg"},"modern-property-child-slider":{"file":"Mansao-a-venda-70-m-do-mar-na-Praia-do-Forte-928-680x510.jpg","width":680,"height":510,"mime-type":"image\/jpeg","filesize":83346,"url":"https:\/\/hansenimoveis.com\/wp-content\/uploads\/2024\/11\/Mansao-a-venda-70-m-do-mar-na-Praia-do-Forte-928-680x510.jpg"},"property-thumb-image":{"file":"Mansao-a-venda-70-m-do-mar-na-Praia-do-Forte-928-488x326.jpg","width":488,"height":326,"mime-type":"image\/jpeg","filesize":41287,"url":"https:\/\/hansenimoveis.com\/wp-content\/uploads\/2024\/11\/Mansao-a-venda-70-m-do-mar-na-Praia-do-Forte-928-488x326.jpg"},"property-detail-video-image":{"file":"Mansao-a-venda-70-m-do-mar-na-Praia-do-Forte-928-818x417.jpg","width":818,"height":417,"mime-type":"image\/jpeg","filesize":81190,"url":"https:\/\/hansenimoveis.com\/wp-content\/uploads\/2024\/11\/Mansao-a-venda-70-m-do-mar-na-Praia-do-Forte-928-818x417.jpg"},"agent-image":{"file":"Mansao-a-venda-70-m-do-mar-na-Praia-do-Forte-928-210x210.jpg","width":210,"height":210,"mime-type":"image\/jpeg","filesize":14967,"url":"https:\/\/hansenimoveis.com\/wp-content\/uploads\/2024\/11\/Mansao-a-venda-70-m-do-mar-na-Praia-do-Forte-928-210x210.jpg"},"partners-logo":{"file":"Mansao-a-venda-70-m-do-mar-na-Praia-do-Forte-928-600x725.jpg","width":600,"height":725,"mime-type":"image\/jpeg","filesize":112050,"url":"https:\/\/hansenimoveis.com\/wp-content\/uploads\/2024\/11\/Mansao-a-venda-70-m-do-mar-na-Praia-do-Forte-928-600x725.jpg"},"post-featured-image":{"file":"Mansao-a-venda-70-m-do-mar-na-Praia-do-Forte-928-1240x720.jpg","width":1240,"height":720,"mime-type":"image\/jpeg","filesize":177149,"url":"https:\/\/hansenimoveis.com\/wp-content\/uploads\/2024\/11\/Mansao-a-venda-70-m-do-mar-na-Praia-do-Forte-928-1240x720.jpg"}},"image_meta":{"aperture":"7.1","credit":"Rodrigo Melo","camera":"Canon EOS 5D Mark IV","caption":"","created_timestamp":"1704922380","copyright":"Rodrigo Melo","focal_length":"16","iso":"200","shutter_speed":"0.2","title":"","orientation":"0","keywords":[]},"ID":"186412","name":"Mansao-a-venda-70-m-do-mar-na-Praia-do-Forte-928.jpg","path":"\/home\/hansenimoveis.com\/public_html\/wp-content\/uploads\/2024\/11\/Mansao-a-venda-70-m-do-mar-na-Praia-do-Forte-928.jpg","url":"https:\/\/hansenimoveis.com\/wp-content\/uploads\/2024\/11\/Mansao-a-venda-70-m-do-mar-na-Praia-do-Forte-928-150x150.jpg","full_url":"https:\/\/hansenimoveis.com\/wp-content\/uploads\/2024\/11\/Mansao-a-venda-70-m-do-mar-na-Praia-do-Forte-928.jpg","title":"Mansa\u0303o a\u0301 venda 70 m do mar na Praia do Forte-928","caption":"","description":"","alt":"","srcset":"https:\/\/hansenimoveis.com\/wp-content\/uploads\/2024\/11\/Mansao-a-venda-70-m-do-mar-na-Praia-do-Forte-928-150x150.jpg 150w, https:\/\/hansenimoveis.com\/wp-content\/uploads\/2024\/11\/Mansao-a-venda-70-m-do-mar-na-Praia-do-Forte-928-210x210.jpg 210w"},{"width":150,"height":150,"file":"2024\/11\/Mansao-a-venda-70-m-do-mar-na-Praia-do-Forte-939.jpg","filesize":726611,"sizes":{"thumbnail":{"file":"Mansao-a-venda-70-m-do-mar-na-Praia-do-Forte-939-150x150.jpg","width":150,"height":150,"mime-type":"image\/jpeg","filesize":6887,"url":"https:\/\/hansenimoveis.com\/wp-content\/uploads\/2024\/11\/Mansao-a-venda-70-m-do-mar-na-Praia-do-Forte-939-150x150.jpg"},"post-thumbnail":{"file":"Mansao-a-venda-70-m-do-mar-na-Praia-do-Forte-939-150x85.jpg","width":150,"height":85,"mime-type":"image\/jpeg","filesize":4756,"url":"https:\/\/hansenimoveis.com\/wp-content\/uploads\/2024\/11\/Mansao-a-venda-70-m-do-mar-na-Praia-do-Forte-939-150x85.jpg"},"modern-property-child-slider":{"file":"Mansao-a-venda-70-m-do-mar-na-Praia-do-Forte-939-680x510.jpg","width":680,"height":510,"mime-type":"image\/jpeg","filesize":69699,"url":"https:\/\/hansenimoveis.com\/wp-content\/uploads\/2024\/11\/Mansao-a-venda-70-m-do-mar-na-Praia-do-Forte-939-680x510.jpg"},"property-thumb-image":{"file":"Mansao-a-venda-70-m-do-mar-na-Praia-do-Forte-939-488x326.jpg","width":488,"height":326,"mime-type":"image\/jpeg","filesize":36986,"url":"https:\/\/hansenimoveis.com\/wp-content\/uploads\/2024\/11\/Mansao-a-venda-70-m-do-mar-na-Praia-do-Forte-939-488x326.jpg"},"property-detail-video-image":{"file":"Mansao-a-venda-70-m-do-mar-na-Praia-do-Forte-939-818x417.jpg","width":818,"height":417,"mime-type":"image\/jpeg","filesize":79503,"url":"https:\/\/hansenimoveis.com\/wp-content\/uploads\/2024\/11\/Mansao-a-venda-70-m-do-mar-na-Praia-do-Forte-939-818x417.jpg"},"agent-image":{"file":"Mansao-a-venda-70-m-do-mar-na-Praia-do-Forte-939-210x210.jpg","width":210,"height":210,"mime-type":"image\/jpeg","filesize":11812,"url":"https:\/\/hansenimoveis.com\/wp-content\/uploads\/2024\/11\/Mansao-a-venda-70-m-do-mar-na-Praia-do-Forte-939-210x210.jpg"},"partners-logo":{"file":"Mansao-a-venda-70-m-do-mar-na-Praia-do-Forte-939-600x725.jpg","width":600,"height":725,"mime-type":"image\/jpeg","filesize":88474,"url":"https:\/\/hansenimoveis.com\/wp-content\/uploads\/2024\/11\/Mansao-a-venda-70-m-do-mar-na-Praia-do-Forte-939-600x725.jpg"},"post-featured-image":{"file":"Mansao-a-venda-70-m-do-mar-na-Praia-do-Forte-939-1240x720.jpg","width":1240,"height":720,"mime-type":"image\/jpeg","filesize":170641,"url":"https:\/\/hansenimoveis.com\/wp-content\/uploads\/2024\/11\/Mansao-a-venda-70-m-do-mar-na-Praia-do-Forte-939-1240x720.jpg"}},"image_meta":{"aperture":"7.1","credit":"Rodrigo Melo","camera":"Canon EOS 5D Mark IV","caption":"","created_timestamp":"1704924006","copyright":"Rodrigo Melo","focal_length":"16","iso":"400","shutter_speed":"0.3","title":"","orientation":"0","keywords":[]},"ID":"186452","name":"Mansao-a-venda-70-m-do-mar-na-Praia-do-Forte-939.jpg","path":"\/home\/hansenimoveis.com\/public_html\/wp-content\/uploads\/2024\/11\/Mansao-a-venda-70-m-do-mar-na-Praia-do-Forte-939.jpg","url":"https:\/\/hansenimoveis.com\/wp-content\/uploads\/2024\/11\/Mansao-a-venda-70-m-do-mar-na-Praia-do-Forte-939-150x150.jpg","full_url":"https:\/\/hansenimoveis.com\/wp-content\/uploads\/2024\/11\/Mansao-a-venda-70-m-do-mar-na-Praia-do-Forte-939.jpg","title":"Mansa\u0303o a\u0301 venda 70 m do mar na Praia do Forte-939","caption":"","description":"","alt":"","srcset":"https:\/\/hansenimoveis.com\/wp-content\/uploads\/2024\/11\/Mansao-a-venda-70-m-do-mar-na-Praia-do-Forte-939-150x150.jpg 150w, https:\/\/hansenimoveis.com\/wp-content\/uploads\/2024\/11\/Mansao-a-venda-70-m-do-mar-na-Praia-do-Forte-939-210x210.jpg 210w"},{"width":150,"height":150,"file":"2024\/11\/Mansao-a-venda-70-m-do-mar-na-Praia-do-Forte-945.jpg","filesize":679438,"sizes":{"thumbnail":{"file":"Mansao-a-venda-70-m-do-mar-na-Praia-do-Forte-945-150x150.jpg","width":150,"height":150,"mime-type":"image\/jpeg","filesize":7297,"url":"https:\/\/hansenimoveis.com\/wp-content\/uploads\/2024\/11\/Mansao-a-venda-70-m-do-mar-na-Praia-do-Forte-945-150x150.jpg"},"post-thumbnail":{"file":"Mansao-a-venda-70-m-do-mar-na-Praia-do-Forte-945-150x85.jpg","width":150,"height":85,"mime-type":"image\/jpeg","filesize":5067,"url":"https:\/\/hansenimoveis.com\/wp-content\/uploads\/2024\/11\/Mansao-a-venda-70-m-do-mar-na-Praia-do-Forte-945-150x85.jpg"},"modern-property-child-slider":{"file":"Mansao-a-venda-70-m-do-mar-na-Praia-do-Forte-945-680x510.jpg","width":680,"height":510,"mime-type":"image\/jpeg","filesize":68989,"url":"https:\/\/hansenimoveis.com\/wp-content\/uploads\/2024\/11\/Mansao-a-venda-70-m-do-mar-na-Praia-do-Forte-945-680x510.jpg"},"property-thumb-image":{"file":"Mansao-a-venda-70-m-do-mar-na-Praia-do-Forte-945-488x326.jpg","width":488,"height":326,"mime-type":"image\/jpeg","filesize":37338,"url":"https:\/\/hansenimoveis.com\/wp-content\/uploads\/2024\/11\/Mansao-a-venda-70-m-do-mar-na-Praia-do-Forte-945-488x326.jpg"},"property-detail-video-image":{"file":"Mansao-a-venda-70-m-do-mar-na-Praia-do-Forte-945-818x417.jpg","width":818,"height":417,"mime-type":"image\/jpeg","filesize":73769,"url":"https:\/\/hansenimoveis.com\/wp-content\/uploads\/2024\/11\/Mansao-a-venda-70-m-do-mar-na-Praia-do-Forte-945-818x417.jpg"},"agent-image":{"file":"Mansao-a-venda-70-m-do-mar-na-Praia-do-Forte-945-210x210.jpg","width":210,"height":210,"mime-type":"image\/jpeg","filesize":12661,"url":"https:\/\/hansenimoveis.com\/wp-content\/uploads\/2024\/11\/Mansao-a-venda-70-m-do-mar-na-Praia-do-Forte-945-210x210.jpg"},"partners-logo":{"file":"Mansao-a-venda-70-m-do-mar-na-Praia-do-Forte-945-600x725.jpg","width":600,"height":725,"mime-type":"image\/jpeg","filesize":88082,"url":"https:\/\/hansenimoveis.com\/wp-content\/uploads\/2024\/11\/Mansao-a-venda-70-m-do-mar-na-Praia-do-Forte-945-600x725.jpg"},"post-featured-image":{"file":"Mansao-a-venda-70-m-do-mar-na-Praia-do-Forte-945-1240x720.jpg","width":1240,"height":720,"mime-type":"image\/jpeg","filesize":154457,"url":"https:\/\/hansenimoveis.com\/wp-content\/uploads\/2024\/11\/Mansao-a-venda-70-m-do-mar-na-Praia-do-Forte-945-1240x720.jpg"}},"image_meta":{"aperture":"7.1","credit":"Rodrigo Melo","camera":"Canon EOS 5D Mark IV","caption":"","created_timestamp":"1704925015","copyright":"Rodrigo Melo","focal_length":"16","iso":"200","shutter_speed":"0.6","title":"","orientation":"0","keywords":[]},"ID":"186476","name":"Mansao-a-venda-70-m-do-mar-na-Praia-do-Forte-945.jpg","path":"\/home\/hansenimoveis.com\/public_html\/wp-content\/uploads\/2024\/11\/Mansao-a-venda-70-m-do-mar-na-Praia-do-Forte-945.jpg","url":"https:\/\/hansenimoveis.com\/wp-content\/uploads\/2024\/11\/Mansao-a-venda-70-m-do-mar-na-Praia-do-Forte-945-150x150.jpg","full_url":"https:\/\/hansenimoveis.com\/wp-content\/uploads\/2024\/11\/Mansao-a-venda-70-m-do-mar-na-Praia-do-Forte-945.jpg","title":"Mansa\u0303o a\u0301 venda 70 m do mar na Praia do Forte-945","caption":"","description":"","alt":"","srcset":"https:\/\/hansenimoveis.com\/wp-content\/uploads\/2024\/11\/Mansao-a-venda-70-m-do-mar-na-Praia-do-Forte-945-150x150.jpg 150w, https:\/\/hansenimoveis.com\/wp-content\/uploads\/2024\/11\/Mansao-a-venda-70-m-do-mar-na-Praia-do-Forte-945-210x210.jpg 210w"},{"width":150,"height":150,"file":"2024\/11\/Mansao-a-venda-70-m-do-mar-na-Praia-do-Forte-938.jpg","filesize":810196,"sizes":{"thumbnail":{"file":"Mansao-a-venda-70-m-do-mar-na-Praia-do-Forte-938-150x150.jpg","width":150,"height":150,"mime-type":"image\/jpeg","filesize":7901,"url":"https:\/\/hansenimoveis.com\/wp-content\/uploads\/2024\/11\/Mansao-a-venda-70-m-do-mar-na-Praia-do-Forte-938-150x150.jpg"},"post-thumbnail":{"file":"Mansao-a-venda-70-m-do-mar-na-Praia-do-Forte-938-150x85.jpg","width":150,"height":85,"mime-type":"image\/jpeg","filesize":4988,"url":"https:\/\/hansenimoveis.com\/wp-content\/uploads\/2024\/11\/Mansao-a-venda-70-m-do-mar-na-Praia-do-Forte-938-150x85.jpg"},"modern-property-child-slider":{"file":"Mansao-a-venda-70-m-do-mar-na-Praia-do-Forte-938-680x510.jpg","width":680,"height":510,"mime-type":"image\/jpeg","filesize":78893,"url":"https:\/\/hansenimoveis.com\/wp-content\/uploads\/2024\/11\/Mansao-a-venda-70-m-do-mar-na-Praia-do-Forte-938-680x510.jpg"},"property-thumb-image":{"file":"Mansao-a-venda-70-m-do-mar-na-Praia-do-Forte-938-488x326.jpg","width":488,"height":326,"mime-type":"image\/jpeg","filesize":39540,"url":"https:\/\/hansenimoveis.com\/wp-content\/uploads\/2024\/11\/Mansao-a-venda-70-m-do-mar-na-Praia-do-Forte-938-488x326.jpg"},"property-detail-video-image":{"file":"Mansao-a-venda-70-m-do-mar-na-Praia-do-Forte-938-818x417.jpg","width":818,"height":417,"mime-type":"image\/jpeg","filesize":81578,"url":"https:\/\/hansenimoveis.com\/wp-content\/uploads\/2024\/11\/Mansao-a-venda-70-m-do-mar-na-Praia-do-Forte-938-818x417.jpg"},"agent-image":{"file":"Mansao-a-venda-70-m-do-mar-na-Praia-do-Forte-938-210x210.jpg","width":210,"height":210,"mime-type":"image\/jpeg","filesize":13924,"url":"https:\/\/hansenimoveis.com\/wp-content\/uploads\/2024\/11\/Mansao-a-venda-70-m-do-mar-na-Praia-do-Forte-938-210x210.jpg"},"partners-logo":{"file":"Mansao-a-venda-70-m-do-mar-na-Praia-do-Forte-938-600x725.jpg","width":600,"height":725,"mime-type":"image\/jpeg","filesize":109706,"url":"https:\/\/hansenimoveis.com\/wp-content\/uploads\/2024\/11\/Mansao-a-venda-70-m-do-mar-na-Praia-do-Forte-938-600x725.jpg"},"post-featured-image":{"file":"Mansao-a-venda-70-m-do-mar-na-Praia-do-Forte-938-1240x720.jpg","width":1240,"height":720,"mime-type":"image\/jpeg","filesize":175322,"url":"https:\/\/hansenimoveis.com\/wp-content\/uploads\/2024\/11\/Mansao-a-venda-70-m-do-mar-na-Praia-do-Forte-938-1240x720.jpg"}},"image_meta":{"aperture":"7.1","credit":"Rodrigo Melo","camera":"Canon EOS 5D Mark IV","caption":"","created_timestamp":"1704923926","copyright":"Rodrigo Melo","focal_length":"16","iso":"400","shutter_speed":"0.4","title":"","orientation":"0","keywords":[]},"ID":"186448","name":"Mansao-a-venda-70-m-do-mar-na-Praia-do-Forte-938.jpg","path":"\/home\/hansenimoveis.com\/public_html\/wp-content\/uploads\/2024\/11\/Mansao-a-venda-70-m-do-mar-na-Praia-do-Forte-938.jpg","url":"https:\/\/hansenimoveis.com\/wp-content\/uploads\/2024\/11\/Mansao-a-venda-70-m-do-mar-na-Praia-do-Forte-938-150x150.jpg","full_url":"https:\/\/hansenimoveis.com\/wp-content\/uploads\/2024\/11\/Mansao-a-venda-70-m-do-mar-na-Praia-do-Forte-938.jpg","title":"Mansa\u0303o a\u0301 venda 70 m do mar na Praia do Forte-938","caption":"","description":"","alt":"","srcset":"https:\/\/hansenimoveis.com\/wp-content\/uploads\/2024\/11\/Mansao-a-venda-70-m-do-mar-na-Praia-do-Forte-938-150x150.jpg 150w, https:\/\/hansenimoveis.com\/wp-content\/uploads\/2024\/11\/Mansao-a-venda-70-m-do-mar-na-Praia-do-Forte-938-210x210.jpg 210w"},{"width":150,"height":150,"file":"2024\/11\/Mansao-a-venda-70-m-do-mar-na-Praia-do-Forte-929.jpg","filesize":643460,"sizes":{"thumbnail":{"file":"Mansao-a-venda-70-m-do-mar-na-Praia-do-Forte-929-150x150.jpg","width":150,"height":150,"mime-type":"image\/jpeg","filesize":6724,"url":"https:\/\/hansenimoveis.com\/wp-content\/uploads\/2024\/11\/Mansao-a-venda-70-m-do-mar-na-Praia-do-Forte-929-150x150.jpg"},"post-thumbnail":{"file":"Mansao-a-venda-70-m-do-mar-na-Praia-do-Forte-929-150x85.jpg","width":150,"height":85,"mime-type":"image\/jpeg","filesize":4339,"url":"https:\/\/hansenimoveis.com\/wp-content\/uploads\/2024\/11\/Mansao-a-venda-70-m-do-mar-na-Praia-do-Forte-929-150x85.jpg"},"modern-property-child-slider":{"file":"Mansao-a-venda-70-m-do-mar-na-Praia-do-Forte-929-680x510.jpg","width":680,"height":510,"mime-type":"image\/jpeg","filesize":74360,"url":"https:\/\/hansenimoveis.com\/wp-content\/uploads\/2024\/11\/Mansao-a-venda-70-m-do-mar-na-Praia-do-Forte-929-680x510.jpg"},"property-thumb-image":{"file":"Mansao-a-venda-70-m-do-mar-na-Praia-do-Forte-929-488x326.jpg","width":488,"height":326,"mime-type":"image\/jpeg","filesize":36362,"url":"https:\/\/hansenimoveis.com\/wp-content\/uploads\/2024\/11\/Mansao-a-venda-70-m-do-mar-na-Praia-do-Forte-929-488x326.jpg"},"property-detail-video-image":{"file":"Mansao-a-venda-70-m-do-mar-na-Praia-do-Forte-929-818x417.jpg","width":818,"height":417,"mime-type":"image\/jpeg","filesize":70661,"url":"https:\/\/hansenimoveis.com\/wp-content\/uploads\/2024\/11\/Mansao-a-venda-70-m-do-mar-na-Praia-do-Forte-929-818x417.jpg"},"agent-image":{"file":"Mansao-a-venda-70-m-do-mar-na-Praia-do-Forte-929-210x210.jpg","width":210,"height":210,"mime-type":"image\/jpeg","filesize":11837,"url":"https:\/\/hansenimoveis.com\/wp-content\/uploads\/2024\/11\/Mansao-a-venda-70-m-do-mar-na-Praia-do-Forte-929-210x210.jpg"},"partners-logo":{"file":"Mansao-a-venda-70-m-do-mar-na-Praia-do-Forte-929-600x725.jpg","width":600,"height":725,"mime-type":"image\/jpeg","filesize":104388,"url":"https:\/\/hansenimoveis.com\/wp-content\/uploads\/2024\/11\/Mansao-a-venda-70-m-do-mar-na-Praia-do-Forte-929-600x725.jpg"},"post-featured-image":{"file":"Mansao-a-venda-70-m-do-mar-na-Praia-do-Forte-929-1240x720.jpg","width":1240,"height":720,"mime-type":"image\/jpeg","filesize":167656,"url":"https:\/\/hansenimoveis.com\/wp-content\/uploads\/2024\/11\/Mansao-a-venda-70-m-do-mar-na-Praia-do-Forte-929-1240x720.jpg"}},"image_meta":{"aperture":"7.1","credit":"Rodrigo Melo","camera":"Canon EOS 5D Mark IV","caption":"","created_timestamp":"1704922466","copyright":"Rodrigo Melo","focal_length":"16","iso":"200","shutter_speed":"0.3","title":"","orientation":"0","keywords":[]},"ID":"186416","name":"Mansao-a-venda-70-m-do-mar-na-Praia-do-Forte-929.jpg","path":"\/home\/hansenimoveis.com\/public_html\/wp-content\/uploads\/2024\/11\/Mansao-a-venda-70-m-do-mar-na-Praia-do-Forte-929.jpg","url":"https:\/\/hansenimoveis.com\/wp-content\/uploads\/2024\/11\/Mansao-a-venda-70-m-do-mar-na-Praia-do-Forte-929-150x150.jpg","full_url":"https:\/\/hansenimoveis.com\/wp-content\/uploads\/2024\/11\/Mansao-a-venda-70-m-do-mar-na-Praia-do-Forte-929.jpg","title":"Mansa\u0303o a\u0301 venda 70 m do mar na Praia do Forte-929","caption":"","description":"","alt":"","srcset":"https:\/\/hansenimoveis.com\/wp-content\/uploads\/2024\/11\/Mansao-a-venda-70-m-do-mar-na-Praia-do-Forte-929-150x150.jpg 150w, https:\/\/hansenimoveis.com\/wp-content\/uploads\/2024\/11\/Mansao-a-venda-70-m-do-mar-na-Praia-do-Forte-929-210x210.jpg 210w"},{"width":150,"height":150,"file":"2024\/11\/Mansao-a-venda-70-m-do-mar-na-Praia-do-Forte-926.jpg","filesize":562787,"sizes":{"thumbnail":{"file":"Mansao-a-venda-70-m-do-mar-na-Praia-do-Forte-926-150x150.jpg","width":150,"height":150,"mime-type":"image\/jpeg","filesize":6194,"url":"https:\/\/hansenimoveis.com\/wp-content\/uploads\/2024\/11\/Mansao-a-venda-70-m-do-mar-na-Praia-do-Forte-926-150x150.jpg"},"post-thumbnail":{"file":"Mansao-a-venda-70-m-do-mar-na-Praia-do-Forte-926-150x85.jpg","width":150,"height":85,"mime-type":"image\/jpeg","filesize":4318,"url":"https:\/\/hansenimoveis.com\/wp-content\/uploads\/2024\/11\/Mansao-a-venda-70-m-do-mar-na-Praia-do-Forte-926-150x85.jpg"},"modern-property-child-slider":{"file":"Mansao-a-venda-70-m-do-mar-na-Praia-do-Forte-926-680x510.jpg","width":680,"height":510,"mime-type":"image\/jpeg","filesize":61003,"url":"https:\/\/hansenimoveis.com\/wp-content\/uploads\/2024\/11\/Mansao-a-venda-70-m-do-mar-na-Praia-do-Forte-926-680x510.jpg"},"property-thumb-image":{"file":"Mansao-a-venda-70-m-do-mar-na-Praia-do-Forte-926-488x326.jpg","width":488,"height":326,"mime-type":"image\/jpeg","filesize":32128,"url":"https:\/\/hansenimoveis.com\/wp-content\/uploads\/2024\/11\/Mansao-a-venda-70-m-do-mar-na-Praia-do-Forte-926-488x326.jpg"},"property-detail-video-image":{"file":"Mansao-a-venda-70-m-do-mar-na-Praia-do-Forte-926-818x417.jpg","width":818,"height":417,"mime-type":"image\/jpeg","filesize":64411,"url":"https:\/\/hansenimoveis.com\/wp-content\/uploads\/2024\/11\/Mansao-a-venda-70-m-do-mar-na-Praia-do-Forte-926-818x417.jpg"},"agent-image":{"file":"Mansao-a-venda-70-m-do-mar-na-Praia-do-Forte-926-210x210.jpg","width":210,"height":210,"mime-type":"image\/jpeg","filesize":10631,"url":"https:\/\/hansenimoveis.com\/wp-content\/uploads\/2024\/11\/Mansao-a-venda-70-m-do-mar-na-Praia-do-Forte-926-210x210.jpg"},"partners-logo":{"file":"Mansao-a-venda-70-m-do-mar-na-Praia-do-Forte-926-600x725.jpg","width":600,"height":725,"mime-type":"image\/jpeg","filesize":75743,"url":"https:\/\/hansenimoveis.com\/wp-content\/uploads\/2024\/11\/Mansao-a-venda-70-m-do-mar-na-Praia-do-Forte-926-600x725.jpg"},"post-featured-image":{"file":"Mansao-a-venda-70-m-do-mar-na-Praia-do-Forte-926-1240x720.jpg","width":1240,"height":720,"mime-type":"image\/jpeg","filesize":135687,"url":"https:\/\/hansenimoveis.com\/wp-content\/uploads\/2024\/11\/Mansao-a-venda-70-m-do-mar-na-Praia-do-Forte-926-1240x720.jpg"}},"image_meta":{"aperture":"7.1","credit":"Rodrigo Melo","camera":"Canon EOS 5D Mark IV","caption":"","created_timestamp":"1704921737","copyright":"Rodrigo Melo","focal_length":"17","iso":"200","shutter_speed":"0.2","title":"","orientation":"0","keywords":[]},"ID":"186404","name":"Mansao-a-venda-70-m-do-mar-na-Praia-do-Forte-926.jpg","path":"\/home\/hansenimoveis.com\/public_html\/wp-content\/uploads\/2024\/11\/Mansao-a-venda-70-m-do-mar-na-Praia-do-Forte-926.jpg","url":"https:\/\/hansenimoveis.com\/wp-content\/uploads\/2024\/11\/Mansao-a-venda-70-m-do-mar-na-Praia-do-Forte-926-150x150.jpg","full_url":"https:\/\/hansenimoveis.com\/wp-content\/uploads\/2024\/11\/Mansao-a-venda-70-m-do-mar-na-Praia-do-Forte-926.jpg","title":"Mansa\u0303o a\u0301 venda 70 m do mar na Praia do Forte-926","caption":"","description":"","alt":"","srcset":"https:\/\/hansenimoveis.com\/wp-content\/uploads\/2024\/11\/Mansao-a-venda-70-m-do-mar-na-Praia-do-Forte-926-150x150.jpg 150w, https:\/\/hansenimoveis.com\/wp-content\/uploads\/2024\/11\/Mansao-a-venda-70-m-do-mar-na-Praia-do-Forte-926-210x210.jpg 210w"},{"width":150,"height":150,"file":"2024\/11\/Mansao-a-venda-70-m-do-mar-na-Praia-do-Forte-925.jpg","filesize":628365,"sizes":{"thumbnail":{"file":"Mansao-a-venda-70-m-do-mar-na-Praia-do-Forte-925-150x150.jpg","width":150,"height":150,"mime-type":"image\/jpeg","filesize":7291,"url":"https:\/\/hansenimoveis.com\/wp-content\/uploads\/2024\/11\/Mansao-a-venda-70-m-do-mar-na-Praia-do-Forte-925-150x150.jpg"},"post-thumbnail":{"file":"Mansao-a-venda-70-m-do-mar-na-Praia-do-Forte-925-150x85.jpg","width":150,"height":85,"mime-type":"image\/jpeg","filesize":4813,"url":"https:\/\/hansenimoveis.com\/wp-content\/uploads\/2024\/11\/Mansao-a-venda-70-m-do-mar-na-Praia-do-Forte-925-150x85.jpg"},"modern-property-child-slider":{"file":"Mansao-a-venda-70-m-do-mar-na-Praia-do-Forte-925-680x510.jpg","width":680,"height":510,"mime-type":"image\/jpeg","filesize":70256,"url":"https:\/\/hansenimoveis.com\/wp-content\/uploads\/2024\/11\/Mansao-a-venda-70-m-do-mar-na-Praia-do-Forte-925-680x510.jpg"},"property-thumb-image":{"file":"Mansao-a-venda-70-m-do-mar-na-Praia-do-Forte-925-488x326.jpg","width":488,"height":326,"mime-type":"image\/jpeg","filesize":36905,"url":"https:\/\/hansenimoveis.com\/wp-content\/uploads\/2024\/11\/Mansao-a-venda-70-m-do-mar-na-Praia-do-Forte-925-488x326.jpg"},"property-detail-video-image":{"file":"Mansao-a-venda-70-m-do-mar-na-Praia-do-Forte-925-818x417.jpg","width":818,"height":417,"mime-type":"image\/jpeg","filesize":77029,"url":"https:\/\/hansenimoveis.com\/wp-content\/uploads\/2024\/11\/Mansao-a-venda-70-m-do-mar-na-Praia-do-Forte-925-818x417.jpg"},"agent-image":{"file":"Mansao-a-venda-70-m-do-mar-na-Praia-do-Forte-925-210x210.jpg","width":210,"height":210,"mime-type":"image\/jpeg","filesize":12426,"url":"https:\/\/hansenimoveis.com\/wp-content\/uploads\/2024\/11\/Mansao-a-venda-70-m-do-mar-na-Praia-do-Forte-925-210x210.jpg"},"partners-logo":{"file":"Mansao-a-venda-70-m-do-mar-na-Praia-do-Forte-925-600x725.jpg","width":600,"height":725,"mime-type":"image\/jpeg","filesize":91578,"url":"https:\/\/hansenimoveis.com\/wp-content\/uploads\/2024\/11\/Mansao-a-venda-70-m-do-mar-na-Praia-do-Forte-925-600x725.jpg"},"post-featured-image":{"file":"Mansao-a-venda-70-m-do-mar-na-Praia-do-Forte-925-1240x720.jpg","width":1240,"height":720,"mime-type":"image\/jpeg","filesize":169930,"url":"https:\/\/hansenimoveis.com\/wp-content\/uploads\/2024\/11\/Mansao-a-venda-70-m-do-mar-na-Praia-do-Forte-925-1240x720.jpg"}},"image_meta":{"aperture":"7.1","credit":"Rodrigo Melo","camera":"Canon EOS 5D Mark IV","caption":"","created_timestamp":"1704921632","copyright":"Rodrigo Melo","focal_length":"17","iso":"200","shutter_speed":"0.2","title":"","orientation":"0","keywords":[]},"ID":"186400","name":"Mansao-a-venda-70-m-do-mar-na-Praia-do-Forte-925.jpg","path":"\/home\/hansenimoveis.com\/public_html\/wp-content\/uploads\/2024\/11\/Mansao-a-venda-70-m-do-mar-na-Praia-do-Forte-925.jpg","url":"https:\/\/hansenimoveis.com\/wp-content\/uploads\/2024\/11\/Mansao-a-venda-70-m-do-mar-na-Praia-do-Forte-925-150x150.jpg","full_url":"https:\/\/hansenimoveis.com\/wp-content\/uploads\/2024\/11\/Mansao-a-venda-70-m-do-mar-na-Praia-do-Forte-925.jpg","title":"Mansa\u0303o a\u0301 venda 70 m do mar na Praia do Forte-925","caption":"","description":"","alt":"","srcset":"https:\/\/hansenimoveis.com\/wp-content\/uploads\/2024\/11\/Mansao-a-venda-70-m-do-mar-na-Praia-do-Forte-925-150x150.jpg 150w, https:\/\/hansenimoveis.com\/wp-content\/uploads\/2024\/11\/Mansao-a-venda-70-m-do-mar-na-Praia-do-Forte-925-210x210.jpg 210w"},{"width":150,"height":150,"file":"2024\/11\/Mansao-a-venda-70-m-do-mar-na-Praia-do-Forte-924.jpg","filesize":631881,"sizes":{"thumbnail":{"file":"Mansao-a-venda-70-m-do-mar-na-Praia-do-Forte-924-150x150.jpg","width":150,"height":150,"mime-type":"image\/jpeg","filesize":6316,"url":"https:\/\/hansenimoveis.com\/wp-content\/uploads\/2024\/11\/Mansao-a-venda-70-m-do-mar-na-Praia-do-Forte-924-150x150.jpg"},"post-thumbnail":{"file":"Mansao-a-venda-70-m-do-mar-na-Praia-do-Forte-924-150x85.jpg","width":150,"height":85,"mime-type":"image\/jpeg","filesize":4632,"url":"https:\/\/hansenimoveis.com\/wp-content\/uploads\/2024\/11\/Mansao-a-venda-70-m-do-mar-na-Praia-do-Forte-924-150x85.jpg"},"modern-property-child-slider":{"file":"Mansao-a-venda-70-m-do-mar-na-Praia-do-Forte-924-680x510.jpg","width":680,"height":510,"mime-type":"image\/jpeg","filesize":67731,"url":"https:\/\/hansenimoveis.com\/wp-content\/uploads\/2024\/11\/Mansao-a-venda-70-m-do-mar-na-Praia-do-Forte-924-680x510.jpg"},"property-thumb-image":{"file":"Mansao-a-venda-70-m-do-mar-na-Praia-do-Forte-924-488x326.jpg","width":488,"height":326,"mime-type":"image\/jpeg","filesize":35142,"url":"https:\/\/hansenimoveis.com\/wp-content\/uploads\/2024\/11\/Mansao-a-venda-70-m-do-mar-na-Praia-do-Forte-924-488x326.jpg"},"property-detail-video-image":{"file":"Mansao-a-venda-70-m-do-mar-na-Praia-do-Forte-924-818x417.jpg","width":818,"height":417,"mime-type":"image\/jpeg","filesize":72889,"url":"https:\/\/hansenimoveis.com\/wp-content\/uploads\/2024\/11\/Mansao-a-venda-70-m-do-mar-na-Praia-do-Forte-924-818x417.jpg"},"agent-image":{"file":"Mansao-a-venda-70-m-do-mar-na-Praia-do-Forte-924-210x210.jpg","width":210,"height":210,"mime-type":"image\/jpeg","filesize":11006,"url":"https:\/\/hansenimoveis.com\/wp-content\/uploads\/2024\/11\/Mansao-a-venda-70-m-do-mar-na-Praia-do-Forte-924-210x210.jpg"},"partners-logo":{"file":"Mansao-a-venda-70-m-do-mar-na-Praia-do-Forte-924-600x725.jpg","width":600,"height":725,"mime-type":"image\/jpeg","filesize":89883,"url":"https:\/\/hansenimoveis.com\/wp-content\/uploads\/2024\/11\/Mansao-a-venda-70-m-do-mar-na-Praia-do-Forte-924-600x725.jpg"},"post-featured-image":{"file":"Mansao-a-venda-70-m-do-mar-na-Praia-do-Forte-924-1240x720.jpg","width":1240,"height":720,"mime-type":"image\/jpeg","filesize":160587,"url":"https:\/\/hansenimoveis.com\/wp-content\/uploads\/2024\/11\/Mansao-a-venda-70-m-do-mar-na-Praia-do-Forte-924-1240x720.jpg"}},"image_meta":{"aperture":"7.1","credit":"Rodrigo Melo","camera":"Canon EOS 5D Mark IV","caption":"","created_timestamp":"1704921405","copyright":"Rodrigo Melo","focal_length":"16","iso":"200","shutter_speed":"0.2","title":"","orientation":"0","keywords":[]},"ID":"186396","name":"Mansao-a-venda-70-m-do-mar-na-Praia-do-Forte-924.jpg","path":"\/home\/hansenimoveis.com\/public_html\/wp-content\/uploads\/2024\/11\/Mansao-a-venda-70-m-do-mar-na-Praia-do-Forte-924.jpg","url":"https:\/\/hansenimoveis.com\/wp-content\/uploads\/2024\/11\/Mansao-a-venda-70-m-do-mar-na-Praia-do-Forte-924-150x150.jpg","full_url":"https:\/\/hansenimoveis.com\/wp-content\/uploads\/2024\/11\/Mansao-a-venda-70-m-do-mar-na-Praia-do-Forte-924.jpg","title":"Mansa\u0303o a\u0301 venda 70 m do mar na Praia do Forte-924","caption":"","description":"","alt":"","srcset":"https:\/\/hansenimoveis.com\/wp-content\/uploads\/2024\/11\/Mansao-a-venda-70-m-do-mar-na-Praia-do-Forte-924-150x150.jpg 150w, https:\/\/hansenimoveis.com\/wp-content\/uploads\/2024\/11\/Mansao-a-venda-70-m-do-mar-na-Praia-do-Forte-924-210x210.jpg 210w"},{"width":150,"height":150,"file":"2024\/11\/Mansao-a-venda-70-m-do-mar-na-Praia-do-Forte-923.jpg","filesize":578747,"sizes":{"thumbnail":{"file":"Mansao-a-venda-70-m-do-mar-na-Praia-do-Forte-923-150x150.jpg","width":150,"height":150,"mime-type":"image\/jpeg","filesize":6357,"url":"https:\/\/hansenimoveis.com\/wp-content\/uploads\/2024\/11\/Mansao-a-venda-70-m-do-mar-na-Praia-do-Forte-923-150x150.jpg"},"post-thumbnail":{"file":"Mansao-a-venda-70-m-do-mar-na-Praia-do-Forte-923-150x85.jpg","width":150,"height":85,"mime-type":"image\/jpeg","filesize":4438,"url":"https:\/\/hansenimoveis.com\/wp-content\/uploads\/2024\/11\/Mansao-a-venda-70-m-do-mar-na-Praia-do-Forte-923-150x85.jpg"},"modern-property-child-slider":{"file":"Mansao-a-venda-70-m-do-mar-na-Praia-do-Forte-923-680x510.jpg","width":680,"height":510,"mime-type":"image\/jpeg","filesize":68687,"url":"https:\/\/hansenimoveis.com\/wp-content\/uploads\/2024\/11\/Mansao-a-venda-70-m-do-mar-na-Praia-do-Forte-923-680x510.jpg"},"property-thumb-image":{"file":"Mansao-a-venda-70-m-do-mar-na-Praia-do-Forte-923-488x326.jpg","width":488,"height":326,"mime-type":"image\/jpeg","filesize":33984,"url":"https:\/\/hansenimoveis.com\/wp-content\/uploads\/2024\/11\/Mansao-a-venda-70-m-do-mar-na-Praia-do-Forte-923-488x326.jpg"},"property-detail-video-image":{"file":"Mansao-a-venda-70-m-do-mar-na-Praia-do-Forte-923-818x417.jpg","width":818,"height":417,"mime-type":"image\/jpeg","filesize":66902,"url":"https:\/\/hansenimoveis.com\/wp-content\/uploads\/2024\/11\/Mansao-a-venda-70-m-do-mar-na-Praia-do-Forte-923-818x417.jpg"},"agent-image":{"file":"Mansao-a-venda-70-m-do-mar-na-Praia-do-Forte-923-210x210.jpg","width":210,"height":210,"mime-type":"image\/jpeg","filesize":11170,"url":"https:\/\/hansenimoveis.com\/wp-content\/uploads\/2024\/11\/Mansao-a-venda-70-m-do-mar-na-Praia-do-Forte-923-210x210.jpg"},"partners-logo":{"file":"Mansao-a-venda-70-m-do-mar-na-Praia-do-Forte-923-600x725.jpg","width":600,"height":725,"mime-type":"image\/jpeg","filesize":90416,"url":"https:\/\/hansenimoveis.com\/wp-content\/uploads\/2024\/11\/Mansao-a-venda-70-m-do-mar-na-Praia-do-Forte-923-600x725.jpg"},"post-featured-image":{"file":"Mansao-a-venda-70-m-do-mar-na-Praia-do-Forte-923-1240x720.jpg","width":1240,"height":720,"mime-type":"image\/jpeg","filesize":149765,"url":"https:\/\/hansenimoveis.com\/wp-content\/uploads\/2024\/11\/Mansao-a-venda-70-m-do-mar-na-Praia-do-Forte-923-1240x720.jpg"}},"image_meta":{"aperture":"7.1","credit":"Rodrigo Melo","camera":"Canon EOS 5D Mark IV","caption":"","created_timestamp":"1704921318","copyright":"Rodrigo Melo","focal_length":"16","iso":"200","shutter_speed":"0.16666666666667","title":"","orientation":"0","keywords":[]},"ID":"186392","name":"Mansao-a-venda-70-m-do-mar-na-Praia-do-Forte-923.jpg","path":"\/home\/hansenimoveis.com\/public_html\/wp-content\/uploads\/2024\/11\/Mansao-a-venda-70-m-do-mar-na-Praia-do-Forte-923.jpg","url":"https:\/\/hansenimoveis.com\/wp-content\/uploads\/2024\/11\/Mansao-a-venda-70-m-do-mar-na-Praia-do-Forte-923-150x150.jpg","full_url":"https:\/\/hansenimoveis.com\/wp-content\/uploads\/2024\/11\/Mansao-a-venda-70-m-do-mar-na-Praia-do-Forte-923.jpg","title":"Mansa\u0303o a\u0301 venda 70 m do mar na Praia do Forte-923","caption":"","description":"","alt":"","srcset":"https:\/\/hansenimoveis.com\/wp-content\/uploads\/2024\/11\/Mansao-a-venda-70-m-do-mar-na-Praia-do-Forte-923-150x150.jpg 150w, https:\/\/hansenimoveis.com\/wp-content\/uploads\/2024\/11\/Mansao-a-venda-70-m-do-mar-na-Praia-do-Forte-923-210x210.jpg 210w"},{"width":150,"height":150,"file":"2024\/11\/Mansao-a-venda-70-m-do-mar-na-Praia-do-Forte-922.jpg","filesize":646452,"sizes":{"thumbnail":{"file":"Mansao-a-venda-70-m-do-mar-na-Praia-do-Forte-922-150x150.jpg","width":150,"height":150,"mime-type":"image\/jpeg","filesize":6390,"url":"https:\/\/hansenimoveis.com\/wp-content\/uploads\/2024\/11\/Mansao-a-venda-70-m-do-mar-na-Praia-do-Forte-922-150x150.jpg"},"post-thumbnail":{"file":"Mansao-a-venda-70-m-do-mar-na-Praia-do-Forte-922-150x85.jpg","width":150,"height":85,"mime-type":"image\/jpeg","filesize":4622,"url":"https:\/\/hansenimoveis.com\/wp-content\/uploads\/2024\/11\/Mansao-a-venda-70-m-do-mar-na-Praia-do-Forte-922-150x85.jpg"},"modern-property-child-slider":{"file":"Mansao-a-venda-70-m-do-mar-na-Praia-do-Forte-922-680x510.jpg","width":680,"height":510,"mime-type":"image\/jpeg","filesize":68025,"url":"https:\/\/hansenimoveis.com\/wp-content\/uploads\/2024\/11\/Mansao-a-venda-70-m-do-mar-na-Praia-do-Forte-922-680x510.jpg"},"property-thumb-image":{"file":"Mansao-a-venda-70-m-do-mar-na-Praia-do-Forte-922-488x326.jpg","width":488,"height":326,"mime-type":"image\/jpeg","filesize":34949,"url":"https:\/\/hansenimoveis.com\/wp-content\/uploads\/2024\/11\/Mansao-a-venda-70-m-do-mar-na-Praia-do-Forte-922-488x326.jpg"},"property-detail-video-image":{"file":"Mansao-a-venda-70-m-do-mar-na-Praia-do-Forte-922-818x417.jpg","width":818,"height":417,"mime-type":"image\/jpeg","filesize":69881,"url":"https:\/\/hansenimoveis.com\/wp-content\/uploads\/2024\/11\/Mansao-a-venda-70-m-do-mar-na-Praia-do-Forte-922-818x417.jpg"},"agent-image":{"file":"Mansao-a-venda-70-m-do-mar-na-Praia-do-Forte-922-210x210.jpg","width":210,"height":210,"mime-type":"image\/jpeg","filesize":11221,"url":"https:\/\/hansenimoveis.com\/wp-content\/uploads\/2024\/11\/Mansao-a-venda-70-m-do-mar-na-Praia-do-Forte-922-210x210.jpg"},"partners-logo":{"file":"Mansao-a-venda-70-m-do-mar-na-Praia-do-Forte-922-600x725.jpg","width":600,"height":725,"mime-type":"image\/jpeg","filesize":83128,"url":"https:\/\/hansenimoveis.com\/wp-content\/uploads\/2024\/11\/Mansao-a-venda-70-m-do-mar-na-Praia-do-Forte-922-600x725.jpg"},"post-featured-image":{"file":"Mansao-a-venda-70-m-do-mar-na-Praia-do-Forte-922-1240x720.jpg","width":1240,"height":720,"mime-type":"image\/jpeg","filesize":154570,"url":"https:\/\/hansenimoveis.com\/wp-content\/uploads\/2024\/11\/Mansao-a-venda-70-m-do-mar-na-Praia-do-Forte-922-1240x720.jpg"}},"image_meta":{"aperture":"7.1","credit":"Rodrigo Melo","camera":"Canon EOS 5D Mark IV","caption":"","created_timestamp":"1704921169","copyright":"Rodrigo Melo","focal_length":"16","iso":"200","shutter_speed":"0.125","title":"","orientation":"0","keywords":[]},"ID":"186388","name":"Mansao-a-venda-70-m-do-mar-na-Praia-do-Forte-922.jpg","path":"\/home\/hansenimoveis.com\/public_html\/wp-content\/uploads\/2024\/11\/Mansao-a-venda-70-m-do-mar-na-Praia-do-Forte-922.jpg","url":"https:\/\/hansenimoveis.com\/wp-content\/uploads\/2024\/11\/Mansao-a-venda-70-m-do-mar-na-Praia-do-Forte-922-150x150.jpg","full_url":"https:\/\/hansenimoveis.com\/wp-content\/uploads\/2024\/11\/Mansao-a-venda-70-m-do-mar-na-Praia-do-Forte-922.jpg","title":"Mansa\u0303o a\u0301 venda 70 m do mar na Praia do Forte-922","caption":"","description":"","alt":"","srcset":"https:\/\/hansenimoveis.com\/wp-content\/uploads\/2024\/11\/Mansao-a-venda-70-m-do-mar-na-Praia-do-Forte-922-150x150.jpg 150w, https:\/\/hansenimoveis.com\/wp-content\/uploads\/2024\/11\/Mansao-a-venda-70-m-do-mar-na-Praia-do-Forte-922-210x210.jpg 210w"},{"width":150,"height":150,"file":"2024\/11\/Mansao-a-venda-70-m-do-mar-na-Praia-do-Forte-936.jpg","filesize":635886,"sizes":{"thumbnail":{"file":"Mansao-a-venda-70-m-do-mar-na-Praia-do-Forte-936-150x150.jpg","width":150,"height":150,"mime-type":"image\/jpeg","filesize":6961,"url":"https:\/\/hansenimoveis.com\/wp-content\/uploads\/2024\/11\/Mansao-a-venda-70-m-do-mar-na-Praia-do-Forte-936-150x150.jpg"},"post-thumbnail":{"file":"Mansao-a-venda-70-m-do-mar-na-Praia-do-Forte-936-150x85.jpg","width":150,"height":85,"mime-type":"image\/jpeg","filesize":4828,"url":"https:\/\/hansenimoveis.com\/wp-content\/uploads\/2024\/11\/Mansao-a-venda-70-m-do-mar-na-Praia-do-Forte-936-150x85.jpg"},"modern-property-child-slider":{"file":"Mansao-a-venda-70-m-do-mar-na-Praia-do-Forte-936-680x510.jpg","width":680,"height":510,"mime-type":"image\/jpeg","filesize":73253,"url":"https:\/\/hansenimoveis.com\/wp-content\/uploads\/2024\/11\/Mansao-a-venda-70-m-do-mar-na-Praia-do-Forte-936-680x510.jpg"},"property-thumb-image":{"file":"Mansao-a-venda-70-m-do-mar-na-Praia-do-Forte-936-488x326.jpg","width":488,"height":326,"mime-type":"image\/jpeg","filesize":38310,"url":"https:\/\/hansenimoveis.com\/wp-content\/uploads\/2024\/11\/Mansao-a-venda-70-m-do-mar-na-Praia-do-Forte-936-488x326.jpg"},"property-detail-video-image":{"file":"Mansao-a-venda-70-m-do-mar-na-Praia-do-Forte-936-818x417.jpg","width":818,"height":417,"mime-type":"image\/jpeg","filesize":78873,"url":"https:\/\/hansenimoveis.com\/wp-content\/uploads\/2024\/11\/Mansao-a-venda-70-m-do-mar-na-Praia-do-Forte-936-818x417.jpg"},"agent-image":{"file":"Mansao-a-venda-70-m-do-mar-na-Praia-do-Forte-936-210x210.jpg","width":210,"height":210,"mime-type":"image\/jpeg","filesize":12129,"url":"https:\/\/hansenimoveis.com\/wp-content\/uploads\/2024\/11\/Mansao-a-venda-70-m-do-mar-na-Praia-do-Forte-936-210x210.jpg"},"partners-logo":{"file":"Mansao-a-venda-70-m-do-mar-na-Praia-do-Forte-936-600x725.jpg","width":600,"height":725,"mime-type":"image\/jpeg","filesize":88674,"url":"https:\/\/hansenimoveis.com\/wp-content\/uploads\/2024\/11\/Mansao-a-venda-70-m-do-mar-na-Praia-do-Forte-936-600x725.jpg"},"post-featured-image":{"file":"Mansao-a-venda-70-m-do-mar-na-Praia-do-Forte-936-1240x720.jpg","width":1240,"height":720,"mime-type":"image\/jpeg","filesize":176106,"url":"https:\/\/hansenimoveis.com\/wp-content\/uploads\/2024\/11\/Mansao-a-venda-70-m-do-mar-na-Praia-do-Forte-936-1240x720.jpg"}},"image_meta":{"aperture":"7.1","credit":"Rodrigo Melo","camera":"Canon EOS 5D Mark IV","caption":"","created_timestamp":"1704923815","copyright":"Rodrigo Melo","focal_length":"16","iso":"400","shutter_speed":"0.3","title":"","orientation":"0","keywords":[]},"ID":"186440","name":"Mansao-a-venda-70-m-do-mar-na-Praia-do-Forte-936.jpg","path":"\/home\/hansenimoveis.com\/public_html\/wp-content\/uploads\/2024\/11\/Mansao-a-venda-70-m-do-mar-na-Praia-do-Forte-936.jpg","url":"https:\/\/hansenimoveis.com\/wp-content\/uploads\/2024\/11\/Mansao-a-venda-70-m-do-mar-na-Praia-do-Forte-936-150x150.jpg","full_url":"https:\/\/hansenimoveis.com\/wp-content\/uploads\/2024\/11\/Mansao-a-venda-70-m-do-mar-na-Praia-do-Forte-936.jpg","title":"Mansa\u0303o a\u0301 venda 70 m do mar na Praia do Forte-936","caption":"","description":"","alt":"","srcset":"https:\/\/hansenimoveis.com\/wp-content\/uploads\/2024\/11\/Mansao-a-venda-70-m-do-mar-na-Praia-do-Forte-936-150x150.jpg 150w, https:\/\/hansenimoveis.com\/wp-content\/uploads\/2024\/11\/Mansao-a-venda-70-m-do-mar-na-Praia-do-Forte-936-210x210.jpg 210w"},{"width":150,"height":150,"file":"2024\/11\/Mansao-a-venda-70-m-do-mar-na-Praia-do-Forte-937.jpg","filesize":582781,"sizes":{"thumbnail":{"file":"Mansao-a-venda-70-m-do-mar-na-Praia-do-Forte-937-150x150.jpg","width":150,"height":150,"mime-type":"image\/jpeg","filesize":6745,"url":"https:\/\/hansenimoveis.com\/wp-content\/uploads\/2024\/11\/Mansao-a-venda-70-m-do-mar-na-Praia-do-Forte-937-150x150.jpg"},"post-thumbnail":{"file":"Mansao-a-venda-70-m-do-mar-na-Praia-do-Forte-937-150x85.jpg","width":150,"height":85,"mime-type":"image\/jpeg","filesize":4650,"url":"https:\/\/hansenimoveis.com\/wp-content\/uploads\/2024\/11\/Mansao-a-venda-70-m-do-mar-na-Praia-do-Forte-937-150x85.jpg"},"modern-property-child-slider":{"file":"Mansao-a-venda-70-m-do-mar-na-Praia-do-Forte-937-680x510.jpg","width":680,"height":510,"mime-type":"image\/jpeg","filesize":67870,"url":"https:\/\/hansenimoveis.com\/wp-content\/uploads\/2024\/11\/Mansao-a-venda-70-m-do-mar-na-Praia-do-Forte-937-680x510.jpg"},"property-thumb-image":{"file":"Mansao-a-venda-70-m-do-mar-na-Praia-do-Forte-937-488x326.jpg","width":488,"height":326,"mime-type":"image\/jpeg","filesize":35451,"url":"https:\/\/hansenimoveis.com\/wp-content\/uploads\/2024\/11\/Mansao-a-venda-70-m-do-mar-na-Praia-do-Forte-937-488x326.jpg"},"property-detail-video-image":{"file":"Mansao-a-venda-70-m-do-mar-na-Praia-do-Forte-937-818x417.jpg","width":818,"height":417,"mime-type":"image\/jpeg","filesize":70509,"url":"https:\/\/hansenimoveis.com\/wp-content\/uploads\/2024\/11\/Mansao-a-venda-70-m-do-mar-na-Praia-do-Forte-937-818x417.jpg"},"agent-image":{"file":"Mansao-a-venda-70-m-do-mar-na-Praia-do-Forte-937-210x210.jpg","width":210,"height":210,"mime-type":"image\/jpeg","filesize":11547,"url":"https:\/\/hansenimoveis.com\/wp-content\/uploads\/2024\/11\/Mansao-a-venda-70-m-do-mar-na-Praia-do-Forte-937-210x210.jpg"},"partners-logo":{"file":"Mansao-a-venda-70-m-do-mar-na-Praia-do-Forte-937-600x725.jpg","width":600,"height":725,"mime-type":"image\/jpeg","filesize":91707,"url":"https:\/\/hansenimoveis.com\/wp-content\/uploads\/2024\/11\/Mansao-a-venda-70-m-do-mar-na-Praia-do-Forte-937-600x725.jpg"},"post-featured-image":{"file":"Mansao-a-venda-70-m-do-mar-na-Praia-do-Forte-937-1240x720.jpg","width":1240,"height":720,"mime-type":"image\/jpeg","filesize":156586,"url":"https:\/\/hansenimoveis.com\/wp-content\/uploads\/2024\/11\/Mansao-a-venda-70-m-do-mar-na-Praia-do-Forte-937-1240x720.jpg"}},"image_meta":{"aperture":"7.1","credit":"Rodrigo Melo","camera":"Canon EOS 5D Mark IV","caption":"","created_timestamp":"1704923863","copyright":"Rodrigo Melo","focal_length":"16","iso":"400","shutter_speed":"0.3","title":"","orientation":"0","keywords":[]},"ID":"186444","name":"Mansao-a-venda-70-m-do-mar-na-Praia-do-Forte-937.jpg","path":"\/home\/hansenimoveis.com\/public_html\/wp-content\/uploads\/2024\/11\/Mansao-a-venda-70-m-do-mar-na-Praia-do-Forte-937.jpg","url":"https:\/\/hansenimoveis.com\/wp-content\/uploads\/2024\/11\/Mansao-a-venda-70-m-do-mar-na-Praia-do-Forte-937-150x150.jpg","full_url":"https:\/\/hansenimoveis.com\/wp-content\/uploads\/2024\/11\/Mansao-a-venda-70-m-do-mar-na-Praia-do-Forte-937.jpg","title":"Mansa\u0303o a\u0301 venda 70 m do mar na Praia do Forte-937","caption":"","description":"","alt":"","srcset":"https:\/\/hansenimoveis.com\/wp-content\/uploads\/2024\/11\/Mansao-a-venda-70-m-do-mar-na-Praia-do-Forte-937-150x150.jpg 150w, https:\/\/hansenimoveis.com\/wp-content\/uploads\/2024\/11\/Mansao-a-venda-70-m-do-mar-na-Praia-do-Forte-937-210x210.jpg 210w"},{"width":150,"height":150,"file":"2024\/11\/Mansao-a-venda-70-m-do-mar-na-Praia-do-Forte-920.jpg","filesize":672689,"sizes":{"thumbnail":{"file":"Mansao-a-venda-70-m-do-mar-na-Praia-do-Forte-920-150x150.jpg","width":150,"height":150,"mime-type":"image\/jpeg","filesize":6734,"url":"https:\/\/hansenimoveis.com\/wp-content\/uploads\/2024\/11\/Mansao-a-venda-70-m-do-mar-na-Praia-do-Forte-920-150x150.jpg"},"post-thumbnail":{"file":"Mansao-a-venda-70-m-do-mar-na-Praia-do-Forte-920-150x85.jpg","width":150,"height":85,"mime-type":"image\/jpeg","filesize":4356,"url":"https:\/\/hansenimoveis.com\/wp-content\/uploads\/2024\/11\/Mansao-a-venda-70-m-do-mar-na-Praia-do-Forte-920-150x85.jpg"},"modern-property-child-slider":{"file":"Mansao-a-venda-70-m-do-mar-na-Praia-do-Forte-920-680x510.jpg","width":680,"height":510,"mime-type":"image\/jpeg","filesize":62628,"url":"https:\/\/hansenimoveis.com\/wp-content\/uploads\/2024\/11\/Mansao-a-venda-70-m-do-mar-na-Praia-do-Forte-920-680x510.jpg"},"property-thumb-image":{"file":"Mansao-a-venda-70-m-do-mar-na-Praia-do-Forte-920-488x326.jpg","width":488,"height":326,"mime-type":"image\/jpeg","filesize":32688,"url":"https:\/\/hansenimoveis.com\/wp-content\/uploads\/2024\/11\/Mansao-a-venda-70-m-do-mar-na-Praia-do-Forte-920-488x326.jpg"},"property-detail-video-image":{"file":"Mansao-a-venda-70-m-do-mar-na-Praia-do-Forte-920-818x417.jpg","width":818,"height":417,"mime-type":"image\/jpeg","filesize":59877,"url":"https:\/\/hansenimoveis.com\/wp-content\/uploads\/2024\/11\/Mansao-a-venda-70-m-do-mar-na-Praia-do-Forte-920-818x417.jpg"},"agent-image":{"file":"Mansao-a-venda-70-m-do-mar-na-Praia-do-Forte-920-210x210.jpg","width":210,"height":210,"mime-type":"image\/jpeg","filesize":11489,"url":"https:\/\/hansenimoveis.com\/wp-content\/uploads\/2024\/11\/Mansao-a-venda-70-m-do-mar-na-Praia-do-Forte-920-210x210.jpg"},"partners-logo":{"file":"Mansao-a-venda-70-m-do-mar-na-Praia-do-Forte-920-600x725.jpg","width":600,"height":725,"mime-type":"image\/jpeg","filesize":83045,"url":"https:\/\/hansenimoveis.com\/wp-content\/uploads\/2024\/11\/Mansao-a-venda-70-m-do-mar-na-Praia-do-Forte-920-600x725.jpg"},"post-featured-image":{"file":"Mansao-a-venda-70-m-do-mar-na-Praia-do-Forte-920-1240x720.jpg","width":1240,"height":720,"mime-type":"image\/jpeg","filesize":131273,"url":"https:\/\/hansenimoveis.com\/wp-content\/uploads\/2024\/11\/Mansao-a-venda-70-m-do-mar-na-Praia-do-Forte-920-1240x720.jpg"}},"image_meta":{"aperture":"7.1","credit":"Rodrigo Melo","camera":"Canon EOS 5D Mark IV","caption":"","created_timestamp":"1704920498","copyright":"Rodrigo Melo","focal_length":"23","iso":"200","shutter_speed":"0.05","title":"","orientation":"0","keywords":[]},"ID":"186380","name":"Mansao-a-venda-70-m-do-mar-na-Praia-do-Forte-920.jpg","path":"\/home\/hansenimoveis.com\/public_html\/wp-content\/uploads\/2024\/11\/Mansao-a-venda-70-m-do-mar-na-Praia-do-Forte-920.jpg","url":"https:\/\/hansenimoveis.com\/wp-content\/uploads\/2024\/11\/Mansao-a-venda-70-m-do-mar-na-Praia-do-Forte-920-150x150.jpg","full_url":"https:\/\/hansenimoveis.com\/wp-content\/uploads\/2024\/11\/Mansao-a-venda-70-m-do-mar-na-Praia-do-Forte-920.jpg","title":"Mansa\u0303o a\u0301 venda 70 m do mar na Praia do Forte-920","caption":"","description":"","alt":"","srcset":"https:\/\/hansenimoveis.com\/wp-content\/uploads\/2024\/11\/Mansao-a-venda-70-m-do-mar-na-Praia-do-Forte-920-150x150.jpg 150w, https:\/\/hansenimoveis.com\/wp-content\/uploads\/2024\/11\/Mansao-a-venda-70-m-do-mar-na-Praia-do-Forte-920-210x210.jpg 210w"},{"width":150,"height":150,"file":"2024\/11\/Mansao-a-venda-70-m-do-mar-na-Praia-do-Forte-921.jpg","filesize":550935,"sizes":{"thumbnail":{"file":"Mansao-a-venda-70-m-do-mar-na-Praia-do-Forte-921-150x150.jpg","width":150,"height":150,"mime-type":"image\/jpeg","filesize":6055,"url":"https:\/\/hansenimoveis.com\/wp-content\/uploads\/2024\/11\/Mansao-a-venda-70-m-do-mar-na-Praia-do-Forte-921-150x150.jpg"},"post-thumbnail":{"file":"Mansao-a-venda-70-m-do-mar-na-Praia-do-Forte-921-150x85.jpg","width":150,"height":85,"mime-type":"image\/jpeg","filesize":4069,"url":"https:\/\/hansenimoveis.com\/wp-content\/uploads\/2024\/11\/Mansao-a-venda-70-m-do-mar-na-Praia-do-Forte-921-150x85.jpg"},"modern-property-child-slider":{"file":"Mansao-a-venda-70-m-do-mar-na-Praia-do-Forte-921-680x510.jpg","width":680,"height":510,"mime-type":"image\/jpeg","filesize":60406,"url":"https:\/\/hansenimoveis.com\/wp-content\/uploads\/2024\/11\/Mansao-a-venda-70-m-do-mar-na-Praia-do-Forte-921-680x510.jpg"},"property-thumb-image":{"file":"Mansao-a-venda-70-m-do-mar-na-Praia-do-Forte-921-488x326.jpg","width":488,"height":326,"mime-type":"image\/jpeg","filesize":31065,"url":"https:\/\/hansenimoveis.com\/wp-content\/uploads\/2024\/11\/Mansao-a-venda-70-m-do-mar-na-Praia-do-Forte-921-488x326.jpg"},"property-detail-video-image":{"file":"Mansao-a-venda-70-m-do-mar-na-Praia-do-Forte-921-818x417.jpg","width":818,"height":417,"mime-type":"image\/jpeg","filesize":61376,"url":"https:\/\/hansenimoveis.com\/wp-content\/uploads\/2024\/11\/Mansao-a-venda-70-m-do-mar-na-Praia-do-Forte-921-818x417.jpg"},"agent-image":{"file":"Mansao-a-venda-70-m-do-mar-na-Praia-do-Forte-921-210x210.jpg","width":210,"height":210,"mime-type":"image\/jpeg","filesize":10567,"url":"https:\/\/hansenimoveis.com\/wp-content\/uploads\/2024\/11\/Mansao-a-venda-70-m-do-mar-na-Praia-do-Forte-921-210x210.jpg"},"partners-logo":{"file":"Mansao-a-venda-70-m-do-mar-na-Praia-do-Forte-921-600x725.jpg","width":600,"height":725,"mime-type":"image\/jpeg","filesize":78415,"url":"https:\/\/hansenimoveis.com\/wp-content\/uploads\/2024\/11\/Mansao-a-venda-70-m-do-mar-na-Praia-do-Forte-921-600x725.jpg"},"post-featured-image":{"file":"Mansao-a-venda-70-m-do-mar-na-Praia-do-Forte-921-1240x720.jpg","width":1240,"height":720,"mime-type":"image\/jpeg","filesize":143277,"url":"https:\/\/hansenimoveis.com\/wp-content\/uploads\/2024\/11\/Mansao-a-venda-70-m-do-mar-na-Praia-do-Forte-921-1240x720.jpg"}},"image_meta":{"aperture":"7.1","credit":"Rodrigo Melo","camera":"Canon EOS 5D Mark IV","caption":"","created_timestamp":"1704920650","copyright":"Rodrigo Melo","focal_length":"16","iso":"200","shutter_speed":"0.25","title":"","orientation":"0","keywords":[]},"ID":"186384","name":"Mansao-a-venda-70-m-do-mar-na-Praia-do-Forte-921.jpg","path":"\/home\/hansenimoveis.com\/public_html\/wp-content\/uploads\/2024\/11\/Mansao-a-venda-70-m-do-mar-na-Praia-do-Forte-921.jpg","url":"https:\/\/hansenimoveis.com\/wp-content\/uploads\/2024\/11\/Mansao-a-venda-70-m-do-mar-na-Praia-do-Forte-921-150x150.jpg","full_url":"https:\/\/hansenimoveis.com\/wp-content\/uploads\/2024\/11\/Mansao-a-venda-70-m-do-mar-na-Praia-do-Forte-921.jpg","title":"Mansa\u0303o a\u0301 venda 70 m do mar na Praia do Forte-921","caption":"","description":"","alt":"","srcset":"https:\/\/hansenimoveis.com\/wp-content\/uploads\/2024\/11\/Mansao-a-venda-70-m-do-mar-na-Praia-do-Forte-921-150x150.jpg 150w, https:\/\/hansenimoveis.com\/wp-content\/uploads\/2024\/11\/Mansao-a-venda-70-m-do-mar-na-Praia-do-Forte-921-210x210.jpg 210w"},{"width":150,"height":150,"file":"2024\/11\/Mansao-a-venda-70-m-do-mar-na-Praia-do-Forte-919.jpg","filesize":329111,"sizes":{"thumbnail":{"file":"Mansao-a-venda-70-m-do-mar-na-Praia-do-Forte-919-150x150.jpg","width":150,"height":150,"mime-type":"image\/jpeg","filesize":4420,"url":"https:\/\/hansenimoveis.com\/wp-content\/uploads\/2024\/11\/Mansao-a-venda-70-m-do-mar-na-Praia-do-Forte-919-150x150.jpg"},"post-thumbnail":{"file":"Mansao-a-venda-70-m-do-mar-na-Praia-do-Forte-919-150x85.jpg","width":150,"height":85,"mime-type":"image\/jpeg","filesize":2802,"url":"https:\/\/hansenimoveis.com\/wp-content\/uploads\/2024\/11\/Mansao-a-venda-70-m-do-mar-na-Praia-do-Forte-919-150x85.jpg"},"modern-property-child-slider":{"file":"Mansao-a-venda-70-m-do-mar-na-Praia-do-Forte-919-680x510.jpg","width":680,"height":510,"mime-type":"image\/jpeg","filesize":31679,"url":"https:\/\/hansenimoveis.com\/wp-content\/uploads\/2024\/11\/Mansao-a-venda-70-m-do-mar-na-Praia-do-Forte-919-680x510.jpg"},"property-thumb-image":{"file":"Mansao-a-venda-70-m-do-mar-na-Praia-do-Forte-919-488x326.jpg","width":488,"height":326,"mime-type":"image\/jpeg","filesize":16915,"url":"https:\/\/hansenimoveis.com\/wp-content\/uploads\/2024\/11\/Mansao-a-venda-70-m-do-mar-na-Praia-do-Forte-919-488x326.jpg"},"property-detail-video-image":{"file":"Mansao-a-venda-70-m-do-mar-na-Praia-do-Forte-919-818x417.jpg","width":818,"height":417,"mime-type":"image\/jpeg","filesize":28681,"url":"https:\/\/hansenimoveis.com\/wp-content\/uploads\/2024\/11\/Mansao-a-venda-70-m-do-mar-na-Praia-do-Forte-919-818x417.jpg"},"agent-image":{"file":"Mansao-a-venda-70-m-do-mar-na-Praia-do-Forte-919-210x210.jpg","width":210,"height":210,"mime-type":"image\/jpeg","filesize":7294,"url":"https:\/\/hansenimoveis.com\/wp-content\/uploads\/2024\/11\/Mansao-a-venda-70-m-do-mar-na-Praia-do-Forte-919-210x210.jpg"},"partners-logo":{"file":"Mansao-a-venda-70-m-do-mar-na-Praia-do-Forte-919-600x725.jpg","width":600,"height":725,"mime-type":"image\/jpeg","filesize":45196,"url":"https:\/\/hansenimoveis.com\/wp-content\/uploads\/2024\/11\/Mansao-a-venda-70-m-do-mar-na-Praia-do-Forte-919-600x725.jpg"},"post-featured-image":{"file":"Mansao-a-venda-70-m-do-mar-na-Praia-do-Forte-919-1240x720.jpg","width":1240,"height":720,"mime-type":"image\/jpeg","filesize":61829,"url":"https:\/\/hansenimoveis.com\/wp-content\/uploads\/2024\/11\/Mansao-a-venda-70-m-do-mar-na-Praia-do-Forte-919-1240x720.jpg"}},"image_meta":{"aperture":"7.1","credit":"Rodrigo Melo","camera":"Canon EOS 5D Mark IV","caption":"","created_timestamp":"1704920120","copyright":"Rodrigo Melo","focal_length":"16","iso":"200","shutter_speed":"0.033333333333333","title":"","orientation":"0","keywords":[]},"ID":"186376","name":"Mansao-a-venda-70-m-do-mar-na-Praia-do-Forte-919.jpg","path":"\/home\/hansenimoveis.com\/public_html\/wp-content\/uploads\/2024\/11\/Mansao-a-venda-70-m-do-mar-na-Praia-do-Forte-919.jpg","url":"https:\/\/hansenimoveis.com\/wp-content\/uploads\/2024\/11\/Mansao-a-venda-70-m-do-mar-na-Praia-do-Forte-919-150x150.jpg","full_url":"https:\/\/hansenimoveis.com\/wp-content\/uploads\/2024\/11\/Mansao-a-venda-70-m-do-mar-na-Praia-do-Forte-919.jpg","title":"Mansa\u0303o a\u0301 venda 70 m do mar na Praia do Forte-919","caption":"","description":"","alt":"","srcset":"https:\/\/hansenimoveis.com\/wp-content\/uploads\/2024\/11\/Mansao-a-venda-70-m-do-mar-na-Praia-do-Forte-919-150x150.jpg 150w, https:\/\/hansenimoveis.com\/wp-content\/uploads\/2024\/11\/Mansao-a-venda-70-m-do-mar-na-Praia-do-Forte-919-210x210.jpg 210w"},{"width":150,"height":150,"file":"2024\/11\/Mansao-a-venda-70-m-do-mar-na-Praia-do-Forte-918.jpg","filesize":513121,"sizes":{"thumbnail":{"file":"Mansao-a-venda-70-m-do-mar-na-Praia-do-Forte-918-150x150.jpg","width":150,"height":150,"mime-type":"image\/jpeg","filesize":5204,"url":"https:\/\/hansenimoveis.com\/wp-content\/uploads\/2024\/11\/Mansao-a-venda-70-m-do-mar-na-Praia-do-Forte-918-150x150.jpg"},"post-thumbnail":{"file":"Mansao-a-venda-70-m-do-mar-na-Praia-do-Forte-918-150x85.jpg","width":150,"height":85,"mime-type":"image\/jpeg","filesize":3931,"url":"https:\/\/hansenimoveis.com\/wp-content\/uploads\/2024\/11\/Mansao-a-venda-70-m-do-mar-na-Praia-do-Forte-918-150x85.jpg"},"modern-property-child-slider":{"file":"Mansao-a-venda-70-m-do-mar-na-Praia-do-Forte-918-680x510.jpg","width":680,"height":510,"mime-type":"image\/jpeg","filesize":53574,"url":"https:\/\/hansenimoveis.com\/wp-content\/uploads\/2024\/11\/Mansao-a-venda-70-m-do-mar-na-Praia-do-Forte-918-680x510.jpg"},"property-thumb-image":{"file":"Mansao-a-venda-70-m-do-mar-na-Praia-do-Forte-918-488x326.jpg","width":488,"height":326,"mime-type":"image\/jpeg","filesize":28371,"url":"https:\/\/hansenimoveis.com\/wp-content\/uploads\/2024\/11\/Mansao-a-venda-70-m-do-mar-na-Praia-do-Forte-918-488x326.jpg"},"property-detail-video-image":{"file":"Mansao-a-venda-70-m-do-mar-na-Praia-do-Forte-918-818x417.jpg","width":818,"height":417,"mime-type":"image\/jpeg","filesize":58082,"url":"https:\/\/hansenimoveis.com\/wp-content\/uploads\/2024\/11\/Mansao-a-venda-70-m-do-mar-na-Praia-do-Forte-918-818x417.jpg"},"agent-image":{"file":"Mansao-a-venda-70-m-do-mar-na-Praia-do-Forte-918-210x210.jpg","width":210,"height":210,"mime-type":"image\/jpeg","filesize":8869,"url":"https:\/\/hansenimoveis.com\/wp-content\/uploads\/2024\/11\/Mansao-a-venda-70-m-do-mar-na-Praia-do-Forte-918-210x210.jpg"},"partners-logo":{"file":"Mansao-a-venda-70-m-do-mar-na-Praia-do-Forte-918-600x725.jpg","width":600,"height":725,"mime-type":"image\/jpeg","filesize":71704,"url":"https:\/\/hansenimoveis.com\/wp-content\/uploads\/2024\/11\/Mansao-a-venda-70-m-do-mar-na-Praia-do-Forte-918-600x725.jpg"},"post-featured-image":{"file":"Mansao-a-venda-70-m-do-mar-na-Praia-do-Forte-918-1240x720.jpg","width":1240,"height":720,"mime-type":"image\/jpeg","filesize":133574,"url":"https:\/\/hansenimoveis.com\/wp-content\/uploads\/2024\/11\/Mansao-a-venda-70-m-do-mar-na-Praia-do-Forte-918-1240x720.jpg"}},"image_meta":{"aperture":"7.1","credit":"Rodrigo Melo","camera":"Canon EOS 5D Mark IV","caption":"","created_timestamp":"1704919789","copyright":"Rodrigo Melo","focal_length":"16","iso":"200","shutter_speed":"0.125","title":"","orientation":"0","keywords":[]},"ID":"186372","name":"Mansao-a-venda-70-m-do-mar-na-Praia-do-Forte-918.jpg","path":"\/home\/hansenimoveis.com\/public_html\/wp-content\/uploads\/2024\/11\/Mansao-a-venda-70-m-do-mar-na-Praia-do-Forte-918.jpg","url":"https:\/\/hansenimoveis.com\/wp-content\/uploads\/2024\/11\/Mansao-a-venda-70-m-do-mar-na-Praia-do-Forte-918-150x150.jpg","full_url":"https:\/\/hansenimoveis.com\/wp-content\/uploads\/2024\/11\/Mansao-a-venda-70-m-do-mar-na-Praia-do-Forte-918.jpg","title":"Mansa\u0303o a\u0301 venda 70 m do mar na Praia do Forte-918","caption":"","description":"","alt":"","srcset":"https:\/\/hansenimoveis.com\/wp-content\/uploads\/2024\/11\/Mansao-a-venda-70-m-do-mar-na-Praia-do-Forte-918-150x150.jpg 150w, https:\/\/hansenimoveis.com\/wp-content\/uploads\/2024\/11\/Mansao-a-venda-70-m-do-mar-na-Praia-do-Forte-918-210x210.jpg 210w"},{"width":150,"height":150,"file":"2024\/11\/Mansao-a-venda-70-m-do-mar-na-Praia-do-Forte-917.jpg","filesize":498545,"sizes":{"thumbnail":{"file":"Mansao-a-venda-70-m-do-mar-na-Praia-do-Forte-917-150x150.jpg","width":150,"height":150,"mime-type":"image\/jpeg","filesize":5435,"url":"https:\/\/hansenimoveis.com\/wp-content\/uploads\/2024\/11\/Mansao-a-venda-70-m-do-mar-na-Praia-do-Forte-917-150x150.jpg"},"post-thumbnail":{"file":"Mansao-a-venda-70-m-do-mar-na-Praia-do-Forte-917-150x85.jpg","width":150,"height":85,"mime-type":"image\/jpeg","filesize":4130,"url":"https:\/\/hansenimoveis.com\/wp-content\/uploads\/2024\/11\/Mansao-a-venda-70-m-do-mar-na-Praia-do-Forte-917-150x85.jpg"},"modern-property-child-slider":{"file":"Mansao-a-venda-70-m-do-mar-na-Praia-do-Forte-917-680x510.jpg","width":680,"height":510,"mime-type":"image\/jpeg","filesize":50590,"url":"https:\/\/hansenimoveis.com\/wp-content\/uploads\/2024\/11\/Mansao-a-venda-70-m-do-mar-na-Praia-do-Forte-917-680x510.jpg"},"property-thumb-image":{"file":"Mansao-a-venda-70-m-do-mar-na-Praia-do-Forte-917-488x326.jpg","width":488,"height":326,"mime-type":"image\/jpeg","filesize":28348,"url":"https:\/\/hansenimoveis.com\/wp-content\/uploads\/2024\/11\/Mansao-a-venda-70-m-do-mar-na-Praia-do-Forte-917-488x326.jpg"},"property-detail-video-image":{"file":"Mansao-a-venda-70-m-do-mar-na-Praia-do-Forte-917-818x417.jpg","width":818,"height":417,"mime-type":"image\/jpeg","filesize":54230,"url":"https:\/\/hansenimoveis.com\/wp-content\/uploads\/2024\/11\/Mansao-a-venda-70-m-do-mar-na-Praia-do-Forte-917-818x417.jpg"},"agent-image":{"file":"Mansao-a-venda-70-m-do-mar-na-Praia-do-Forte-917-210x210.jpg","width":210,"height":210,"mime-type":"image\/jpeg","filesize":9156,"url":"https:\/\/hansenimoveis.com\/wp-content\/uploads\/2024\/11\/Mansao-a-venda-70-m-do-mar-na-Praia-do-Forte-917-210x210.jpg"},"partners-logo":{"file":"Mansao-a-venda-70-m-do-mar-na-Praia-do-Forte-917-600x725.jpg","width":600,"height":725,"mime-type":"image\/jpeg","filesize":56238,"url":"https:\/\/hansenimoveis.com\/wp-content\/uploads\/2024\/11\/Mansao-a-venda-70-m-do-mar-na-Praia-do-Forte-917-600x725.jpg"},"post-featured-image":{"file":"Mansao-a-venda-70-m-do-mar-na-Praia-do-Forte-917-1240x720.jpg","width":1240,"height":720,"mime-type":"image\/jpeg","filesize":114296,"url":"https:\/\/hansenimoveis.com\/wp-content\/uploads\/2024\/11\/Mansao-a-venda-70-m-do-mar-na-Praia-do-Forte-917-1240x720.jpg"}},"image_meta":{"aperture":"7.1","credit":"Rodrigo Melo","camera":"Canon EOS 5D Mark IV","caption":"","created_timestamp":"1704919578","copyright":"Rodrigo Melo","focal_length":"16","iso":"200","shutter_speed":"0.066666666666667","title":"","orientation":"0","keywords":[]},"ID":"186368","name":"Mansao-a-venda-70-m-do-mar-na-Praia-do-Forte-917.jpg","path":"\/home\/hansenimoveis.com\/public_html\/wp-content\/uploads\/2024\/11\/Mansao-a-venda-70-m-do-mar-na-Praia-do-Forte-917.jpg","url":"https:\/\/hansenimoveis.com\/wp-content\/uploads\/2024\/11\/Mansao-a-venda-70-m-do-mar-na-Praia-do-Forte-917-150x150.jpg","full_url":"https:\/\/hansenimoveis.com\/wp-content\/uploads\/2024\/11\/Mansao-a-venda-70-m-do-mar-na-Praia-do-Forte-917.jpg","title":"Mansa\u0303o a\u0301 venda 70 m do mar na Praia do Forte-917","caption":"","description":"","alt":"Mansa\u0303o para aluguel a\u0300 70 m do mar na Praia do Forte","srcset":"https:\/\/hansenimoveis.com\/wp-content\/uploads\/2024\/11\/Mansao-a-venda-70-m-do-mar-na-Praia-do-Forte-917-150x150.jpg 150w, https:\/\/hansenimoveis.com\/wp-content\/uploads\/2024\/11\/Mansao-a-venda-70-m-do-mar-na-Praia-do-Forte-917-210x210.jpg 210w"},{"width":150,"height":150,"file":"2024\/11\/Mansao-a-venda-70-m-do-mar-na-Praia-do-Forte-916.jpg","filesize":471215,"sizes":{"thumbnail":{"file":"Mansao-a-venda-70-m-do-mar-na-Praia-do-Forte-916-150x150.jpg","width":150,"height":150,"mime-type":"image\/jpeg","filesize":5031,"url":"https:\/\/hansenimoveis.com\/wp-content\/uploads\/2024\/11\/Mansao-a-venda-70-m-do-mar-na-Praia-do-Forte-916-150x150.jpg"},"post-thumbnail":{"file":"Mansao-a-venda-70-m-do-mar-na-Praia-do-Forte-916-150x85.jpg","width":150,"height":85,"mime-type":"image\/jpeg","filesize":3810,"url":"https:\/\/hansenimoveis.com\/wp-content\/uploads\/2024\/11\/Mansao-a-venda-70-m-do-mar-na-Praia-do-Forte-916-150x85.jpg"},"modern-property-child-slider":{"file":"Mansao-a-venda-70-m-do-mar-na-Praia-do-Forte-916-680x510.jpg","width":680,"height":510,"mime-type":"image\/jpeg","filesize":50912,"url":"https:\/\/hansenimoveis.com\/wp-content\/uploads\/2024\/11\/Mansao-a-venda-70-m-do-mar-na-Praia-do-Forte-916-680x510.jpg"},"property-thumb-image":{"file":"Mansao-a-venda-70-m-do-mar-na-Praia-do-Forte-916-488x326.jpg","width":488,"height":326,"mime-type":"image\/jpeg","filesize":26335,"url":"https:\/\/hansenimoveis.com\/wp-content\/uploads\/2024\/11\/Mansao-a-venda-70-m-do-mar-na-Praia-do-Forte-916-488x326.jpg"},"property-detail-video-image":{"file":"Mansao-a-venda-70-m-do-mar-na-Praia-do-Forte-916-818x417.jpg","width":818,"height":417,"mime-type":"image\/jpeg","filesize":53744,"url":"https:\/\/hansenimoveis.com\/wp-content\/uploads\/2024\/11\/Mansao-a-venda-70-m-do-mar-na-Praia-do-Forte-916-818x417.jpg"},"agent-image":{"file":"Mansao-a-venda-70-m-do-mar-na-Praia-do-Forte-916-210x210.jpg","width":210,"height":210,"mime-type":"image\/jpeg","filesize":8628,"url":"https:\/\/hansenimoveis.com\/wp-content\/uploads\/2024\/11\/Mansao-a-venda-70-m-do-mar-na-Praia-do-Forte-916-210x210.jpg"},"partners-logo":{"file":"Mansao-a-venda-70-m-do-mar-na-Praia-do-Forte-916-600x725.jpg","width":600,"height":725,"mime-type":"image\/jpeg","filesize":62382,"url":"https:\/\/hansenimoveis.com\/wp-content\/uploads\/2024\/11\/Mansao-a-venda-70-m-do-mar-na-Praia-do-Forte-916-600x725.jpg"},"post-featured-image":{"file":"Mansao-a-venda-70-m-do-mar-na-Praia-do-Forte-916-1240x720.jpg","width":1240,"height":720,"mime-type":"image\/jpeg","filesize":120574,"url":"https:\/\/hansenimoveis.com\/wp-content\/uploads\/2024\/11\/Mansao-a-venda-70-m-do-mar-na-Praia-do-Forte-916-1240x720.jpg"}},"image_meta":{"aperture":"7.1","credit":"Rodrigo Melo","camera":"Canon EOS 5D Mark IV","caption":"","created_timestamp":"1704919108","copyright":"Rodrigo Melo","focal_length":"16","iso":"200","shutter_speed":"0.125","title":"","orientation":"0","keywords":[]},"ID":"186364","name":"Mansao-a-venda-70-m-do-mar-na-Praia-do-Forte-916.jpg","path":"\/home\/hansenimoveis.com\/public_html\/wp-content\/uploads\/2024\/11\/Mansao-a-venda-70-m-do-mar-na-Praia-do-Forte-916.jpg","url":"https:\/\/hansenimoveis.com\/wp-content\/uploads\/2024\/11\/Mansao-a-venda-70-m-do-mar-na-Praia-do-Forte-916-150x150.jpg","full_url":"https:\/\/hansenimoveis.com\/wp-content\/uploads\/2024\/11\/Mansao-a-venda-70-m-do-mar-na-Praia-do-Forte-916.jpg","title":"Mansa\u0303o a\u0301 venda 70 m do mar na Praia do Forte-916","caption":"","description":"","alt":"Mansa\u0303o para aluguel a\u0300 70 m do mar na Praia do Forte","srcset":"https:\/\/hansenimoveis.com\/wp-content\/uploads\/2024\/11\/Mansao-a-venda-70-m-do-mar-na-Praia-do-Forte-916-150x150.jpg 150w, https:\/\/hansenimoveis.com\/wp-content\/uploads\/2024\/11\/Mansao-a-venda-70-m-do-mar-na-Praia-do-Forte-916-210x210.jpg 210w"},{"width":150,"height":150,"file":"2024\/11\/Mansao-a-venda-70-m-do-mar-na-Praia-do-Forte-915.jpg","filesize":559857,"sizes":{"thumbnail":{"file":"Mansao-a-venda-70-m-do-mar-na-Praia-do-Forte-915-150x150.jpg","width":150,"height":150,"mime-type":"image\/jpeg","filesize":4801,"url":"https:\/\/hansenimoveis.com\/wp-content\/uploads\/2024\/11\/Mansao-a-venda-70-m-do-mar-na-Praia-do-Forte-915-150x150.jpg"},"post-thumbnail":{"file":"Mansao-a-venda-70-m-do-mar-na-Praia-do-Forte-915-150x85.jpg","width":150,"height":85,"mime-type":"image\/jpeg","filesize":3981,"url":"https:\/\/hansenimoveis.com\/wp-content\/uploads\/2024\/11\/Mansao-a-venda-70-m-do-mar-na-Praia-do-Forte-915-150x85.jpg"},"modern-property-child-slider":{"file":"Mansao-a-venda-70-m-do-mar-na-Praia-do-Forte-915-680x510.jpg","width":680,"height":510,"mime-type":"image\/jpeg","filesize":44462,"url":"https:\/\/hansenimoveis.com\/wp-content\/uploads\/2024\/11\/Mansao-a-venda-70-m-do-mar-na-Praia-do-Forte-915-680x510.jpg"},"property-thumb-image":{"file":"Mansao-a-venda-70-m-do-mar-na-Praia-do-Forte-915-488x326.jpg","width":488,"height":326,"mime-type":"image\/jpeg","filesize":25368,"url":"https:\/\/hansenimoveis.com\/wp-content\/uploads\/2024\/11\/Mansao-a-venda-70-m-do-mar-na-Praia-do-Forte-915-488x326.jpg"},"property-detail-video-image":{"file":"Mansao-a-venda-70-m-do-mar-na-Praia-do-Forte-915-818x417.jpg","width":818,"height":417,"mime-type":"image\/jpeg","filesize":52920,"url":"https:\/\/hansenimoveis.com\/wp-content\/uploads\/2024\/11\/Mansao-a-venda-70-m-do-mar-na-Praia-do-Forte-915-818x417.jpg"},"agent-image":{"file":"Mansao-a-venda-70-m-do-mar-na-Praia-do-Forte-915-210x210.jpg","width":210,"height":210,"mime-type":"image\/jpeg","filesize":7855,"url":"https:\/\/hansenimoveis.com\/wp-content\/uploads\/2024\/11\/Mansao-a-venda-70-m-do-mar-na-Praia-do-Forte-915-210x210.jpg"},"partners-logo":{"file":"Mansao-a-venda-70-m-do-mar-na-Praia-do-Forte-915-600x725.jpg","width":600,"height":725,"mime-type":"image\/jpeg","filesize":48344,"url":"https:\/\/hansenimoveis.com\/wp-content\/uploads\/2024\/11\/Mansao-a-venda-70-m-do-mar-na-Praia-do-Forte-915-600x725.jpg"},"post-featured-image":{"file":"Mansao-a-venda-70-m-do-mar-na-Praia-do-Forte-915-1240x720.jpg","width":1240,"height":720,"mime-type":"image\/jpeg","filesize":110128,"url":"https:\/\/hansenimoveis.com\/wp-content\/uploads\/2024\/11\/Mansao-a-venda-70-m-do-mar-na-Praia-do-Forte-915-1240x720.jpg"}},"image_meta":{"aperture":"7.1","credit":"Rodrigo Melo","camera":"Canon EOS 5D Mark IV","caption":"","created_timestamp":"1704918983","copyright":"Rodrigo Melo","focal_length":"16","iso":"200","shutter_speed":"0.066666666666667","title":"","orientation":"0","keywords":[]},"ID":"186360","name":"Mansao-a-venda-70-m-do-mar-na-Praia-do-Forte-915.jpg","path":"\/home\/hansenimoveis.com\/public_html\/wp-content\/uploads\/2024\/11\/Mansao-a-venda-70-m-do-mar-na-Praia-do-Forte-915.jpg","url":"https:\/\/hansenimoveis.com\/wp-content\/uploads\/2024\/11\/Mansao-a-venda-70-m-do-mar-na-Praia-do-Forte-915-150x150.jpg","full_url":"https:\/\/hansenimoveis.com\/wp-content\/uploads\/2024\/11\/Mansao-a-venda-70-m-do-mar-na-Praia-do-Forte-915.jpg","title":"Mansa\u0303o a\u0301 venda 70 m do mar na Praia do Forte-915","caption":"","description":"","alt":"Mansa\u0303o para aluguel a\u0300 70 m do mar na Praia do Forte","srcset":"https:\/\/hansenimoveis.com\/wp-content\/uploads\/2024\/11\/Mansao-a-venda-70-m-do-mar-na-Praia-do-Forte-915-150x150.jpg 150w, https:\/\/hansenimoveis.com\/wp-content\/uploads\/2024\/11\/Mansao-a-venda-70-m-do-mar-na-Praia-do-Forte-915-210x210.jpg 210w"},{"width":150,"height":150,"file":"2024\/11\/Mansao-a-venda-70-m-do-mar-na-Praia-do-Forte-914.jpg","filesize":450107,"sizes":{"thumbnail":{"file":"Mansao-a-venda-70-m-do-mar-na-Praia-do-Forte-914-150x150.jpg","width":150,"height":150,"mime-type":"image\/jpeg","filesize":5465,"url":"https:\/\/hansenimoveis.com\/wp-content\/uploads\/2024\/11\/Mansao-a-venda-70-m-do-mar-na-Praia-do-Forte-914-150x150.jpg"},"post-thumbnail":{"file":"Mansao-a-venda-70-m-do-mar-na-Praia-do-Forte-914-150x85.jpg","width":150,"height":85,"mime-type":"image\/jpeg","filesize":4103,"url":"https:\/\/hansenimoveis.com\/wp-content\/uploads\/2024\/11\/Mansao-a-venda-70-m-do-mar-na-Praia-do-Forte-914-150x85.jpg"},"modern-property-child-slider":{"file":"Mansao-a-venda-70-m-do-mar-na-Praia-do-Forte-914-680x510.jpg","width":680,"height":510,"mime-type":"image\/jpeg","filesize":48927,"url":"https:\/\/hansenimoveis.com\/wp-content\/uploads\/2024\/11\/Mansao-a-venda-70-m-do-mar-na-Praia-do-Forte-914-680x510.jpg"},"property-thumb-image":{"file":"Mansao-a-venda-70-m-do-mar-na-Praia-do-Forte-914-488x326.jpg","width":488,"height":326,"mime-type":"image\/jpeg","filesize":26633,"url":"https:\/\/hansenimoveis.com\/wp-content\/uploads\/2024\/11\/Mansao-a-venda-70-m-do-mar-na-Praia-do-Forte-914-488x326.jpg"},"property-detail-video-image":{"file":"Mansao-a-venda-70-m-do-mar-na-Praia-do-Forte-914-818x417.jpg","width":818,"height":417,"mime-type":"image\/jpeg","filesize":53100,"url":"https:\/\/hansenimoveis.com\/wp-content\/uploads\/2024\/11\/Mansao-a-venda-70-m-do-mar-na-Praia-do-Forte-914-818x417.jpg"},"agent-image":{"file":"Mansao-a-venda-70-m-do-mar-na-Praia-do-Forte-914-210x210.jpg","width":210,"height":210,"mime-type":"image\/jpeg","filesize":9166,"url":"https:\/\/hansenimoveis.com\/wp-content\/uploads\/2024\/11\/Mansao-a-venda-70-m-do-mar-na-Praia-do-Forte-914-210x210.jpg"},"partners-logo":{"file":"Mansao-a-venda-70-m-do-mar-na-Praia-do-Forte-914-600x725.jpg","width":600,"height":725,"mime-type":"image\/jpeg","filesize":58597,"url":"https:\/\/hansenimoveis.com\/wp-content\/uploads\/2024\/11\/Mansao-a-venda-70-m-do-mar-na-Praia-do-Forte-914-600x725.jpg"},"post-featured-image":{"file":"Mansao-a-venda-70-m-do-mar-na-Praia-do-Forte-914-1240x720.jpg","width":1240,"height":720,"mime-type":"image\/jpeg","filesize":112991,"url":"https:\/\/hansenimoveis.com\/wp-content\/uploads\/2024\/11\/Mansao-a-venda-70-m-do-mar-na-Praia-do-Forte-914-1240x720.jpg"}},"image_meta":{"aperture":"7.1","credit":"Rodrigo Melo","camera":"Canon EOS 5D Mark IV","caption":"","created_timestamp":"1704918746","copyright":"Rodrigo Melo","focal_length":"16","iso":"200","shutter_speed":"0.033333333333333","title":"","orientation":"0","keywords":[]},"ID":"186356","name":"Mansao-a-venda-70-m-do-mar-na-Praia-do-Forte-914.jpg","path":"\/home\/hansenimoveis.com\/public_html\/wp-content\/uploads\/2024\/11\/Mansao-a-venda-70-m-do-mar-na-Praia-do-Forte-914.jpg","url":"https:\/\/hansenimoveis.com\/wp-content\/uploads\/2024\/11\/Mansao-a-venda-70-m-do-mar-na-Praia-do-Forte-914-150x150.jpg","full_url":"https:\/\/hansenimoveis.com\/wp-content\/uploads\/2024\/11\/Mansao-a-venda-70-m-do-mar-na-Praia-do-Forte-914.jpg","title":"Mansa\u0303o a\u0301 venda 70 m do mar na Praia do Forte-914","caption":"","description":"","alt":"Mansa\u0303o para aluguel a\u0300 70 m do mar na Praia do Forte","srcset":"https:\/\/hansenimoveis.com\/wp-content\/uploads\/2024\/11\/Mansao-a-venda-70-m-do-mar-na-Praia-do-Forte-914-150x150.jpg 150w, https:\/\/hansenimoveis.com\/wp-content\/uploads\/2024\/11\/Mansao-a-venda-70-m-do-mar-na-Praia-do-Forte-914-210x210.jpg 210w"},{"width":150,"height":150,"file":"2024\/11\/Mansao-a-venda-70-m-do-mar-na-Praia-do-Forte-913.jpg","filesize":864225,"sizes":{"thumbnail":{"file":"Mansao-a-venda-70-m-do-mar-na-Praia-do-Forte-913-150x150.jpg","width":150,"height":150,"mime-type":"image\/jpeg","filesize":8494,"url":"https:\/\/hansenimoveis.com\/wp-content\/uploads\/2024\/11\/Mansao-a-venda-70-m-do-mar-na-Praia-do-Forte-913-150x150.jpg"},"post-thumbnail":{"file":"Mansao-a-venda-70-m-do-mar-na-Praia-do-Forte-913-150x85.jpg","width":150,"height":85,"mime-type":"image\/jpeg","filesize":5613,"url":"https:\/\/hansenimoveis.com\/wp-content\/uploads\/2024\/11\/Mansao-a-venda-70-m-do-mar-na-Praia-do-Forte-913-150x85.jpg"},"modern-property-child-slider":{"file":"Mansao-a-venda-70-m-do-mar-na-Praia-do-Forte-913-680x510.jpg","width":680,"height":510,"mime-type":"image\/jpeg","filesize":93979,"url":"https:\/\/hansenimoveis.com\/wp-content\/uploads\/2024\/11\/Mansao-a-venda-70-m-do-mar-na-Praia-do-Forte-913-680x510.jpg"},"property-thumb-image":{"file":"Mansao-a-venda-70-m-do-mar-na-Praia-do-Forte-913-488x326.jpg","width":488,"height":326,"mime-type":"image\/jpeg","filesize":48374,"url":"https:\/\/hansenimoveis.com\/wp-content\/uploads\/2024\/11\/Mansao-a-venda-70-m-do-mar-na-Praia-do-Forte-913-488x326.jpg"},"property-detail-video-image":{"file":"Mansao-a-venda-70-m-do-mar-na-Praia-do-Forte-913-818x417.jpg","width":818,"height":417,"mime-type":"image\/jpeg","filesize":98586,"url":"https:\/\/hansenimoveis.com\/wp-content\/uploads\/2024\/11\/Mansao-a-venda-70-m-do-mar-na-Praia-do-Forte-913-818x417.jpg"},"agent-image":{"file":"Mansao-a-venda-70-m-do-mar-na-Praia-do-Forte-913-210x210.jpg","width":210,"height":210,"mime-type":"image\/jpeg","filesize":14970,"url":"https:\/\/hansenimoveis.com\/wp-content\/uploads\/2024\/11\/Mansao-a-venda-70-m-do-mar-na-Praia-do-Forte-913-210x210.jpg"},"partners-logo":{"file":"Mansao-a-venda-70-m-do-mar-na-Praia-do-Forte-913-600x725.jpg","width":600,"height":725,"mime-type":"image\/jpeg","filesize":119246,"url":"https:\/\/hansenimoveis.com\/wp-content\/uploads\/2024\/11\/Mansao-a-venda-70-m-do-mar-na-Praia-do-Forte-913-600x725.jpg"},"post-featured-image":{"file":"Mansao-a-venda-70-m-do-mar-na-Praia-do-Forte-913-1240x720.jpg","width":1240,"height":720,"mime-type":"image\/jpeg","filesize":217899,"url":"https:\/\/hansenimoveis.com\/wp-content\/uploads\/2024\/11\/Mansao-a-venda-70-m-do-mar-na-Praia-do-Forte-913-1240x720.jpg"}},"image_meta":{"aperture":"7.1","credit":"Rodrigo Melo","camera":"Canon EOS 5D Mark IV","caption":"","created_timestamp":"1704918355","copyright":"Rodrigo Melo","focal_length":"16","iso":"200","shutter_speed":"0.004","title":"","orientation":"0","keywords":[]},"ID":"186352","name":"Mansao-a-venda-70-m-do-mar-na-Praia-do-Forte-913.jpg","path":"\/home\/hansenimoveis.com\/public_html\/wp-content\/uploads\/2024\/11\/Mansao-a-venda-70-m-do-mar-na-Praia-do-Forte-913.jpg","url":"https:\/\/hansenimoveis.com\/wp-content\/uploads\/2024\/11\/Mansao-a-venda-70-m-do-mar-na-Praia-do-Forte-913-150x150.jpg","full_url":"https:\/\/hansenimoveis.com\/wp-content\/uploads\/2024\/11\/Mansao-a-venda-70-m-do-mar-na-Praia-do-Forte-913.jpg","title":"Mansa\u0303o a\u0301 venda 70 m do mar na Praia do Forte-913","caption":"","description":"","alt":"Mansa\u0303o para aluguel a\u0300 70 m do mar na Praia do Forte","srcset":"https:\/\/hansenimoveis.com\/wp-content\/uploads\/2024\/11\/Mansao-a-venda-70-m-do-mar-na-Praia-do-Forte-913-150x150.jpg 150w, https:\/\/hansenimoveis.com\/wp-content\/uploads\/2024\/11\/Mansao-a-venda-70-m-do-mar-na-Praia-do-Forte-913-210x210.jpg 210w"},{"width":150,"height":150,"file":"2024\/11\/Mansao-a-venda-70-m-do-mar-na-Praia-do-Forte-912.jpg","filesize":561934,"sizes":{"thumbnail":{"file":"Mansao-a-venda-70-m-do-mar-na-Praia-do-Forte-912-150x150.jpg","width":150,"height":150,"mime-type":"image\/jpeg","filesize":6010,"url":"https:\/\/hansenimoveis.com\/wp-content\/uploads\/2024\/11\/Mansao-a-venda-70-m-do-mar-na-Praia-do-Forte-912-150x150.jpg"},"post-thumbnail":{"file":"Mansao-a-venda-70-m-do-mar-na-Praia-do-Forte-912-150x85.jpg","width":150,"height":85,"mime-type":"image\/jpeg","filesize":4710,"url":"https:\/\/hansenimoveis.com\/wp-content\/uploads\/2024\/11\/Mansao-a-venda-70-m-do-mar-na-Praia-do-Forte-912-150x85.jpg"},"modern-property-child-slider":{"file":"Mansao-a-venda-70-m-do-mar-na-Praia-do-Forte-912-680x510.jpg","width":680,"height":510,"mime-type":"image\/jpeg","filesize":62533,"url":"https:\/\/hansenimoveis.com\/wp-content\/uploads\/2024\/11\/Mansao-a-venda-70-m-do-mar-na-Praia-do-Forte-912-680x510.jpg"},"property-thumb-image":{"file":"Mansao-a-venda-70-m-do-mar-na-Praia-do-Forte-912-488x326.jpg","width":488,"height":326,"mime-type":"image\/jpeg","filesize":33461,"url":"https:\/\/hansenimoveis.com\/wp-content\/uploads\/2024\/11\/Mansao-a-venda-70-m-do-mar-na-Praia-do-Forte-912-488x326.jpg"},"property-detail-video-image":{"file":"Mansao-a-venda-70-m-do-mar-na-Praia-do-Forte-912-818x417.jpg","width":818,"height":417,"mime-type":"image\/jpeg","filesize":68770,"url":"https:\/\/hansenimoveis.com\/wp-content\/uploads\/2024\/11\/Mansao-a-venda-70-m-do-mar-na-Praia-do-Forte-912-818x417.jpg"},"agent-image":{"file":"Mansao-a-venda-70-m-do-mar-na-Praia-do-Forte-912-210x210.jpg","width":210,"height":210,"mime-type":"image\/jpeg","filesize":10468,"url":"https:\/\/hansenimoveis.com\/wp-content\/uploads\/2024\/11\/Mansao-a-venda-70-m-do-mar-na-Praia-do-Forte-912-210x210.jpg"},"partners-logo":{"file":"Mansao-a-venda-70-m-do-mar-na-Praia-do-Forte-912-600x725.jpg","width":600,"height":725,"mime-type":"image\/jpeg","filesize":72198,"url":"https:\/\/hansenimoveis.com\/wp-content\/uploads\/2024\/11\/Mansao-a-venda-70-m-do-mar-na-Praia-do-Forte-912-600x725.jpg"},"post-featured-image":{"file":"Mansao-a-venda-70-m-do-mar-na-Praia-do-Forte-912-1240x720.jpg","width":1240,"height":720,"mime-type":"image\/jpeg","filesize":149554,"url":"https:\/\/hansenimoveis.com\/wp-content\/uploads\/2024\/11\/Mansao-a-venda-70-m-do-mar-na-Praia-do-Forte-912-1240x720.jpg"}},"image_meta":{"aperture":"7.1","credit":"Rodrigo Melo","camera":"Canon EOS 5D Mark IV","caption":"","created_timestamp":"1704918126","copyright":"Rodrigo Melo","focal_length":"16","iso":"200","shutter_speed":"0.016666666666667","title":"","orientation":"0","keywords":[]},"ID":"186348","name":"Mansao-a-venda-70-m-do-mar-na-Praia-do-Forte-912.jpg","path":"\/home\/hansenimoveis.com\/public_html\/wp-content\/uploads\/2024\/11\/Mansao-a-venda-70-m-do-mar-na-Praia-do-Forte-912.jpg","url":"https:\/\/hansenimoveis.com\/wp-content\/uploads\/2024\/11\/Mansao-a-venda-70-m-do-mar-na-Praia-do-Forte-912-150x150.jpg","full_url":"https:\/\/hansenimoveis.com\/wp-content\/uploads\/2024\/11\/Mansao-a-venda-70-m-do-mar-na-Praia-do-Forte-912.jpg","title":"Mansa\u0303o a\u0301 venda 70 m do mar na Praia do Forte-912","caption":"","description":"","alt":"Mansa\u0303o para aluguel a\u0300 70 m do mar na Praia do Forte","srcset":"https:\/\/hansenimoveis.com\/wp-content\/uploads\/2024\/11\/Mansao-a-venda-70-m-do-mar-na-Praia-do-Forte-912-150x150.jpg 150w, https:\/\/hansenimoveis.com\/wp-content\/uploads\/2024\/11\/Mansao-a-venda-70-m-do-mar-na-Praia-do-Forte-912-210x210.jpg 210w"},{"width":150,"height":150,"file":"2024\/11\/Mansao-a-venda-70-m-do-mar-na-Praia-do-Forte-911.jpg","filesize":522068,"sizes":{"thumbnail":{"file":"Mansao-a-venda-70-m-do-mar-na-Praia-do-Forte-911-150x150.jpg","width":150,"height":150,"mime-type":"image\/jpeg","filesize":5120,"url":"https:\/\/hansenimoveis.com\/wp-content\/uploads\/2024\/11\/Mansao-a-venda-70-m-do-mar-na-Praia-do-Forte-911-150x150.jpg"},"post-thumbnail":{"file":"Mansao-a-venda-70-m-do-mar-na-Praia-do-Forte-911-150x85.jpg","width":150,"height":85,"mime-type":"image\/jpeg","filesize":4210,"url":"https:\/\/hansenimoveis.com\/wp-content\/uploads\/2024\/11\/Mansao-a-venda-70-m-do-mar-na-Praia-do-Forte-911-150x85.jpg"},"modern-property-child-slider":{"file":"Mansao-a-venda-70-m-do-mar-na-Praia-do-Forte-911-680x510.jpg","width":680,"height":510,"mime-type":"image\/jpeg","filesize":50091,"url":"https:\/\/hansenimoveis.com\/wp-content\/uploads\/2024\/11\/Mansao-a-venda-70-m-do-mar-na-Praia-do-Forte-911-680x510.jpg"},"property-thumb-image":{"file":"Mansao-a-venda-70-m-do-mar-na-Praia-do-Forte-911-488x326.jpg","width":488,"height":326,"mime-type":"image\/jpeg","filesize":28082,"url":"https:\/\/hansenimoveis.com\/wp-content\/uploads\/2024\/11\/Mansao-a-venda-70-m-do-mar-na-Praia-do-Forte-911-488x326.jpg"},"property-detail-video-image":{"file":"Mansao-a-venda-70-m-do-mar-na-Praia-do-Forte-911-818x417.jpg","width":818,"height":417,"mime-type":"image\/jpeg","filesize":60267,"url":"https:\/\/hansenimoveis.com\/wp-content\/uploads\/2024\/11\/Mansao-a-venda-70-m-do-mar-na-Praia-do-Forte-911-818x417.jpg"},"agent-image":{"file":"Mansao-a-venda-70-m-do-mar-na-Praia-do-Forte-911-210x210.jpg","width":210,"height":210,"mime-type":"image\/jpeg","filesize":8664,"url":"https:\/\/hansenimoveis.com\/wp-content\/uploads\/2024\/11\/Mansao-a-venda-70-m-do-mar-na-Praia-do-Forte-911-210x210.jpg"},"partners-logo":{"file":"Mansao-a-venda-70-m-do-mar-na-Praia-do-Forte-911-600x725.jpg","width":600,"height":725,"mime-type":"image\/jpeg","filesize":62614,"url":"https:\/\/hansenimoveis.com\/wp-content\/uploads\/2024\/11\/Mansao-a-venda-70-m-do-mar-na-Praia-do-Forte-911-600x725.jpg"},"post-featured-image":{"file":"Mansao-a-venda-70-m-do-mar-na-Praia-do-Forte-911-1240x720.jpg","width":1240,"height":720,"mime-type":"image\/jpeg","filesize":127839,"url":"https:\/\/hansenimoveis.com\/wp-content\/uploads\/2024\/11\/Mansao-a-venda-70-m-do-mar-na-Praia-do-Forte-911-1240x720.jpg"}},"image_meta":{"aperture":"7.1","credit":"Rodrigo Melo","camera":"Canon EOS 5D Mark IV","caption":"","created_timestamp":"1704917928","copyright":"Rodrigo Melo","focal_length":"16","iso":"200","shutter_speed":"0.02","title":"","orientation":"0","keywords":[]},"ID":"186344","name":"Mansao-a-venda-70-m-do-mar-na-Praia-do-Forte-911.jpg","path":"\/home\/hansenimoveis.com\/public_html\/wp-content\/uploads\/2024\/11\/Mansao-a-venda-70-m-do-mar-na-Praia-do-Forte-911.jpg","url":"https:\/\/hansenimoveis.com\/wp-content\/uploads\/2024\/11\/Mansao-a-venda-70-m-do-mar-na-Praia-do-Forte-911-150x150.jpg","full_url":"https:\/\/hansenimoveis.com\/wp-content\/uploads\/2024\/11\/Mansao-a-venda-70-m-do-mar-na-Praia-do-Forte-911.jpg","title":"Mansa\u0303o a\u0301 venda 70 m do mar na Praia do Forte-911","caption":"","description":"","alt":"Mansa\u0303o para aluguel a\u0300 70 m do mar na Praia do Forte","srcset":"https:\/\/hansenimoveis.com\/wp-content\/uploads\/2024\/11\/Mansao-a-venda-70-m-do-mar-na-Praia-do-Forte-911-150x150.jpg 150w, https:\/\/hansenimoveis.com\/wp-content\/uploads\/2024\/11\/Mansao-a-venda-70-m-do-mar-na-Praia-do-Forte-911-210x210.jpg 210w"},{"width":150,"height":150,"file":"2024\/11\/Mansao-a-venda-70-m-do-mar-na-Praia-do-Forte-910.jpg","filesize":564428,"sizes":{"thumbnail":{"file":"Mansao-a-venda-70-m-do-mar-na-Praia-do-Forte-910-150x150.jpg","width":150,"height":150,"mime-type":"image\/jpeg","filesize":6006,"url":"https:\/\/hansenimoveis.com\/wp-content\/uploads\/2024\/11\/Mansao-a-venda-70-m-do-mar-na-Praia-do-Forte-910-150x150.jpg"},"post-thumbnail":{"file":"Mansao-a-venda-70-m-do-mar-na-Praia-do-Forte-910-150x85.jpg","width":150,"height":85,"mime-type":"image\/jpeg","filesize":4423,"url":"https:\/\/hansenimoveis.com\/wp-content\/uploads\/2024\/11\/Mansao-a-venda-70-m-do-mar-na-Praia-do-Forte-910-150x85.jpg"},"modern-property-child-slider":{"file":"Mansao-a-venda-70-m-do-mar-na-Praia-do-Forte-910-680x510.jpg","width":680,"height":510,"mime-type":"image\/jpeg","filesize":54880,"url":"https:\/\/hansenimoveis.com\/wp-content\/uploads\/2024\/11\/Mansao-a-venda-70-m-do-mar-na-Praia-do-Forte-910-680x510.jpg"},"property-thumb-image":{"file":"Mansao-a-venda-70-m-do-mar-na-Praia-do-Forte-910-488x326.jpg","width":488,"height":326,"mime-type":"image\/jpeg","filesize":29937,"url":"https:\/\/hansenimoveis.com\/wp-content\/uploads\/2024\/11\/Mansao-a-venda-70-m-do-mar-na-Praia-do-Forte-910-488x326.jpg"},"property-detail-video-image":{"file":"Mansao-a-venda-70-m-do-mar-na-Praia-do-Forte-910-818x417.jpg","width":818,"height":417,"mime-type":"image\/jpeg","filesize":62926,"url":"https:\/\/hansenimoveis.com\/wp-content\/uploads\/2024\/11\/Mansao-a-venda-70-m-do-mar-na-Praia-do-Forte-910-818x417.jpg"},"agent-image":{"file":"Mansao-a-venda-70-m-do-mar-na-Praia-do-Forte-910-210x210.jpg","width":210,"height":210,"mime-type":"image\/jpeg","filesize":10109,"url":"https:\/\/hansenimoveis.com\/wp-content\/uploads\/2024\/11\/Mansao-a-venda-70-m-do-mar-na-Praia-do-Forte-910-210x210.jpg"},"partners-logo":{"file":"Mansao-a-venda-70-m-do-mar-na-Praia-do-Forte-910-600x725.jpg","width":600,"height":725,"mime-type":"image\/jpeg","filesize":64844,"url":"https:\/\/hansenimoveis.com\/wp-content\/uploads\/2024\/11\/Mansao-a-venda-70-m-do-mar-na-Praia-do-Forte-910-600x725.jpg"},"post-featured-image":{"file":"Mansao-a-venda-70-m-do-mar-na-Praia-do-Forte-910-1240x720.jpg","width":1240,"height":720,"mime-type":"image\/jpeg","filesize":135485,"url":"https:\/\/hansenimoveis.com\/wp-content\/uploads\/2024\/11\/Mansao-a-venda-70-m-do-mar-na-Praia-do-Forte-910-1240x720.jpg"}},"image_meta":{"aperture":"7.1","credit":"Rodrigo Melo","camera":"Canon EOS 5D Mark IV","caption":"","created_timestamp":"1704917172","copyright":"Rodrigo Melo","focal_length":"16","iso":"200","shutter_speed":"0.05","title":"","orientation":"0","keywords":[]},"ID":"186340","name":"Mansao-a-venda-70-m-do-mar-na-Praia-do-Forte-910.jpg","path":"\/home\/hansenimoveis.com\/public_html\/wp-content\/uploads\/2024\/11\/Mansao-a-venda-70-m-do-mar-na-Praia-do-Forte-910.jpg","url":"https:\/\/hansenimoveis.com\/wp-content\/uploads\/2024\/11\/Mansao-a-venda-70-m-do-mar-na-Praia-do-Forte-910-150x150.jpg","full_url":"https:\/\/hansenimoveis.com\/wp-content\/uploads\/2024\/11\/Mansao-a-venda-70-m-do-mar-na-Praia-do-Forte-910.jpg","title":"Mansa\u0303o a\u0301 venda 70 m do mar na Praia do Forte-910","caption":"","description":"","alt":"Mansa\u0303o para aluguel a\u0300 70 m do mar na Praia do Forte","srcset":"https:\/\/hansenimoveis.com\/wp-content\/uploads\/2024\/11\/Mansao-a-venda-70-m-do-mar-na-Praia-do-Forte-910-150x150.jpg 150w, https:\/\/hansenimoveis.com\/wp-content\/uploads\/2024\/11\/Mansao-a-venda-70-m-do-mar-na-Praia-do-Forte-910-210x210.jpg 210w"},{"width":150,"height":150,"file":"2024\/11\/Mansao-a-venda-70-m-do-mar-na-Praia-do-Forte-99.jpg","filesize":573461,"sizes":{"thumbnail":{"file":"Mansao-a-venda-70-m-do-mar-na-Praia-do-Forte-99-150x150.jpg","width":150,"height":150,"mime-type":"image\/jpeg","filesize":6268,"url":"https:\/\/hansenimoveis.com\/wp-content\/uploads\/2024\/11\/Mansao-a-venda-70-m-do-mar-na-Praia-do-Forte-99-150x150.jpg"},"post-thumbnail":{"file":"Mansao-a-venda-70-m-do-mar-na-Praia-do-Forte-99-150x85.jpg","width":150,"height":85,"mime-type":"image\/jpeg","filesize":4223,"url":"https:\/\/hansenimoveis.com\/wp-content\/uploads\/2024\/11\/Mansao-a-venda-70-m-do-mar-na-Praia-do-Forte-99-150x85.jpg"},"modern-property-child-slider":{"file":"Mansao-a-venda-70-m-do-mar-na-Praia-do-Forte-99-680x510.jpg","width":680,"height":510,"mime-type":"image\/jpeg","filesize":60421,"url":"https:\/\/hansenimoveis.com\/wp-content\/uploads\/2024\/11\/Mansao-a-venda-70-m-do-mar-na-Praia-do-Forte-99-680x510.jpg"},"property-thumb-image":{"file":"Mansao-a-venda-70-m-do-mar-na-Praia-do-Forte-99-488x326.jpg","width":488,"height":326,"mime-type":"image\/jpeg","filesize":31751,"url":"https:\/\/hansenimoveis.com\/wp-content\/uploads\/2024\/11\/Mansao-a-venda-70-m-do-mar-na-Praia-do-Forte-99-488x326.jpg"},"property-detail-video-image":{"file":"Mansao-a-venda-70-m-do-mar-na-Praia-do-Forte-99-818x417.jpg","width":818,"height":417,"mime-type":"image\/jpeg","filesize":62151,"url":"https:\/\/hansenimoveis.com\/wp-content\/uploads\/2024\/11\/Mansao-a-venda-70-m-do-mar-na-Praia-do-Forte-99-818x417.jpg"},"agent-image":{"file":"Mansao-a-venda-70-m-do-mar-na-Praia-do-Forte-99-210x210.jpg","width":210,"height":210,"mime-type":"image\/jpeg","filesize":10904,"url":"https:\/\/hansenimoveis.com\/wp-content\/uploads\/2024\/11\/Mansao-a-venda-70-m-do-mar-na-Praia-do-Forte-99-210x210.jpg"},"partners-logo":{"file":"Mansao-a-venda-70-m-do-mar-na-Praia-do-Forte-99-600x725.jpg","width":600,"height":725,"mime-type":"image\/jpeg","filesize":82892,"url":"https:\/\/hansenimoveis.com\/wp-content\/uploads\/2024\/11\/Mansao-a-venda-70-m-do-mar-na-Praia-do-Forte-99-600x725.jpg"},"post-featured-image":{"file":"Mansao-a-venda-70-m-do-mar-na-Praia-do-Forte-99-1240x720.jpg","width":1240,"height":720,"mime-type":"image\/jpeg","filesize":131175,"url":"https:\/\/hansenimoveis.com\/wp-content\/uploads\/2024\/11\/Mansao-a-venda-70-m-do-mar-na-Praia-do-Forte-99-1240x720.jpg"}},"image_meta":{"aperture":"7.1","credit":"Rodrigo Melo","camera":"Canon EOS 5D Mark IV","caption":"","created_timestamp":"1704917003","copyright":"Rodrigo Melo","focal_length":"16","iso":"200","shutter_speed":"0.04","title":"","orientation":"0","keywords":[]},"ID":"186336","name":"Mansao-a-venda-70-m-do-mar-na-Praia-do-Forte-99.jpg","path":"\/home\/hansenimoveis.com\/public_html\/wp-content\/uploads\/2024\/11\/Mansao-a-venda-70-m-do-mar-na-Praia-do-Forte-99.jpg","url":"https:\/\/hansenimoveis.com\/wp-content\/uploads\/2024\/11\/Mansao-a-venda-70-m-do-mar-na-Praia-do-Forte-99-150x150.jpg","full_url":"https:\/\/hansenimoveis.com\/wp-content\/uploads\/2024\/11\/Mansao-a-venda-70-m-do-mar-na-Praia-do-Forte-99.jpg","title":"Mansa\u0303o a\u0301 venda 70 m do mar na Praia do Forte-99","caption":"","description":"","alt":"Mansa\u0303o para aluguel a\u0300 70 m do mar na Praia do Forte","srcset":"https:\/\/hansenimoveis.com\/wp-content\/uploads\/2024\/11\/Mansao-a-venda-70-m-do-mar-na-Praia-do-Forte-99-150x150.jpg 150w, https:\/\/hansenimoveis.com\/wp-content\/uploads\/2024\/11\/Mansao-a-venda-70-m-do-mar-na-Praia-do-Forte-99-210x210.jpg 210w"},{"width":150,"height":150,"file":"2024\/11\/Mansao-a-venda-70-m-do-mar-na-Praia-do-Forte-98.jpg","filesize":834327,"sizes":{"thumbnail":{"file":"Mansao-a-venda-70-m-do-mar-na-Praia-do-Forte-98-150x150.jpg","width":150,"height":150,"mime-type":"image\/jpeg","filesize":8653,"url":"https:\/\/hansenimoveis.com\/wp-content\/uploads\/2024\/11\/Mansao-a-venda-70-m-do-mar-na-Praia-do-Forte-98-150x150.jpg"},"post-thumbnail":{"file":"Mansao-a-venda-70-m-do-mar-na-Praia-do-Forte-98-150x85.jpg","width":150,"height":85,"mime-type":"image\/jpeg","filesize":5735,"url":"https:\/\/hansenimoveis.com\/wp-content\/uploads\/2024\/11\/Mansao-a-venda-70-m-do-mar-na-Praia-do-Forte-98-150x85.jpg"},"modern-property-child-slider":{"file":"Mansao-a-venda-70-m-do-mar-na-Praia-do-Forte-98-680x510.jpg","width":680,"height":510,"mime-type":"image\/jpeg","filesize":100341,"url":"https:\/\/hansenimoveis.com\/wp-content\/uploads\/2024\/11\/Mansao-a-venda-70-m-do-mar-na-Praia-do-Forte-98-680x510.jpg"},"property-thumb-image":{"file":"Mansao-a-venda-70-m-do-mar-na-Praia-do-Forte-98-488x326.jpg","width":488,"height":326,"mime-type":"image\/jpeg","filesize":50962,"url":"https:\/\/hansenimoveis.com\/wp-content\/uploads\/2024\/11\/Mansao-a-venda-70-m-do-mar-na-Praia-do-Forte-98-488x326.jpg"},"property-detail-video-image":{"file":"Mansao-a-venda-70-m-do-mar-na-Praia-do-Forte-98-818x417.jpg","width":818,"height":417,"mime-type":"image\/jpeg","filesize":102026,"url":"https:\/\/hansenimoveis.com\/wp-content\/uploads\/2024\/11\/Mansao-a-venda-70-m-do-mar-na-Praia-do-Forte-98-818x417.jpg"},"agent-image":{"file":"Mansao-a-venda-70-m-do-mar-na-Praia-do-Forte-98-210x210.jpg","width":210,"height":210,"mime-type":"image\/jpeg","filesize":15984,"url":"https:\/\/hansenimoveis.com\/wp-content\/uploads\/2024\/11\/Mansao-a-venda-70-m-do-mar-na-Praia-do-Forte-98-210x210.jpg"},"partners-logo":{"file":"Mansao-a-venda-70-m-do-mar-na-Praia-do-Forte-98-600x725.jpg","width":600,"height":725,"mime-type":"image\/jpeg","filesize":128214,"url":"https:\/\/hansenimoveis.com\/wp-content\/uploads\/2024\/11\/Mansao-a-venda-70-m-do-mar-na-Praia-do-Forte-98-600x725.jpg"},"post-featured-image":{"file":"Mansao-a-venda-70-m-do-mar-na-Praia-do-Forte-98-1240x720.jpg","width":1240,"height":720,"mime-type":"image\/jpeg","filesize":230037,"url":"https:\/\/hansenimoveis.com\/wp-content\/uploads\/2024\/11\/Mansao-a-venda-70-m-do-mar-na-Praia-do-Forte-98-1240x720.jpg"}},"image_meta":{"aperture":"7.1","credit":"Rodrigo Melo","camera":"Canon EOS 5D Mark IV","caption":"","created_timestamp":"1704916360","copyright":"Rodrigo Melo","focal_length":"16","iso":"200","shutter_speed":"0.01","title":"","orientation":"0","keywords":[]},"ID":"186332","name":"Mansao-a-venda-70-m-do-mar-na-Praia-do-Forte-98.jpg","path":"\/home\/hansenimoveis.com\/public_html\/wp-content\/uploads\/2024\/11\/Mansao-a-venda-70-m-do-mar-na-Praia-do-Forte-98.jpg","url":"https:\/\/hansenimoveis.com\/wp-content\/uploads\/2024\/11\/Mansao-a-venda-70-m-do-mar-na-Praia-do-Forte-98-150x150.jpg","full_url":"https:\/\/hansenimoveis.com\/wp-content\/uploads\/2024\/11\/Mansao-a-venda-70-m-do-mar-na-Praia-do-Forte-98.jpg","title":"Mansa\u0303o a\u0301 venda 70 m do mar na Praia do Forte-98","caption":"","description":"","alt":"Mansa\u0303o para aluguel a\u0300 70 m do mar na Praia do Forte","srcset":"https:\/\/hansenimoveis.com\/wp-content\/uploads\/2024\/11\/Mansao-a-venda-70-m-do-mar-na-Praia-do-Forte-98-150x150.jpg 150w, https:\/\/hansenimoveis.com\/wp-content\/uploads\/2024\/11\/Mansao-a-venda-70-m-do-mar-na-Praia-do-Forte-98-210x210.jpg 210w"},{"width":150,"height":150,"file":"2024\/11\/Mansao-a-venda-70-m-do-mar-na-Praia-do-Forte-97.jpg","filesize":536898,"sizes":{"thumbnail":{"file":"Mansao-a-venda-70-m-do-mar-na-Praia-do-Forte-97-150x150.jpg","width":150,"height":150,"mime-type":"image\/jpeg","filesize":5261,"url":"https:\/\/hansenimoveis.com\/wp-content\/uploads\/2024\/11\/Mansao-a-venda-70-m-do-mar-na-Praia-do-Forte-97-150x150.jpg"},"post-thumbnail":{"file":"Mansao-a-venda-70-m-do-mar-na-Praia-do-Forte-97-150x85.jpg","width":150,"height":85,"mime-type":"image\/jpeg","filesize":3915,"url":"https:\/\/hansenimoveis.com\/wp-content\/uploads\/2024\/11\/Mansao-a-venda-70-m-do-mar-na-Praia-do-Forte-97-150x85.jpg"},"modern-property-child-slider":{"file":"Mansao-a-venda-70-m-do-mar-na-Praia-do-Forte-97-680x510.jpg","width":680,"height":510,"mime-type":"image\/jpeg","filesize":51062,"url":"https:\/\/hansenimoveis.com\/wp-content\/uploads\/2024\/11\/Mansao-a-venda-70-m-do-mar-na-Praia-do-Forte-97-680x510.jpg"},"property-thumb-image":{"file":"Mansao-a-venda-70-m-do-mar-na-Praia-do-Forte-97-488x326.jpg","width":488,"height":326,"mime-type":"image\/jpeg","filesize":26932,"url":"https:\/\/hansenimoveis.com\/wp-content\/uploads\/2024\/11\/Mansao-a-venda-70-m-do-mar-na-Praia-do-Forte-97-488x326.jpg"},"property-detail-video-image":{"file":"Mansao-a-venda-70-m-do-mar-na-Praia-do-Forte-97-818x417.jpg","width":818,"height":417,"mime-type":"image\/jpeg","filesize":54455,"url":"https:\/\/hansenimoveis.com\/wp-content\/uploads\/2024\/11\/Mansao-a-venda-70-m-do-mar-na-Praia-do-Forte-97-818x417.jpg"},"agent-image":{"file":"Mansao-a-venda-70-m-do-mar-na-Praia-do-Forte-97-210x210.jpg","width":210,"height":210,"mime-type":"image\/jpeg","filesize":8826,"url":"https:\/\/hansenimoveis.com\/wp-content\/uploads\/2024\/11\/Mansao-a-venda-70-m-do-mar-na-Praia-do-Forte-97-210x210.jpg"},"partners-logo":{"file":"Mansao-a-venda-70-m-do-mar-na-Praia-do-Forte-97-600x725.jpg","width":600,"height":725,"mime-type":"image\/jpeg","filesize":64954,"url":"https:\/\/hansenimoveis.com\/wp-content\/uploads\/2024\/11\/Mansao-a-venda-70-m-do-mar-na-Praia-do-Forte-97-600x725.jpg"},"post-featured-image":{"file":"Mansao-a-venda-70-m-do-mar-na-Praia-do-Forte-97-1240x720.jpg","width":1240,"height":720,"mime-type":"image\/jpeg","filesize":120478,"url":"https:\/\/hansenimoveis.com\/wp-content\/uploads\/2024\/11\/Mansao-a-venda-70-m-do-mar-na-Praia-do-Forte-97-1240x720.jpg"}},"image_meta":{"aperture":"7.1","credit":"Rodrigo Melo","camera":"Canon EOS 5D Mark IV","caption":"","created_timestamp":"1704916115","copyright":"Rodrigo Melo","focal_length":"16","iso":"200","shutter_speed":"0.25","title":"","orientation":"0","keywords":[]},"ID":"186328","name":"Mansao-a-venda-70-m-do-mar-na-Praia-do-Forte-97.jpg","path":"\/home\/hansenimoveis.com\/public_html\/wp-content\/uploads\/2024\/11\/Mansao-a-venda-70-m-do-mar-na-Praia-do-Forte-97.jpg","url":"https:\/\/hansenimoveis.com\/wp-content\/uploads\/2024\/11\/Mansao-a-venda-70-m-do-mar-na-Praia-do-Forte-97-150x150.jpg","full_url":"https:\/\/hansenimoveis.com\/wp-content\/uploads\/2024\/11\/Mansao-a-venda-70-m-do-mar-na-Praia-do-Forte-97.jpg","title":"Mansa\u0303o a\u0301 venda 70 m do mar na Praia do Forte-97","caption":"","description":"","alt":"Mansa\u0303o para aluguel a\u0300 70 m do mar na Praia do Forte","srcset":"https:\/\/hansenimoveis.com\/wp-content\/uploads\/2024\/11\/Mansao-a-venda-70-m-do-mar-na-Praia-do-Forte-97-150x150.jpg 150w, https:\/\/hansenimoveis.com\/wp-content\/uploads\/2024\/11\/Mansao-a-venda-70-m-do-mar-na-Praia-do-Forte-97-210x210.jpg 210w"},{"width":150,"height":150,"file":"2024\/11\/Mansao-a-venda-70-m-do-mar-na-Praia-do-Forte-96.jpg","filesize":573647,"sizes":{"thumbnail":{"file":"Mansao-a-venda-70-m-do-mar-na-Praia-do-Forte-96-150x150.jpg","width":150,"height":150,"mime-type":"image\/jpeg","filesize":5738,"url":"https:\/\/hansenimoveis.com\/wp-content\/uploads\/2024\/11\/Mansao-a-venda-70-m-do-mar-na-Praia-do-Forte-96-150x150.jpg"},"post-thumbnail":{"file":"Mansao-a-venda-70-m-do-mar-na-Praia-do-Forte-96-150x100.jpg","width":150,"height":100,"mime-type":"image\/jpeg","filesize":4117,"url":"https:\/\/hansenimoveis.com\/wp-content\/uploads\/2024\/11\/Mansao-a-venda-70-m-do-mar-na-Praia-do-Forte-96-150x100.jpg"},"modern-property-child-slider":{"file":"Mansao-a-venda-70-m-do-mar-na-Praia-do-Forte-96-680x510.jpg","width":680,"height":510,"mime-type":"image\/jpeg","filesize":56732,"url":"https:\/\/hansenimoveis.com\/wp-content\/uploads\/2024\/11\/Mansao-a-venda-70-m-do-mar-na-Praia-do-Forte-96-680x510.jpg"},"property-thumb-image":{"file":"Mansao-a-venda-70-m-do-mar-na-Praia-do-Forte-96-488x326.jpg","width":488,"height":326,"mime-type":"image\/jpeg","filesize":27153,"url":"https:\/\/hansenimoveis.com\/wp-content\/uploads\/2024\/11\/Mansao-a-venda-70-m-do-mar-na-Praia-do-Forte-96-488x326.jpg"},"property-detail-video-image":{"file":"Mansao-a-venda-70-m-do-mar-na-Praia-do-Forte-96-818x417.jpg","width":818,"height":417,"mime-type":"image\/jpeg","filesize":57767,"url":"https:\/\/hansenimoveis.com\/wp-content\/uploads\/2024\/11\/Mansao-a-venda-70-m-do-mar-na-Praia-do-Forte-96-818x417.jpg"},"agent-image":{"file":"Mansao-a-venda-70-m-do-mar-na-Praia-do-Forte-96-210x210.jpg","width":210,"height":210,"mime-type":"image\/jpeg","filesize":9903,"url":"https:\/\/hansenimoveis.com\/wp-content\/uploads\/2024\/11\/Mansao-a-venda-70-m-do-mar-na-Praia-do-Forte-96-210x210.jpg"},"partners-logo":{"file":"Mansao-a-venda-70-m-do-mar-na-Praia-do-Forte-96-600x853.jpg","width":600,"height":853,"mime-type":"image\/jpeg","filesize":93218,"url":"https:\/\/hansenimoveis.com\/wp-content\/uploads\/2024\/11\/Mansao-a-venda-70-m-do-mar-na-Praia-do-Forte-96-600x853.jpg"},"post-featured-image":{"file":"Mansao-a-venda-70-m-do-mar-na-Praia-do-Forte-96-1240x720.jpg","width":1240,"height":720,"mime-type":"image\/jpeg","filesize":129417,"url":"https:\/\/hansenimoveis.com\/wp-content\/uploads\/2024\/11\/Mansao-a-venda-70-m-do-mar-na-Praia-do-Forte-96-1240x720.jpg"}},"image_meta":{"aperture":"7.1","credit":"Rodrigo Melo","camera":"Canon EOS 5D Mark IV","caption":"","created_timestamp":"1704915569","copyright":"Rodrigo Melo","focal_length":"25","iso":"200","shutter_speed":"0.076923076923077","title":"","orientation":"0","keywords":[]},"ID":"186324","name":"Mansao-a-venda-70-m-do-mar-na-Praia-do-Forte-96.jpg","path":"\/home\/hansenimoveis.com\/public_html\/wp-content\/uploads\/2024\/11\/Mansao-a-venda-70-m-do-mar-na-Praia-do-Forte-96.jpg","url":"https:\/\/hansenimoveis.com\/wp-content\/uploads\/2024\/11\/Mansao-a-venda-70-m-do-mar-na-Praia-do-Forte-96-150x150.jpg","full_url":"https:\/\/hansenimoveis.com\/wp-content\/uploads\/2024\/11\/Mansao-a-venda-70-m-do-mar-na-Praia-do-Forte-96.jpg","title":"Mansa\u0303o a\u0301 venda 70 m do mar na Praia do Forte-96","caption":"","description":"","alt":"Mansa\u0303o para aluguel a\u0300 70 m do mar na Praia do Forte","srcset":"https:\/\/hansenimoveis.com\/wp-content\/uploads\/2024\/11\/Mansao-a-venda-70-m-do-mar-na-Praia-do-Forte-96-150x150.jpg 150w, https:\/\/hansenimoveis.com\/wp-content\/uploads\/2024\/11\/Mansao-a-venda-70-m-do-mar-na-Praia-do-Forte-96-210x210.jpg 210w"},{"width":150,"height":150,"file":"2024\/11\/Mansao-a-venda-70-m-do-mar-na-Praia-do-Forte-95.jpg","filesize":525931,"sizes":{"thumbnail":{"file":"Mansao-a-venda-70-m-do-mar-na-Praia-do-Forte-95-150x150.jpg","width":150,"height":150,"mime-type":"image\/jpeg","filesize":5046,"url":"https:\/\/hansenimoveis.com\/wp-content\/uploads\/2024\/11\/Mansao-a-venda-70-m-do-mar-na-Praia-do-Forte-95-150x150.jpg"},"post-thumbnail":{"file":"Mansao-a-venda-70-m-do-mar-na-Praia-do-Forte-95-150x85.jpg","width":150,"height":85,"mime-type":"image\/jpeg","filesize":4257,"url":"https:\/\/hansenimoveis.com\/wp-content\/uploads\/2024\/11\/Mansao-a-venda-70-m-do-mar-na-Praia-do-Forte-95-150x85.jpg"},"modern-property-child-slider":{"file":"Mansao-a-venda-70-m-do-mar-na-Praia-do-Forte-95-680x510.jpg","width":680,"height":510,"mime-type":"image\/jpeg","filesize":49824,"url":"https:\/\/hansenimoveis.com\/wp-content\/uploads\/2024\/11\/Mansao-a-venda-70-m-do-mar-na-Praia-do-Forte-95-680x510.jpg"},"property-thumb-image":{"file":"Mansao-a-venda-70-m-do-mar-na-Praia-do-Forte-95-488x326.jpg","width":488,"height":326,"mime-type":"image\/jpeg","filesize":28342,"url":"https:\/\/hansenimoveis.com\/wp-content\/uploads\/2024\/11\/Mansao-a-venda-70-m-do-mar-na-Praia-do-Forte-95-488x326.jpg"},"property-detail-video-image":{"file":"Mansao-a-venda-70-m-do-mar-na-Praia-do-Forte-95-818x417.jpg","width":818,"height":417,"mime-type":"image\/jpeg","filesize":59727,"url":"https:\/\/hansenimoveis.com\/wp-content\/uploads\/2024\/11\/Mansao-a-venda-70-m-do-mar-na-Praia-do-Forte-95-818x417.jpg"},"agent-image":{"file":"Mansao-a-venda-70-m-do-mar-na-Praia-do-Forte-95-210x210.jpg","width":210,"height":210,"mime-type":"image\/jpeg","filesize":8343,"url":"https:\/\/hansenimoveis.com\/wp-content\/uploads\/2024\/11\/Mansao-a-venda-70-m-do-mar-na-Praia-do-Forte-95-210x210.jpg"},"partners-logo":{"file":"Mansao-a-venda-70-m-do-mar-na-Praia-do-Forte-95-600x725.jpg","width":600,"height":725,"mime-type":"image\/jpeg","filesize":52449,"url":"https:\/\/hansenimoveis.com\/wp-content\/uploads\/2024\/11\/Mansao-a-venda-70-m-do-mar-na-Praia-do-Forte-95-600x725.jpg"},"post-featured-image":{"file":"Mansao-a-venda-70-m-do-mar-na-Praia-do-Forte-95-1240x720.jpg","width":1240,"height":720,"mime-type":"image\/jpeg","filesize":129363,"url":"https:\/\/hansenimoveis.com\/wp-content\/uploads\/2024\/11\/Mansao-a-venda-70-m-do-mar-na-Praia-do-Forte-95-1240x720.jpg"}},"image_meta":{"aperture":"7.1","credit":"Rodrigo Melo","camera":"Canon EOS 5D Mark IV","caption":"","created_timestamp":"1704915418","copyright":"Rodrigo Melo","focal_length":"16","iso":"200","shutter_speed":"0.066666666666667","title":"","orientation":"0","keywords":[]},"ID":"186320","name":"Mansao-a-venda-70-m-do-mar-na-Praia-do-Forte-95.jpg","path":"\/home\/hansenimoveis.com\/public_html\/wp-content\/uploads\/2024\/11\/Mansao-a-venda-70-m-do-mar-na-Praia-do-Forte-95.jpg","url":"https:\/\/hansenimoveis.com\/wp-content\/uploads\/2024\/11\/Mansao-a-venda-70-m-do-mar-na-Praia-do-Forte-95-150x150.jpg","full_url":"https:\/\/hansenimoveis.com\/wp-content\/uploads\/2024\/11\/Mansao-a-venda-70-m-do-mar-na-Praia-do-Forte-95.jpg","title":"Mansa\u0303o a\u0301 venda 70 m do mar na Praia do Forte-95","caption":"","description":"","alt":"Mansa\u0303o para aluguel a\u0300 70 m do mar na Praia do Forte","srcset":"https:\/\/hansenimoveis.com\/wp-content\/uploads\/2024\/11\/Mansao-a-venda-70-m-do-mar-na-Praia-do-Forte-95-150x150.jpg 150w, https:\/\/hansenimoveis.com\/wp-content\/uploads\/2024\/11\/Mansao-a-venda-70-m-do-mar-na-Praia-do-Forte-95-210x210.jpg 210w"},{"width":150,"height":150,"file":"2024\/11\/Mansao-a-venda-70-m-do-mar-na-Praia-do-Forte-94.jpg","filesize":590281,"sizes":{"thumbnail":{"file":"Mansao-a-venda-70-m-do-mar-na-Praia-do-Forte-94-150x150.jpg","width":150,"height":150,"mime-type":"image\/jpeg","filesize":6578,"url":"https:\/\/hansenimoveis.com\/wp-content\/uploads\/2024\/11\/Mansao-a-venda-70-m-do-mar-na-Praia-do-Forte-94-150x150.jpg"},"post-thumbnail":{"file":"Mansao-a-venda-70-m-do-mar-na-Praia-do-Forte-94-150x85.jpg","width":150,"height":85,"mime-type":"image\/jpeg","filesize":4748,"url":"https:\/\/hansenimoveis.com\/wp-content\/uploads\/2024\/11\/Mansao-a-venda-70-m-do-mar-na-Praia-do-Forte-94-150x85.jpg"},"modern-property-child-slider":{"file":"Mansao-a-venda-70-m-do-mar-na-Praia-do-Forte-94-680x510.jpg","width":680,"height":510,"mime-type":"image\/jpeg","filesize":61984,"url":"https:\/\/hansenimoveis.com\/wp-content\/uploads\/2024\/11\/Mansao-a-venda-70-m-do-mar-na-Praia-do-Forte-94-680x510.jpg"},"property-thumb-image":{"file":"Mansao-a-venda-70-m-do-mar-na-Praia-do-Forte-94-488x326.jpg","width":488,"height":326,"mime-type":"image\/jpeg","filesize":33366,"url":"https:\/\/hansenimoveis.com\/wp-content\/uploads\/2024\/11\/Mansao-a-venda-70-m-do-mar-na-Praia-do-Forte-94-488x326.jpg"},"property-detail-video-image":{"file":"Mansao-a-venda-70-m-do-mar-na-Praia-do-Forte-94-818x417.jpg","width":818,"height":417,"mime-type":"image\/jpeg","filesize":68220,"url":"https:\/\/hansenimoveis.com\/wp-content\/uploads\/2024\/11\/Mansao-a-venda-70-m-do-mar-na-Praia-do-Forte-94-818x417.jpg"},"agent-image":{"file":"Mansao-a-venda-70-m-do-mar-na-Praia-do-Forte-94-210x210.jpg","width":210,"height":210,"mime-type":"image\/jpeg","filesize":11087,"url":"https:\/\/hansenimoveis.com\/wp-content\/uploads\/2024\/11\/Mansao-a-venda-70-m-do-mar-na-Praia-do-Forte-94-210x210.jpg"},"partners-logo":{"file":"Mansao-a-venda-70-m-do-mar-na-Praia-do-Forte-94-600x725.jpg","width":600,"height":725,"mime-type":"image\/jpeg","filesize":73662,"url":"https:\/\/hansenimoveis.com\/wp-content\/uploads\/2024\/11\/Mansao-a-venda-70-m-do-mar-na-Praia-do-Forte-94-600x725.jpg"},"post-featured-image":{"file":"Mansao-a-venda-70-m-do-mar-na-Praia-do-Forte-94-1240x720.jpg","width":1240,"height":720,"mime-type":"image\/jpeg","filesize":146110,"url":"https:\/\/hansenimoveis.com\/wp-content\/uploads\/2024\/11\/Mansao-a-venda-70-m-do-mar-na-Praia-do-Forte-94-1240x720.jpg"}},"image_meta":{"aperture":"7.1","credit":"Rodrigo Melo","camera":"Canon EOS 5D Mark IV","caption":"","created_timestamp":"1704915306","copyright":"Rodrigo Melo","focal_length":"16","iso":"200","shutter_speed":"0.05","title":"","orientation":"0","keywords":[]},"ID":"186316","name":"Mansao-a-venda-70-m-do-mar-na-Praia-do-Forte-94.jpg","path":"\/home\/hansenimoveis.com\/public_html\/wp-content\/uploads\/2024\/11\/Mansao-a-venda-70-m-do-mar-na-Praia-do-Forte-94.jpg","url":"https:\/\/hansenimoveis.com\/wp-content\/uploads\/2024\/11\/Mansao-a-venda-70-m-do-mar-na-Praia-do-Forte-94-150x150.jpg","full_url":"https:\/\/hansenimoveis.com\/wp-content\/uploads\/2024\/11\/Mansao-a-venda-70-m-do-mar-na-Praia-do-Forte-94.jpg","title":"Mansa\u0303o a\u0301 venda 70 m do mar na Praia do Forte-94","caption":"","description":"","alt":"Mansa\u0303o para aluguel a\u0300 70 m do mar na Praia do Forte","srcset":"https:\/\/hansenimoveis.com\/wp-content\/uploads\/2024\/11\/Mansao-a-venda-70-m-do-mar-na-Praia-do-Forte-94-150x150.jpg 150w, https:\/\/hansenimoveis.com\/wp-content\/uploads\/2024\/11\/Mansao-a-venda-70-m-do-mar-na-Praia-do-Forte-94-210x210.jpg 210w"},{"width":150,"height":150,"file":"2024\/11\/Mansao-a-venda-70-m-do-mar-na-Praia-do-Forte-93.jpg","filesize":551924,"sizes":{"thumbnail":{"file":"Mansao-a-venda-70-m-do-mar-na-Praia-do-Forte-93-150x150.jpg","width":150,"height":150,"mime-type":"image\/jpeg","filesize":6206,"url":"https:\/\/hansenimoveis.com\/wp-content\/uploads\/2024\/11\/Mansao-a-venda-70-m-do-mar-na-Praia-do-Forte-93-150x150.jpg"},"post-thumbnail":{"file":"Mansao-a-venda-70-m-do-mar-na-Praia-do-Forte-93-150x85.jpg","width":150,"height":85,"mime-type":"image\/jpeg","filesize":4259,"url":"https:\/\/hansenimoveis.com\/wp-content\/uploads\/2024\/11\/Mansao-a-venda-70-m-do-mar-na-Praia-do-Forte-93-150x85.jpg"},"modern-property-child-slider":{"file":"Mansao-a-venda-70-m-do-mar-na-Praia-do-Forte-93-680x510.jpg","width":680,"height":510,"mime-type":"image\/jpeg","filesize":56302,"url":"https:\/\/hansenimoveis.com\/wp-content\/uploads\/2024\/11\/Mansao-a-venda-70-m-do-mar-na-Praia-do-Forte-93-680x510.jpg"},"property-thumb-image":{"file":"Mansao-a-venda-70-m-do-mar-na-Praia-do-Forte-93-488x326.jpg","width":488,"height":326,"mime-type":"image\/jpeg","filesize":30474,"url":"https:\/\/hansenimoveis.com\/wp-content\/uploads\/2024\/11\/Mansao-a-venda-70-m-do-mar-na-Praia-do-Forte-93-488x326.jpg"},"property-detail-video-image":{"file":"Mansao-a-venda-70-m-do-mar-na-Praia-do-Forte-93-818x417.jpg","width":818,"height":417,"mime-type":"image\/jpeg","filesize":56612,"url":"https:\/\/hansenimoveis.com\/wp-content\/uploads\/2024\/11\/Mansao-a-venda-70-m-do-mar-na-Praia-do-Forte-93-818x417.jpg"},"agent-image":{"file":"Mansao-a-venda-70-m-do-mar-na-Praia-do-Forte-93-210x210.jpg","width":210,"height":210,"mime-type":"image\/jpeg","filesize":10445,"url":"https:\/\/hansenimoveis.com\/wp-content\/uploads\/2024\/11\/Mansao-a-venda-70-m-do-mar-na-Praia-do-Forte-93-210x210.jpg"},"partners-logo":{"file":"Mansao-a-venda-70-m-do-mar-na-Praia-do-Forte-93-600x725.jpg","width":600,"height":725,"mime-type":"image\/jpeg","filesize":76757,"url":"https:\/\/hansenimoveis.com\/wp-content\/uploads\/2024\/11\/Mansao-a-venda-70-m-do-mar-na-Praia-do-Forte-93-600x725.jpg"},"post-featured-image":{"file":"Mansao-a-venda-70-m-do-mar-na-Praia-do-Forte-93-1240x720.jpg","width":1240,"height":720,"mime-type":"image\/jpeg","filesize":125349,"url":"https:\/\/hansenimoveis.com\/wp-content\/uploads\/2024\/11\/Mansao-a-venda-70-m-do-mar-na-Praia-do-Forte-93-1240x720.jpg"}},"image_meta":{"aperture":"7.1","credit":"Rodrigo Melo","camera":"Canon EOS 5D Mark IV","caption":"","created_timestamp":"1704915237","copyright":"Rodrigo Melo","focal_length":"16","iso":"200","shutter_speed":"0.04","title":"","orientation":"0","keywords":[]},"ID":"186312","name":"Mansao-a-venda-70-m-do-mar-na-Praia-do-Forte-93.jpg","path":"\/home\/hansenimoveis.com\/public_html\/wp-content\/uploads\/2024\/11\/Mansao-a-venda-70-m-do-mar-na-Praia-do-Forte-93.jpg","url":"https:\/\/hansenimoveis.com\/wp-content\/uploads\/2024\/11\/Mansao-a-venda-70-m-do-mar-na-Praia-do-Forte-93-150x150.jpg","full_url":"https:\/\/hansenimoveis.com\/wp-content\/uploads\/2024\/11\/Mansao-a-venda-70-m-do-mar-na-Praia-do-Forte-93.jpg","title":"Mansa\u0303o a\u0301 venda 70 m do mar na Praia do Forte-93","caption":"","description":"","alt":"Mansa\u0303o para aluguel a\u0300 70 m do mar na Praia do Forte","srcset":"https:\/\/hansenimoveis.com\/wp-content\/uploads\/2024\/11\/Mansao-a-venda-70-m-do-mar-na-Praia-do-Forte-93-150x150.jpg 150w, https:\/\/hansenimoveis.com\/wp-content\/uploads\/2024\/11\/Mansao-a-venda-70-m-do-mar-na-Praia-do-Forte-93-210x210.jpg 210w"},{"width":150,"height":150,"file":"2024\/11\/Mansao-a-venda-70-m-do-mar-na-Praia-do-Forte-92.jpg","filesize":584124,"sizes":{"thumbnail":{"file":"Mansao-a-venda-70-m-do-mar-na-Praia-do-Forte-92-150x150.jpg","width":150,"height":150,"mime-type":"image\/jpeg","filesize":6508,"url":"https:\/\/hansenimoveis.com\/wp-content\/uploads\/2024\/11\/Mansao-a-venda-70-m-do-mar-na-Praia-do-Forte-92-150x150.jpg"},"post-thumbnail":{"file":"Mansao-a-venda-70-m-do-mar-na-Praia-do-Forte-92-150x85.jpg","width":150,"height":85,"mime-type":"image\/jpeg","filesize":4304,"url":"https:\/\/hansenimoveis.com\/wp-content\/uploads\/2024\/11\/Mansao-a-venda-70-m-do-mar-na-Praia-do-Forte-92-150x85.jpg"},"modern-property-child-slider":{"file":"Mansao-a-venda-70-m-do-mar-na-Praia-do-Forte-92-680x510.jpg","width":680,"height":510,"mime-type":"image\/jpeg","filesize":59716,"url":"https:\/\/hansenimoveis.com\/wp-content\/uploads\/2024\/11\/Mansao-a-venda-70-m-do-mar-na-Praia-do-Forte-92-680x510.jpg"},"property-thumb-image":{"file":"Mansao-a-venda-70-m-do-mar-na-Praia-do-Forte-92-488x326.jpg","width":488,"height":326,"mime-type":"image\/jpeg","filesize":31074,"url":"https:\/\/hansenimoveis.com\/wp-content\/uploads\/2024\/11\/Mansao-a-venda-70-m-do-mar-na-Praia-do-Forte-92-488x326.jpg"},"property-detail-video-image":{"file":"Mansao-a-venda-70-m-do-mar-na-Praia-do-Forte-92-818x417.jpg","width":818,"height":417,"mime-type":"image\/jpeg","filesize":59926,"url":"https:\/\/hansenimoveis.com\/wp-content\/uploads\/2024\/11\/Mansao-a-venda-70-m-do-mar-na-Praia-do-Forte-92-818x417.jpg"},"agent-image":{"file":"Mansao-a-venda-70-m-do-mar-na-Praia-do-Forte-92-210x210.jpg","width":210,"height":210,"mime-type":"image\/jpeg","filesize":11275,"url":"https:\/\/hansenimoveis.com\/wp-content\/uploads\/2024\/11\/Mansao-a-venda-70-m-do-mar-na-Praia-do-Forte-92-210x210.jpg"},"partners-logo":{"file":"Mansao-a-venda-70-m-do-mar-na-Praia-do-Forte-92-600x725.jpg","width":600,"height":725,"mime-type":"image\/jpeg","filesize":73666,"url":"https:\/\/hansenimoveis.com\/wp-content\/uploads\/2024\/11\/Mansao-a-venda-70-m-do-mar-na-Praia-do-Forte-92-600x725.jpg"},"post-featured-image":{"file":"Mansao-a-venda-70-m-do-mar-na-Praia-do-Forte-92-1240x720.jpg","width":1240,"height":720,"mime-type":"image\/jpeg","filesize":128584,"url":"https:\/\/hansenimoveis.com\/wp-content\/uploads\/2024\/11\/Mansao-a-venda-70-m-do-mar-na-Praia-do-Forte-92-1240x720.jpg"}},"image_meta":{"aperture":"7.1","credit":"Rodrigo Melo","camera":"Canon EOS 5D Mark IV","caption":"","created_timestamp":"1704915068","copyright":"Rodrigo Melo","focal_length":"16","iso":"200","shutter_speed":"0.05","title":"","orientation":"0","keywords":[]},"ID":"186308","name":"Mansao-a-venda-70-m-do-mar-na-Praia-do-Forte-92.jpg","path":"\/home\/hansenimoveis.com\/public_html\/wp-content\/uploads\/2024\/11\/Mansao-a-venda-70-m-do-mar-na-Praia-do-Forte-92.jpg","url":"https:\/\/hansenimoveis.com\/wp-content\/uploads\/2024\/11\/Mansao-a-venda-70-m-do-mar-na-Praia-do-Forte-92-150x150.jpg","full_url":"https:\/\/hansenimoveis.com\/wp-content\/uploads\/2024\/11\/Mansao-a-venda-70-m-do-mar-na-Praia-do-Forte-92.jpg","title":"Mansa\u0303o a\u0301 venda 70 m do mar na Praia do Forte-92","caption":"","description":"","alt":"Mansa\u0303o para aluguel a\u0300 70 m do mar na Praia do Forte","srcset":"https:\/\/hansenimoveis.com\/wp-content\/uploads\/2024\/11\/Mansao-a-venda-70-m-do-mar-na-Praia-do-Forte-92-150x150.jpg 150w, https:\/\/hansenimoveis.com\/wp-content\/uploads\/2024\/11\/Mansao-a-venda-70-m-do-mar-na-Praia-do-Forte-92-210x210.jpg 210w"},{"width":150,"height":150,"file":"2024\/11\/Mansao-a-venda-70-m-do-mar-na-Praia-do-Forte-941.jpg","filesize":652754,"sizes":{"thumbnail":{"file":"Mansao-a-venda-70-m-do-mar-na-Praia-do-Forte-941-150x150.jpg","width":150,"height":150,"mime-type":"image\/jpeg","filesize":7655,"url":"https:\/\/hansenimoveis.com\/wp-content\/uploads\/2024\/11\/Mansao-a-venda-70-m-do-mar-na-Praia-do-Forte-941-150x150.jpg"},"post-thumbnail":{"file":"Mansao-a-venda-70-m-do-mar-na-Praia-do-Forte-941-150x85.jpg","width":150,"height":85,"mime-type":"image\/jpeg","filesize":4950,"url":"https:\/\/hansenimoveis.com\/wp-content\/uploads\/2024\/11\/Mansao-a-venda-70-m-do-mar-na-Praia-do-Forte-941-150x85.jpg"},"modern-property-child-slider":{"file":"Mansao-a-venda-70-m-do-mar-na-Praia-do-Forte-941-680x510.jpg","width":680,"height":510,"mime-type":"image\/jpeg","filesize":81194,"url":"https:\/\/hansenimoveis.com\/wp-content\/uploads\/2024\/11\/Mansao-a-venda-70-m-do-mar-na-Praia-do-Forte-941-680x510.jpg"},"property-thumb-image":{"file":"Mansao-a-venda-70-m-do-mar-na-Praia-do-Forte-941-488x326.jpg","width":488,"height":326,"mime-type":"image\/jpeg","filesize":41977,"url":"https:\/\/hansenimoveis.com\/wp-content\/uploads\/2024\/11\/Mansao-a-venda-70-m-do-mar-na-Praia-do-Forte-941-488x326.jpg"},"property-detail-video-image":{"file":"Mansao-a-venda-70-m-do-mar-na-Praia-do-Forte-941-818x417.jpg","width":818,"height":417,"mime-type":"image\/jpeg","filesize":79924,"url":"https:\/\/hansenimoveis.com\/wp-content\/uploads\/2024\/11\/Mansao-a-venda-70-m-do-mar-na-Praia-do-Forte-941-818x417.jpg"},"agent-image":{"file":"Mansao-a-venda-70-m-do-mar-na-Praia-do-Forte-941-210x210.jpg","width":210,"height":210,"mime-type":"image\/jpeg","filesize":13593,"url":"https:\/\/hansenimoveis.com\/wp-content\/uploads\/2024\/11\/Mansao-a-venda-70-m-do-mar-na-Praia-do-Forte-941-210x210.jpg"},"partners-logo":{"file":"Mansao-a-venda-70-m-do-mar-na-Praia-do-Forte-941-600x725.jpg","width":600,"height":725,"mime-type":"image\/jpeg","filesize":102464,"url":"https:\/\/hansenimoveis.com\/wp-content\/uploads\/2024\/11\/Mansao-a-venda-70-m-do-mar-na-Praia-do-Forte-941-600x725.jpg"},"post-featured-image":{"file":"Mansao-a-venda-70-m-do-mar-na-Praia-do-Forte-941-1240x720.jpg","width":1240,"height":720,"mime-type":"image\/jpeg","filesize":179107,"url":"https:\/\/hansenimoveis.com\/wp-content\/uploads\/2024\/11\/Mansao-a-venda-70-m-do-mar-na-Praia-do-Forte-941-1240x720.jpg"}},"image_meta":{"aperture":"7.1","credit":"Rodrigo Melo","camera":"Canon EOS 5D Mark IV","caption":"","created_timestamp":"1704924511","copyright":"Rodrigo Melo","focal_length":"19","iso":"400","shutter_speed":"0.4","title":"","orientation":"0","keywords":[]},"ID":"186460","name":"Mansao-a-venda-70-m-do-mar-na-Praia-do-Forte-941.jpg","path":"\/home\/hansenimoveis.com\/public_html\/wp-content\/uploads\/2024\/11\/Mansao-a-venda-70-m-do-mar-na-Praia-do-Forte-941.jpg","url":"https:\/\/hansenimoveis.com\/wp-content\/uploads\/2024\/11\/Mansao-a-venda-70-m-do-mar-na-Praia-do-Forte-941-150x150.jpg","full_url":"https:\/\/hansenimoveis.com\/wp-content\/uploads\/2024\/11\/Mansao-a-venda-70-m-do-mar-na-Praia-do-Forte-941.jpg","title":"Mansa\u0303o a\u0301 venda 70 m do mar na Praia do Forte-941","caption":"","description":"","alt":"","srcset":"https:\/\/hansenimoveis.com\/wp-content\/uploads\/2024\/11\/Mansao-a-venda-70-m-do-mar-na-Praia-do-Forte-941-150x150.jpg 150w, https:\/\/hansenimoveis.com\/wp-content\/uploads\/2024\/11\/Mansao-a-venda-70-m-do-mar-na-Praia-do-Forte-941-210x210.jpg 210w"},{"width":150,"height":150,"file":"2024\/11\/Mansao-a-venda-70-m-do-mar-na-Praia-do-Forte-943.jpg","filesize":623896,"sizes":{"thumbnail":{"file":"Mansao-a-venda-70-m-do-mar-na-Praia-do-Forte-943-150x150.jpg","width":150,"height":150,"mime-type":"image\/jpeg","filesize":7470,"url":"https:\/\/hansenimoveis.com\/wp-content\/uploads\/2024\/11\/Mansao-a-venda-70-m-do-mar-na-Praia-do-Forte-943-150x150.jpg"},"post-thumbnail":{"file":"Mansao-a-venda-70-m-do-mar-na-Praia-do-Forte-943-150x85.jpg","width":150,"height":85,"mime-type":"image\/jpeg","filesize":5111,"url":"https:\/\/hansenimoveis.com\/wp-content\/uploads\/2024\/11\/Mansao-a-venda-70-m-do-mar-na-Praia-do-Forte-943-150x85.jpg"},"modern-property-child-slider":{"file":"Mansao-a-venda-70-m-do-mar-na-Praia-do-Forte-943-680x510.jpg","width":680,"height":510,"mime-type":"image\/jpeg","filesize":75713,"url":"https:\/\/hansenimoveis.com\/wp-content\/uploads\/2024\/11\/Mansao-a-venda-70-m-do-mar-na-Praia-do-Forte-943-680x510.jpg"},"property-thumb-image":{"file":"Mansao-a-venda-70-m-do-mar-na-Praia-do-Forte-943-488x326.jpg","width":488,"height":326,"mime-type":"image\/jpeg","filesize":39506,"url":"https:\/\/hansenimoveis.com\/wp-content\/uploads\/2024\/11\/Mansao-a-venda-70-m-do-mar-na-Praia-do-Forte-943-488x326.jpg"},"property-detail-video-image":{"file":"Mansao-a-venda-70-m-do-mar-na-Praia-do-Forte-943-818x417.jpg","width":818,"height":417,"mime-type":"image\/jpeg","filesize":76060,"url":"https:\/\/hansenimoveis.com\/wp-content\/uploads\/2024\/11\/Mansao-a-venda-70-m-do-mar-na-Praia-do-Forte-943-818x417.jpg"},"agent-image":{"file":"Mansao-a-venda-70-m-do-mar-na-Praia-do-Forte-943-210x210.jpg","width":210,"height":210,"mime-type":"image\/jpeg","filesize":13237,"url":"https:\/\/hansenimoveis.com\/wp-content\/uploads\/2024\/11\/Mansao-a-venda-70-m-do-mar-na-Praia-do-Forte-943-210x210.jpg"},"partners-logo":{"file":"Mansao-a-venda-70-m-do-mar-na-Praia-do-Forte-943-600x725.jpg","width":600,"height":725,"mime-type":"image\/jpeg","filesize":97760,"url":"https:\/\/hansenimoveis.com\/wp-content\/uploads\/2024\/11\/Mansao-a-venda-70-m-do-mar-na-Praia-do-Forte-943-600x725.jpg"},"post-featured-image":{"file":"Mansao-a-venda-70-m-do-mar-na-Praia-do-Forte-943-1240x720.jpg","width":1240,"height":720,"mime-type":"image\/jpeg","filesize":164918,"url":"https:\/\/hansenimoveis.com\/wp-content\/uploads\/2024\/11\/Mansao-a-venda-70-m-do-mar-na-Praia-do-Forte-943-1240x720.jpg"}},"image_meta":{"aperture":"7.1","credit":"Rodrigo Melo","camera":"Canon EOS 5D Mark IV","caption":"","created_timestamp":"1704924679","copyright":"Rodrigo Melo","focal_length":"16","iso":"400","shutter_speed":"0.3","title":"","orientation":"0","keywords":[]},"ID":"186468","name":"Mansao-a-venda-70-m-do-mar-na-Praia-do-Forte-943.jpg","path":"\/home\/hansenimoveis.com\/public_html\/wp-content\/uploads\/2024\/11\/Mansao-a-venda-70-m-do-mar-na-Praia-do-Forte-943.jpg","url":"https:\/\/hansenimoveis.com\/wp-content\/uploads\/2024\/11\/Mansao-a-venda-70-m-do-mar-na-Praia-do-Forte-943-150x150.jpg","full_url":"https:\/\/hansenimoveis.com\/wp-content\/uploads\/2024\/11\/Mansao-a-venda-70-m-do-mar-na-Praia-do-Forte-943.jpg","title":"Mansa\u0303o a\u0301 venda 70 m do mar na Praia do Forte-943","caption":"","description":"","alt":"","srcset":"https:\/\/hansenimoveis.com\/wp-content\/uploads\/2024\/11\/Mansao-a-venda-70-m-do-mar-na-Praia-do-Forte-943-150x150.jpg 150w, https:\/\/hansenimoveis.com\/wp-content\/uploads\/2024\/11\/Mansao-a-venda-70-m-do-mar-na-Praia-do-Forte-943-210x210.jpg 210w"},{"width":150,"height":150,"file":"2024\/11\/Mansao-a-venda-70-m-do-mar-na-Praia-do-Forte-942.jpg","filesize":746275,"sizes":{"thumbnail":{"file":"Mansao-a-venda-70-m-do-mar-na-Praia-do-Forte-942-150x150.jpg","width":150,"height":150,"mime-type":"image\/jpeg","filesize":7786,"url":"https:\/\/hansenimoveis.com\/wp-content\/uploads\/2024\/11\/Mansao-a-venda-70-m-do-mar-na-Praia-do-Forte-942-150x150.jpg"},"post-thumbnail":{"file":"Mansao-a-venda-70-m-do-mar-na-Praia-do-Forte-942-150x85.jpg","width":150,"height":85,"mime-type":"image\/jpeg","filesize":5056,"url":"https:\/\/hansenimoveis.com\/wp-content\/uploads\/2024\/11\/Mansao-a-venda-70-m-do-mar-na-Praia-do-Forte-942-150x85.jpg"},"modern-property-child-slider":{"file":"Mansao-a-venda-70-m-do-mar-na-Praia-do-Forte-942-680x510.jpg","width":680,"height":510,"mime-type":"image\/jpeg","filesize":86641,"url":"https:\/\/hansenimoveis.com\/wp-content\/uploads\/2024\/11\/Mansao-a-venda-70-m-do-mar-na-Praia-do-Forte-942-680x510.jpg"},"property-thumb-image":{"file":"Mansao-a-venda-70-m-do-mar-na-Praia-do-Forte-942-488x326.jpg","width":488,"height":326,"mime-type":"image\/jpeg","filesize":43663,"url":"https:\/\/hansenimoveis.com\/wp-content\/uploads\/2024\/11\/Mansao-a-venda-70-m-do-mar-na-Praia-do-Forte-942-488x326.jpg"},"property-detail-video-image":{"file":"Mansao-a-venda-70-m-do-mar-na-Praia-do-Forte-942-818x417.jpg","width":818,"height":417,"mime-type":"image\/jpeg","filesize":86676,"url":"https:\/\/hansenimoveis.com\/wp-content\/uploads\/2024\/11\/Mansao-a-venda-70-m-do-mar-na-Praia-do-Forte-942-818x417.jpg"},"agent-image":{"file":"Mansao-a-venda-70-m-do-mar-na-Praia-do-Forte-942-210x210.jpg","width":210,"height":210,"mime-type":"image\/jpeg","filesize":14031,"url":"https:\/\/hansenimoveis.com\/wp-content\/uploads\/2024\/11\/Mansao-a-venda-70-m-do-mar-na-Praia-do-Forte-942-210x210.jpg"},"partners-logo":{"file":"Mansao-a-venda-70-m-do-mar-na-Praia-do-Forte-942-600x725.jpg","width":600,"height":725,"mime-type":"image\/jpeg","filesize":116691,"url":"https:\/\/hansenimoveis.com\/wp-content\/uploads\/2024\/11\/Mansao-a-venda-70-m-do-mar-na-Praia-do-Forte-942-600x725.jpg"},"post-featured-image":{"file":"Mansao-a-venda-70-m-do-mar-na-Praia-do-Forte-942-1240x720.jpg","width":1240,"height":720,"mime-type":"image\/jpeg","filesize":186429,"url":"https:\/\/hansenimoveis.com\/wp-content\/uploads\/2024\/11\/Mansao-a-venda-70-m-do-mar-na-Praia-do-Forte-942-1240x720.jpg"}},"image_meta":{"aperture":"7.1","credit":"Rodrigo Melo","camera":"Canon EOS 5D Mark IV","caption":"","created_timestamp":"1704924590","copyright":"Rodrigo Melo","focal_length":"16","iso":"400","shutter_speed":"0.5","title":"","orientation":"0","keywords":[]},"ID":"186464","name":"Mansao-a-venda-70-m-do-mar-na-Praia-do-Forte-942.jpg","path":"\/home\/hansenimoveis.com\/public_html\/wp-content\/uploads\/2024\/11\/Mansao-a-venda-70-m-do-mar-na-Praia-do-Forte-942.jpg","url":"https:\/\/hansenimoveis.com\/wp-content\/uploads\/2024\/11\/Mansao-a-venda-70-m-do-mar-na-Praia-do-Forte-942-150x150.jpg","full_url":"https:\/\/hansenimoveis.com\/wp-content\/uploads\/2024\/11\/Mansao-a-venda-70-m-do-mar-na-Praia-do-Forte-942.jpg","title":"Mansa\u0303o a\u0301 venda 70 m do mar na Praia do Forte-942","caption":"","description":"","alt":"","srcset":"https:\/\/hansenimoveis.com\/wp-content\/uploads\/2024\/11\/Mansao-a-venda-70-m-do-mar-na-Praia-do-Forte-942-150x150.jpg 150w, https:\/\/hansenimoveis.com\/wp-content\/uploads\/2024\/11\/Mansao-a-venda-70-m-do-mar-na-Praia-do-Forte-942-210x210.jpg 210w"},{"width":150,"height":150,"file":"2024\/11\/Mansao-a-venda-70-m-do-mar-na-Praia-do-Forte-944.jpg","filesize":340607,"sizes":{"thumbnail":{"file":"Mansao-a-venda-70-m-do-mar-na-Praia-do-Forte-944-150x150.jpg","width":150,"height":150,"mime-type":"image\/jpeg","filesize":3957,"url":"https:\/\/hansenimoveis.com\/wp-content\/uploads\/2024\/11\/Mansao-a-venda-70-m-do-mar-na-Praia-do-Forte-944-150x150.jpg"},"post-thumbnail":{"file":"Mansao-a-venda-70-m-do-mar-na-Praia-do-Forte-944-150x85.jpg","width":150,"height":85,"mime-type":"image\/jpeg","filesize":2976,"url":"https:\/\/hansenimoveis.com\/wp-content\/uploads\/2024\/11\/Mansao-a-venda-70-m-do-mar-na-Praia-do-Forte-944-150x85.jpg"},"modern-property-child-slider":{"file":"Mansao-a-venda-70-m-do-mar-na-Praia-do-Forte-944-680x510.jpg","width":680,"height":510,"mime-type":"image\/jpeg","filesize":32613,"url":"https:\/\/hansenimoveis.com\/wp-content\/uploads\/2024\/11\/Mansao-a-venda-70-m-do-mar-na-Praia-do-Forte-944-680x510.jpg"},"property-thumb-image":{"file":"Mansao-a-venda-70-m-do-mar-na-Praia-do-Forte-944-488x326.jpg","width":488,"height":326,"mime-type":"image\/jpeg","filesize":17833,"url":"https:\/\/hansenimoveis.com\/wp-content\/uploads\/2024\/11\/Mansao-a-venda-70-m-do-mar-na-Praia-do-Forte-944-488x326.jpg"},"property-detail-video-image":{"file":"Mansao-a-venda-70-m-do-mar-na-Praia-do-Forte-944-818x417.jpg","width":818,"height":417,"mime-type":"image\/jpeg","filesize":34789,"url":"https:\/\/hansenimoveis.com\/wp-content\/uploads\/2024\/11\/Mansao-a-venda-70-m-do-mar-na-Praia-do-Forte-944-818x417.jpg"},"agent-image":{"file":"Mansao-a-venda-70-m-do-mar-na-Praia-do-Forte-944-210x210.jpg","width":210,"height":210,"mime-type":"image\/jpeg","filesize":6463,"url":"https:\/\/hansenimoveis.com\/wp-content\/uploads\/2024\/11\/Mansao-a-venda-70-m-do-mar-na-Praia-do-Forte-944-210x210.jpg"},"partners-logo":{"file":"Mansao-a-venda-70-m-do-mar-na-Praia-do-Forte-944-600x725.jpg","width":600,"height":725,"mime-type":"image\/jpeg","filesize":39086,"url":"https:\/\/hansenimoveis.com\/wp-content\/uploads\/2024\/11\/Mansao-a-venda-70-m-do-mar-na-Praia-do-Forte-944-600x725.jpg"},"post-featured-image":{"file":"Mansao-a-venda-70-m-do-mar-na-Praia-do-Forte-944-1240x720.jpg","width":1240,"height":720,"mime-type":"image\/jpeg","filesize":73948,"url":"https:\/\/hansenimoveis.com\/wp-content\/uploads\/2024\/11\/Mansao-a-venda-70-m-do-mar-na-Praia-do-Forte-944-1240x720.jpg"}},"image_meta":{"aperture":"7.1","credit":"Rodrigo Melo","camera":"Canon EOS 5D Mark IV","caption":"","created_timestamp":"1704924760","copyright":"Rodrigo Melo","focal_length":"16","iso":"400","shutter_speed":"0.16666666666667","title":"","orientation":"0","keywords":[]},"ID":"186472","name":"Mansao-a-venda-70-m-do-mar-na-Praia-do-Forte-944.jpg","path":"\/home\/hansenimoveis.com\/public_html\/wp-content\/uploads\/2024\/11\/Mansao-a-venda-70-m-do-mar-na-Praia-do-Forte-944.jpg","url":"https:\/\/hansenimoveis.com\/wp-content\/uploads\/2024\/11\/Mansao-a-venda-70-m-do-mar-na-Praia-do-Forte-944-150x150.jpg","full_url":"https:\/\/hansenimoveis.com\/wp-content\/uploads\/2024\/11\/Mansao-a-venda-70-m-do-mar-na-Praia-do-Forte-944.jpg","title":"Mansa\u0303o a\u0301 venda 70 m do mar na Praia do Forte-944","caption":"","description":"","alt":"","srcset":"https:\/\/hansenimoveis.com\/wp-content\/uploads\/2024\/11\/Mansao-a-venda-70-m-do-mar-na-Praia-do-Forte-944-150x150.jpg 150w, https:\/\/hansenimoveis.com\/wp-content\/uploads\/2024\/11\/Mansao-a-venda-70-m-do-mar-na-Praia-do-Forte-944-210x210.jpg 210w"}],"REAL_HOMES_change_gallery_slider_type":"0","REAL_HOMES_gallery_slider_type":"thumb-on-right","inspiry_floor_plans":[],"inspiry_video_group":[],"REAL_HOMES_360_virtual_tour":"","REAL_HOMES_agent_display_option":"my_profile_info","REAL_HOMES_agents":["664"],"REAL_HOMES_energy_class":"none","REAL_HOMES_energy_performance":"","REAL_HOMES_epc_current_rating":"","REAL_HOMES_epc_potential_rating":"","ere_property_schedule_tour":"global","ere_property_schedule_time_slots":"","ere_property_schedule_description":"","REAL_HOMES_sticky":"0","inspiry_property_label":"","inspiry_property_label_color":"","inspiry_property_tax":"0","inspiry_additional_fee":"","REAL_HOMES_attachments":[],"inspiry_property_owner_name":"Odair","inspiry_property_owner_contact":"","inspiry_property_owner_address":"Enseada do Castelo","REAL_HOMES_property_private_note":"FIP 96","inspiry_message_to_reviewer":"","inspiry_global_property_template_override":"0","REAL_HOMES_add_in_slider":"no","REAL_HOMES_slider_image":[],"REAL_HOMES_page_banner_image":[],"REAL_HOMES_hide_property_advance_search":"0","REAL_HOMES_custom_header_display":"default","REAL_HOMES_custom_header_position":"relative","REAL_HOMES_custom_footer_display":"default","REAL_HOMES_hide_advance_search":"0","REAL_HOMES_custom_search_form":"default","REAL_HOMES_search_form_margin_top":"","REAL_HOMES_search_form_margin_bottom":""},"_links":{"self":[{"href":"https:\/\/hansenimoveis.com\/es\/wp-json\/wp\/v2\/property\/169029","targetHints":{"allow":["GET"]}}],"collection":[{"href":"https:\/\/hansenimoveis.com\/es\/wp-json\/wp\/v2\/property"}],"about":[{"href":"https:\/\/hansenimoveis.com\/es\/wp-json\/wp\/v2\/types\/property"}],"author":[{"embeddable":true,"href":"https:\/\/hansenimoveis.com\/es\/wp-json\/wp\/v2\/users\/2"}],"replies":[{"embeddable":true,"href":"https:\/\/hansenimoveis.com\/es\/wp-json\/wp\/v2\/comments?post=169029"}],"version-history":[{"count":0,"href":"https:\/\/hansenimoveis.com\/es\/wp-json\/wp\/v2\/property\/169029\/revisions"}],"wp:featuredmedia":[{"embeddable":true,"href":"https:\/\/hansenimoveis.com\/es\/wp-json\/wp\/v2\/media\/165908"}],"wp:attachment":[{"href":"https:\/\/hansenimoveis.com\/es\/wp-json\/wp\/v2\/media?parent=169029"}],"wp:term":[{"taxonomy":"property-feature","embeddable":true,"href":"https:\/\/hansenimoveis.com\/es\/wp-json\/wp\/v2\/property-feature?post=169029"},{"taxonomy":"property-type","embeddable":true,"href":"https:\/\/hansenimoveis.com\/es\/wp-json\/wp\/v2\/property-type?post=169029"},{"taxonomy":"property-city","embeddable":true,"href":"https:\/\/hansenimoveis.com\/es\/wp-json\/wp\/v2\/property-city?post=169029"},{"taxonomy":"property-status","embeddable":true,"href":"https:\/\/hansenimoveis.com\/es\/wp-json\/wp\/v2\/property-status?post=169029"}],"curies":[{"name":"wp","href":"https:\/\/api.w.org\/{rel}","templated":true}]}}