{"id":169334,"date":"2025-06-04T23:42:58","date_gmt":"2025-06-05T02:42:58","guid":{"rendered":"https:\/\/hansenimoveis.com\/?post_type=property&#038;p=169334"},"modified":"2025-06-04T23:42:58","modified_gmt":"2025-06-05T02:42:58","slug":"modernes-herrenhaus-700-m-vom-strand-entfernt-zum-verkauf-in-praia-do-forte","status":"publish","type":"property","link":"https:\/\/hansenimoveis.com\/de\/property\/modernes-herrenhaus-700-m-vom-strand-entfernt-zum-verkauf-in-praia-do-forte\/","title":{"rendered":"Modernes Herrenhaus 700 m vom Strand entfernt zum Verkauf in Praia do Forte"},"content":{"rendered":"<h2 class=\"ai-optimize-6\">Modernes Herrenhaus 700 m vom Strand entfernt zum Verkauf in Praia do Forte<\/h2>\n<p class=\"ai-optimize-7 ai-optimize-introduction\"><strong>Modernes Herrenhaus 700 m vom Strand entfernt zum Verkauf in Praia do Forte<\/strong> . Ich zeige Ihnen dieses elegant gestaltete Herrenhaus in einer Club-Wohnanlage mit kompletter Infrastruktur in Strandn\u00e4he, wo Sie unglaubliche Momente mit Ihrer Familie und Freunden genie\u00dfen k\u00f6nnen.<br \/>\nDer Unterschied bei dieser Wohnanlage besteht darin, dass jedes Detail durchdacht ist, um Komfort und Wohlbefinden f\u00fcr alle Altersgruppen zu bieten.<\/p>\n<p class=\"ai-optimize-8\">Sehen Sie sich auf <a href=\"https:\/\/youtu.be\/DVFhnQhhAIM\" target=\"_blank\" rel=\"noopener\"><strong>YouTube<\/strong><\/a> das Video <strong>\u201eModernes Herrenhaus 700 m vom Strand entfernt in Praia do Forte zu verkaufen\u201c an<\/strong> .<\/p>\n<h3 class=\"ai-optimize-9\">Informationen zum <strong>modernen Herrenhaus:<\/strong><\/h3>\n<ul>\n<li class=\"ai-optimize-10\">Dieses moderne Herrenhaus mit elegantem Design ist in 3 Etagen unterteilt.<\/li>\n<li class=\"ai-optimize-11\">Sehr ger\u00e4umige und helle Wohnzimmer mit direktem Blick auf den Pool;<\/li>\n<li class=\"ai-optimize-12\">Elegantes Waschbecken mit Marmorplatte, unterschiedliche Textur an den W\u00e4nden;<\/li>\n<li class=\"ai-optimize-13\">Esszimmer und offene K\u00fcche mit einer Insel mit Super-Nano-Arbeitsplatte und Blick auf das Naturschutzgebiet;<\/li>\n<li class=\"ai-optimize-14\">Swimmingpool mit 2 Ebenen mit Wasserspiegel, Hydromassage in der Mitte, Infinity-Rand mit Blick auf B\u00e4ume;<\/li>\n<li class=\"ai-optimize-15\">Gourmetbereich mit integrierter Holzterrasse mit Balkon, Pergola und Grill;<\/li>\n<li class=\"ai-optimize-16\">Ger\u00e4umige Suite im Erdgeschoss mit Einbauschr\u00e4nken und Badezimmer mit schuppenf\u00f6rmigen Fliesen;<\/li>\n<li class=\"ai-optimize-17\">Master-Suite mit privater Aussicht, Einbauschr\u00e4nken, Badezimmer mit Waschtisch mit 2 Waschbecken und Balkon;<\/li>\n<li class=\"ai-optimize-18\">Gro\u00dfe Suite mit Seitenblick und Schrank;<\/li>\n<li class=\"ai-optimize-19\">Sehr gem\u00fctliche Suite mit Poolblick, Einbauschrank und gro\u00dfem Badezimmer;<\/li>\n<li class=\"ai-optimize-20\">Suite mit Blick auf den Haupteingang, sehr luftig und ger\u00e4umig;<\/li>\n<li class=\"ai-optimize-21\">\u00dcberdachter Servicebereich mit Einbauschr\u00e4nken und kompletten Dienstm\u00e4dchenquartieren;<\/li>\n<li class=\"ai-optimize-22\">Privates Spielzimmer mit Blick auf den Garten;<\/li>\n<li class=\"ai-optimize-23\">Kinoraum mit 75-Zoll-Bildschirm;<\/li>\n<li class=\"ai-optimize-24\">Master-Suite \u2013 ein Kingsize-Bett, Kommode und Klimaanlage;<\/li>\n<li class=\"ai-optimize-25\">Suite mit Seitenansicht \u2013 ein Doppelbett, Klimaanlage und Einbauschrank;<\/li>\n<li class=\"ai-optimize-26\">Suite mit Poolblick \u2013 ein Doppelbett, ein Einzelbett, Klimaanlage und Einbauschrank;<\/li>\n<li class=\"ai-optimize-27\">Suite mit Blick auf den Haupteingang \u2013 ein Doppelbett, ein Einzelbett, Klimaanlage und Einbauschrank.<\/li>\n<\/ul>\n<h4 class=\"ai-optimize-28\">Praia Bella Eigentumswohnung<\/h4>\n<ul>\n<li class=\"ai-optimize-29\">Club-Eigentumswohnung mit voller Infrastruktur und einem wundersch\u00f6nen See im Hintergrund;<\/li>\n<li class=\"ai-optimize-30\">Drei integrierte Swimmingpools mit \u00fcberdachter Terrasse, einer f\u00fcr Erwachsene, einer f\u00fcr Erwachsene, einer f\u00fcr Kinder und einer mit Bahn und Infinity-Kante;<\/li>\n<li class=\"ai-optimize-31\">Offener und \u00fcberdachter Partyraum mit einer Kapazit\u00e4t f\u00fcr 200 Personen;<\/li>\n<li class=\"ai-optimize-32\">Gut strukturiertes und klimatisiertes Komplett-Fitnessstudio mit modernen Ger\u00e4ten;<\/li>\n<li class=\"ai-optimize-33\">Integriertes Deck mit Kiosk mit Au\u00dfentischen und Gefrierstruktur, K\u00fchlschrank, Theke, Granitarbeitsplatten und Hilfsk\u00fcche;<\/li>\n<li class=\"ai-optimize-34\">Bar vor dem Pool mit einer gro\u00dfen Theke, umgeben von St\u00fchlen, einer Insel in der Mitte und mehreren Gefrierschr\u00e4nken und Bierk\u00fchlern;<\/li>\n<li class=\"ai-optimize-35\">Kinderspielplatz mit reserviertem Pool und Badezimmer nur f\u00fcr Kinder;<\/li>\n<li class=\"ai-optimize-36\">Zwei Kioske mit Grillplatz mit einer Kapazit\u00e4t f\u00fcr jeweils bis zu 25 Personen;<\/li>\n<li class=\"ai-optimize-37\">SPA mit Trocken- und Nasssauna und Massageraum und reserviertem Deck im Spa;<\/li>\n<li class=\"ai-optimize-38\">Zwei Tennispl\u00e4tze, Beachtennis, Mehrzwecksportplatz und Fu\u00dfballplatz;<\/li>\n<li class=\"ai-optimize-39\">Parken auf dem Vereinsgel\u00e4nde.<\/li>\n<\/ul>\n<h4 class=\"ai-optimize-40\">Eigentumswohnung Praia Bella, Praia do Forte<\/h4>\n<p class=\"ai-optimize-41\"><em>Modernes Herrenhaus, 700 m vom Strand entfernt, zum Verkauf in Praia do Forte<\/em> im Praia Bella Condominium <em>.<\/em> Praia do Forte liegt in der Gemeinde Mata de S\u00e3o Jo\u00e3o in Bahia, 80 Kilometer vom internationalen Flughafen Salvador entfernt.<br \/>\nDa es sich um einen paradiesischen Ort handelt, ist er das ganze Jahr \u00fcber bei brasilianischen und ausl\u00e4ndischen Touristen sehr beliebt. Au\u00dferdem gibt es dort das wunderbare Tamar-Projekt, das sich gro\u00dfer Beliebtheit erfreut, da es sich um den Schutz von Meeresschildkr\u00f6ten entlang eines 12 Kilometer langen Strandabschnitts handelt.<\/p>\n<p class=\"ai-optimize-42\">Der deutsche Nachkomme Klaus Peters und ein Freund kauften 1970 30.000 Hektar Wald, wo sie Kokosnussb\u00e4ume, Fl\u00fcsse, Str\u00e4nde und ein Fischerdorf hatten, das an die Gemeinde Mata de S\u00e3o Jo\u00e3o abgetreten wurde. Die Wohnanlage Enseada do Castelo war eine Geb\u00e4uderuine, aus der der Name Praia do Forte entstand.<br \/>\nNach 10 Jahren, ab 1980, wurde Klaus Peters alleiniger Eigent\u00fcmer eines wundersch\u00f6nen Areals, das bis heute sorgf\u00e4ltig erhalten wird, wodurch die ersten Betriebe in der Region, wie eine Pension und ein Hotel, entstanden. Um Klaus Peters zu ehren, er\u00f6ffnete die Stadtverwaltung von Mata de S\u00e3o Jo\u00e3o im Jahr 2013 den Klaus Peters Stadtpark.<\/p>\n<p class=\"ai-optimize-43\">Sehen Sie sich andere Immobilien an <strong><a href=\"https:\/\/hansenimoveis.com\/de\/immobilien-zum-verkauf-in-litoral-norte\/\" target=\"_blank\" rel=\"noopener noreferrer\">Litoral Norte<\/a><\/strong>.<\/p>\n","protected":false},"excerpt":{"rendered":"<p>Modernes Herrenhaus 700 m vom Strand entfernt zum Verkauf in Praia do Forte Modernes Herrenhaus 700 m vom Strand entfernt zum Verkauf in Praia do Forte . Ich zeige Ihnen dieses elegant gestaltete Herrenhaus in einer Club-Wohnanlage mit kompletter Infrastruktur in Strandn\u00e4he, wo Sie unglaubliche Momente mit Ihrer Familie und Freunden genie\u00dfen k\u00f6nnen. Der Unterschied&#8230;<\/p>\n","protected":false},"author":2,"featured_media":154471,"parent":0,"menu_order":0,"comment_status":"closed","ping_status":"closed","template":"templates\/property-full-width-layout.php","property-feature":[1060,1011,209,244,179,1015,269,268,1072,142,124,204,219,1012,224,1017,189,234,1019,161,254,1020,122,1219,1014],"property-type":[1200,555],"property-city":[1437,1750],"property-status":[1095,102],"class_list":["post-169334","property","type-property","status-publish","has-post-thumbnail","hentry","property-feature-amerikanische-kuche","property-feature-anzahlung","property-feature-balkon","property-feature-basketballplatz","property-feature-begehbarer-kleiderschrank","property-feature-esszimmer","property-feature-fitnesscenter","property-feature-freizeitraum","property-feature-gourmet","property-feature-grillhaus","property-feature-hinterhof","property-feature-klimaanlage","property-feature-kondominium","property-feature-madchen","property-feature-pfortner-24-stunden","property-feature-pool-deck","property-feature-porzellan","property-feature-schwimmbad","property-feature-service-bereich","property-feature-strudel","property-feature-tennisplatz","property-feature-toilette","property-feature-vorgarten","property-feature-wanderweg","property-feature-wohnzimmer","property-type-haus-in-wohnanlage","property-type-luxus-haus","property-city-mata-de-sao-joao-de","property-city-praia-do-forte-de","property-status-kurzzeit-miete","property-status-zu-verkaufen"],"yoast_head":"<!-- This site is optimized with the Yoast SEO Premium plugin v27.4 (Yoast SEO v27.4) - https:\/\/yoast.com\/product\/yoast-seo-premium-wordpress\/ -->\n<title>Modernes Herrenhaus 700 m vom Strand entfernt zum Verkauf in Praia do Forte<\/title>\n<meta name=\"description\" content=\"Modernes Herrenhaus 700 m vom Strand entfernt zu verkaufen in Praia do Forte, Bahia. Villa mit elegantem Club mit kompletter Infrastruktur.\" \/>\n<meta name=\"robots\" content=\"index, follow, max-snippet:-1, max-image-preview:large, max-video-preview:-1\" \/>\n<link rel=\"canonical\" href=\"https:\/\/hansenimoveis.com\/de\/property\/modernes-herrenhaus-700-m-vom-strand-entfernt-zum-verkauf-in-praia-do-forte\/\" \/>\n<meta property=\"og:locale\" content=\"de_DE\" \/>\n<meta property=\"og:type\" content=\"article\" \/>\n<meta property=\"og:title\" content=\"Modernes Herrenhaus 700 m vom Strand entfernt zum Verkauf in Praia do Forte\" \/>\n<meta property=\"og:description\" content=\"Modernes Herrenhaus 700 m vom Strand entfernt zu verkaufen in Praia do Forte, Bahia. Villa mit elegantem Club mit kompletter Infrastruktur.\" \/>\n<meta property=\"og:url\" content=\"https:\/\/hansenimoveis.com\/de\/property\/modernes-herrenhaus-700-m-vom-strand-entfernt-zum-verkauf-in-praia-do-forte\/\" \/>\n<meta property=\"og:site_name\" content=\"Hansen Im\u00f3veis | H\u00e4user zum Verkauf Lauro de Freitas, Litoral Norte und Salvador\" \/>\n<meta property=\"article:publisher\" content=\"https:\/\/www.facebook.com\/Hansen-Imveis-356389241069613\/\" \/>\n<meta property=\"og:image\" content=\"https:\/\/hansenimoveis.com\/wp-content\/uploads\/2022\/10\/Mansa\u0303o-moderna-a-700-m-da-praia-a-venda-em-Praia-do-Forte-17.jpg\" \/>\n\t<meta property=\"og:image:width\" content=\"1280\" \/>\n\t<meta property=\"og:image:height\" content=\"725\" \/>\n\t<meta property=\"og:image:type\" content=\"image\/jpeg\" \/>\n<meta name=\"twitter:label1\" content=\"Gesch\u00e4tzte Lesezeit\" \/>\n\t<meta name=\"twitter:data1\" content=\"4\u00a0Minuten\" \/>\n<script type=\"application\/ld+json\" class=\"yoast-schema-graph\">{\"@context\":\"https:\\\/\\\/schema.org\",\"@graph\":[{\"@type\":\"WebPage\",\"@id\":\"https:\\\/\\\/hansenimoveis.com\\\/de\\\/property\\\/modernes-herrenhaus-700-m-vom-strand-entfernt-zum-verkauf-in-praia-do-forte\\\/\",\"url\":\"https:\\\/\\\/hansenimoveis.com\\\/de\\\/property\\\/modernes-herrenhaus-700-m-vom-strand-entfernt-zum-verkauf-in-praia-do-forte\\\/\",\"name\":\"Modernes Herrenhaus 700 m vom Strand entfernt zum Verkauf in Praia do Forte\",\"isPartOf\":{\"@id\":\"https:\\\/\\\/hansenimoveis.com\\\/de\\\/#website\"},\"primaryImageOfPage\":{\"@id\":\"https:\\\/\\\/hansenimoveis.com\\\/de\\\/property\\\/modernes-herrenhaus-700-m-vom-strand-entfernt-zum-verkauf-in-praia-do-forte\\\/#primaryimage\"},\"image\":{\"@id\":\"https:\\\/\\\/hansenimoveis.com\\\/de\\\/property\\\/modernes-herrenhaus-700-m-vom-strand-entfernt-zum-verkauf-in-praia-do-forte\\\/#primaryimage\"},\"thumbnailUrl\":\"https:\\\/\\\/hansenimoveis.com\\\/wp-content\\\/uploads\\\/2022\\\/10\\\/Mansa\u0303o-moderna-a-700-m-da-praia-a-venda-em-Praia-do-Forte-17.jpg\",\"datePublished\":\"2025-06-05T02:42:58+00:00\",\"description\":\"Modernes Herrenhaus 700 m vom Strand entfernt zu verkaufen in Praia do Forte, Bahia. Villa mit elegantem Club mit kompletter Infrastruktur.\",\"breadcrumb\":{\"@id\":\"https:\\\/\\\/hansenimoveis.com\\\/de\\\/property\\\/modernes-herrenhaus-700-m-vom-strand-entfernt-zum-verkauf-in-praia-do-forte\\\/#breadcrumb\"},\"inLanguage\":\"de\",\"potentialAction\":[{\"@type\":\"ReadAction\",\"target\":[\"https:\\\/\\\/hansenimoveis.com\\\/de\\\/property\\\/modernes-herrenhaus-700-m-vom-strand-entfernt-zum-verkauf-in-praia-do-forte\\\/\"]}]},{\"@type\":\"ImageObject\",\"inLanguage\":\"de\",\"@id\":\"https:\\\/\\\/hansenimoveis.com\\\/de\\\/property\\\/modernes-herrenhaus-700-m-vom-strand-entfernt-zum-verkauf-in-praia-do-forte\\\/#primaryimage\",\"url\":\"https:\\\/\\\/hansenimoveis.com\\\/wp-content\\\/uploads\\\/2022\\\/10\\\/Mansa\u0303o-moderna-a-700-m-da-praia-a-venda-em-Praia-do-Forte-17.jpg\",\"contentUrl\":\"https:\\\/\\\/hansenimoveis.com\\\/wp-content\\\/uploads\\\/2022\\\/10\\\/Mansa\u0303o-moderna-a-700-m-da-praia-a-venda-em-Praia-do-Forte-17.jpg\",\"width\":1280,\"height\":725,\"caption\":\"Mans\u00e3o moderna a 700 m da praia a venda em Praia do Forte\"},{\"@type\":\"BreadcrumbList\",\"@id\":\"https:\\\/\\\/hansenimoveis.com\\\/de\\\/property\\\/modernes-herrenhaus-700-m-vom-strand-entfernt-zum-verkauf-in-praia-do-forte\\\/#breadcrumb\",\"itemListElement\":[{\"@type\":\"ListItem\",\"position\":1,\"name\":\"In\u00edcio\",\"item\":\"https:\\\/\\\/hansenimoveis.com\\\/de\\\/\"},{\"@type\":\"ListItem\",\"position\":2,\"name\":\"Immobilien\",\"item\":\"https:\\\/\\\/hansenimoveis.com\\\/de\\\/property\\\/\"},{\"@type\":\"ListItem\",\"position\":3,\"name\":\"Modernes Herrenhaus 700 m vom Strand entfernt zum Verkauf in Praia do Forte\"}]},{\"@type\":\"WebSite\",\"@id\":\"https:\\\/\\\/hansenimoveis.com\\\/de\\\/#website\",\"url\":\"https:\\\/\\\/hansenimoveis.com\\\/de\\\/\",\"name\":\"Hansen Im\u00f3veis | H\u00e4user zum Verkauf Lauro de Freitas, Litoral Norte und Salvador\",\"description\":\"\",\"publisher\":{\"@id\":\"https:\\\/\\\/hansenimoveis.com\\\/de\\\/#organization\"},\"potentialAction\":[{\"@type\":\"SearchAction\",\"target\":{\"@type\":\"EntryPoint\",\"urlTemplate\":\"https:\\\/\\\/hansenimoveis.com\\\/de\\\/?s={search_term_string}\"},\"query-input\":{\"@type\":\"PropertyValueSpecification\",\"valueRequired\":true,\"valueName\":\"search_term_string\"}}],\"inLanguage\":\"de\"},{\"@type\":[\"Organization\",\"Place\"],\"@id\":\"https:\\\/\\\/hansenimoveis.com\\\/de\\\/#organization\",\"name\":\"Hansen Im\u00f3veis LTDA\",\"url\":\"https:\\\/\\\/hansenimoveis.com\\\/de\\\/\",\"logo\":{\"@id\":\"https:\\\/\\\/hansenimoveis.com\\\/de\\\/property\\\/modernes-herrenhaus-700-m-vom-strand-entfernt-zum-verkauf-in-praia-do-forte\\\/#local-main-organization-logo\"},\"image\":{\"@id\":\"https:\\\/\\\/hansenimoveis.com\\\/de\\\/property\\\/modernes-herrenhaus-700-m-vom-strand-entfernt-zum-verkauf-in-praia-do-forte\\\/#local-main-organization-logo\"},\"sameAs\":[\"https:\\\/\\\/www.facebook.com\\\/Hansen-Imveis-356389241069613\\\/\",\"https:\\\/\\\/www.pinterest.dk\\\/hansenimoveis\\\/\",\"https:\\\/\\\/www.youtube.com\\\/channel\\\/UCH1v_JXMzDe4Pf4-ZHMaFDg\"],\"telephone\":[],\"openingHoursSpecification\":[{\"@type\":\"OpeningHoursSpecification\",\"dayOfWeek\":[\"Monday\",\"Tuesday\",\"Wednesday\",\"Thursday\",\"Friday\",\"Saturday\",\"Sunday\"],\"opens\":\"09:00\",\"closes\":\"17:00\"}]},{\"@type\":\"ImageObject\",\"inLanguage\":\"de\",\"@id\":\"https:\\\/\\\/hansenimoveis.com\\\/de\\\/property\\\/modernes-herrenhaus-700-m-vom-strand-entfernt-zum-verkauf-in-praia-do-forte\\\/#local-main-organization-logo\",\"url\":\"https:\\\/\\\/hansenimoveis.com\\\/wp-content\\\/uploads\\\/2014\\\/06\\\/Hansen-logo.jpg\",\"contentUrl\":\"https:\\\/\\\/hansenimoveis.com\\\/wp-content\\\/uploads\\\/2014\\\/06\\\/Hansen-logo.jpg\",\"width\":283,\"height\":283,\"caption\":\"Hansen Im\u00f3veis LTDA\"}]}<\/script>\n<!-- \/ Yoast SEO Premium plugin. -->","yoast_head_json":{"title":"Modernes Herrenhaus 700 m vom Strand entfernt zum Verkauf in Praia do Forte","description":"Modernes Herrenhaus 700 m vom Strand entfernt zu verkaufen in Praia do Forte, Bahia. Villa mit elegantem Club mit kompletter Infrastruktur.","robots":{"index":"index","follow":"follow","max-snippet":"max-snippet:-1","max-image-preview":"max-image-preview:large","max-video-preview":"max-video-preview:-1"},"canonical":"https:\/\/hansenimoveis.com\/de\/property\/modernes-herrenhaus-700-m-vom-strand-entfernt-zum-verkauf-in-praia-do-forte\/","og_locale":"de_DE","og_type":"article","og_title":"Modernes Herrenhaus 700 m vom Strand entfernt zum Verkauf in Praia do Forte","og_description":"Modernes Herrenhaus 700 m vom Strand entfernt zu verkaufen in Praia do Forte, Bahia. Villa mit elegantem Club mit kompletter Infrastruktur.","og_url":"https:\/\/hansenimoveis.com\/de\/property\/modernes-herrenhaus-700-m-vom-strand-entfernt-zum-verkauf-in-praia-do-forte\/","og_site_name":"Hansen Im\u00f3veis | H\u00e4user zum Verkauf Lauro de Freitas, Litoral Norte und Salvador","article_publisher":"https:\/\/www.facebook.com\/Hansen-Imveis-356389241069613\/","og_image":[{"width":1280,"height":725,"url":"https:\/\/hansenimoveis.com\/wp-content\/uploads\/2022\/10\/Mansa\u0303o-moderna-a-700-m-da-praia-a-venda-em-Praia-do-Forte-17.jpg","type":"image\/jpeg"}],"twitter_misc":{"Gesch\u00e4tzte Lesezeit":"4\u00a0Minuten"},"schema":{"@context":"https:\/\/schema.org","@graph":[{"@type":"WebPage","@id":"https:\/\/hansenimoveis.com\/de\/property\/modernes-herrenhaus-700-m-vom-strand-entfernt-zum-verkauf-in-praia-do-forte\/","url":"https:\/\/hansenimoveis.com\/de\/property\/modernes-herrenhaus-700-m-vom-strand-entfernt-zum-verkauf-in-praia-do-forte\/","name":"Modernes Herrenhaus 700 m vom Strand entfernt zum Verkauf in Praia do Forte","isPartOf":{"@id":"https:\/\/hansenimoveis.com\/de\/#website"},"primaryImageOfPage":{"@id":"https:\/\/hansenimoveis.com\/de\/property\/modernes-herrenhaus-700-m-vom-strand-entfernt-zum-verkauf-in-praia-do-forte\/#primaryimage"},"image":{"@id":"https:\/\/hansenimoveis.com\/de\/property\/modernes-herrenhaus-700-m-vom-strand-entfernt-zum-verkauf-in-praia-do-forte\/#primaryimage"},"thumbnailUrl":"https:\/\/hansenimoveis.com\/wp-content\/uploads\/2022\/10\/Mansa\u0303o-moderna-a-700-m-da-praia-a-venda-em-Praia-do-Forte-17.jpg","datePublished":"2025-06-05T02:42:58+00:00","description":"Modernes Herrenhaus 700 m vom Strand entfernt zu verkaufen in Praia do Forte, Bahia. Villa mit elegantem Club mit kompletter Infrastruktur.","breadcrumb":{"@id":"https:\/\/hansenimoveis.com\/de\/property\/modernes-herrenhaus-700-m-vom-strand-entfernt-zum-verkauf-in-praia-do-forte\/#breadcrumb"},"inLanguage":"de","potentialAction":[{"@type":"ReadAction","target":["https:\/\/hansenimoveis.com\/de\/property\/modernes-herrenhaus-700-m-vom-strand-entfernt-zum-verkauf-in-praia-do-forte\/"]}]},{"@type":"ImageObject","inLanguage":"de","@id":"https:\/\/hansenimoveis.com\/de\/property\/modernes-herrenhaus-700-m-vom-strand-entfernt-zum-verkauf-in-praia-do-forte\/#primaryimage","url":"https:\/\/hansenimoveis.com\/wp-content\/uploads\/2022\/10\/Mansa\u0303o-moderna-a-700-m-da-praia-a-venda-em-Praia-do-Forte-17.jpg","contentUrl":"https:\/\/hansenimoveis.com\/wp-content\/uploads\/2022\/10\/Mansa\u0303o-moderna-a-700-m-da-praia-a-venda-em-Praia-do-Forte-17.jpg","width":1280,"height":725,"caption":"Mans\u00e3o moderna a 700 m da praia a venda em Praia do Forte"},{"@type":"BreadcrumbList","@id":"https:\/\/hansenimoveis.com\/de\/property\/modernes-herrenhaus-700-m-vom-strand-entfernt-zum-verkauf-in-praia-do-forte\/#breadcrumb","itemListElement":[{"@type":"ListItem","position":1,"name":"In\u00edcio","item":"https:\/\/hansenimoveis.com\/de\/"},{"@type":"ListItem","position":2,"name":"Immobilien","item":"https:\/\/hansenimoveis.com\/de\/property\/"},{"@type":"ListItem","position":3,"name":"Modernes Herrenhaus 700 m vom Strand entfernt zum Verkauf in Praia do Forte"}]},{"@type":"WebSite","@id":"https:\/\/hansenimoveis.com\/de\/#website","url":"https:\/\/hansenimoveis.com\/de\/","name":"Hansen Im\u00f3veis | H\u00e4user zum Verkauf Lauro de Freitas, Litoral Norte und Salvador","description":"","publisher":{"@id":"https:\/\/hansenimoveis.com\/de\/#organization"},"potentialAction":[{"@type":"SearchAction","target":{"@type":"EntryPoint","urlTemplate":"https:\/\/hansenimoveis.com\/de\/?s={search_term_string}"},"query-input":{"@type":"PropertyValueSpecification","valueRequired":true,"valueName":"search_term_string"}}],"inLanguage":"de"},{"@type":["Organization","Place"],"@id":"https:\/\/hansenimoveis.com\/de\/#organization","name":"Hansen Im\u00f3veis LTDA","url":"https:\/\/hansenimoveis.com\/de\/","logo":{"@id":"https:\/\/hansenimoveis.com\/de\/property\/modernes-herrenhaus-700-m-vom-strand-entfernt-zum-verkauf-in-praia-do-forte\/#local-main-organization-logo"},"image":{"@id":"https:\/\/hansenimoveis.com\/de\/property\/modernes-herrenhaus-700-m-vom-strand-entfernt-zum-verkauf-in-praia-do-forte\/#local-main-organization-logo"},"sameAs":["https:\/\/www.facebook.com\/Hansen-Imveis-356389241069613\/","https:\/\/www.pinterest.dk\/hansenimoveis\/","https:\/\/www.youtube.com\/channel\/UCH1v_JXMzDe4Pf4-ZHMaFDg"],"telephone":[],"openingHoursSpecification":[{"@type":"OpeningHoursSpecification","dayOfWeek":["Monday","Tuesday","Wednesday","Thursday","Friday","Saturday","Sunday"],"opens":"09:00","closes":"17:00"}]},{"@type":"ImageObject","inLanguage":"de","@id":"https:\/\/hansenimoveis.com\/de\/property\/modernes-herrenhaus-700-m-vom-strand-entfernt-zum-verkauf-in-praia-do-forte\/#local-main-organization-logo","url":"https:\/\/hansenimoveis.com\/wp-content\/uploads\/2014\/06\/Hansen-logo.jpg","contentUrl":"https:\/\/hansenimoveis.com\/wp-content\/uploads\/2014\/06\/Hansen-logo.jpg","width":283,"height":283,"caption":"Hansen Im\u00f3veis LTDA"}]}},"property_meta":{"REAL_HOMES_property_price":"6500000","REAL_HOMES_property_old_price":"","REAL_HOMES_property_price_prefix":"","REAL_HOMES_property_price_postfix":"","REAL_HOMES_property_size":"700","REAL_HOMES_property_size_postfix":"m\u00b2","REAL_HOMES_property_lot_size":"550","REAL_HOMES_property_lot_size_postfix":"m\u00b2","REAL_HOMES_property_bedrooms":"6","REAL_HOMES_property_bathrooms":"8","REAL_HOMES_property_garage":"2","REAL_HOMES_property_id":"CO582","REAL_HOMES_property_year_built":"2021","REAL_HOMES_featured":"0","REAL_HOMES_additional_details_list":[],"REAL_HOMES_property_location":{"latitude":"-12.5775448","longitude":"-38.0063618","zoom":"11"},"REAL_HOMES_property_address":"Praia do Forte, Mata de S\u00e3o Jo\u00e3o, Regi\u00e3o Geogr\u00e1fica Imediata de Salvador, Regi\u00e3o Metropolitana de Salvador, Regi\u00e3o Geogr\u00e1fica Intermedi\u00e1ria de Salvador, Bahia, Regi\u00e3o Nordeste, Brasil","REAL_HOMES_property_map":"0","REAL_HOMES_property_images":[{"width":150,"height":150,"file":"2022\/10\/Mansa\u0303o-moderna-a-700-m-da-praia-a-venda-em-Praia-do-Forte-17.jpg","filesize":679257,"sizes":{"thumbnail":{"file":"Mansa\u0303o-moderna-a-700-m-da-praia-a-venda-em-Praia-do-Forte-17-150x150.jpg","width":150,"height":150,"mime-type":"image\/jpeg","filesize":7518,"url":"https:\/\/hansenimoveis.com\/wp-content\/uploads\/2022\/10\/Mansa\u0303o-moderna-a-700-m-da-praia-a-venda-em-Praia-do-Forte-17-150x150.jpg"},"post-thumbnail":{"file":"Mansa\u0303o-moderna-a-700-m-da-praia-a-venda-em-Praia-do-Forte-17-150x85.jpg","width":150,"height":85,"mime-type":"image\/jpeg","filesize":5258,"url":"https:\/\/hansenimoveis.com\/wp-content\/uploads\/2022\/10\/Mansa\u0303o-moderna-a-700-m-da-praia-a-venda-em-Praia-do-Forte-17-150x85.jpg"},"modern-property-child-slider":{"file":"Mansa\u0303o-moderna-a-700-m-da-praia-a-venda-em-Praia-do-Forte-17-680x510.jpg","width":680,"height":510,"mime-type":"image\/jpeg","filesize":75928,"url":"https:\/\/hansenimoveis.com\/wp-content\/uploads\/2022\/10\/Mansa\u0303o-moderna-a-700-m-da-praia-a-venda-em-Praia-do-Forte-17-680x510.jpg"},"property-thumb-image":{"file":"Mansa\u0303o-moderna-a-700-m-da-praia-a-venda-em-Praia-do-Forte-17-488x326.jpg","width":488,"height":326,"mime-type":"image\/jpeg","filesize":39829,"url":"https:\/\/hansenimoveis.com\/wp-content\/uploads\/2022\/10\/Mansa\u0303o-moderna-a-700-m-da-praia-a-venda-em-Praia-do-Forte-17-488x326.jpg"},"property-detail-video-image":{"file":"Mansa\u0303o-moderna-a-700-m-da-praia-a-venda-em-Praia-do-Forte-17-818x417.jpg","width":818,"height":417,"mime-type":"image\/jpeg","filesize":85311,"url":"https:\/\/hansenimoveis.com\/wp-content\/uploads\/2022\/10\/Mansa\u0303o-moderna-a-700-m-da-praia-a-venda-em-Praia-do-Forte-17-818x417.jpg"},"agent-image":{"file":"Mansa\u0303o-moderna-a-700-m-da-praia-a-venda-em-Praia-do-Forte-17-210x210.jpg","width":210,"height":210,"mime-type":"image\/jpeg","filesize":13143,"url":"https:\/\/hansenimoveis.com\/wp-content\/uploads\/2022\/10\/Mansa\u0303o-moderna-a-700-m-da-praia-a-venda-em-Praia-do-Forte-17-210x210.jpg"},"partners-logo":{"file":"Mansa\u0303o-moderna-a-700-m-da-praia-a-venda-em-Praia-do-Forte-17-600x725.jpg","width":600,"height":725,"mime-type":"image\/jpeg","filesize":95475,"url":"https:\/\/hansenimoveis.com\/wp-content\/uploads\/2022\/10\/Mansa\u0303o-moderna-a-700-m-da-praia-a-venda-em-Praia-do-Forte-17-600x725.jpg"},"post-featured-image":{"file":"Mansa\u0303o-moderna-a-700-m-da-praia-a-venda-em-Praia-do-Forte-17-1240x720.jpg","width":1240,"height":720,"mime-type":"image\/jpeg","filesize":178186,"url":"https:\/\/hansenimoveis.com\/wp-content\/uploads\/2022\/10\/Mansa\u0303o-moderna-a-700-m-da-praia-a-venda-em-Praia-do-Forte-17-1240x720.jpg"}},"image_meta":{"aperture":"8","credit":"john hansen","camera":"ILCE-7SM3","caption":"","created_timestamp":"1664555365","copyright":"hansen imoveis","focal_length":"12","iso":"100","shutter_speed":"0.002","title":"","orientation":"0","keywords":[]},"ID":"168549","name":"Mansa\u0303o-moderna-a-700-m-da-praia-a-venda-em-Praia-do-Forte-17.jpg","path":"\/home\/hansenimoveis.com\/public_html\/wp-content\/uploads\/2022\/10\/Mansa\u0303o-moderna-a-700-m-da-praia-a-venda-em-Praia-do-Forte-17.jpg","url":"https:\/\/hansenimoveis.com\/wp-content\/uploads\/2022\/10\/Mansa\u0303o-moderna-a-700-m-da-praia-a-venda-em-Praia-do-Forte-17-150x150.jpg","full_url":"https:\/\/hansenimoveis.com\/wp-content\/uploads\/2022\/10\/Mansa\u0303o-moderna-a-700-m-da-praia-a-venda-em-Praia-do-Forte-17.jpg","title":"Moderne Villa 700 m vom Strand entfernt zu verkaufen in Praia do Forte -17","caption":"","description":"","alt":"Moderne Villa 700 m vom Strand entfernt zu verkaufen in Praia do Forte","srcset":"https:\/\/hansenimoveis.com\/wp-content\/uploads\/2022\/10\/Mansa\u0303o-moderna-a-700-m-da-praia-a-venda-em-Praia-do-Forte-17-150x150.jpg 150w, https:\/\/hansenimoveis.com\/wp-content\/uploads\/2022\/10\/Mansa\u0303o-moderna-a-700-m-da-praia-a-venda-em-Praia-do-Forte-17-210x210.jpg 210w"},{"width":150,"height":150,"file":"2022\/10\/Mansa\u0303o-moderna-a-700-m-da-praia-a-venda-em-Praia-do-Forte-2.jpg","filesize":675189,"sizes":{"thumbnail":{"file":"Mansa\u0303o-moderna-a-700-m-da-praia-a-venda-em-Praia-do-Forte-2-150x150.jpg","width":150,"height":150,"mime-type":"image\/jpeg","filesize":8211,"url":"https:\/\/hansenimoveis.com\/wp-content\/uploads\/2022\/10\/Mansa\u0303o-moderna-a-700-m-da-praia-a-venda-em-Praia-do-Forte-2-150x150.jpg"},"post-thumbnail":{"file":"Mansa\u0303o-moderna-a-700-m-da-praia-a-venda-em-Praia-do-Forte-2-150x85.jpg","width":150,"height":85,"mime-type":"image\/jpeg","filesize":5385,"url":"https:\/\/hansenimoveis.com\/wp-content\/uploads\/2022\/10\/Mansa\u0303o-moderna-a-700-m-da-praia-a-venda-em-Praia-do-Forte-2-150x85.jpg"},"modern-property-child-slider":{"file":"Mansa\u0303o-moderna-a-700-m-da-praia-a-venda-em-Praia-do-Forte-2-680x510.jpg","width":680,"height":510,"mime-type":"image\/jpeg","filesize":86000,"url":"https:\/\/hansenimoveis.com\/wp-content\/uploads\/2022\/10\/Mansa\u0303o-moderna-a-700-m-da-praia-a-venda-em-Praia-do-Forte-2-680x510.jpg"},"property-thumb-image":{"file":"Mansa\u0303o-moderna-a-700-m-da-praia-a-venda-em-Praia-do-Forte-2-488x326.jpg","width":488,"height":326,"mime-type":"image\/jpeg","filesize":44505,"url":"https:\/\/hansenimoveis.com\/wp-content\/uploads\/2022\/10\/Mansa\u0303o-moderna-a-700-m-da-praia-a-venda-em-Praia-do-Forte-2-488x326.jpg"},"property-detail-video-image":{"file":"Mansa\u0303o-moderna-a-700-m-da-praia-a-venda-em-Praia-do-Forte-2-818x417.jpg","width":818,"height":417,"mime-type":"image\/jpeg","filesize":89527,"url":"https:\/\/hansenimoveis.com\/wp-content\/uploads\/2022\/10\/Mansa\u0303o-moderna-a-700-m-da-praia-a-venda-em-Praia-do-Forte-2-818x417.jpg"},"agent-image":{"file":"Mansa\u0303o-moderna-a-700-m-da-praia-a-venda-em-Praia-do-Forte-2-210x210.jpg","width":210,"height":210,"mime-type":"image\/jpeg","filesize":14576,"url":"https:\/\/hansenimoveis.com\/wp-content\/uploads\/2022\/10\/Mansa\u0303o-moderna-a-700-m-da-praia-a-venda-em-Praia-do-Forte-2-210x210.jpg"},"partners-logo":{"file":"Mansa\u0303o-moderna-a-700-m-da-praia-a-venda-em-Praia-do-Forte-2-600x725.jpg","width":600,"height":725,"mime-type":"image\/jpeg","filesize":115105,"url":"https:\/\/hansenimoveis.com\/wp-content\/uploads\/2022\/10\/Mansa\u0303o-moderna-a-700-m-da-praia-a-venda-em-Praia-do-Forte-2-600x725.jpg"},"post-featured-image":{"file":"Mansa\u0303o-moderna-a-700-m-da-praia-a-venda-em-Praia-do-Forte-2-1240x720.jpg","width":1240,"height":720,"mime-type":"image\/jpeg","filesize":191084,"url":"https:\/\/hansenimoveis.com\/wp-content\/uploads\/2022\/10\/Mansa\u0303o-moderna-a-700-m-da-praia-a-venda-em-Praia-do-Forte-2-1240x720.jpg"}},"image_meta":{"aperture":"14","credit":"john hansen","camera":"ILCE-7SM3","caption":"","created_timestamp":"1664552851","copyright":"hansen imoveis","focal_length":"19","iso":"100","shutter_speed":"0.016666666666667","title":"","orientation":"0","keywords":[]},"ID":"181126","name":"Mansa\u0303o-moderna-a-700-m-da-praia-a-venda-em-Praia-do-Forte-2.jpg","path":"\/home\/hansenimoveis.com\/public_html\/wp-content\/uploads\/2022\/10\/Mansa\u0303o-moderna-a-700-m-da-praia-a-venda-em-Praia-do-Forte-2.jpg","url":"https:\/\/hansenimoveis.com\/wp-content\/uploads\/2022\/10\/Mansa\u0303o-moderna-a-700-m-da-praia-a-venda-em-Praia-do-Forte-2-150x150.jpg","full_url":"https:\/\/hansenimoveis.com\/wp-content\/uploads\/2022\/10\/Mansa\u0303o-moderna-a-700-m-da-praia-a-venda-em-Praia-do-Forte-2.jpg","title":"Mansa\u0303o moderna a 700 m da praia a venda em Praia do Forte-2","caption":"","description":"","alt":"Mans\u00e3o moderna a 700 m da praia a venda em Praia do Forte","srcset":"https:\/\/hansenimoveis.com\/wp-content\/uploads\/2022\/10\/Mansa\u0303o-moderna-a-700-m-da-praia-a-venda-em-Praia-do-Forte-2-150x150.jpg 150w, https:\/\/hansenimoveis.com\/wp-content\/uploads\/2022\/10\/Mansa\u0303o-moderna-a-700-m-da-praia-a-venda-em-Praia-do-Forte-2-210x210.jpg 210w"},{"width":150,"height":150,"file":"2022\/10\/Mansa\u0303o-moderna-a-700-m-da-praia-a-venda-em-Praia-do-Forte-18.jpg","filesize":662786,"sizes":{"thumbnail":{"file":"Mansa\u0303o-moderna-a-700-m-da-praia-a-venda-em-Praia-do-Forte-18-150x150.jpg","width":150,"height":150,"mime-type":"image\/jpeg","filesize":7661,"url":"https:\/\/hansenimoveis.com\/wp-content\/uploads\/2022\/10\/Mansa\u0303o-moderna-a-700-m-da-praia-a-venda-em-Praia-do-Forte-18-150x150.jpg"},"post-thumbnail":{"file":"Mansa\u0303o-moderna-a-700-m-da-praia-a-venda-em-Praia-do-Forte-18-150x85.jpg","width":150,"height":85,"mime-type":"image\/jpeg","filesize":5198,"url":"https:\/\/hansenimoveis.com\/wp-content\/uploads\/2022\/10\/Mansa\u0303o-moderna-a-700-m-da-praia-a-venda-em-Praia-do-Forte-18-150x85.jpg"},"modern-property-child-slider":{"file":"Mansa\u0303o-moderna-a-700-m-da-praia-a-venda-em-Praia-do-Forte-18-680x510.jpg","width":680,"height":510,"mime-type":"image\/jpeg","filesize":75257,"url":"https:\/\/hansenimoveis.com\/wp-content\/uploads\/2022\/10\/Mansa\u0303o-moderna-a-700-m-da-praia-a-venda-em-Praia-do-Forte-18-680x510.jpg"},"property-thumb-image":{"file":"Mansa\u0303o-moderna-a-700-m-da-praia-a-venda-em-Praia-do-Forte-18-488x326.jpg","width":488,"height":326,"mime-type":"image\/jpeg","filesize":40364,"url":"https:\/\/hansenimoveis.com\/wp-content\/uploads\/2022\/10\/Mansa\u0303o-moderna-a-700-m-da-praia-a-venda-em-Praia-do-Forte-18-488x326.jpg"},"property-detail-video-image":{"file":"Mansa\u0303o-moderna-a-700-m-da-praia-a-venda-em-Praia-do-Forte-18-818x417.jpg","width":818,"height":417,"mime-type":"image\/jpeg","filesize":83329,"url":"https:\/\/hansenimoveis.com\/wp-content\/uploads\/2022\/10\/Mansa\u0303o-moderna-a-700-m-da-praia-a-venda-em-Praia-do-Forte-18-818x417.jpg"},"agent-image":{"file":"Mansa\u0303o-moderna-a-700-m-da-praia-a-venda-em-Praia-do-Forte-18-210x210.jpg","width":210,"height":210,"mime-type":"image\/jpeg","filesize":13286,"url":"https:\/\/hansenimoveis.com\/wp-content\/uploads\/2022\/10\/Mansa\u0303o-moderna-a-700-m-da-praia-a-venda-em-Praia-do-Forte-18-210x210.jpg"},"partners-logo":{"file":"Mansa\u0303o-moderna-a-700-m-da-praia-a-venda-em-Praia-do-Forte-18-600x725.jpg","width":600,"height":725,"mime-type":"image\/jpeg","filesize":92592,"url":"https:\/\/hansenimoveis.com\/wp-content\/uploads\/2022\/10\/Mansa\u0303o-moderna-a-700-m-da-praia-a-venda-em-Praia-do-Forte-18-600x725.jpg"},"post-featured-image":{"file":"Mansa\u0303o-moderna-a-700-m-da-praia-a-venda-em-Praia-do-Forte-18-1240x720.jpg","width":1240,"height":720,"mime-type":"image\/jpeg","filesize":177650,"url":"https:\/\/hansenimoveis.com\/wp-content\/uploads\/2022\/10\/Mansa\u0303o-moderna-a-700-m-da-praia-a-venda-em-Praia-do-Forte-18-1240x720.jpg"}},"image_meta":{"aperture":"8","credit":"john hansen","camera":"ILCE-7SM3","caption":"","created_timestamp":"1664555414","copyright":"hansen imoveis","focal_length":"12","iso":"100","shutter_speed":"0.002","title":"","orientation":"0","keywords":[]},"ID":"181186","name":"Mansa\u0303o-moderna-a-700-m-da-praia-a-venda-em-Praia-do-Forte-18.jpg","path":"\/home\/hansenimoveis.com\/public_html\/wp-content\/uploads\/2022\/10\/Mansa\u0303o-moderna-a-700-m-da-praia-a-venda-em-Praia-do-Forte-18.jpg","url":"https:\/\/hansenimoveis.com\/wp-content\/uploads\/2022\/10\/Mansa\u0303o-moderna-a-700-m-da-praia-a-venda-em-Praia-do-Forte-18-150x150.jpg","full_url":"https:\/\/hansenimoveis.com\/wp-content\/uploads\/2022\/10\/Mansa\u0303o-moderna-a-700-m-da-praia-a-venda-em-Praia-do-Forte-18.jpg","title":"Mansa\u0303o moderna a 700 m da praia a venda em Praia do Forte-18","caption":"","description":"","alt":"Mans\u00e3o moderna a 700 m da praia a venda em Praia do Forte","srcset":"https:\/\/hansenimoveis.com\/wp-content\/uploads\/2022\/10\/Mansa\u0303o-moderna-a-700-m-da-praia-a-venda-em-Praia-do-Forte-18-150x150.jpg 150w, https:\/\/hansenimoveis.com\/wp-content\/uploads\/2022\/10\/Mansa\u0303o-moderna-a-700-m-da-praia-a-venda-em-Praia-do-Forte-18-210x210.jpg 210w"},{"width":150,"height":150,"file":"2022\/10\/Mansa\u0303o-moderna-a-700-m-da-praia-a-venda-em-Praia-do-Forte-33.jpg","filesize":696582,"sizes":{"thumbnail":{"file":"Mansa\u0303o-moderna-a-700-m-da-praia-a-venda-em-Praia-do-Forte-33-150x150.jpg","width":150,"height":150,"mime-type":"image\/jpeg","filesize":7945,"url":"https:\/\/hansenimoveis.com\/wp-content\/uploads\/2022\/10\/Mansa\u0303o-moderna-a-700-m-da-praia-a-venda-em-Praia-do-Forte-33-150x150.jpg"},"post-thumbnail":{"file":"Mansa\u0303o-moderna-a-700-m-da-praia-a-venda-em-Praia-do-Forte-33-150x85.jpg","width":150,"height":85,"mime-type":"image\/jpeg","filesize":5126,"url":"https:\/\/hansenimoveis.com\/wp-content\/uploads\/2022\/10\/Mansa\u0303o-moderna-a-700-m-da-praia-a-venda-em-Praia-do-Forte-33-150x85.jpg"},"modern-property-child-slider":{"file":"Mansa\u0303o-moderna-a-700-m-da-praia-a-venda-em-Praia-do-Forte-33-680x510.jpg","width":680,"height":510,"mime-type":"image\/jpeg","filesize":78697,"url":"https:\/\/hansenimoveis.com\/wp-content\/uploads\/2022\/10\/Mansa\u0303o-moderna-a-700-m-da-praia-a-venda-em-Praia-do-Forte-33-680x510.jpg"},"property-thumb-image":{"file":"Mansa\u0303o-moderna-a-700-m-da-praia-a-venda-em-Praia-do-Forte-33-488x326.jpg","width":488,"height":326,"mime-type":"image\/jpeg","filesize":40629,"url":"https:\/\/hansenimoveis.com\/wp-content\/uploads\/2022\/10\/Mansa\u0303o-moderna-a-700-m-da-praia-a-venda-em-Praia-do-Forte-33-488x326.jpg"},"property-detail-video-image":{"file":"Mansa\u0303o-moderna-a-700-m-da-praia-a-venda-em-Praia-do-Forte-33-818x417.jpg","width":818,"height":417,"mime-type":"image\/jpeg","filesize":79668,"url":"https:\/\/hansenimoveis.com\/wp-content\/uploads\/2022\/10\/Mansa\u0303o-moderna-a-700-m-da-praia-a-venda-em-Praia-do-Forte-33-818x417.jpg"},"agent-image":{"file":"Mansa\u0303o-moderna-a-700-m-da-praia-a-venda-em-Praia-do-Forte-33-210x210.jpg","width":210,"height":210,"mime-type":"image\/jpeg","filesize":13954,"url":"https:\/\/hansenimoveis.com\/wp-content\/uploads\/2022\/10\/Mansa\u0303o-moderna-a-700-m-da-praia-a-venda-em-Praia-do-Forte-33-210x210.jpg"},"partners-logo":{"file":"Mansa\u0303o-moderna-a-700-m-da-praia-a-venda-em-Praia-do-Forte-33-600x725.jpg","width":600,"height":725,"mime-type":"image\/jpeg","filesize":98500,"url":"https:\/\/hansenimoveis.com\/wp-content\/uploads\/2022\/10\/Mansa\u0303o-moderna-a-700-m-da-praia-a-venda-em-Praia-do-Forte-33-600x725.jpg"},"post-featured-image":{"file":"Mansa\u0303o-moderna-a-700-m-da-praia-a-venda-em-Praia-do-Forte-33-1240x720.jpg","width":1240,"height":720,"mime-type":"image\/jpeg","filesize":172739,"url":"https:\/\/hansenimoveis.com\/wp-content\/uploads\/2022\/10\/Mansa\u0303o-moderna-a-700-m-da-praia-a-venda-em-Praia-do-Forte-33-1240x720.jpg"}},"image_meta":{"aperture":"2.8","credit":"","camera":"L2D-20c","caption":"","created_timestamp":"1664545894","copyright":"","focal_length":"12.29","iso":"400","shutter_speed":"0.00125","title":"","orientation":"0","keywords":[]},"ID":"181246","name":"Mansa\u0303o-moderna-a-700-m-da-praia-a-venda-em-Praia-do-Forte-33.jpg","path":"\/home\/hansenimoveis.com\/public_html\/wp-content\/uploads\/2022\/10\/Mansa\u0303o-moderna-a-700-m-da-praia-a-venda-em-Praia-do-Forte-33.jpg","url":"https:\/\/hansenimoveis.com\/wp-content\/uploads\/2022\/10\/Mansa\u0303o-moderna-a-700-m-da-praia-a-venda-em-Praia-do-Forte-33-150x150.jpg","full_url":"https:\/\/hansenimoveis.com\/wp-content\/uploads\/2022\/10\/Mansa\u0303o-moderna-a-700-m-da-praia-a-venda-em-Praia-do-Forte-33.jpg","title":"Mansa\u0303o moderna a 700 m da praia a venda em Praia do Forte-33","caption":"","description":"","alt":"Mans\u00e3o moderna a 700 m da praia a venda em Praia do Forte","srcset":"https:\/\/hansenimoveis.com\/wp-content\/uploads\/2022\/10\/Mansa\u0303o-moderna-a-700-m-da-praia-a-venda-em-Praia-do-Forte-33-150x150.jpg 150w, https:\/\/hansenimoveis.com\/wp-content\/uploads\/2022\/10\/Mansa\u0303o-moderna-a-700-m-da-praia-a-venda-em-Praia-do-Forte-33-210x210.jpg 210w"},{"width":150,"height":150,"file":"2022\/10\/Mansa\u0303o-moderna-a-700-m-da-praia-a-venda-em-Praia-do-Forte-16.jpg","filesize":841404,"sizes":{"thumbnail":{"file":"Mansa\u0303o-moderna-a-700-m-da-praia-a-venda-em-Praia-do-Forte-16-150x150.jpg","width":150,"height":150,"mime-type":"image\/jpeg","filesize":9327,"url":"https:\/\/hansenimoveis.com\/wp-content\/uploads\/2022\/10\/Mansa\u0303o-moderna-a-700-m-da-praia-a-venda-em-Praia-do-Forte-16-150x150.jpg"},"post-thumbnail":{"file":"Mansa\u0303o-moderna-a-700-m-da-praia-a-venda-em-Praia-do-Forte-16-150x85.jpg","width":150,"height":85,"mime-type":"image\/jpeg","filesize":6000,"url":"https:\/\/hansenimoveis.com\/wp-content\/uploads\/2022\/10\/Mansa\u0303o-moderna-a-700-m-da-praia-a-venda-em-Praia-do-Forte-16-150x85.jpg"},"modern-property-child-slider":{"file":"Mansa\u0303o-moderna-a-700-m-da-praia-a-venda-em-Praia-do-Forte-16-680x510.jpg","width":680,"height":510,"mime-type":"image\/jpeg","filesize":106993,"url":"https:\/\/hansenimoveis.com\/wp-content\/uploads\/2022\/10\/Mansa\u0303o-moderna-a-700-m-da-praia-a-venda-em-Praia-do-Forte-16-680x510.jpg"},"property-thumb-image":{"file":"Mansa\u0303o-moderna-a-700-m-da-praia-a-venda-em-Praia-do-Forte-16-488x326.jpg","width":488,"height":326,"mime-type":"image\/jpeg","filesize":55608,"url":"https:\/\/hansenimoveis.com\/wp-content\/uploads\/2022\/10\/Mansa\u0303o-moderna-a-700-m-da-praia-a-venda-em-Praia-do-Forte-16-488x326.jpg"},"property-detail-video-image":{"file":"Mansa\u0303o-moderna-a-700-m-da-praia-a-venda-em-Praia-do-Forte-16-818x417.jpg","width":818,"height":417,"mime-type":"image\/jpeg","filesize":115850,"url":"https:\/\/hansenimoveis.com\/wp-content\/uploads\/2022\/10\/Mansa\u0303o-moderna-a-700-m-da-praia-a-venda-em-Praia-do-Forte-16-818x417.jpg"},"agent-image":{"file":"Mansa\u0303o-moderna-a-700-m-da-praia-a-venda-em-Praia-do-Forte-16-210x210.jpg","width":210,"height":210,"mime-type":"image\/jpeg","filesize":17093,"url":"https:\/\/hansenimoveis.com\/wp-content\/uploads\/2022\/10\/Mansa\u0303o-moderna-a-700-m-da-praia-a-venda-em-Praia-do-Forte-16-210x210.jpg"},"partners-logo":{"file":"Mansa\u0303o-moderna-a-700-m-da-praia-a-venda-em-Praia-do-Forte-16-600x725.jpg","width":600,"height":725,"mime-type":"image\/jpeg","filesize":134141,"url":"https:\/\/hansenimoveis.com\/wp-content\/uploads\/2022\/10\/Mansa\u0303o-moderna-a-700-m-da-praia-a-venda-em-Praia-do-Forte-16-600x725.jpg"},"post-featured-image":{"file":"Mansa\u0303o-moderna-a-700-m-da-praia-a-venda-em-Praia-do-Forte-16-1240x720.jpg","width":1240,"height":720,"mime-type":"image\/jpeg","filesize":245836,"url":"https:\/\/hansenimoveis.com\/wp-content\/uploads\/2022\/10\/Mansa\u0303o-moderna-a-700-m-da-praia-a-venda-em-Praia-do-Forte-16-1240x720.jpg"}},"image_meta":{"aperture":"8","credit":"john hansen","camera":"ILCE-7SM3","caption":"","created_timestamp":"1664555053","copyright":"hansen imoveis","focal_length":"24","iso":"100","shutter_speed":"0.008","title":"","orientation":"0","keywords":[]},"ID":"181182","name":"Mansa\u0303o-moderna-a-700-m-da-praia-a-venda-em-Praia-do-Forte-16.jpg","path":"\/home\/hansenimoveis.com\/public_html\/wp-content\/uploads\/2022\/10\/Mansa\u0303o-moderna-a-700-m-da-praia-a-venda-em-Praia-do-Forte-16.jpg","url":"https:\/\/hansenimoveis.com\/wp-content\/uploads\/2022\/10\/Mansa\u0303o-moderna-a-700-m-da-praia-a-venda-em-Praia-do-Forte-16-150x150.jpg","full_url":"https:\/\/hansenimoveis.com\/wp-content\/uploads\/2022\/10\/Mansa\u0303o-moderna-a-700-m-da-praia-a-venda-em-Praia-do-Forte-16.jpg","title":"Mansa\u0303o moderna a 700 m da praia a venda em Praia do Forte-16","caption":"","description":"","alt":"Mans\u00e3o moderna a 700 m da praia a venda em Praia do Forte","srcset":"https:\/\/hansenimoveis.com\/wp-content\/uploads\/2022\/10\/Mansa\u0303o-moderna-a-700-m-da-praia-a-venda-em-Praia-do-Forte-16-150x150.jpg 150w, https:\/\/hansenimoveis.com\/wp-content\/uploads\/2022\/10\/Mansa\u0303o-moderna-a-700-m-da-praia-a-venda-em-Praia-do-Forte-16-210x210.jpg 210w"},{"width":150,"height":150,"file":"2022\/10\/Mansa\u0303o-moderna-a-700-m-da-praia-a-venda-em-Praia-do-Forte-19.jpg","filesize":879677,"sizes":{"thumbnail":{"file":"Mansa\u0303o-moderna-a-700-m-da-praia-a-venda-em-Praia-do-Forte-19-150x150.jpg","width":150,"height":150,"mime-type":"image\/jpeg","filesize":9148,"url":"https:\/\/hansenimoveis.com\/wp-content\/uploads\/2022\/10\/Mansa\u0303o-moderna-a-700-m-da-praia-a-venda-em-Praia-do-Forte-19-150x150.jpg"},"post-thumbnail":{"file":"Mansa\u0303o-moderna-a-700-m-da-praia-a-venda-em-Praia-do-Forte-19-150x85.jpg","width":150,"height":85,"mime-type":"image\/jpeg","filesize":5992,"url":"https:\/\/hansenimoveis.com\/wp-content\/uploads\/2022\/10\/Mansa\u0303o-moderna-a-700-m-da-praia-a-venda-em-Praia-do-Forte-19-150x85.jpg"},"modern-property-child-slider":{"file":"Mansa\u0303o-moderna-a-700-m-da-praia-a-venda-em-Praia-do-Forte-19-680x510.jpg","width":680,"height":510,"mime-type":"image\/jpeg","filesize":87866,"url":"https:\/\/hansenimoveis.com\/wp-content\/uploads\/2022\/10\/Mansa\u0303o-moderna-a-700-m-da-praia-a-venda-em-Praia-do-Forte-19-680x510.jpg"},"property-thumb-image":{"file":"Mansa\u0303o-moderna-a-700-m-da-praia-a-venda-em-Praia-do-Forte-19-488x326.jpg","width":488,"height":326,"mime-type":"image\/jpeg","filesize":45810,"url":"https:\/\/hansenimoveis.com\/wp-content\/uploads\/2022\/10\/Mansa\u0303o-moderna-a-700-m-da-praia-a-venda-em-Praia-do-Forte-19-488x326.jpg"},"property-detail-video-image":{"file":"Mansa\u0303o-moderna-a-700-m-da-praia-a-venda-em-Praia-do-Forte-19-818x417.jpg","width":818,"height":417,"mime-type":"image\/jpeg","filesize":90435,"url":"https:\/\/hansenimoveis.com\/wp-content\/uploads\/2022\/10\/Mansa\u0303o-moderna-a-700-m-da-praia-a-venda-em-Praia-do-Forte-19-818x417.jpg"},"agent-image":{"file":"Mansa\u0303o-moderna-a-700-m-da-praia-a-venda-em-Praia-do-Forte-19-210x210.jpg","width":210,"height":210,"mime-type":"image\/jpeg","filesize":15922,"url":"https:\/\/hansenimoveis.com\/wp-content\/uploads\/2022\/10\/Mansa\u0303o-moderna-a-700-m-da-praia-a-venda-em-Praia-do-Forte-19-210x210.jpg"},"partners-logo":{"file":"Mansa\u0303o-moderna-a-700-m-da-praia-a-venda-em-Praia-do-Forte-19-600x725.jpg","width":600,"height":725,"mime-type":"image\/jpeg","filesize":110166,"url":"https:\/\/hansenimoveis.com\/wp-content\/uploads\/2022\/10\/Mansa\u0303o-moderna-a-700-m-da-praia-a-venda-em-Praia-do-Forte-19-600x725.jpg"},"post-featured-image":{"file":"Mansa\u0303o-moderna-a-700-m-da-praia-a-venda-em-Praia-do-Forte-19-1240x720.jpg","width":1240,"height":720,"mime-type":"image\/jpeg","filesize":192553,"url":"https:\/\/hansenimoveis.com\/wp-content\/uploads\/2022\/10\/Mansa\u0303o-moderna-a-700-m-da-praia-a-venda-em-Praia-do-Forte-19-1240x720.jpg"}},"image_meta":{"aperture":"8","credit":"john hansen","camera":"ILCE-7SM3","caption":"","created_timestamp":"1664555659","copyright":"hansen imoveis","focal_length":"12","iso":"100","shutter_speed":"0.005","title":"","orientation":"0","keywords":[]},"ID":"181190","name":"Mansa\u0303o-moderna-a-700-m-da-praia-a-venda-em-Praia-do-Forte-19.jpg","path":"\/home\/hansenimoveis.com\/public_html\/wp-content\/uploads\/2022\/10\/Mansa\u0303o-moderna-a-700-m-da-praia-a-venda-em-Praia-do-Forte-19.jpg","url":"https:\/\/hansenimoveis.com\/wp-content\/uploads\/2022\/10\/Mansa\u0303o-moderna-a-700-m-da-praia-a-venda-em-Praia-do-Forte-19-150x150.jpg","full_url":"https:\/\/hansenimoveis.com\/wp-content\/uploads\/2022\/10\/Mansa\u0303o-moderna-a-700-m-da-praia-a-venda-em-Praia-do-Forte-19.jpg","title":"Mansa\u0303o moderna a 700 m da praia a venda em Praia do Forte-19","caption":"","description":"","alt":"Mans\u00e3o moderna a 700 m da praia a venda em Praia do Forte","srcset":"https:\/\/hansenimoveis.com\/wp-content\/uploads\/2022\/10\/Mansa\u0303o-moderna-a-700-m-da-praia-a-venda-em-Praia-do-Forte-19-150x150.jpg 150w, https:\/\/hansenimoveis.com\/wp-content\/uploads\/2022\/10\/Mansa\u0303o-moderna-a-700-m-da-praia-a-venda-em-Praia-do-Forte-19-210x210.jpg 210w"},{"width":150,"height":150,"file":"2022\/10\/Mansa\u0303o-moderna-a-700-m-da-praia-a-venda-em-Praia-do-Forte.jpg","filesize":673952,"sizes":{"thumbnail":{"file":"Mansa\u0303o-moderna-a-700-m-da-praia-a-venda-em-Praia-do-Forte-150x150.jpg","width":150,"height":150,"mime-type":"image\/jpeg","filesize":7188,"url":"https:\/\/hansenimoveis.com\/wp-content\/uploads\/2022\/10\/Mansa\u0303o-moderna-a-700-m-da-praia-a-venda-em-Praia-do-Forte-150x150.jpg"},"post-thumbnail":{"file":"Mansa\u0303o-moderna-a-700-m-da-praia-a-venda-em-Praia-do-Forte-150x85.jpg","width":150,"height":85,"mime-type":"image\/jpeg","filesize":4751,"url":"https:\/\/hansenimoveis.com\/wp-content\/uploads\/2022\/10\/Mansa\u0303o-moderna-a-700-m-da-praia-a-venda-em-Praia-do-Forte-150x85.jpg"},"modern-property-child-slider":{"file":"Mansa\u0303o-moderna-a-700-m-da-praia-a-venda-em-Praia-do-Forte-680x510.jpg","width":680,"height":510,"mime-type":"image\/jpeg","filesize":80548,"url":"https:\/\/hansenimoveis.com\/wp-content\/uploads\/2022\/10\/Mansa\u0303o-moderna-a-700-m-da-praia-a-venda-em-Praia-do-Forte-680x510.jpg"},"property-thumb-image":{"file":"Mansa\u0303o-moderna-a-700-m-da-praia-a-venda-em-Praia-do-Forte-488x326.jpg","width":488,"height":326,"mime-type":"image\/jpeg","filesize":41084,"url":"https:\/\/hansenimoveis.com\/wp-content\/uploads\/2022\/10\/Mansa\u0303o-moderna-a-700-m-da-praia-a-venda-em-Praia-do-Forte-488x326.jpg"},"property-detail-video-image":{"file":"Mansa\u0303o-moderna-a-700-m-da-praia-a-venda-em-Praia-do-Forte-818x417.jpg","width":818,"height":417,"mime-type":"image\/jpeg","filesize":86656,"url":"https:\/\/hansenimoveis.com\/wp-content\/uploads\/2022\/10\/Mansa\u0303o-moderna-a-700-m-da-praia-a-venda-em-Praia-do-Forte-818x417.jpg"},"agent-image":{"file":"Mansa\u0303o-moderna-a-700-m-da-praia-a-venda-em-Praia-do-Forte-210x210.jpg","width":210,"height":210,"mime-type":"image\/jpeg","filesize":12967,"url":"https:\/\/hansenimoveis.com\/wp-content\/uploads\/2022\/10\/Mansa\u0303o-moderna-a-700-m-da-praia-a-venda-em-Praia-do-Forte-210x210.jpg"},"partners-logo":{"file":"Mansa\u0303o-moderna-a-700-m-da-praia-a-venda-em-Praia-do-Forte-600x725.jpg","width":600,"height":725,"mime-type":"image\/jpeg","filesize":106837,"url":"https:\/\/hansenimoveis.com\/wp-content\/uploads\/2022\/10\/Mansa\u0303o-moderna-a-700-m-da-praia-a-venda-em-Praia-do-Forte-600x725.jpg"},"post-featured-image":{"file":"Mansa\u0303o-moderna-a-700-m-da-praia-a-venda-em-Praia-do-Forte-1240x720.jpg","width":1240,"height":720,"mime-type":"image\/jpeg","filesize":189175,"url":"https:\/\/hansenimoveis.com\/wp-content\/uploads\/2022\/10\/Mansa\u0303o-moderna-a-700-m-da-praia-a-venda-em-Praia-do-Forte-1240x720.jpg"}},"image_meta":{"aperture":"14","credit":"john hansen","camera":"ILCE-7SM3","caption":"","created_timestamp":"1664552443","copyright":"hansen imoveis","focal_length":"19","iso":"100","shutter_speed":"0.0125","title":"","orientation":"0","keywords":[]},"ID":"181250","name":"Mansa\u0303o-moderna-a-700-m-da-praia-a-venda-em-Praia-do-Forte.jpg","path":"\/home\/hansenimoveis.com\/public_html\/wp-content\/uploads\/2022\/10\/Mansa\u0303o-moderna-a-700-m-da-praia-a-venda-em-Praia-do-Forte.jpg","url":"https:\/\/hansenimoveis.com\/wp-content\/uploads\/2022\/10\/Mansa\u0303o-moderna-a-700-m-da-praia-a-venda-em-Praia-do-Forte-150x150.jpg","full_url":"https:\/\/hansenimoveis.com\/wp-content\/uploads\/2022\/10\/Mansa\u0303o-moderna-a-700-m-da-praia-a-venda-em-Praia-do-Forte.jpg","title":"Mansa\u0303o moderna a 700 m da praia a venda em Praia do Forte","caption":"","description":"","alt":"Mans\u00e3o moderna a 700 m da praia a venda em Praia do Forte","srcset":"https:\/\/hansenimoveis.com\/wp-content\/uploads\/2022\/10\/Mansa\u0303o-moderna-a-700-m-da-praia-a-venda-em-Praia-do-Forte-150x150.jpg 150w, https:\/\/hansenimoveis.com\/wp-content\/uploads\/2022\/10\/Mansa\u0303o-moderna-a-700-m-da-praia-a-venda-em-Praia-do-Forte-210x210.jpg 210w"},{"width":150,"height":150,"file":"2022\/10\/Mansa\u0303o-moderna-a-700-m-da-praia-a-venda-em-Praia-do-Forte-3.jpg","filesize":592827,"sizes":{"thumbnail":{"file":"Mansa\u0303o-moderna-a-700-m-da-praia-a-venda-em-Praia-do-Forte-3-150x150.jpg","width":150,"height":150,"mime-type":"image\/jpeg","filesize":7218,"url":"https:\/\/hansenimoveis.com\/wp-content\/uploads\/2022\/10\/Mansa\u0303o-moderna-a-700-m-da-praia-a-venda-em-Praia-do-Forte-3-150x150.jpg"},"post-thumbnail":{"file":"Mansa\u0303o-moderna-a-700-m-da-praia-a-venda-em-Praia-do-Forte-3-150x85.jpg","width":150,"height":85,"mime-type":"image\/jpeg","filesize":4753,"url":"https:\/\/hansenimoveis.com\/wp-content\/uploads\/2022\/10\/Mansa\u0303o-moderna-a-700-m-da-praia-a-venda-em-Praia-do-Forte-3-150x85.jpg"},"modern-property-child-slider":{"file":"Mansa\u0303o-moderna-a-700-m-da-praia-a-venda-em-Praia-do-Forte-3-680x510.jpg","width":680,"height":510,"mime-type":"image\/jpeg","filesize":70129,"url":"https:\/\/hansenimoveis.com\/wp-content\/uploads\/2022\/10\/Mansa\u0303o-moderna-a-700-m-da-praia-a-venda-em-Praia-do-Forte-3-680x510.jpg"},"property-thumb-image":{"file":"Mansa\u0303o-moderna-a-700-m-da-praia-a-venda-em-Praia-do-Forte-3-488x326.jpg","width":488,"height":326,"mime-type":"image\/jpeg","filesize":36689,"url":"https:\/\/hansenimoveis.com\/wp-content\/uploads\/2022\/10\/Mansa\u0303o-moderna-a-700-m-da-praia-a-venda-em-Praia-do-Forte-3-488x326.jpg"},"property-detail-video-image":{"file":"Mansa\u0303o-moderna-a-700-m-da-praia-a-venda-em-Praia-do-Forte-3-818x417.jpg","width":818,"height":417,"mime-type":"image\/jpeg","filesize":70360,"url":"https:\/\/hansenimoveis.com\/wp-content\/uploads\/2022\/10\/Mansa\u0303o-moderna-a-700-m-da-praia-a-venda-em-Praia-do-Forte-3-818x417.jpg"},"agent-image":{"file":"Mansa\u0303o-moderna-a-700-m-da-praia-a-venda-em-Praia-do-Forte-3-210x210.jpg","width":210,"height":210,"mime-type":"image\/jpeg","filesize":12486,"url":"https:\/\/hansenimoveis.com\/wp-content\/uploads\/2022\/10\/Mansa\u0303o-moderna-a-700-m-da-praia-a-venda-em-Praia-do-Forte-3-210x210.jpg"},"partners-logo":{"file":"Mansa\u0303o-moderna-a-700-m-da-praia-a-venda-em-Praia-do-Forte-3-600x725.jpg","width":600,"height":725,"mime-type":"image\/jpeg","filesize":86358,"url":"https:\/\/hansenimoveis.com\/wp-content\/uploads\/2022\/10\/Mansa\u0303o-moderna-a-700-m-da-praia-a-venda-em-Praia-do-Forte-3-600x725.jpg"},"post-featured-image":{"file":"Mansa\u0303o-moderna-a-700-m-da-praia-a-venda-em-Praia-do-Forte-3-1240x720.jpg","width":1240,"height":720,"mime-type":"image\/jpeg","filesize":152732,"url":"https:\/\/hansenimoveis.com\/wp-content\/uploads\/2022\/10\/Mansa\u0303o-moderna-a-700-m-da-praia-a-venda-em-Praia-do-Forte-3-1240x720.jpg"}},"image_meta":{"aperture":"14","credit":"john hansen","camera":"ILCE-7SM3","caption":"","created_timestamp":"1664553016","copyright":"hansen imoveis","focal_length":"24","iso":"100","shutter_speed":"0.033333333333333","title":"","orientation":"0","keywords":[]},"ID":"181130","name":"Mansa\u0303o-moderna-a-700-m-da-praia-a-venda-em-Praia-do-Forte-3.jpg","path":"\/home\/hansenimoveis.com\/public_html\/wp-content\/uploads\/2022\/10\/Mansa\u0303o-moderna-a-700-m-da-praia-a-venda-em-Praia-do-Forte-3.jpg","url":"https:\/\/hansenimoveis.com\/wp-content\/uploads\/2022\/10\/Mansa\u0303o-moderna-a-700-m-da-praia-a-venda-em-Praia-do-Forte-3-150x150.jpg","full_url":"https:\/\/hansenimoveis.com\/wp-content\/uploads\/2022\/10\/Mansa\u0303o-moderna-a-700-m-da-praia-a-venda-em-Praia-do-Forte-3.jpg","title":"Mansa\u0303o moderna a 700 m da praia a venda em Praia do Forte-3","caption":"","description":"","alt":"Mans\u00e3o moderna a 700 m da praia a venda em Praia do Forte","srcset":"https:\/\/hansenimoveis.com\/wp-content\/uploads\/2022\/10\/Mansa\u0303o-moderna-a-700-m-da-praia-a-venda-em-Praia-do-Forte-3-150x150.jpg 150w, https:\/\/hansenimoveis.com\/wp-content\/uploads\/2022\/10\/Mansa\u0303o-moderna-a-700-m-da-praia-a-venda-em-Praia-do-Forte-3-210x210.jpg 210w"},{"width":150,"height":150,"file":"2022\/10\/Mansa\u0303o-moderna-a-700-m-da-praia-a-venda-em-Praia-do-Forte-8.jpg","filesize":389891,"sizes":{"thumbnail":{"file":"Mansa\u0303o-moderna-a-700-m-da-praia-a-venda-em-Praia-do-Forte-8-150x150.jpg","width":150,"height":150,"mime-type":"image\/jpeg","filesize":4707,"url":"https:\/\/hansenimoveis.com\/wp-content\/uploads\/2022\/10\/Mansa\u0303o-moderna-a-700-m-da-praia-a-venda-em-Praia-do-Forte-8-150x150.jpg"},"post-thumbnail":{"file":"Mansa\u0303o-moderna-a-700-m-da-praia-a-venda-em-Praia-do-Forte-8-150x85.jpg","width":150,"height":85,"mime-type":"image\/jpeg","filesize":3644,"url":"https:\/\/hansenimoveis.com\/wp-content\/uploads\/2022\/10\/Mansa\u0303o-moderna-a-700-m-da-praia-a-venda-em-Praia-do-Forte-8-150x85.jpg"},"modern-property-child-slider":{"file":"Mansa\u0303o-moderna-a-700-m-da-praia-a-venda-em-Praia-do-Forte-8-680x510.jpg","width":680,"height":510,"mime-type":"image\/jpeg","filesize":41168,"url":"https:\/\/hansenimoveis.com\/wp-content\/uploads\/2022\/10\/Mansa\u0303o-moderna-a-700-m-da-praia-a-venda-em-Praia-do-Forte-8-680x510.jpg"},"property-thumb-image":{"file":"Mansa\u0303o-moderna-a-700-m-da-praia-a-venda-em-Praia-do-Forte-8-488x326.jpg","width":488,"height":326,"mime-type":"image\/jpeg","filesize":23288,"url":"https:\/\/hansenimoveis.com\/wp-content\/uploads\/2022\/10\/Mansa\u0303o-moderna-a-700-m-da-praia-a-venda-em-Praia-do-Forte-8-488x326.jpg"},"property-detail-video-image":{"file":"Mansa\u0303o-moderna-a-700-m-da-praia-a-venda-em-Praia-do-Forte-8-818x417.jpg","width":818,"height":417,"mime-type":"image\/jpeg","filesize":48932,"url":"https:\/\/hansenimoveis.com\/wp-content\/uploads\/2022\/10\/Mansa\u0303o-moderna-a-700-m-da-praia-a-venda-em-Praia-do-Forte-8-818x417.jpg"},"agent-image":{"file":"Mansa\u0303o-moderna-a-700-m-da-praia-a-venda-em-Praia-do-Forte-8-210x210.jpg","width":210,"height":210,"mime-type":"image\/jpeg","filesize":7882,"url":"https:\/\/hansenimoveis.com\/wp-content\/uploads\/2022\/10\/Mansa\u0303o-moderna-a-700-m-da-praia-a-venda-em-Praia-do-Forte-8-210x210.jpg"},"partners-logo":{"file":"Mansa\u0303o-moderna-a-700-m-da-praia-a-venda-em-Praia-do-Forte-8-600x725.jpg","width":600,"height":725,"mime-type":"image\/jpeg","filesize":52973,"url":"https:\/\/hansenimoveis.com\/wp-content\/uploads\/2022\/10\/Mansa\u0303o-moderna-a-700-m-da-praia-a-venda-em-Praia-do-Forte-8-600x725.jpg"},"post-featured-image":{"file":"Mansa\u0303o-moderna-a-700-m-da-praia-a-venda-em-Praia-do-Forte-8-1240x720.jpg","width":1240,"height":720,"mime-type":"image\/jpeg","filesize":99011,"url":"https:\/\/hansenimoveis.com\/wp-content\/uploads\/2022\/10\/Mansa\u0303o-moderna-a-700-m-da-praia-a-venda-em-Praia-do-Forte-8-1240x720.jpg"}},"image_meta":{"aperture":"8","credit":"john hansen","camera":"ILCE-7SM3","caption":"","created_timestamp":"1664553499","copyright":"hansen imoveis","focal_length":"12","iso":"100","shutter_speed":"0.025","title":"","orientation":"0","keywords":[]},"ID":"181150","name":"Mansa\u0303o-moderna-a-700-m-da-praia-a-venda-em-Praia-do-Forte-8.jpg","path":"\/home\/hansenimoveis.com\/public_html\/wp-content\/uploads\/2022\/10\/Mansa\u0303o-moderna-a-700-m-da-praia-a-venda-em-Praia-do-Forte-8.jpg","url":"https:\/\/hansenimoveis.com\/wp-content\/uploads\/2022\/10\/Mansa\u0303o-moderna-a-700-m-da-praia-a-venda-em-Praia-do-Forte-8-150x150.jpg","full_url":"https:\/\/hansenimoveis.com\/wp-content\/uploads\/2022\/10\/Mansa\u0303o-moderna-a-700-m-da-praia-a-venda-em-Praia-do-Forte-8.jpg","title":"Mansa\u0303o moderna a 700 m da praia a venda em Praia do Forte-8","caption":"","description":"","alt":"Mans\u00e3o moderna a 700 m da praia a venda em Praia do Forte","srcset":"https:\/\/hansenimoveis.com\/wp-content\/uploads\/2022\/10\/Mansa\u0303o-moderna-a-700-m-da-praia-a-venda-em-Praia-do-Forte-8-150x150.jpg 150w, https:\/\/hansenimoveis.com\/wp-content\/uploads\/2022\/10\/Mansa\u0303o-moderna-a-700-m-da-praia-a-venda-em-Praia-do-Forte-8-210x210.jpg 210w"},{"width":150,"height":150,"file":"2022\/10\/Mansa\u0303o-moderna-a-700-m-da-praia-a-venda-em-Praia-do-Forte-9.jpg","filesize":413273,"sizes":{"thumbnail":{"file":"Mansa\u0303o-moderna-a-700-m-da-praia-a-venda-em-Praia-do-Forte-9-150x150.jpg","width":150,"height":150,"mime-type":"image\/jpeg","filesize":4468,"url":"https:\/\/hansenimoveis.com\/wp-content\/uploads\/2022\/10\/Mansa\u0303o-moderna-a-700-m-da-praia-a-venda-em-Praia-do-Forte-9-150x150.jpg"},"post-thumbnail":{"file":"Mansa\u0303o-moderna-a-700-m-da-praia-a-venda-em-Praia-do-Forte-9-150x85.jpg","width":150,"height":85,"mime-type":"image\/jpeg","filesize":3555,"url":"https:\/\/hansenimoveis.com\/wp-content\/uploads\/2022\/10\/Mansa\u0303o-moderna-a-700-m-da-praia-a-venda-em-Praia-do-Forte-9-150x85.jpg"},"modern-property-child-slider":{"file":"Mansa\u0303o-moderna-a-700-m-da-praia-a-venda-em-Praia-do-Forte-9-680x510.jpg","width":680,"height":510,"mime-type":"image\/jpeg","filesize":43689,"url":"https:\/\/hansenimoveis.com\/wp-content\/uploads\/2022\/10\/Mansa\u0303o-moderna-a-700-m-da-praia-a-venda-em-Praia-do-Forte-9-680x510.jpg"},"property-thumb-image":{"file":"Mansa\u0303o-moderna-a-700-m-da-praia-a-venda-em-Praia-do-Forte-9-488x326.jpg","width":488,"height":326,"mime-type":"image\/jpeg","filesize":23801,"url":"https:\/\/hansenimoveis.com\/wp-content\/uploads\/2022\/10\/Mansa\u0303o-moderna-a-700-m-da-praia-a-venda-em-Praia-do-Forte-9-488x326.jpg"},"property-detail-video-image":{"file":"Mansa\u0303o-moderna-a-700-m-da-praia-a-venda-em-Praia-do-Forte-9-818x417.jpg","width":818,"height":417,"mime-type":"image\/jpeg","filesize":49578,"url":"https:\/\/hansenimoveis.com\/wp-content\/uploads\/2022\/10\/Mansa\u0303o-moderna-a-700-m-da-praia-a-venda-em-Praia-do-Forte-9-818x417.jpg"},"agent-image":{"file":"Mansa\u0303o-moderna-a-700-m-da-praia-a-venda-em-Praia-do-Forte-9-210x210.jpg","width":210,"height":210,"mime-type":"image\/jpeg","filesize":7248,"url":"https:\/\/hansenimoveis.com\/wp-content\/uploads\/2022\/10\/Mansa\u0303o-moderna-a-700-m-da-praia-a-venda-em-Praia-do-Forte-9-210x210.jpg"},"partners-logo":{"file":"Mansa\u0303o-moderna-a-700-m-da-praia-a-venda-em-Praia-do-Forte-9-600x725.jpg","width":600,"height":725,"mime-type":"image\/jpeg","filesize":48477,"url":"https:\/\/hansenimoveis.com\/wp-content\/uploads\/2022\/10\/Mansa\u0303o-moderna-a-700-m-da-praia-a-venda-em-Praia-do-Forte-9-600x725.jpg"},"post-featured-image":{"file":"Mansa\u0303o-moderna-a-700-m-da-praia-a-venda-em-Praia-do-Forte-9-1240x720.jpg","width":1240,"height":720,"mime-type":"image\/jpeg","filesize":105220,"url":"https:\/\/hansenimoveis.com\/wp-content\/uploads\/2022\/10\/Mansa\u0303o-moderna-a-700-m-da-praia-a-venda-em-Praia-do-Forte-9-1240x720.jpg"}},"image_meta":{"aperture":"8","credit":"john hansen","camera":"ILCE-7SM3","caption":"","created_timestamp":"1664553531","copyright":"hansen imoveis","focal_length":"12","iso":"100","shutter_speed":"0.02","title":"","orientation":"0","keywords":[]},"ID":"181154","name":"Mansa\u0303o-moderna-a-700-m-da-praia-a-venda-em-Praia-do-Forte-9.jpg","path":"\/home\/hansenimoveis.com\/public_html\/wp-content\/uploads\/2022\/10\/Mansa\u0303o-moderna-a-700-m-da-praia-a-venda-em-Praia-do-Forte-9.jpg","url":"https:\/\/hansenimoveis.com\/wp-content\/uploads\/2022\/10\/Mansa\u0303o-moderna-a-700-m-da-praia-a-venda-em-Praia-do-Forte-9-150x150.jpg","full_url":"https:\/\/hansenimoveis.com\/wp-content\/uploads\/2022\/10\/Mansa\u0303o-moderna-a-700-m-da-praia-a-venda-em-Praia-do-Forte-9.jpg","title":"Mansa\u0303o moderna a 700 m da praia a venda em Praia do Forte-9","caption":"","description":"","alt":"Mans\u00e3o moderna a 700 m da praia a venda em Praia do Forte","srcset":"https:\/\/hansenimoveis.com\/wp-content\/uploads\/2022\/10\/Mansa\u0303o-moderna-a-700-m-da-praia-a-venda-em-Praia-do-Forte-9-150x150.jpg 150w, https:\/\/hansenimoveis.com\/wp-content\/uploads\/2022\/10\/Mansa\u0303o-moderna-a-700-m-da-praia-a-venda-em-Praia-do-Forte-9-210x210.jpg 210w"},{"width":150,"height":150,"file":"2022\/10\/Mansa\u0303o-moderna-a-700-m-da-praia-a-venda-em-Praia-do-Forte-10.jpg","filesize":550193,"sizes":{"thumbnail":{"file":"Mansa\u0303o-moderna-a-700-m-da-praia-a-venda-em-Praia-do-Forte-10-150x150.jpg","width":150,"height":150,"mime-type":"image\/jpeg","filesize":6880,"url":"https:\/\/hansenimoveis.com\/wp-content\/uploads\/2022\/10\/Mansa\u0303o-moderna-a-700-m-da-praia-a-venda-em-Praia-do-Forte-10-150x150.jpg"},"post-thumbnail":{"file":"Mansa\u0303o-moderna-a-700-m-da-praia-a-venda-em-Praia-do-Forte-10-150x85.jpg","width":150,"height":85,"mime-type":"image\/jpeg","filesize":4512,"url":"https:\/\/hansenimoveis.com\/wp-content\/uploads\/2022\/10\/Mansa\u0303o-moderna-a-700-m-da-praia-a-venda-em-Praia-do-Forte-10-150x85.jpg"},"modern-property-child-slider":{"file":"Mansa\u0303o-moderna-a-700-m-da-praia-a-venda-em-Praia-do-Forte-10-680x510.jpg","width":680,"height":510,"mime-type":"image\/jpeg","filesize":65978,"url":"https:\/\/hansenimoveis.com\/wp-content\/uploads\/2022\/10\/Mansa\u0303o-moderna-a-700-m-da-praia-a-venda-em-Praia-do-Forte-10-680x510.jpg"},"property-thumb-image":{"file":"Mansa\u0303o-moderna-a-700-m-da-praia-a-venda-em-Praia-do-Forte-10-488x326.jpg","width":488,"height":326,"mime-type":"image\/jpeg","filesize":34529,"url":"https:\/\/hansenimoveis.com\/wp-content\/uploads\/2022\/10\/Mansa\u0303o-moderna-a-700-m-da-praia-a-venda-em-Praia-do-Forte-10-488x326.jpg"},"property-detail-video-image":{"file":"Mansa\u0303o-moderna-a-700-m-da-praia-a-venda-em-Praia-do-Forte-10-818x417.jpg","width":818,"height":417,"mime-type":"image\/jpeg","filesize":67017,"url":"https:\/\/hansenimoveis.com\/wp-content\/uploads\/2022\/10\/Mansa\u0303o-moderna-a-700-m-da-praia-a-venda-em-Praia-do-Forte-10-818x417.jpg"},"agent-image":{"file":"Mansa\u0303o-moderna-a-700-m-da-praia-a-venda-em-Praia-do-Forte-10-210x210.jpg","width":210,"height":210,"mime-type":"image\/jpeg","filesize":11911,"url":"https:\/\/hansenimoveis.com\/wp-content\/uploads\/2022\/10\/Mansa\u0303o-moderna-a-700-m-da-praia-a-venda-em-Praia-do-Forte-10-210x210.jpg"},"partners-logo":{"file":"Mansa\u0303o-moderna-a-700-m-da-praia-a-venda-em-Praia-do-Forte-10-600x725.jpg","width":600,"height":725,"mime-type":"image\/jpeg","filesize":84167,"url":"https:\/\/hansenimoveis.com\/wp-content\/uploads\/2022\/10\/Mansa\u0303o-moderna-a-700-m-da-praia-a-venda-em-Praia-do-Forte-10-600x725.jpg"},"post-featured-image":{"file":"Mansa\u0303o-moderna-a-700-m-da-praia-a-venda-em-Praia-do-Forte-10-1240x720.jpg","width":1240,"height":720,"mime-type":"image\/jpeg","filesize":144171,"url":"https:\/\/hansenimoveis.com\/wp-content\/uploads\/2022\/10\/Mansa\u0303o-moderna-a-700-m-da-praia-a-venda-em-Praia-do-Forte-10-1240x720.jpg"}},"image_meta":{"aperture":"8","credit":"john hansen","camera":"ILCE-7SM3","caption":"","created_timestamp":"1664553732","copyright":"hansen imoveis","focal_length":"12","iso":"100","shutter_speed":"0.033333333333333","title":"","orientation":"0","keywords":[]},"ID":"181158","name":"Mansa\u0303o-moderna-a-700-m-da-praia-a-venda-em-Praia-do-Forte-10.jpg","path":"\/home\/hansenimoveis.com\/public_html\/wp-content\/uploads\/2022\/10\/Mansa\u0303o-moderna-a-700-m-da-praia-a-venda-em-Praia-do-Forte-10.jpg","url":"https:\/\/hansenimoveis.com\/wp-content\/uploads\/2022\/10\/Mansa\u0303o-moderna-a-700-m-da-praia-a-venda-em-Praia-do-Forte-10-150x150.jpg","full_url":"https:\/\/hansenimoveis.com\/wp-content\/uploads\/2022\/10\/Mansa\u0303o-moderna-a-700-m-da-praia-a-venda-em-Praia-do-Forte-10.jpg","title":"Mansa\u0303o moderna a 700 m da praia a venda em Praia do Forte-10","caption":"","description":"","alt":"Mans\u00e3o moderna a 700 m da praia a venda em Praia do Forte","srcset":"https:\/\/hansenimoveis.com\/wp-content\/uploads\/2022\/10\/Mansa\u0303o-moderna-a-700-m-da-praia-a-venda-em-Praia-do-Forte-10-150x150.jpg 150w, https:\/\/hansenimoveis.com\/wp-content\/uploads\/2022\/10\/Mansa\u0303o-moderna-a-700-m-da-praia-a-venda-em-Praia-do-Forte-10-210x210.jpg 210w"},{"width":150,"height":150,"file":"2022\/10\/Mansa\u0303o-moderna-a-700-m-da-praia-a-venda-em-Praia-do-Forte-12.jpg","filesize":544100,"sizes":{"thumbnail":{"file":"Mansa\u0303o-moderna-a-700-m-da-praia-a-venda-em-Praia-do-Forte-12-150x150.jpg","width":150,"height":150,"mime-type":"image\/jpeg","filesize":6141,"url":"https:\/\/hansenimoveis.com\/wp-content\/uploads\/2022\/10\/Mansa\u0303o-moderna-a-700-m-da-praia-a-venda-em-Praia-do-Forte-12-150x150.jpg"},"post-thumbnail":{"file":"Mansa\u0303o-moderna-a-700-m-da-praia-a-venda-em-Praia-do-Forte-12-150x85.jpg","width":150,"height":85,"mime-type":"image\/jpeg","filesize":4406,"url":"https:\/\/hansenimoveis.com\/wp-content\/uploads\/2022\/10\/Mansa\u0303o-moderna-a-700-m-da-praia-a-venda-em-Praia-do-Forte-12-150x85.jpg"},"modern-property-child-slider":{"file":"Mansa\u0303o-moderna-a-700-m-da-praia-a-venda-em-Praia-do-Forte-12-680x510.jpg","width":680,"height":510,"mime-type":"image\/jpeg","filesize":58736,"url":"https:\/\/hansenimoveis.com\/wp-content\/uploads\/2022\/10\/Mansa\u0303o-moderna-a-700-m-da-praia-a-venda-em-Praia-do-Forte-12-680x510.jpg"},"property-thumb-image":{"file":"Mansa\u0303o-moderna-a-700-m-da-praia-a-venda-em-Praia-do-Forte-12-488x326.jpg","width":488,"height":326,"mime-type":"image\/jpeg","filesize":32271,"url":"https:\/\/hansenimoveis.com\/wp-content\/uploads\/2022\/10\/Mansa\u0303o-moderna-a-700-m-da-praia-a-venda-em-Praia-do-Forte-12-488x326.jpg"},"property-detail-video-image":{"file":"Mansa\u0303o-moderna-a-700-m-da-praia-a-venda-em-Praia-do-Forte-12-818x417.jpg","width":818,"height":417,"mime-type":"image\/jpeg","filesize":66184,"url":"https:\/\/hansenimoveis.com\/wp-content\/uploads\/2022\/10\/Mansa\u0303o-moderna-a-700-m-da-praia-a-venda-em-Praia-do-Forte-12-818x417.jpg"},"agent-image":{"file":"Mansa\u0303o-moderna-a-700-m-da-praia-a-venda-em-Praia-do-Forte-12-210x210.jpg","width":210,"height":210,"mime-type":"image\/jpeg","filesize":10329,"url":"https:\/\/hansenimoveis.com\/wp-content\/uploads\/2022\/10\/Mansa\u0303o-moderna-a-700-m-da-praia-a-venda-em-Praia-do-Forte-12-210x210.jpg"},"partners-logo":{"file":"Mansa\u0303o-moderna-a-700-m-da-praia-a-venda-em-Praia-do-Forte-12-600x725.jpg","width":600,"height":725,"mime-type":"image\/jpeg","filesize":71538,"url":"https:\/\/hansenimoveis.com\/wp-content\/uploads\/2022\/10\/Mansa\u0303o-moderna-a-700-m-da-praia-a-venda-em-Praia-do-Forte-12-600x725.jpg"},"post-featured-image":{"file":"Mansa\u0303o-moderna-a-700-m-da-praia-a-venda-em-Praia-do-Forte-12-1240x720.jpg","width":1240,"height":720,"mime-type":"image\/jpeg","filesize":138750,"url":"https:\/\/hansenimoveis.com\/wp-content\/uploads\/2022\/10\/Mansa\u0303o-moderna-a-700-m-da-praia-a-venda-em-Praia-do-Forte-12-1240x720.jpg"}},"image_meta":{"aperture":"8","credit":"john hansen","camera":"ILCE-7SM3","caption":"","created_timestamp":"1664553838","copyright":"hansen imoveis","focal_length":"12","iso":"100","shutter_speed":"0.025","title":"","orientation":"0","keywords":[]},"ID":"181166","name":"Mansa\u0303o-moderna-a-700-m-da-praia-a-venda-em-Praia-do-Forte-12.jpg","path":"\/home\/hansenimoveis.com\/public_html\/wp-content\/uploads\/2022\/10\/Mansa\u0303o-moderna-a-700-m-da-praia-a-venda-em-Praia-do-Forte-12.jpg","url":"https:\/\/hansenimoveis.com\/wp-content\/uploads\/2022\/10\/Mansa\u0303o-moderna-a-700-m-da-praia-a-venda-em-Praia-do-Forte-12-150x150.jpg","full_url":"https:\/\/hansenimoveis.com\/wp-content\/uploads\/2022\/10\/Mansa\u0303o-moderna-a-700-m-da-praia-a-venda-em-Praia-do-Forte-12.jpg","title":"Mansa\u0303o moderna a 700 m da praia a venda em Praia do Forte-12","caption":"","description":"","alt":"Mans\u00e3o moderna a 700 m da praia a venda em Praia do Forte","srcset":"https:\/\/hansenimoveis.com\/wp-content\/uploads\/2022\/10\/Mansa\u0303o-moderna-a-700-m-da-praia-a-venda-em-Praia-do-Forte-12-150x150.jpg 150w, https:\/\/hansenimoveis.com\/wp-content\/uploads\/2022\/10\/Mansa\u0303o-moderna-a-700-m-da-praia-a-venda-em-Praia-do-Forte-12-210x210.jpg 210w"},{"width":150,"height":150,"file":"2022\/10\/Mansa\u0303o-moderna-a-700-m-da-praia-a-venda-em-Praia-do-Forte-11.jpg","filesize":567505,"sizes":{"thumbnail":{"file":"Mansa\u0303o-moderna-a-700-m-da-praia-a-venda-em-Praia-do-Forte-11-150x150.jpg","width":150,"height":150,"mime-type":"image\/jpeg","filesize":6892,"url":"https:\/\/hansenimoveis.com\/wp-content\/uploads\/2022\/10\/Mansa\u0303o-moderna-a-700-m-da-praia-a-venda-em-Praia-do-Forte-11-150x150.jpg"},"post-thumbnail":{"file":"Mansa\u0303o-moderna-a-700-m-da-praia-a-venda-em-Praia-do-Forte-11-150x85.jpg","width":150,"height":85,"mime-type":"image\/jpeg","filesize":4737,"url":"https:\/\/hansenimoveis.com\/wp-content\/uploads\/2022\/10\/Mansa\u0303o-moderna-a-700-m-da-praia-a-venda-em-Praia-do-Forte-11-150x85.jpg"},"modern-property-child-slider":{"file":"Mansa\u0303o-moderna-a-700-m-da-praia-a-venda-em-Praia-do-Forte-11-680x510.jpg","width":680,"height":510,"mime-type":"image\/jpeg","filesize":66273,"url":"https:\/\/hansenimoveis.com\/wp-content\/uploads\/2022\/10\/Mansa\u0303o-moderna-a-700-m-da-praia-a-venda-em-Praia-do-Forte-11-680x510.jpg"},"property-thumb-image":{"file":"Mansa\u0303o-moderna-a-700-m-da-praia-a-venda-em-Praia-do-Forte-11-488x326.jpg","width":488,"height":326,"mime-type":"image\/jpeg","filesize":34947,"url":"https:\/\/hansenimoveis.com\/wp-content\/uploads\/2022\/10\/Mansa\u0303o-moderna-a-700-m-da-praia-a-venda-em-Praia-do-Forte-11-488x326.jpg"},"property-detail-video-image":{"file":"Mansa\u0303o-moderna-a-700-m-da-praia-a-venda-em-Praia-do-Forte-11-818x417.jpg","width":818,"height":417,"mime-type":"image\/jpeg","filesize":68886,"url":"https:\/\/hansenimoveis.com\/wp-content\/uploads\/2022\/10\/Mansa\u0303o-moderna-a-700-m-da-praia-a-venda-em-Praia-do-Forte-11-818x417.jpg"},"agent-image":{"file":"Mansa\u0303o-moderna-a-700-m-da-praia-a-venda-em-Praia-do-Forte-11-210x210.jpg","width":210,"height":210,"mime-type":"image\/jpeg","filesize":11841,"url":"https:\/\/hansenimoveis.com\/wp-content\/uploads\/2022\/10\/Mansa\u0303o-moderna-a-700-m-da-praia-a-venda-em-Praia-do-Forte-11-210x210.jpg"},"partners-logo":{"file":"Mansa\u0303o-moderna-a-700-m-da-praia-a-venda-em-Praia-do-Forte-11-600x725.jpg","width":600,"height":725,"mime-type":"image\/jpeg","filesize":82169,"url":"https:\/\/hansenimoveis.com\/wp-content\/uploads\/2022\/10\/Mansa\u0303o-moderna-a-700-m-da-praia-a-venda-em-Praia-do-Forte-11-600x725.jpg"},"post-featured-image":{"file":"Mansa\u0303o-moderna-a-700-m-da-praia-a-venda-em-Praia-do-Forte-11-1240x720.jpg","width":1240,"height":720,"mime-type":"image\/jpeg","filesize":144952,"url":"https:\/\/hansenimoveis.com\/wp-content\/uploads\/2022\/10\/Mansa\u0303o-moderna-a-700-m-da-praia-a-venda-em-Praia-do-Forte-11-1240x720.jpg"}},"image_meta":{"aperture":"8","credit":"john hansen","camera":"ILCE-7SM3","caption":"","created_timestamp":"1664553803","copyright":"hansen imoveis","focal_length":"12","iso":"100","shutter_speed":"0.025","title":"","orientation":"0","keywords":[]},"ID":"181162","name":"Mansa\u0303o-moderna-a-700-m-da-praia-a-venda-em-Praia-do-Forte-11.jpg","path":"\/home\/hansenimoveis.com\/public_html\/wp-content\/uploads\/2022\/10\/Mansa\u0303o-moderna-a-700-m-da-praia-a-venda-em-Praia-do-Forte-11.jpg","url":"https:\/\/hansenimoveis.com\/wp-content\/uploads\/2022\/10\/Mansa\u0303o-moderna-a-700-m-da-praia-a-venda-em-Praia-do-Forte-11-150x150.jpg","full_url":"https:\/\/hansenimoveis.com\/wp-content\/uploads\/2022\/10\/Mansa\u0303o-moderna-a-700-m-da-praia-a-venda-em-Praia-do-Forte-11.jpg","title":"Mansa\u0303o moderna a 700 m da praia a venda em Praia do Forte-11","caption":"","description":"","alt":"Mans\u00e3o moderna a 700 m da praia a venda em Praia do Forte","srcset":"https:\/\/hansenimoveis.com\/wp-content\/uploads\/2022\/10\/Mansa\u0303o-moderna-a-700-m-da-praia-a-venda-em-Praia-do-Forte-11-150x150.jpg 150w, https:\/\/hansenimoveis.com\/wp-content\/uploads\/2022\/10\/Mansa\u0303o-moderna-a-700-m-da-praia-a-venda-em-Praia-do-Forte-11-210x210.jpg 210w"},{"width":150,"height":150,"file":"2022\/10\/Mansa\u0303o-moderna-a-700-m-da-praia-a-venda-em-Praia-do-Forte-13.jpg","filesize":494021,"sizes":{"thumbnail":{"file":"Mansa\u0303o-moderna-a-700-m-da-praia-a-venda-em-Praia-do-Forte-13-150x150.jpg","width":150,"height":150,"mime-type":"image\/jpeg","filesize":5432,"url":"https:\/\/hansenimoveis.com\/wp-content\/uploads\/2022\/10\/Mansa\u0303o-moderna-a-700-m-da-praia-a-venda-em-Praia-do-Forte-13-150x150.jpg"},"post-thumbnail":{"file":"Mansa\u0303o-moderna-a-700-m-da-praia-a-venda-em-Praia-do-Forte-13-150x85.jpg","width":150,"height":85,"mime-type":"image\/jpeg","filesize":4333,"url":"https:\/\/hansenimoveis.com\/wp-content\/uploads\/2022\/10\/Mansa\u0303o-moderna-a-700-m-da-praia-a-venda-em-Praia-do-Forte-13-150x85.jpg"},"modern-property-child-slider":{"file":"Mansa\u0303o-moderna-a-700-m-da-praia-a-venda-em-Praia-do-Forte-13-680x510.jpg","width":680,"height":510,"mime-type":"image\/jpeg","filesize":54990,"url":"https:\/\/hansenimoveis.com\/wp-content\/uploads\/2022\/10\/Mansa\u0303o-moderna-a-700-m-da-praia-a-venda-em-Praia-do-Forte-13-680x510.jpg"},"property-thumb-image":{"file":"Mansa\u0303o-moderna-a-700-m-da-praia-a-venda-em-Praia-do-Forte-13-488x326.jpg","width":488,"height":326,"mime-type":"image\/jpeg","filesize":29970,"url":"https:\/\/hansenimoveis.com\/wp-content\/uploads\/2022\/10\/Mansa\u0303o-moderna-a-700-m-da-praia-a-venda-em-Praia-do-Forte-13-488x326.jpg"},"property-detail-video-image":{"file":"Mansa\u0303o-moderna-a-700-m-da-praia-a-venda-em-Praia-do-Forte-13-818x417.jpg","width":818,"height":417,"mime-type":"image\/jpeg","filesize":60498,"url":"https:\/\/hansenimoveis.com\/wp-content\/uploads\/2022\/10\/Mansa\u0303o-moderna-a-700-m-da-praia-a-venda-em-Praia-do-Forte-13-818x417.jpg"},"agent-image":{"file":"Mansa\u0303o-moderna-a-700-m-da-praia-a-venda-em-Praia-do-Forte-13-210x210.jpg","width":210,"height":210,"mime-type":"image\/jpeg","filesize":9329,"url":"https:\/\/hansenimoveis.com\/wp-content\/uploads\/2022\/10\/Mansa\u0303o-moderna-a-700-m-da-praia-a-venda-em-Praia-do-Forte-13-210x210.jpg"},"partners-logo":{"file":"Mansa\u0303o-moderna-a-700-m-da-praia-a-venda-em-Praia-do-Forte-13-600x725.jpg","width":600,"height":725,"mime-type":"image\/jpeg","filesize":60682,"url":"https:\/\/hansenimoveis.com\/wp-content\/uploads\/2022\/10\/Mansa\u0303o-moderna-a-700-m-da-praia-a-venda-em-Praia-do-Forte-13-600x725.jpg"},"post-featured-image":{"file":"Mansa\u0303o-moderna-a-700-m-da-praia-a-venda-em-Praia-do-Forte-13-1240x720.jpg","width":1240,"height":720,"mime-type":"image\/jpeg","filesize":129770,"url":"https:\/\/hansenimoveis.com\/wp-content\/uploads\/2022\/10\/Mansa\u0303o-moderna-a-700-m-da-praia-a-venda-em-Praia-do-Forte-13-1240x720.jpg"}},"image_meta":{"aperture":"8","credit":"john hansen","camera":"ILCE-7SM3","caption":"","created_timestamp":"1664553917","copyright":"hansen imoveis","focal_length":"12","iso":"100","shutter_speed":"0.033333333333333","title":"","orientation":"0","keywords":[]},"ID":"181170","name":"Mansa\u0303o-moderna-a-700-m-da-praia-a-venda-em-Praia-do-Forte-13.jpg","path":"\/home\/hansenimoveis.com\/public_html\/wp-content\/uploads\/2022\/10\/Mansa\u0303o-moderna-a-700-m-da-praia-a-venda-em-Praia-do-Forte-13.jpg","url":"https:\/\/hansenimoveis.com\/wp-content\/uploads\/2022\/10\/Mansa\u0303o-moderna-a-700-m-da-praia-a-venda-em-Praia-do-Forte-13-150x150.jpg","full_url":"https:\/\/hansenimoveis.com\/wp-content\/uploads\/2022\/10\/Mansa\u0303o-moderna-a-700-m-da-praia-a-venda-em-Praia-do-Forte-13.jpg","title":"Mansa\u0303o moderna a 700 m da praia a venda em Praia do Forte-13","caption":"","description":"","alt":"Mans\u00e3o moderna a 700 m da praia a venda em Praia do Forte","srcset":"https:\/\/hansenimoveis.com\/wp-content\/uploads\/2022\/10\/Mansa\u0303o-moderna-a-700-m-da-praia-a-venda-em-Praia-do-Forte-13-150x150.jpg 150w, https:\/\/hansenimoveis.com\/wp-content\/uploads\/2022\/10\/Mansa\u0303o-moderna-a-700-m-da-praia-a-venda-em-Praia-do-Forte-13-210x210.jpg 210w"},{"width":150,"height":150,"file":"2022\/10\/Mansa\u0303o-moderna-a-700-m-da-praia-a-venda-em-Praia-do-Forte-14.jpg","filesize":671594,"sizes":{"thumbnail":{"file":"Mansa\u0303o-moderna-a-700-m-da-praia-a-venda-em-Praia-do-Forte-14-150x150.jpg","width":150,"height":150,"mime-type":"image\/jpeg","filesize":7861,"url":"https:\/\/hansenimoveis.com\/wp-content\/uploads\/2022\/10\/Mansa\u0303o-moderna-a-700-m-da-praia-a-venda-em-Praia-do-Forte-14-150x150.jpg"},"post-thumbnail":{"file":"Mansa\u0303o-moderna-a-700-m-da-praia-a-venda-em-Praia-do-Forte-14-150x85.jpg","width":150,"height":85,"mime-type":"image\/jpeg","filesize":5213,"url":"https:\/\/hansenimoveis.com\/wp-content\/uploads\/2022\/10\/Mansa\u0303o-moderna-a-700-m-da-praia-a-venda-em-Praia-do-Forte-14-150x85.jpg"},"modern-property-child-slider":{"file":"Mansa\u0303o-moderna-a-700-m-da-praia-a-venda-em-Praia-do-Forte-14-680x510.jpg","width":680,"height":510,"mime-type":"image\/jpeg","filesize":81180,"url":"https:\/\/hansenimoveis.com\/wp-content\/uploads\/2022\/10\/Mansa\u0303o-moderna-a-700-m-da-praia-a-venda-em-Praia-do-Forte-14-680x510.jpg"},"property-thumb-image":{"file":"Mansa\u0303o-moderna-a-700-m-da-praia-a-venda-em-Praia-do-Forte-14-488x326.jpg","width":488,"height":326,"mime-type":"image\/jpeg","filesize":41442,"url":"https:\/\/hansenimoveis.com\/wp-content\/uploads\/2022\/10\/Mansa\u0303o-moderna-a-700-m-da-praia-a-venda-em-Praia-do-Forte-14-488x326.jpg"},"property-detail-video-image":{"file":"Mansa\u0303o-moderna-a-700-m-da-praia-a-venda-em-Praia-do-Forte-14-818x417.jpg","width":818,"height":417,"mime-type":"image\/jpeg","filesize":81971,"url":"https:\/\/hansenimoveis.com\/wp-content\/uploads\/2022\/10\/Mansa\u0303o-moderna-a-700-m-da-praia-a-venda-em-Praia-do-Forte-14-818x417.jpg"},"agent-image":{"file":"Mansa\u0303o-moderna-a-700-m-da-praia-a-venda-em-Praia-do-Forte-14-210x210.jpg","width":210,"height":210,"mime-type":"image\/jpeg","filesize":14047,"url":"https:\/\/hansenimoveis.com\/wp-content\/uploads\/2022\/10\/Mansa\u0303o-moderna-a-700-m-da-praia-a-venda-em-Praia-do-Forte-14-210x210.jpg"},"partners-logo":{"file":"Mansa\u0303o-moderna-a-700-m-da-praia-a-venda-em-Praia-do-Forte-14-600x725.jpg","width":600,"height":725,"mime-type":"image\/jpeg","filesize":111117,"url":"https:\/\/hansenimoveis.com\/wp-content\/uploads\/2022\/10\/Mansa\u0303o-moderna-a-700-m-da-praia-a-venda-em-Praia-do-Forte-14-600x725.jpg"},"post-featured-image":{"file":"Mansa\u0303o-moderna-a-700-m-da-praia-a-venda-em-Praia-do-Forte-14-1240x720.jpg","width":1240,"height":720,"mime-type":"image\/jpeg","filesize":181635,"url":"https:\/\/hansenimoveis.com\/wp-content\/uploads\/2022\/10\/Mansa\u0303o-moderna-a-700-m-da-praia-a-venda-em-Praia-do-Forte-14-1240x720.jpg"}},"image_meta":{"aperture":"8","credit":"john hansen","camera":"ILCE-7SM3","caption":"","created_timestamp":"1664554150","copyright":"hansen imoveis","focal_length":"12","iso":"100","shutter_speed":"0.01","title":"","orientation":"0","keywords":[]},"ID":"181174","name":"Mansa\u0303o-moderna-a-700-m-da-praia-a-venda-em-Praia-do-Forte-14.jpg","path":"\/home\/hansenimoveis.com\/public_html\/wp-content\/uploads\/2022\/10\/Mansa\u0303o-moderna-a-700-m-da-praia-a-venda-em-Praia-do-Forte-14.jpg","url":"https:\/\/hansenimoveis.com\/wp-content\/uploads\/2022\/10\/Mansa\u0303o-moderna-a-700-m-da-praia-a-venda-em-Praia-do-Forte-14-150x150.jpg","full_url":"https:\/\/hansenimoveis.com\/wp-content\/uploads\/2022\/10\/Mansa\u0303o-moderna-a-700-m-da-praia-a-venda-em-Praia-do-Forte-14.jpg","title":"Mansa\u0303o moderna a 700 m da praia a venda em Praia do Forte-14","caption":"","description":"","alt":"Mans\u00e3o moderna a 700 m da praia a venda em Praia do Forte","srcset":"https:\/\/hansenimoveis.com\/wp-content\/uploads\/2022\/10\/Mansa\u0303o-moderna-a-700-m-da-praia-a-venda-em-Praia-do-Forte-14-150x150.jpg 150w, https:\/\/hansenimoveis.com\/wp-content\/uploads\/2022\/10\/Mansa\u0303o-moderna-a-700-m-da-praia-a-venda-em-Praia-do-Forte-14-210x210.jpg 210w"},{"width":150,"height":150,"file":"2022\/10\/Mansa\u0303o-moderna-a-700-m-da-praia-a-venda-em-Praia-do-Forte-4.jpg","filesize":559631,"sizes":{"thumbnail":{"file":"Mansa\u0303o-moderna-a-700-m-da-praia-a-venda-em-Praia-do-Forte-4-150x150.jpg","width":150,"height":150,"mime-type":"image\/jpeg","filesize":5523,"url":"https:\/\/hansenimoveis.com\/wp-content\/uploads\/2022\/10\/Mansa\u0303o-moderna-a-700-m-da-praia-a-venda-em-Praia-do-Forte-4-150x150.jpg"},"post-thumbnail":{"file":"Mansa\u0303o-moderna-a-700-m-da-praia-a-venda-em-Praia-do-Forte-4-150x85.jpg","width":150,"height":85,"mime-type":"image\/jpeg","filesize":4180,"url":"https:\/\/hansenimoveis.com\/wp-content\/uploads\/2022\/10\/Mansa\u0303o-moderna-a-700-m-da-praia-a-venda-em-Praia-do-Forte-4-150x85.jpg"},"modern-property-child-slider":{"file":"Mansa\u0303o-moderna-a-700-m-da-praia-a-venda-em-Praia-do-Forte-4-680x510.jpg","width":680,"height":510,"mime-type":"image\/jpeg","filesize":55268,"url":"https:\/\/hansenimoveis.com\/wp-content\/uploads\/2022\/10\/Mansa\u0303o-moderna-a-700-m-da-praia-a-venda-em-Praia-do-Forte-4-680x510.jpg"},"property-thumb-image":{"file":"Mansa\u0303o-moderna-a-700-m-da-praia-a-venda-em-Praia-do-Forte-4-488x326.jpg","width":488,"height":326,"mime-type":"image\/jpeg","filesize":30595,"url":"https:\/\/hansenimoveis.com\/wp-content\/uploads\/2022\/10\/Mansa\u0303o-moderna-a-700-m-da-praia-a-venda-em-Praia-do-Forte-4-488x326.jpg"},"property-detail-video-image":{"file":"Mansa\u0303o-moderna-a-700-m-da-praia-a-venda-em-Praia-do-Forte-4-818x417.jpg","width":818,"height":417,"mime-type":"image\/jpeg","filesize":63122,"url":"https:\/\/hansenimoveis.com\/wp-content\/uploads\/2022\/10\/Mansa\u0303o-moderna-a-700-m-da-praia-a-venda-em-Praia-do-Forte-4-818x417.jpg"},"agent-image":{"file":"Mansa\u0303o-moderna-a-700-m-da-praia-a-venda-em-Praia-do-Forte-4-210x210.jpg","width":210,"height":210,"mime-type":"image\/jpeg","filesize":9538,"url":"https:\/\/hansenimoveis.com\/wp-content\/uploads\/2022\/10\/Mansa\u0303o-moderna-a-700-m-da-praia-a-venda-em-Praia-do-Forte-4-210x210.jpg"},"partners-logo":{"file":"Mansa\u0303o-moderna-a-700-m-da-praia-a-venda-em-Praia-do-Forte-4-600x725.jpg","width":600,"height":725,"mime-type":"image\/jpeg","filesize":63404,"url":"https:\/\/hansenimoveis.com\/wp-content\/uploads\/2022\/10\/Mansa\u0303o-moderna-a-700-m-da-praia-a-venda-em-Praia-do-Forte-4-600x725.jpg"},"post-featured-image":{"file":"Mansa\u0303o-moderna-a-700-m-da-praia-a-venda-em-Praia-do-Forte-4-1240x720.jpg","width":1240,"height":720,"mime-type":"image\/jpeg","filesize":131212,"url":"https:\/\/hansenimoveis.com\/wp-content\/uploads\/2022\/10\/Mansa\u0303o-moderna-a-700-m-da-praia-a-venda-em-Praia-do-Forte-4-1240x720.jpg"}},"image_meta":{"aperture":"11","credit":"john hansen","camera":"ILCE-7SM3","caption":"","created_timestamp":"1664553114","copyright":"hansen imoveis","focal_length":"12","iso":"100","shutter_speed":"0.025","title":"","orientation":"0","keywords":[]},"ID":"181134","name":"Mansa\u0303o-moderna-a-700-m-da-praia-a-venda-em-Praia-do-Forte-4.jpg","path":"\/home\/hansenimoveis.com\/public_html\/wp-content\/uploads\/2022\/10\/Mansa\u0303o-moderna-a-700-m-da-praia-a-venda-em-Praia-do-Forte-4.jpg","url":"https:\/\/hansenimoveis.com\/wp-content\/uploads\/2022\/10\/Mansa\u0303o-moderna-a-700-m-da-praia-a-venda-em-Praia-do-Forte-4-150x150.jpg","full_url":"https:\/\/hansenimoveis.com\/wp-content\/uploads\/2022\/10\/Mansa\u0303o-moderna-a-700-m-da-praia-a-venda-em-Praia-do-Forte-4.jpg","title":"Mansa\u0303o moderna a 700 m da praia a venda em Praia do Forte-4","caption":"","description":"","alt":"Mans\u00e3o moderna a 700 m da praia a venda em Praia do Forte","srcset":"https:\/\/hansenimoveis.com\/wp-content\/uploads\/2022\/10\/Mansa\u0303o-moderna-a-700-m-da-praia-a-venda-em-Praia-do-Forte-4-150x150.jpg 150w, https:\/\/hansenimoveis.com\/wp-content\/uploads\/2022\/10\/Mansa\u0303o-moderna-a-700-m-da-praia-a-venda-em-Praia-do-Forte-4-210x210.jpg 210w"},{"width":150,"height":150,"file":"2022\/10\/Mansa\u0303o-moderna-a-700-m-da-praia-a-venda-em-Praia-do-Forte-5.jpg","filesize":436976,"sizes":{"thumbnail":{"file":"Mansa\u0303o-moderna-a-700-m-da-praia-a-venda-em-Praia-do-Forte-5-150x150.jpg","width":150,"height":150,"mime-type":"image\/jpeg","filesize":5383,"url":"https:\/\/hansenimoveis.com\/wp-content\/uploads\/2022\/10\/Mansa\u0303o-moderna-a-700-m-da-praia-a-venda-em-Praia-do-Forte-5-150x150.jpg"},"post-thumbnail":{"file":"Mansa\u0303o-moderna-a-700-m-da-praia-a-venda-em-Praia-do-Forte-5-150x85.jpg","width":150,"height":85,"mime-type":"image\/jpeg","filesize":4276,"url":"https:\/\/hansenimoveis.com\/wp-content\/uploads\/2022\/10\/Mansa\u0303o-moderna-a-700-m-da-praia-a-venda-em-Praia-do-Forte-5-150x85.jpg"},"modern-property-child-slider":{"file":"Mansa\u0303o-moderna-a-700-m-da-praia-a-venda-em-Praia-do-Forte-5-680x510.jpg","width":680,"height":510,"mime-type":"image\/jpeg","filesize":47061,"url":"https:\/\/hansenimoveis.com\/wp-content\/uploads\/2022\/10\/Mansa\u0303o-moderna-a-700-m-da-praia-a-venda-em-Praia-do-Forte-5-680x510.jpg"},"property-thumb-image":{"file":"Mansa\u0303o-moderna-a-700-m-da-praia-a-venda-em-Praia-do-Forte-5-488x326.jpg","width":488,"height":326,"mime-type":"image\/jpeg","filesize":27522,"url":"https:\/\/hansenimoveis.com\/wp-content\/uploads\/2022\/10\/Mansa\u0303o-moderna-a-700-m-da-praia-a-venda-em-Praia-do-Forte-5-488x326.jpg"},"property-detail-video-image":{"file":"Mansa\u0303o-moderna-a-700-m-da-praia-a-venda-em-Praia-do-Forte-5-818x417.jpg","width":818,"height":417,"mime-type":"image\/jpeg","filesize":56377,"url":"https:\/\/hansenimoveis.com\/wp-content\/uploads\/2022\/10\/Mansa\u0303o-moderna-a-700-m-da-praia-a-venda-em-Praia-do-Forte-5-818x417.jpg"},"agent-image":{"file":"Mansa\u0303o-moderna-a-700-m-da-praia-a-venda-em-Praia-do-Forte-5-210x210.jpg","width":210,"height":210,"mime-type":"image\/jpeg","filesize":8761,"url":"https:\/\/hansenimoveis.com\/wp-content\/uploads\/2022\/10\/Mansa\u0303o-moderna-a-700-m-da-praia-a-venda-em-Praia-do-Forte-5-210x210.jpg"},"partners-logo":{"file":"Mansa\u0303o-moderna-a-700-m-da-praia-a-venda-em-Praia-do-Forte-5-600x725.jpg","width":600,"height":725,"mime-type":"image\/jpeg","filesize":54363,"url":"https:\/\/hansenimoveis.com\/wp-content\/uploads\/2022\/10\/Mansa\u0303o-moderna-a-700-m-da-praia-a-venda-em-Praia-do-Forte-5-600x725.jpg"},"post-featured-image":{"file":"Mansa\u0303o-moderna-a-700-m-da-praia-a-venda-em-Praia-do-Forte-5-1240x720.jpg","width":1240,"height":720,"mime-type":"image\/jpeg","filesize":112485,"url":"https:\/\/hansenimoveis.com\/wp-content\/uploads\/2022\/10\/Mansa\u0303o-moderna-a-700-m-da-praia-a-venda-em-Praia-do-Forte-5-1240x720.jpg"}},"image_meta":{"aperture":"11","credit":"john hansen","camera":"ILCE-7SM3","caption":"","created_timestamp":"1664553173","copyright":"hansen imoveis","focal_length":"12","iso":"100","shutter_speed":"0.04","title":"","orientation":"0","keywords":[]},"ID":"181138","name":"Mansa\u0303o-moderna-a-700-m-da-praia-a-venda-em-Praia-do-Forte-5.jpg","path":"\/home\/hansenimoveis.com\/public_html\/wp-content\/uploads\/2022\/10\/Mansa\u0303o-moderna-a-700-m-da-praia-a-venda-em-Praia-do-Forte-5.jpg","url":"https:\/\/hansenimoveis.com\/wp-content\/uploads\/2022\/10\/Mansa\u0303o-moderna-a-700-m-da-praia-a-venda-em-Praia-do-Forte-5-150x150.jpg","full_url":"https:\/\/hansenimoveis.com\/wp-content\/uploads\/2022\/10\/Mansa\u0303o-moderna-a-700-m-da-praia-a-venda-em-Praia-do-Forte-5.jpg","title":"Mansa\u0303o moderna a 700 m da praia a venda em Praia do Forte-5","caption":"","description":"","alt":"Mans\u00e3o moderna a 700 m da praia a venda em Praia do Forte","srcset":"https:\/\/hansenimoveis.com\/wp-content\/uploads\/2022\/10\/Mansa\u0303o-moderna-a-700-m-da-praia-a-venda-em-Praia-do-Forte-5-150x150.jpg 150w, https:\/\/hansenimoveis.com\/wp-content\/uploads\/2022\/10\/Mansa\u0303o-moderna-a-700-m-da-praia-a-venda-em-Praia-do-Forte-5-210x210.jpg 210w"},{"width":150,"height":150,"file":"2022\/10\/Mansa\u0303o-moderna-a-700-m-da-praia-a-venda-em-Praia-do-Forte-15.jpg","filesize":802350,"sizes":{"thumbnail":{"file":"Mansa\u0303o-moderna-a-700-m-da-praia-a-venda-em-Praia-do-Forte-15-150x150.jpg","width":150,"height":150,"mime-type":"image\/jpeg","filesize":6646,"url":"https:\/\/hansenimoveis.com\/wp-content\/uploads\/2022\/10\/Mansa\u0303o-moderna-a-700-m-da-praia-a-venda-em-Praia-do-Forte-15-150x150.jpg"},"post-thumbnail":{"file":"Mansa\u0303o-moderna-a-700-m-da-praia-a-venda-em-Praia-do-Forte-15-150x85.jpg","width":150,"height":85,"mime-type":"image\/jpeg","filesize":4142,"url":"https:\/\/hansenimoveis.com\/wp-content\/uploads\/2022\/10\/Mansa\u0303o-moderna-a-700-m-da-praia-a-venda-em-Praia-do-Forte-15-150x85.jpg"},"modern-property-child-slider":{"file":"Mansa\u0303o-moderna-a-700-m-da-praia-a-venda-em-Praia-do-Forte-15-680x510.jpg","width":680,"height":510,"mime-type":"image\/jpeg","filesize":100449,"url":"https:\/\/hansenimoveis.com\/wp-content\/uploads\/2022\/10\/Mansa\u0303o-moderna-a-700-m-da-praia-a-venda-em-Praia-do-Forte-15-680x510.jpg"},"property-thumb-image":{"file":"Mansa\u0303o-moderna-a-700-m-da-praia-a-venda-em-Praia-do-Forte-15-488x326.jpg","width":488,"height":326,"mime-type":"image\/jpeg","filesize":47227,"url":"https:\/\/hansenimoveis.com\/wp-content\/uploads\/2022\/10\/Mansa\u0303o-moderna-a-700-m-da-praia-a-venda-em-Praia-do-Forte-15-488x326.jpg"},"property-detail-video-image":{"file":"Mansa\u0303o-moderna-a-700-m-da-praia-a-venda-em-Praia-do-Forte-15-818x417.jpg","width":818,"height":417,"mime-type":"image\/jpeg","filesize":105599,"url":"https:\/\/hansenimoveis.com\/wp-content\/uploads\/2022\/10\/Mansa\u0303o-moderna-a-700-m-da-praia-a-venda-em-Praia-do-Forte-15-818x417.jpg"},"agent-image":{"file":"Mansa\u0303o-moderna-a-700-m-da-praia-a-venda-em-Praia-do-Forte-15-210x210.jpg","width":210,"height":210,"mime-type":"image\/jpeg","filesize":12870,"url":"https:\/\/hansenimoveis.com\/wp-content\/uploads\/2022\/10\/Mansa\u0303o-moderna-a-700-m-da-praia-a-venda-em-Praia-do-Forte-15-210x210.jpg"},"partners-logo":{"file":"Mansa\u0303o-moderna-a-700-m-da-praia-a-venda-em-Praia-do-Forte-15-600x725.jpg","width":600,"height":725,"mime-type":"image\/jpeg","filesize":139144,"url":"https:\/\/hansenimoveis.com\/wp-content\/uploads\/2022\/10\/Mansa\u0303o-moderna-a-700-m-da-praia-a-venda-em-Praia-do-Forte-15-600x725.jpg"},"post-featured-image":{"file":"Mansa\u0303o-moderna-a-700-m-da-praia-a-venda-em-Praia-do-Forte-15-1240x720.jpg","width":1240,"height":720,"mime-type":"image\/jpeg","filesize":251333,"url":"https:\/\/hansenimoveis.com\/wp-content\/uploads\/2022\/10\/Mansa\u0303o-moderna-a-700-m-da-praia-a-venda-em-Praia-do-Forte-15-1240x720.jpg"}},"image_meta":{"aperture":"8","credit":"john hansen","camera":"ILCE-7SM3","caption":"","created_timestamp":"1664554935","copyright":"hansen imoveis","focal_length":"21","iso":"100","shutter_speed":"0.076923076923077","title":"","orientation":"0","keywords":[]},"ID":"181178","name":"Mansa\u0303o-moderna-a-700-m-da-praia-a-venda-em-Praia-do-Forte-15.jpg","path":"\/home\/hansenimoveis.com\/public_html\/wp-content\/uploads\/2022\/10\/Mansa\u0303o-moderna-a-700-m-da-praia-a-venda-em-Praia-do-Forte-15.jpg","url":"https:\/\/hansenimoveis.com\/wp-content\/uploads\/2022\/10\/Mansa\u0303o-moderna-a-700-m-da-praia-a-venda-em-Praia-do-Forte-15-150x150.jpg","full_url":"https:\/\/hansenimoveis.com\/wp-content\/uploads\/2022\/10\/Mansa\u0303o-moderna-a-700-m-da-praia-a-venda-em-Praia-do-Forte-15.jpg","title":"Mansa\u0303o moderna a 700 m da praia a venda em Praia do Forte-15","caption":"","description":"","alt":"Mans\u00e3o moderna a 700 m da praia a venda em Praia do Forte","srcset":"https:\/\/hansenimoveis.com\/wp-content\/uploads\/2022\/10\/Mansa\u0303o-moderna-a-700-m-da-praia-a-venda-em-Praia-do-Forte-15-150x150.jpg 150w, https:\/\/hansenimoveis.com\/wp-content\/uploads\/2022\/10\/Mansa\u0303o-moderna-a-700-m-da-praia-a-venda-em-Praia-do-Forte-15-210x210.jpg 210w"},{"width":150,"height":150,"file":"2022\/10\/Mansa\u0303o-moderna-a-700-m-da-praia-a-venda-em-Praia-do-Forte-30.jpg","filesize":443500,"sizes":{"thumbnail":{"file":"Mansa\u0303o-moderna-a-700-m-da-praia-a-venda-em-Praia-do-Forte-30-150x150.jpg","width":150,"height":150,"mime-type":"image\/jpeg","filesize":5380,"url":"https:\/\/hansenimoveis.com\/wp-content\/uploads\/2022\/10\/Mansa\u0303o-moderna-a-700-m-da-praia-a-venda-em-Praia-do-Forte-30-150x150.jpg"},"post-thumbnail":{"file":"Mansa\u0303o-moderna-a-700-m-da-praia-a-venda-em-Praia-do-Forte-30-150x85.jpg","width":150,"height":85,"mime-type":"image\/jpeg","filesize":4059,"url":"https:\/\/hansenimoveis.com\/wp-content\/uploads\/2022\/10\/Mansa\u0303o-moderna-a-700-m-da-praia-a-venda-em-Praia-do-Forte-30-150x85.jpg"},"modern-property-child-slider":{"file":"Mansa\u0303o-moderna-a-700-m-da-praia-a-venda-em-Praia-do-Forte-30-680x510.jpg","width":680,"height":510,"mime-type":"image\/jpeg","filesize":49965,"url":"https:\/\/hansenimoveis.com\/wp-content\/uploads\/2022\/10\/Mansa\u0303o-moderna-a-700-m-da-praia-a-venda-em-Praia-do-Forte-30-680x510.jpg"},"property-thumb-image":{"file":"Mansa\u0303o-moderna-a-700-m-da-praia-a-venda-em-Praia-do-Forte-30-488x326.jpg","width":488,"height":326,"mime-type":"image\/jpeg","filesize":27420,"url":"https:\/\/hansenimoveis.com\/wp-content\/uploads\/2022\/10\/Mansa\u0303o-moderna-a-700-m-da-praia-a-venda-em-Praia-do-Forte-30-488x326.jpg"},"property-detail-video-image":{"file":"Mansa\u0303o-moderna-a-700-m-da-praia-a-venda-em-Praia-do-Forte-30-818x417.jpg","width":818,"height":417,"mime-type":"image\/jpeg","filesize":54488,"url":"https:\/\/hansenimoveis.com\/wp-content\/uploads\/2022\/10\/Mansa\u0303o-moderna-a-700-m-da-praia-a-venda-em-Praia-do-Forte-30-818x417.jpg"},"agent-image":{"file":"Mansa\u0303o-moderna-a-700-m-da-praia-a-venda-em-Praia-do-Forte-30-210x210.jpg","width":210,"height":210,"mime-type":"image\/jpeg","filesize":9178,"url":"https:\/\/hansenimoveis.com\/wp-content\/uploads\/2022\/10\/Mansa\u0303o-moderna-a-700-m-da-praia-a-venda-em-Praia-do-Forte-30-210x210.jpg"},"partners-logo":{"file":"Mansa\u0303o-moderna-a-700-m-da-praia-a-venda-em-Praia-do-Forte-30-600x725.jpg","width":600,"height":725,"mime-type":"image\/jpeg","filesize":56428,"url":"https:\/\/hansenimoveis.com\/wp-content\/uploads\/2022\/10\/Mansa\u0303o-moderna-a-700-m-da-praia-a-venda-em-Praia-do-Forte-30-600x725.jpg"},"post-featured-image":{"file":"Mansa\u0303o-moderna-a-700-m-da-praia-a-venda-em-Praia-do-Forte-30-1240x720.jpg","width":1240,"height":720,"mime-type":"image\/jpeg","filesize":113675,"url":"https:\/\/hansenimoveis.com\/wp-content\/uploads\/2022\/10\/Mansa\u0303o-moderna-a-700-m-da-praia-a-venda-em-Praia-do-Forte-30-1240x720.jpg"}},"image_meta":{"aperture":"8","credit":"john hansen","camera":"ILCE-7SM3","caption":"","created_timestamp":"1664557843","copyright":"hansen imoveis","focal_length":"24","iso":"100","shutter_speed":"0.008","title":"","orientation":"0","keywords":[]},"ID":"181234","name":"Mansa\u0303o-moderna-a-700-m-da-praia-a-venda-em-Praia-do-Forte-30.jpg","path":"\/home\/hansenimoveis.com\/public_html\/wp-content\/uploads\/2022\/10\/Mansa\u0303o-moderna-a-700-m-da-praia-a-venda-em-Praia-do-Forte-30.jpg","url":"https:\/\/hansenimoveis.com\/wp-content\/uploads\/2022\/10\/Mansa\u0303o-moderna-a-700-m-da-praia-a-venda-em-Praia-do-Forte-30-150x150.jpg","full_url":"https:\/\/hansenimoveis.com\/wp-content\/uploads\/2022\/10\/Mansa\u0303o-moderna-a-700-m-da-praia-a-venda-em-Praia-do-Forte-30.jpg","title":"Mansa\u0303o moderna a 700 m da praia a venda em Praia do Forte-30","caption":"","description":"","alt":"Mans\u00e3o moderna a 700 m da praia a venda em Praia do Forte","srcset":"https:\/\/hansenimoveis.com\/wp-content\/uploads\/2022\/10\/Mansa\u0303o-moderna-a-700-m-da-praia-a-venda-em-Praia-do-Forte-30-150x150.jpg 150w, https:\/\/hansenimoveis.com\/wp-content\/uploads\/2022\/10\/Mansa\u0303o-moderna-a-700-m-da-praia-a-venda-em-Praia-do-Forte-30-210x210.jpg 210w"},{"width":150,"height":150,"file":"2022\/10\/Mansa\u0303o-moderna-a-700-m-da-praia-a-venda-em-Praia-do-Forte-24.jpg","filesize":485062,"sizes":{"thumbnail":{"file":"Mansa\u0303o-moderna-a-700-m-da-praia-a-venda-em-Praia-do-Forte-24-150x150.jpg","width":150,"height":150,"mime-type":"image\/jpeg","filesize":6162,"url":"https:\/\/hansenimoveis.com\/wp-content\/uploads\/2022\/10\/Mansa\u0303o-moderna-a-700-m-da-praia-a-venda-em-Praia-do-Forte-24-150x150.jpg"},"post-thumbnail":{"file":"Mansa\u0303o-moderna-a-700-m-da-praia-a-venda-em-Praia-do-Forte-24-150x85.jpg","width":150,"height":85,"mime-type":"image\/jpeg","filesize":4258,"url":"https:\/\/hansenimoveis.com\/wp-content\/uploads\/2022\/10\/Mansa\u0303o-moderna-a-700-m-da-praia-a-venda-em-Praia-do-Forte-24-150x85.jpg"},"modern-property-child-slider":{"file":"Mansa\u0303o-moderna-a-700-m-da-praia-a-venda-em-Praia-do-Forte-24-680x510.jpg","width":680,"height":510,"mime-type":"image\/jpeg","filesize":55628,"url":"https:\/\/hansenimoveis.com\/wp-content\/uploads\/2022\/10\/Mansa\u0303o-moderna-a-700-m-da-praia-a-venda-em-Praia-do-Forte-24-680x510.jpg"},"property-thumb-image":{"file":"Mansa\u0303o-moderna-a-700-m-da-praia-a-venda-em-Praia-do-Forte-24-488x326.jpg","width":488,"height":326,"mime-type":"image\/jpeg","filesize":29349,"url":"https:\/\/hansenimoveis.com\/wp-content\/uploads\/2022\/10\/Mansa\u0303o-moderna-a-700-m-da-praia-a-venda-em-Praia-do-Forte-24-488x326.jpg"},"property-detail-video-image":{"file":"Mansa\u0303o-moderna-a-700-m-da-praia-a-venda-em-Praia-do-Forte-24-818x417.jpg","width":818,"height":417,"mime-type":"image\/jpeg","filesize":60169,"url":"https:\/\/hansenimoveis.com\/wp-content\/uploads\/2022\/10\/Mansa\u0303o-moderna-a-700-m-da-praia-a-venda-em-Praia-do-Forte-24-818x417.jpg"},"agent-image":{"file":"Mansa\u0303o-moderna-a-700-m-da-praia-a-venda-em-Praia-do-Forte-24-210x210.jpg","width":210,"height":210,"mime-type":"image\/jpeg","filesize":10479,"url":"https:\/\/hansenimoveis.com\/wp-content\/uploads\/2022\/10\/Mansa\u0303o-moderna-a-700-m-da-praia-a-venda-em-Praia-do-Forte-24-210x210.jpg"},"partners-logo":{"file":"Mansa\u0303o-moderna-a-700-m-da-praia-a-venda-em-Praia-do-Forte-24-600x725.jpg","width":600,"height":725,"mime-type":"image\/jpeg","filesize":73069,"url":"https:\/\/hansenimoveis.com\/wp-content\/uploads\/2022\/10\/Mansa\u0303o-moderna-a-700-m-da-praia-a-venda-em-Praia-do-Forte-24-600x725.jpg"},"post-featured-image":{"file":"Mansa\u0303o-moderna-a-700-m-da-praia-a-venda-em-Praia-do-Forte-24-1240x720.jpg","width":1240,"height":720,"mime-type":"image\/jpeg","filesize":125432,"url":"https:\/\/hansenimoveis.com\/wp-content\/uploads\/2022\/10\/Mansa\u0303o-moderna-a-700-m-da-praia-a-venda-em-Praia-do-Forte-24-1240x720.jpg"}},"image_meta":{"aperture":"8","credit":"john hansen","camera":"ILCE-7SM3","caption":"","created_timestamp":"1664557329","copyright":"hansen imoveis","focal_length":"12","iso":"100","shutter_speed":"0.025","title":"","orientation":"0","keywords":[]},"ID":"181210","name":"Mansa\u0303o-moderna-a-700-m-da-praia-a-venda-em-Praia-do-Forte-24.jpg","path":"\/home\/hansenimoveis.com\/public_html\/wp-content\/uploads\/2022\/10\/Mansa\u0303o-moderna-a-700-m-da-praia-a-venda-em-Praia-do-Forte-24.jpg","url":"https:\/\/hansenimoveis.com\/wp-content\/uploads\/2022\/10\/Mansa\u0303o-moderna-a-700-m-da-praia-a-venda-em-Praia-do-Forte-24-150x150.jpg","full_url":"https:\/\/hansenimoveis.com\/wp-content\/uploads\/2022\/10\/Mansa\u0303o-moderna-a-700-m-da-praia-a-venda-em-Praia-do-Forte-24.jpg","title":"Mansa\u0303o moderna a 700 m da praia a venda em Praia do Forte-24","caption":"","description":"","alt":"Mans\u00e3o moderna a 700 m da praia a venda em Praia do Forte","srcset":"https:\/\/hansenimoveis.com\/wp-content\/uploads\/2022\/10\/Mansa\u0303o-moderna-a-700-m-da-praia-a-venda-em-Praia-do-Forte-24-150x150.jpg 150w, https:\/\/hansenimoveis.com\/wp-content\/uploads\/2022\/10\/Mansa\u0303o-moderna-a-700-m-da-praia-a-venda-em-Praia-do-Forte-24-210x210.jpg 210w"},{"width":150,"height":150,"file":"2022\/10\/Mansa\u0303o-moderna-a-700-m-da-praia-a-venda-em-Praia-do-Forte-25.jpg","filesize":456343,"sizes":{"thumbnail":{"file":"Mansa\u0303o-moderna-a-700-m-da-praia-a-venda-em-Praia-do-Forte-25-150x150.jpg","width":150,"height":150,"mime-type":"image\/jpeg","filesize":5604,"url":"https:\/\/hansenimoveis.com\/wp-content\/uploads\/2022\/10\/Mansa\u0303o-moderna-a-700-m-da-praia-a-venda-em-Praia-do-Forte-25-150x150.jpg"},"post-thumbnail":{"file":"Mansa\u0303o-moderna-a-700-m-da-praia-a-venda-em-Praia-do-Forte-25-150x85.jpg","width":150,"height":85,"mime-type":"image\/jpeg","filesize":3935,"url":"https:\/\/hansenimoveis.com\/wp-content\/uploads\/2022\/10\/Mansa\u0303o-moderna-a-700-m-da-praia-a-venda-em-Praia-do-Forte-25-150x85.jpg"},"modern-property-child-slider":{"file":"Mansa\u0303o-moderna-a-700-m-da-praia-a-venda-em-Praia-do-Forte-25-680x510.jpg","width":680,"height":510,"mime-type":"image\/jpeg","filesize":48717,"url":"https:\/\/hansenimoveis.com\/wp-content\/uploads\/2022\/10\/Mansa\u0303o-moderna-a-700-m-da-praia-a-venda-em-Praia-do-Forte-25-680x510.jpg"},"property-thumb-image":{"file":"Mansa\u0303o-moderna-a-700-m-da-praia-a-venda-em-Praia-do-Forte-25-488x326.jpg","width":488,"height":326,"mime-type":"image\/jpeg","filesize":26536,"url":"https:\/\/hansenimoveis.com\/wp-content\/uploads\/2022\/10\/Mansa\u0303o-moderna-a-700-m-da-praia-a-venda-em-Praia-do-Forte-25-488x326.jpg"},"property-detail-video-image":{"file":"Mansa\u0303o-moderna-a-700-m-da-praia-a-venda-em-Praia-do-Forte-25-818x417.jpg","width":818,"height":417,"mime-type":"image\/jpeg","filesize":53102,"url":"https:\/\/hansenimoveis.com\/wp-content\/uploads\/2022\/10\/Mansa\u0303o-moderna-a-700-m-da-praia-a-venda-em-Praia-do-Forte-25-818x417.jpg"},"agent-image":{"file":"Mansa\u0303o-moderna-a-700-m-da-praia-a-venda-em-Praia-do-Forte-25-210x210.jpg","width":210,"height":210,"mime-type":"image\/jpeg","filesize":9420,"url":"https:\/\/hansenimoveis.com\/wp-content\/uploads\/2022\/10\/Mansa\u0303o-moderna-a-700-m-da-praia-a-venda-em-Praia-do-Forte-25-210x210.jpg"},"partners-logo":{"file":"Mansa\u0303o-moderna-a-700-m-da-praia-a-venda-em-Praia-do-Forte-25-600x725.jpg","width":600,"height":725,"mime-type":"image\/jpeg","filesize":61243,"url":"https:\/\/hansenimoveis.com\/wp-content\/uploads\/2022\/10\/Mansa\u0303o-moderna-a-700-m-da-praia-a-venda-em-Praia-do-Forte-25-600x725.jpg"},"post-featured-image":{"file":"Mansa\u0303o-moderna-a-700-m-da-praia-a-venda-em-Praia-do-Forte-25-1240x720.jpg","width":1240,"height":720,"mime-type":"image\/jpeg","filesize":111565,"url":"https:\/\/hansenimoveis.com\/wp-content\/uploads\/2022\/10\/Mansa\u0303o-moderna-a-700-m-da-praia-a-venda-em-Praia-do-Forte-25-1240x720.jpg"}},"image_meta":{"aperture":"8","credit":"john hansen","camera":"ILCE-7SM3","caption":"","created_timestamp":"1664557365","copyright":"hansen imoveis","focal_length":"12","iso":"100","shutter_speed":"0.033333333333333","title":"","orientation":"0","keywords":[]},"ID":"181214","name":"Mansa\u0303o-moderna-a-700-m-da-praia-a-venda-em-Praia-do-Forte-25.jpg","path":"\/home\/hansenimoveis.com\/public_html\/wp-content\/uploads\/2022\/10\/Mansa\u0303o-moderna-a-700-m-da-praia-a-venda-em-Praia-do-Forte-25.jpg","url":"https:\/\/hansenimoveis.com\/wp-content\/uploads\/2022\/10\/Mansa\u0303o-moderna-a-700-m-da-praia-a-venda-em-Praia-do-Forte-25-150x150.jpg","full_url":"https:\/\/hansenimoveis.com\/wp-content\/uploads\/2022\/10\/Mansa\u0303o-moderna-a-700-m-da-praia-a-venda-em-Praia-do-Forte-25.jpg","title":"Mansa\u0303o moderna a 700 m da praia a venda em Praia do Forte-25","caption":"","description":"","alt":"Mans\u00e3o moderna a 700 m da praia a venda em Praia do Forte","srcset":"https:\/\/hansenimoveis.com\/wp-content\/uploads\/2022\/10\/Mansa\u0303o-moderna-a-700-m-da-praia-a-venda-em-Praia-do-Forte-25-150x150.jpg 150w, https:\/\/hansenimoveis.com\/wp-content\/uploads\/2022\/10\/Mansa\u0303o-moderna-a-700-m-da-praia-a-venda-em-Praia-do-Forte-25-210x210.jpg 210w"},{"width":150,"height":150,"file":"2022\/10\/Mansa\u0303o-moderna-a-700-m-da-praia-a-venda-em-Praia-do-Forte-23.jpg","filesize":329792,"sizes":{"thumbnail":{"file":"Mansa\u0303o-moderna-a-700-m-da-praia-a-venda-em-Praia-do-Forte-23-150x150.jpg","width":150,"height":150,"mime-type":"image\/jpeg","filesize":4816,"url":"https:\/\/hansenimoveis.com\/wp-content\/uploads\/2022\/10\/Mansa\u0303o-moderna-a-700-m-da-praia-a-venda-em-Praia-do-Forte-23-150x150.jpg"},"post-thumbnail":{"file":"Mansa\u0303o-moderna-a-700-m-da-praia-a-venda-em-Praia-do-Forte-23-150x85.jpg","width":150,"height":85,"mime-type":"image\/jpeg","filesize":3231,"url":"https:\/\/hansenimoveis.com\/wp-content\/uploads\/2022\/10\/Mansa\u0303o-moderna-a-700-m-da-praia-a-venda-em-Praia-do-Forte-23-150x85.jpg"},"modern-property-child-slider":{"file":"Mansa\u0303o-moderna-a-700-m-da-praia-a-venda-em-Praia-do-Forte-23-680x510.jpg","width":680,"height":510,"mime-type":"image\/jpeg","filesize":38150,"url":"https:\/\/hansenimoveis.com\/wp-content\/uploads\/2022\/10\/Mansa\u0303o-moderna-a-700-m-da-praia-a-venda-em-Praia-do-Forte-23-680x510.jpg"},"property-thumb-image":{"file":"Mansa\u0303o-moderna-a-700-m-da-praia-a-venda-em-Praia-do-Forte-23-488x326.jpg","width":488,"height":326,"mime-type":"image\/jpeg","filesize":20669,"url":"https:\/\/hansenimoveis.com\/wp-content\/uploads\/2022\/10\/Mansa\u0303o-moderna-a-700-m-da-praia-a-venda-em-Praia-do-Forte-23-488x326.jpg"},"property-detail-video-image":{"file":"Mansa\u0303o-moderna-a-700-m-da-praia-a-venda-em-Praia-do-Forte-23-818x417.jpg","width":818,"height":417,"mime-type":"image\/jpeg","filesize":38442,"url":"https:\/\/hansenimoveis.com\/wp-content\/uploads\/2022\/10\/Mansa\u0303o-moderna-a-700-m-da-praia-a-venda-em-Praia-do-Forte-23-818x417.jpg"},"agent-image":{"file":"Mansa\u0303o-moderna-a-700-m-da-praia-a-venda-em-Praia-do-Forte-23-210x210.jpg","width":210,"height":210,"mime-type":"image\/jpeg","filesize":7764,"url":"https:\/\/hansenimoveis.com\/wp-content\/uploads\/2022\/10\/Mansa\u0303o-moderna-a-700-m-da-praia-a-venda-em-Praia-do-Forte-23-210x210.jpg"},"partners-logo":{"file":"Mansa\u0303o-moderna-a-700-m-da-praia-a-venda-em-Praia-do-Forte-23-600x725.jpg","width":600,"height":725,"mime-type":"image\/jpeg","filesize":49451,"url":"https:\/\/hansenimoveis.com\/wp-content\/uploads\/2022\/10\/Mansa\u0303o-moderna-a-700-m-da-praia-a-venda-em-Praia-do-Forte-23-600x725.jpg"},"post-featured-image":{"file":"Mansa\u0303o-moderna-a-700-m-da-praia-a-venda-em-Praia-do-Forte-23-1240x720.jpg","width":1240,"height":720,"mime-type":"image\/jpeg","filesize":79764,"url":"https:\/\/hansenimoveis.com\/wp-content\/uploads\/2022\/10\/Mansa\u0303o-moderna-a-700-m-da-praia-a-venda-em-Praia-do-Forte-23-1240x720.jpg"}},"image_meta":{"aperture":"8","credit":"john hansen","camera":"ILCE-7SM3","caption":"","created_timestamp":"1664557246","copyright":"hansen imoveis","focal_length":"12","iso":"100","shutter_speed":"0.1","title":"","orientation":"0","keywords":[]},"ID":"181206","name":"Mansa\u0303o-moderna-a-700-m-da-praia-a-venda-em-Praia-do-Forte-23.jpg","path":"\/home\/hansenimoveis.com\/public_html\/wp-content\/uploads\/2022\/10\/Mansa\u0303o-moderna-a-700-m-da-praia-a-venda-em-Praia-do-Forte-23.jpg","url":"https:\/\/hansenimoveis.com\/wp-content\/uploads\/2022\/10\/Mansa\u0303o-moderna-a-700-m-da-praia-a-venda-em-Praia-do-Forte-23-150x150.jpg","full_url":"https:\/\/hansenimoveis.com\/wp-content\/uploads\/2022\/10\/Mansa\u0303o-moderna-a-700-m-da-praia-a-venda-em-Praia-do-Forte-23.jpg","title":"Mansa\u0303o moderna a 700 m da praia a venda em Praia do Forte-23","caption":"","description":"","alt":"Mans\u00e3o moderna a 700 m da praia a venda em Praia do Forte","srcset":"https:\/\/hansenimoveis.com\/wp-content\/uploads\/2022\/10\/Mansa\u0303o-moderna-a-700-m-da-praia-a-venda-em-Praia-do-Forte-23-150x150.jpg 150w, https:\/\/hansenimoveis.com\/wp-content\/uploads\/2022\/10\/Mansa\u0303o-moderna-a-700-m-da-praia-a-venda-em-Praia-do-Forte-23-210x210.jpg 210w"},{"width":150,"height":150,"file":"2022\/10\/Mansa\u0303o-moderna-a-700-m-da-praia-a-venda-em-Praia-do-Forte-6.jpg","filesize":474463,"sizes":{"thumbnail":{"file":"Mansa\u0303o-moderna-a-700-m-da-praia-a-venda-em-Praia-do-Forte-6-150x150.jpg","width":150,"height":150,"mime-type":"image\/jpeg","filesize":5286,"url":"https:\/\/hansenimoveis.com\/wp-content\/uploads\/2022\/10\/Mansa\u0303o-moderna-a-700-m-da-praia-a-venda-em-Praia-do-Forte-6-150x150.jpg"},"post-thumbnail":{"file":"Mansa\u0303o-moderna-a-700-m-da-praia-a-venda-em-Praia-do-Forte-6-150x85.jpg","width":150,"height":85,"mime-type":"image\/jpeg","filesize":3902,"url":"https:\/\/hansenimoveis.com\/wp-content\/uploads\/2022\/10\/Mansa\u0303o-moderna-a-700-m-da-praia-a-venda-em-Praia-do-Forte-6-150x85.jpg"},"modern-property-child-slider":{"file":"Mansa\u0303o-moderna-a-700-m-da-praia-a-venda-em-Praia-do-Forte-6-680x510.jpg","width":680,"height":510,"mime-type":"image\/jpeg","filesize":56250,"url":"https:\/\/hansenimoveis.com\/wp-content\/uploads\/2022\/10\/Mansa\u0303o-moderna-a-700-m-da-praia-a-venda-em-Praia-do-Forte-6-680x510.jpg"},"property-thumb-image":{"file":"Mansa\u0303o-moderna-a-700-m-da-praia-a-venda-em-Praia-do-Forte-6-488x326.jpg","width":488,"height":326,"mime-type":"image\/jpeg","filesize":29595,"url":"https:\/\/hansenimoveis.com\/wp-content\/uploads\/2022\/10\/Mansa\u0303o-moderna-a-700-m-da-praia-a-venda-em-Praia-do-Forte-6-488x326.jpg"},"property-detail-video-image":{"file":"Mansa\u0303o-moderna-a-700-m-da-praia-a-venda-em-Praia-do-Forte-6-818x417.jpg","width":818,"height":417,"mime-type":"image\/jpeg","filesize":59403,"url":"https:\/\/hansenimoveis.com\/wp-content\/uploads\/2022\/10\/Mansa\u0303o-moderna-a-700-m-da-praia-a-venda-em-Praia-do-Forte-6-818x417.jpg"},"agent-image":{"file":"Mansa\u0303o-moderna-a-700-m-da-praia-a-venda-em-Praia-do-Forte-6-210x210.jpg","width":210,"height":210,"mime-type":"image\/jpeg","filesize":9300,"url":"https:\/\/hansenimoveis.com\/wp-content\/uploads\/2022\/10\/Mansa\u0303o-moderna-a-700-m-da-praia-a-venda-em-Praia-do-Forte-6-210x210.jpg"},"partners-logo":{"file":"Mansa\u0303o-moderna-a-700-m-da-praia-a-venda-em-Praia-do-Forte-6-600x725.jpg","width":600,"height":725,"mime-type":"image\/jpeg","filesize":73479,"url":"https:\/\/hansenimoveis.com\/wp-content\/uploads\/2022\/10\/Mansa\u0303o-moderna-a-700-m-da-praia-a-venda-em-Praia-do-Forte-6-600x725.jpg"},"post-featured-image":{"file":"Mansa\u0303o-moderna-a-700-m-da-praia-a-venda-em-Praia-do-Forte-6-1240x720.jpg","width":1240,"height":720,"mime-type":"image\/jpeg","filesize":127768,"url":"https:\/\/hansenimoveis.com\/wp-content\/uploads\/2022\/10\/Mansa\u0303o-moderna-a-700-m-da-praia-a-venda-em-Praia-do-Forte-6-1240x720.jpg"}},"image_meta":{"aperture":"11","credit":"john hansen","camera":"ILCE-7SM3","caption":"","created_timestamp":"1664553226","copyright":"hansen imoveis","focal_length":"12","iso":"100","shutter_speed":"0.033333333333333","title":"","orientation":"0","keywords":[]},"ID":"181142","name":"Mansa\u0303o-moderna-a-700-m-da-praia-a-venda-em-Praia-do-Forte-6.jpg","path":"\/home\/hansenimoveis.com\/public_html\/wp-content\/uploads\/2022\/10\/Mansa\u0303o-moderna-a-700-m-da-praia-a-venda-em-Praia-do-Forte-6.jpg","url":"https:\/\/hansenimoveis.com\/wp-content\/uploads\/2022\/10\/Mansa\u0303o-moderna-a-700-m-da-praia-a-venda-em-Praia-do-Forte-6-150x150.jpg","full_url":"https:\/\/hansenimoveis.com\/wp-content\/uploads\/2022\/10\/Mansa\u0303o-moderna-a-700-m-da-praia-a-venda-em-Praia-do-Forte-6.jpg","title":"Mansa\u0303o moderna a 700 m da praia a venda em Praia do Forte-6","caption":"","description":"","alt":"Mans\u00e3o moderna a 700 m da praia a venda em Praia do Forte","srcset":"https:\/\/hansenimoveis.com\/wp-content\/uploads\/2022\/10\/Mansa\u0303o-moderna-a-700-m-da-praia-a-venda-em-Praia-do-Forte-6-150x150.jpg 150w, https:\/\/hansenimoveis.com\/wp-content\/uploads\/2022\/10\/Mansa\u0303o-moderna-a-700-m-da-praia-a-venda-em-Praia-do-Forte-6-210x210.jpg 210w"},{"width":150,"height":150,"file":"2022\/10\/Mansa\u0303o-moderna-a-700-m-da-praia-a-venda-em-Praia-do-Forte-7.jpg","filesize":409963,"sizes":{"thumbnail":{"file":"Mansa\u0303o-moderna-a-700-m-da-praia-a-venda-em-Praia-do-Forte-7-150x150.jpg","width":150,"height":150,"mime-type":"image\/jpeg","filesize":5667,"url":"https:\/\/hansenimoveis.com\/wp-content\/uploads\/2022\/10\/Mansa\u0303o-moderna-a-700-m-da-praia-a-venda-em-Praia-do-Forte-7-150x150.jpg"},"post-thumbnail":{"file":"Mansa\u0303o-moderna-a-700-m-da-praia-a-venda-em-Praia-do-Forte-7-150x85.jpg","width":150,"height":85,"mime-type":"image\/jpeg","filesize":3779,"url":"https:\/\/hansenimoveis.com\/wp-content\/uploads\/2022\/10\/Mansa\u0303o-moderna-a-700-m-da-praia-a-venda-em-Praia-do-Forte-7-150x85.jpg"},"modern-property-child-slider":{"file":"Mansa\u0303o-moderna-a-700-m-da-praia-a-venda-em-Praia-do-Forte-7-680x510.jpg","width":680,"height":510,"mime-type":"image\/jpeg","filesize":54183,"url":"https:\/\/hansenimoveis.com\/wp-content\/uploads\/2022\/10\/Mansa\u0303o-moderna-a-700-m-da-praia-a-venda-em-Praia-do-Forte-7-680x510.jpg"},"property-thumb-image":{"file":"Mansa\u0303o-moderna-a-700-m-da-praia-a-venda-em-Praia-do-Forte-7-488x326.jpg","width":488,"height":326,"mime-type":"image\/jpeg","filesize":27023,"url":"https:\/\/hansenimoveis.com\/wp-content\/uploads\/2022\/10\/Mansa\u0303o-moderna-a-700-m-da-praia-a-venda-em-Praia-do-Forte-7-488x326.jpg"},"property-detail-video-image":{"file":"Mansa\u0303o-moderna-a-700-m-da-praia-a-venda-em-Praia-do-Forte-7-818x417.jpg","width":818,"height":417,"mime-type":"image\/jpeg","filesize":51267,"url":"https:\/\/hansenimoveis.com\/wp-content\/uploads\/2022\/10\/Mansa\u0303o-moderna-a-700-m-da-praia-a-venda-em-Praia-do-Forte-7-818x417.jpg"},"agent-image":{"file":"Mansa\u0303o-moderna-a-700-m-da-praia-a-venda-em-Praia-do-Forte-7-210x210.jpg","width":210,"height":210,"mime-type":"image\/jpeg","filesize":9609,"url":"https:\/\/hansenimoveis.com\/wp-content\/uploads\/2022\/10\/Mansa\u0303o-moderna-a-700-m-da-praia-a-venda-em-Praia-do-Forte-7-210x210.jpg"},"partners-logo":{"file":"Mansa\u0303o-moderna-a-700-m-da-praia-a-venda-em-Praia-do-Forte-7-600x725.jpg","width":600,"height":725,"mime-type":"image\/jpeg","filesize":73105,"url":"https:\/\/hansenimoveis.com\/wp-content\/uploads\/2022\/10\/Mansa\u0303o-moderna-a-700-m-da-praia-a-venda-em-Praia-do-Forte-7-600x725.jpg"},"post-featured-image":{"file":"Mansa\u0303o-moderna-a-700-m-da-praia-a-venda-em-Praia-do-Forte-7-1240x720.jpg","width":1240,"height":720,"mime-type":"image\/jpeg","filesize":110972,"url":"https:\/\/hansenimoveis.com\/wp-content\/uploads\/2022\/10\/Mansa\u0303o-moderna-a-700-m-da-praia-a-venda-em-Praia-do-Forte-7-1240x720.jpg"}},"image_meta":{"aperture":"8","credit":"john hansen","camera":"ILCE-7SM3","caption":"","created_timestamp":"1664553397","copyright":"hansen imoveis","focal_length":"18","iso":"100","shutter_speed":"0.125","title":"","orientation":"0","keywords":[]},"ID":"181146","name":"Mansa\u0303o-moderna-a-700-m-da-praia-a-venda-em-Praia-do-Forte-7.jpg","path":"\/home\/hansenimoveis.com\/public_html\/wp-content\/uploads\/2022\/10\/Mansa\u0303o-moderna-a-700-m-da-praia-a-venda-em-Praia-do-Forte-7.jpg","url":"https:\/\/hansenimoveis.com\/wp-content\/uploads\/2022\/10\/Mansa\u0303o-moderna-a-700-m-da-praia-a-venda-em-Praia-do-Forte-7-150x150.jpg","full_url":"https:\/\/hansenimoveis.com\/wp-content\/uploads\/2022\/10\/Mansa\u0303o-moderna-a-700-m-da-praia-a-venda-em-Praia-do-Forte-7.jpg","title":"Mansa\u0303o moderna a 700 m da praia a venda em Praia do Forte-7","caption":"","description":"","alt":"Mans\u00e3o moderna a 700 m da praia a venda em Praia do Forte","srcset":"https:\/\/hansenimoveis.com\/wp-content\/uploads\/2022\/10\/Mansa\u0303o-moderna-a-700-m-da-praia-a-venda-em-Praia-do-Forte-7-150x150.jpg 150w, https:\/\/hansenimoveis.com\/wp-content\/uploads\/2022\/10\/Mansa\u0303o-moderna-a-700-m-da-praia-a-venda-em-Praia-do-Forte-7-210x210.jpg 210w"},{"width":150,"height":150,"file":"2022\/10\/Mansa\u0303o-moderna-a-700-m-da-praia-a-venda-em-Praia-do-Forte-20.jpg","filesize":287068,"sizes":{"thumbnail":{"file":"Mansa\u0303o-moderna-a-700-m-da-praia-a-venda-em-Praia-do-Forte-20-150x150.jpg","width":150,"height":150,"mime-type":"image\/jpeg","filesize":4771,"url":"https:\/\/hansenimoveis.com\/wp-content\/uploads\/2022\/10\/Mansa\u0303o-moderna-a-700-m-da-praia-a-venda-em-Praia-do-Forte-20-150x150.jpg"},"post-thumbnail":{"file":"Mansa\u0303o-moderna-a-700-m-da-praia-a-venda-em-Praia-do-Forte-20-150x85.jpg","width":150,"height":85,"mime-type":"image\/jpeg","filesize":2832,"url":"https:\/\/hansenimoveis.com\/wp-content\/uploads\/2022\/10\/Mansa\u0303o-moderna-a-700-m-da-praia-a-venda-em-Praia-do-Forte-20-150x85.jpg"},"modern-property-child-slider":{"file":"Mansa\u0303o-moderna-a-700-m-da-praia-a-venda-em-Praia-do-Forte-20-680x510.jpg","width":680,"height":510,"mime-type":"image\/jpeg","filesize":35460,"url":"https:\/\/hansenimoveis.com\/wp-content\/uploads\/2022\/10\/Mansa\u0303o-moderna-a-700-m-da-praia-a-venda-em-Praia-do-Forte-20-680x510.jpg"},"property-thumb-image":{"file":"Mansa\u0303o-moderna-a-700-m-da-praia-a-venda-em-Praia-do-Forte-20-488x326.jpg","width":488,"height":326,"mime-type":"image\/jpeg","filesize":18831,"url":"https:\/\/hansenimoveis.com\/wp-content\/uploads\/2022\/10\/Mansa\u0303o-moderna-a-700-m-da-praia-a-venda-em-Praia-do-Forte-20-488x326.jpg"},"property-detail-video-image":{"file":"Mansa\u0303o-moderna-a-700-m-da-praia-a-venda-em-Praia-do-Forte-20-818x417.jpg","width":818,"height":417,"mime-type":"image\/jpeg","filesize":32192,"url":"https:\/\/hansenimoveis.com\/wp-content\/uploads\/2022\/10\/Mansa\u0303o-moderna-a-700-m-da-praia-a-venda-em-Praia-do-Forte-20-818x417.jpg"},"agent-image":{"file":"Mansa\u0303o-moderna-a-700-m-da-praia-a-venda-em-Praia-do-Forte-20-210x210.jpg","width":210,"height":210,"mime-type":"image\/jpeg","filesize":7880,"url":"https:\/\/hansenimoveis.com\/wp-content\/uploads\/2022\/10\/Mansa\u0303o-moderna-a-700-m-da-praia-a-venda-em-Praia-do-Forte-20-210x210.jpg"},"partners-logo":{"file":"Mansa\u0303o-moderna-a-700-m-da-praia-a-venda-em-Praia-do-Forte-20-600x725.jpg","width":600,"height":725,"mime-type":"image\/jpeg","filesize":53423,"url":"https:\/\/hansenimoveis.com\/wp-content\/uploads\/2022\/10\/Mansa\u0303o-moderna-a-700-m-da-praia-a-venda-em-Praia-do-Forte-20-600x725.jpg"},"post-featured-image":{"file":"Mansa\u0303o-moderna-a-700-m-da-praia-a-venda-em-Praia-do-Forte-20-1240x720.jpg","width":1240,"height":720,"mime-type":"image\/jpeg","filesize":67020,"url":"https:\/\/hansenimoveis.com\/wp-content\/uploads\/2022\/10\/Mansa\u0303o-moderna-a-700-m-da-praia-a-venda-em-Praia-do-Forte-20-1240x720.jpg"}},"image_meta":{"aperture":"8","credit":"john hansen","camera":"ILCE-7SM3","caption":"","created_timestamp":"1664556997","copyright":"hansen imoveis","focal_length":"12","iso":"100","shutter_speed":"0.05","title":"","orientation":"0","keywords":[]},"ID":"181194","name":"Mansa\u0303o-moderna-a-700-m-da-praia-a-venda-em-Praia-do-Forte-20.jpg","path":"\/home\/hansenimoveis.com\/public_html\/wp-content\/uploads\/2022\/10\/Mansa\u0303o-moderna-a-700-m-da-praia-a-venda-em-Praia-do-Forte-20.jpg","url":"https:\/\/hansenimoveis.com\/wp-content\/uploads\/2022\/10\/Mansa\u0303o-moderna-a-700-m-da-praia-a-venda-em-Praia-do-Forte-20-150x150.jpg","full_url":"https:\/\/hansenimoveis.com\/wp-content\/uploads\/2022\/10\/Mansa\u0303o-moderna-a-700-m-da-praia-a-venda-em-Praia-do-Forte-20.jpg","title":"Mansa\u0303o moderna a 700 m da praia a venda em Praia do Forte-20","caption":"","description":"","alt":"Mans\u00e3o moderna a 700 m da praia a venda em Praia do Forte","srcset":"https:\/\/hansenimoveis.com\/wp-content\/uploads\/2022\/10\/Mansa\u0303o-moderna-a-700-m-da-praia-a-venda-em-Praia-do-Forte-20-150x150.jpg 150w, https:\/\/hansenimoveis.com\/wp-content\/uploads\/2022\/10\/Mansa\u0303o-moderna-a-700-m-da-praia-a-venda-em-Praia-do-Forte-20-210x210.jpg 210w"},{"width":150,"height":150,"file":"2022\/10\/Mansa\u0303o-moderna-a-700-m-da-praia-a-venda-em-Praia-do-Forte-21.jpg","filesize":376687,"sizes":{"thumbnail":{"file":"Mansa\u0303o-moderna-a-700-m-da-praia-a-venda-em-Praia-do-Forte-21-150x150.jpg","width":150,"height":150,"mime-type":"image\/jpeg","filesize":5038,"url":"https:\/\/hansenimoveis.com\/wp-content\/uploads\/2022\/10\/Mansa\u0303o-moderna-a-700-m-da-praia-a-venda-em-Praia-do-Forte-21-150x150.jpg"},"post-thumbnail":{"file":"Mansa\u0303o-moderna-a-700-m-da-praia-a-venda-em-Praia-do-Forte-21-150x85.jpg","width":150,"height":85,"mime-type":"image\/jpeg","filesize":3647,"url":"https:\/\/hansenimoveis.com\/wp-content\/uploads\/2022\/10\/Mansa\u0303o-moderna-a-700-m-da-praia-a-venda-em-Praia-do-Forte-21-150x85.jpg"},"modern-property-child-slider":{"file":"Mansa\u0303o-moderna-a-700-m-da-praia-a-venda-em-Praia-do-Forte-21-680x510.jpg","width":680,"height":510,"mime-type":"image\/jpeg","filesize":44297,"url":"https:\/\/hansenimoveis.com\/wp-content\/uploads\/2022\/10\/Mansa\u0303o-moderna-a-700-m-da-praia-a-venda-em-Praia-do-Forte-21-680x510.jpg"},"property-thumb-image":{"file":"Mansa\u0303o-moderna-a-700-m-da-praia-a-venda-em-Praia-do-Forte-21-488x326.jpg","width":488,"height":326,"mime-type":"image\/jpeg","filesize":24039,"url":"https:\/\/hansenimoveis.com\/wp-content\/uploads\/2022\/10\/Mansa\u0303o-moderna-a-700-m-da-praia-a-venda-em-Praia-do-Forte-21-488x326.jpg"},"property-detail-video-image":{"file":"Mansa\u0303o-moderna-a-700-m-da-praia-a-venda-em-Praia-do-Forte-21-818x417.jpg","width":818,"height":417,"mime-type":"image\/jpeg","filesize":46115,"url":"https:\/\/hansenimoveis.com\/wp-content\/uploads\/2022\/10\/Mansa\u0303o-moderna-a-700-m-da-praia-a-venda-em-Praia-do-Forte-21-818x417.jpg"},"agent-image":{"file":"Mansa\u0303o-moderna-a-700-m-da-praia-a-venda-em-Praia-do-Forte-21-210x210.jpg","width":210,"height":210,"mime-type":"image\/jpeg","filesize":8317,"url":"https:\/\/hansenimoveis.com\/wp-content\/uploads\/2022\/10\/Mansa\u0303o-moderna-a-700-m-da-praia-a-venda-em-Praia-do-Forte-21-210x210.jpg"},"partners-logo":{"file":"Mansa\u0303o-moderna-a-700-m-da-praia-a-venda-em-Praia-do-Forte-21-600x725.jpg","width":600,"height":725,"mime-type":"image\/jpeg","filesize":53209,"url":"https:\/\/hansenimoveis.com\/wp-content\/uploads\/2022\/10\/Mansa\u0303o-moderna-a-700-m-da-praia-a-venda-em-Praia-do-Forte-21-600x725.jpg"},"post-featured-image":{"file":"Mansa\u0303o-moderna-a-700-m-da-praia-a-venda-em-Praia-do-Forte-21-1240x720.jpg","width":1240,"height":720,"mime-type":"image\/jpeg","filesize":97690,"url":"https:\/\/hansenimoveis.com\/wp-content\/uploads\/2022\/10\/Mansa\u0303o-moderna-a-700-m-da-praia-a-venda-em-Praia-do-Forte-21-1240x720.jpg"}},"image_meta":{"aperture":"8","credit":"john hansen","camera":"ILCE-7SM3","caption":"","created_timestamp":"1664557091","copyright":"hansen imoveis","focal_length":"12","iso":"100","shutter_speed":"0.125","title":"","orientation":"0","keywords":[]},"ID":"181198","name":"Mansa\u0303o-moderna-a-700-m-da-praia-a-venda-em-Praia-do-Forte-21.jpg","path":"\/home\/hansenimoveis.com\/public_html\/wp-content\/uploads\/2022\/10\/Mansa\u0303o-moderna-a-700-m-da-praia-a-venda-em-Praia-do-Forte-21.jpg","url":"https:\/\/hansenimoveis.com\/wp-content\/uploads\/2022\/10\/Mansa\u0303o-moderna-a-700-m-da-praia-a-venda-em-Praia-do-Forte-21-150x150.jpg","full_url":"https:\/\/hansenimoveis.com\/wp-content\/uploads\/2022\/10\/Mansa\u0303o-moderna-a-700-m-da-praia-a-venda-em-Praia-do-Forte-21.jpg","title":"Mansa\u0303o moderna a 700 m da praia a venda em Praia do Forte-21","caption":"","description":"","alt":"Mans\u00e3o moderna a 700 m da praia a venda em Praia do Forte","srcset":"https:\/\/hansenimoveis.com\/wp-content\/uploads\/2022\/10\/Mansa\u0303o-moderna-a-700-m-da-praia-a-venda-em-Praia-do-Forte-21-150x150.jpg 150w, https:\/\/hansenimoveis.com\/wp-content\/uploads\/2022\/10\/Mansa\u0303o-moderna-a-700-m-da-praia-a-venda-em-Praia-do-Forte-21-210x210.jpg 210w"},{"width":150,"height":150,"file":"2022\/10\/Mansa\u0303o-moderna-a-700-m-da-praia-a-venda-em-Praia-do-Forte-22.jpg","filesize":537573,"sizes":{"thumbnail":{"file":"Mansa\u0303o-moderna-a-700-m-da-praia-a-venda-em-Praia-do-Forte-22-150x150.jpg","width":150,"height":150,"mime-type":"image\/jpeg","filesize":6009,"url":"https:\/\/hansenimoveis.com\/wp-content\/uploads\/2022\/10\/Mansa\u0303o-moderna-a-700-m-da-praia-a-venda-em-Praia-do-Forte-22-150x150.jpg"},"post-thumbnail":{"file":"Mansa\u0303o-moderna-a-700-m-da-praia-a-venda-em-Praia-do-Forte-22-150x85.jpg","width":150,"height":85,"mime-type":"image\/jpeg","filesize":4276,"url":"https:\/\/hansenimoveis.com\/wp-content\/uploads\/2022\/10\/Mansa\u0303o-moderna-a-700-m-da-praia-a-venda-em-Praia-do-Forte-22-150x85.jpg"},"modern-property-child-slider":{"file":"Mansa\u0303o-moderna-a-700-m-da-praia-a-venda-em-Praia-do-Forte-22-680x510.jpg","width":680,"height":510,"mime-type":"image\/jpeg","filesize":58369,"url":"https:\/\/hansenimoveis.com\/wp-content\/uploads\/2022\/10\/Mansa\u0303o-moderna-a-700-m-da-praia-a-venda-em-Praia-do-Forte-22-680x510.jpg"},"property-thumb-image":{"file":"Mansa\u0303o-moderna-a-700-m-da-praia-a-venda-em-Praia-do-Forte-22-488x326.jpg","width":488,"height":326,"mime-type":"image\/jpeg","filesize":31179,"url":"https:\/\/hansenimoveis.com\/wp-content\/uploads\/2022\/10\/Mansa\u0303o-moderna-a-700-m-da-praia-a-venda-em-Praia-do-Forte-22-488x326.jpg"},"property-detail-video-image":{"file":"Mansa\u0303o-moderna-a-700-m-da-praia-a-venda-em-Praia-do-Forte-22-818x417.jpg","width":818,"height":417,"mime-type":"image\/jpeg","filesize":59710,"url":"https:\/\/hansenimoveis.com\/wp-content\/uploads\/2022\/10\/Mansa\u0303o-moderna-a-700-m-da-praia-a-venda-em-Praia-do-Forte-22-818x417.jpg"},"agent-image":{"file":"Mansa\u0303o-moderna-a-700-m-da-praia-a-venda-em-Praia-do-Forte-22-210x210.jpg","width":210,"height":210,"mime-type":"image\/jpeg","filesize":10181,"url":"https:\/\/hansenimoveis.com\/wp-content\/uploads\/2022\/10\/Mansa\u0303o-moderna-a-700-m-da-praia-a-venda-em-Praia-do-Forte-22-210x210.jpg"},"partners-logo":{"file":"Mansa\u0303o-moderna-a-700-m-da-praia-a-venda-em-Praia-do-Forte-22-600x725.jpg","width":600,"height":725,"mime-type":"image\/jpeg","filesize":67756,"url":"https:\/\/hansenimoveis.com\/wp-content\/uploads\/2022\/10\/Mansa\u0303o-moderna-a-700-m-da-praia-a-venda-em-Praia-do-Forte-22-600x725.jpg"},"post-featured-image":{"file":"Mansa\u0303o-moderna-a-700-m-da-praia-a-venda-em-Praia-do-Forte-22-1240x720.jpg","width":1240,"height":720,"mime-type":"image\/jpeg","filesize":128168,"url":"https:\/\/hansenimoveis.com\/wp-content\/uploads\/2022\/10\/Mansa\u0303o-moderna-a-700-m-da-praia-a-venda-em-Praia-do-Forte-22-1240x720.jpg"}},"image_meta":{"aperture":"8","credit":"john hansen","camera":"ILCE-7SM3","caption":"","created_timestamp":"1664557173","copyright":"hansen imoveis","focal_length":"12","iso":"100","shutter_speed":"0.033333333333333","title":"","orientation":"0","keywords":[]},"ID":"181202","name":"Mansa\u0303o-moderna-a-700-m-da-praia-a-venda-em-Praia-do-Forte-22.jpg","path":"\/home\/hansenimoveis.com\/public_html\/wp-content\/uploads\/2022\/10\/Mansa\u0303o-moderna-a-700-m-da-praia-a-venda-em-Praia-do-Forte-22.jpg","url":"https:\/\/hansenimoveis.com\/wp-content\/uploads\/2022\/10\/Mansa\u0303o-moderna-a-700-m-da-praia-a-venda-em-Praia-do-Forte-22-150x150.jpg","full_url":"https:\/\/hansenimoveis.com\/wp-content\/uploads\/2022\/10\/Mansa\u0303o-moderna-a-700-m-da-praia-a-venda-em-Praia-do-Forte-22.jpg","title":"Mansa\u0303o moderna a 700 m da praia a venda em Praia do Forte-22","caption":"","description":"","alt":"Mans\u00e3o moderna a 700 m da praia a venda em Praia do Forte","srcset":"https:\/\/hansenimoveis.com\/wp-content\/uploads\/2022\/10\/Mansa\u0303o-moderna-a-700-m-da-praia-a-venda-em-Praia-do-Forte-22-150x150.jpg 150w, https:\/\/hansenimoveis.com\/wp-content\/uploads\/2022\/10\/Mansa\u0303o-moderna-a-700-m-da-praia-a-venda-em-Praia-do-Forte-22-210x210.jpg 210w"},{"width":150,"height":150,"file":"2022\/10\/Mansa\u0303o-moderna-a-700-m-da-praia-a-venda-em-Praia-do-Forte-26.jpg","filesize":451576,"sizes":{"thumbnail":{"file":"Mansa\u0303o-moderna-a-700-m-da-praia-a-venda-em-Praia-do-Forte-26-150x150.jpg","width":150,"height":150,"mime-type":"image\/jpeg","filesize":5787,"url":"https:\/\/hansenimoveis.com\/wp-content\/uploads\/2022\/10\/Mansa\u0303o-moderna-a-700-m-da-praia-a-venda-em-Praia-do-Forte-26-150x150.jpg"},"post-thumbnail":{"file":"Mansa\u0303o-moderna-a-700-m-da-praia-a-venda-em-Praia-do-Forte-26-150x85.jpg","width":150,"height":85,"mime-type":"image\/jpeg","filesize":3813,"url":"https:\/\/hansenimoveis.com\/wp-content\/uploads\/2022\/10\/Mansa\u0303o-moderna-a-700-m-da-praia-a-venda-em-Praia-do-Forte-26-150x85.jpg"},"modern-property-child-slider":{"file":"Mansa\u0303o-moderna-a-700-m-da-praia-a-venda-em-Praia-do-Forte-26-680x510.jpg","width":680,"height":510,"mime-type":"image\/jpeg","filesize":53574,"url":"https:\/\/hansenimoveis.com\/wp-content\/uploads\/2022\/10\/Mansa\u0303o-moderna-a-700-m-da-praia-a-venda-em-Praia-do-Forte-26-680x510.jpg"},"property-thumb-image":{"file":"Mansa\u0303o-moderna-a-700-m-da-praia-a-venda-em-Praia-do-Forte-26-488x326.jpg","width":488,"height":326,"mime-type":"image\/jpeg","filesize":26887,"url":"https:\/\/hansenimoveis.com\/wp-content\/uploads\/2022\/10\/Mansa\u0303o-moderna-a-700-m-da-praia-a-venda-em-Praia-do-Forte-26-488x326.jpg"},"property-detail-video-image":{"file":"Mansa\u0303o-moderna-a-700-m-da-praia-a-venda-em-Praia-do-Forte-26-818x417.jpg","width":818,"height":417,"mime-type":"image\/jpeg","filesize":47927,"url":"https:\/\/hansenimoveis.com\/wp-content\/uploads\/2022\/10\/Mansa\u0303o-moderna-a-700-m-da-praia-a-venda-em-Praia-do-Forte-26-818x417.jpg"},"agent-image":{"file":"Mansa\u0303o-moderna-a-700-m-da-praia-a-venda-em-Praia-do-Forte-26-210x210.jpg","width":210,"height":210,"mime-type":"image\/jpeg","filesize":9846,"url":"https:\/\/hansenimoveis.com\/wp-content\/uploads\/2022\/10\/Mansa\u0303o-moderna-a-700-m-da-praia-a-venda-em-Praia-do-Forte-26-210x210.jpg"},"partners-logo":{"file":"Mansa\u0303o-moderna-a-700-m-da-praia-a-venda-em-Praia-do-Forte-26-600x725.jpg","width":600,"height":725,"mime-type":"image\/jpeg","filesize":71285,"url":"https:\/\/hansenimoveis.com\/wp-content\/uploads\/2022\/10\/Mansa\u0303o-moderna-a-700-m-da-praia-a-venda-em-Praia-do-Forte-26-600x725.jpg"},"post-featured-image":{"file":"Mansa\u0303o-moderna-a-700-m-da-praia-a-venda-em-Praia-do-Forte-26-1240x720.jpg","width":1240,"height":720,"mime-type":"image\/jpeg","filesize":106135,"url":"https:\/\/hansenimoveis.com\/wp-content\/uploads\/2022\/10\/Mansa\u0303o-moderna-a-700-m-da-praia-a-venda-em-Praia-do-Forte-26-1240x720.jpg"}},"image_meta":{"aperture":"8","credit":"john hansen","camera":"ILCE-7SM3","caption":"","created_timestamp":"1664557476","copyright":"hansen imoveis","focal_length":"12","iso":"100","shutter_speed":"0.1","title":"","orientation":"0","keywords":[]},"ID":"181218","name":"Mansa\u0303o-moderna-a-700-m-da-praia-a-venda-em-Praia-do-Forte-26.jpg","path":"\/home\/hansenimoveis.com\/public_html\/wp-content\/uploads\/2022\/10\/Mansa\u0303o-moderna-a-700-m-da-praia-a-venda-em-Praia-do-Forte-26.jpg","url":"https:\/\/hansenimoveis.com\/wp-content\/uploads\/2022\/10\/Mansa\u0303o-moderna-a-700-m-da-praia-a-venda-em-Praia-do-Forte-26-150x150.jpg","full_url":"https:\/\/hansenimoveis.com\/wp-content\/uploads\/2022\/10\/Mansa\u0303o-moderna-a-700-m-da-praia-a-venda-em-Praia-do-Forte-26.jpg","title":"Mansa\u0303o moderna a 700 m da praia a venda em Praia do Forte-26","caption":"","description":"","alt":"Mans\u00e3o moderna a 700 m da praia a venda em Praia do Forte","srcset":"https:\/\/hansenimoveis.com\/wp-content\/uploads\/2022\/10\/Mansa\u0303o-moderna-a-700-m-da-praia-a-venda-em-Praia-do-Forte-26-150x150.jpg 150w, https:\/\/hansenimoveis.com\/wp-content\/uploads\/2022\/10\/Mansa\u0303o-moderna-a-700-m-da-praia-a-venda-em-Praia-do-Forte-26-210x210.jpg 210w"},{"width":150,"height":150,"file":"2022\/10\/Mansa\u0303o-moderna-a-700-m-da-praia-a-venda-em-Praia-do-Forte-27.jpg","filesize":350348,"sizes":{"thumbnail":{"file":"Mansa\u0303o-moderna-a-700-m-da-praia-a-venda-em-Praia-do-Forte-27-150x150.jpg","width":150,"height":150,"mime-type":"image\/jpeg","filesize":4913,"url":"https:\/\/hansenimoveis.com\/wp-content\/uploads\/2022\/10\/Mansa\u0303o-moderna-a-700-m-da-praia-a-venda-em-Praia-do-Forte-27-150x150.jpg"},"post-thumbnail":{"file":"Mansa\u0303o-moderna-a-700-m-da-praia-a-venda-em-Praia-do-Forte-27-150x85.jpg","width":150,"height":85,"mime-type":"image\/jpeg","filesize":3660,"url":"https:\/\/hansenimoveis.com\/wp-content\/uploads\/2022\/10\/Mansa\u0303o-moderna-a-700-m-da-praia-a-venda-em-Praia-do-Forte-27-150x85.jpg"},"modern-property-child-slider":{"file":"Mansa\u0303o-moderna-a-700-m-da-praia-a-venda-em-Praia-do-Forte-27-680x510.jpg","width":680,"height":510,"mime-type":"image\/jpeg","filesize":40180,"url":"https:\/\/hansenimoveis.com\/wp-content\/uploads\/2022\/10\/Mansa\u0303o-moderna-a-700-m-da-praia-a-venda-em-Praia-do-Forte-27-680x510.jpg"},"property-thumb-image":{"file":"Mansa\u0303o-moderna-a-700-m-da-praia-a-venda-em-Praia-do-Forte-27-488x326.jpg","width":488,"height":326,"mime-type":"image\/jpeg","filesize":21871,"url":"https:\/\/hansenimoveis.com\/wp-content\/uploads\/2022\/10\/Mansa\u0303o-moderna-a-700-m-da-praia-a-venda-em-Praia-do-Forte-27-488x326.jpg"},"property-detail-video-image":{"file":"Mansa\u0303o-moderna-a-700-m-da-praia-a-venda-em-Praia-do-Forte-27-818x417.jpg","width":818,"height":417,"mime-type":"image\/jpeg","filesize":39610,"url":"https:\/\/hansenimoveis.com\/wp-content\/uploads\/2022\/10\/Mansa\u0303o-moderna-a-700-m-da-praia-a-venda-em-Praia-do-Forte-27-818x417.jpg"},"agent-image":{"file":"Mansa\u0303o-moderna-a-700-m-da-praia-a-venda-em-Praia-do-Forte-27-210x210.jpg","width":210,"height":210,"mime-type":"image\/jpeg","filesize":8059,"url":"https:\/\/hansenimoveis.com\/wp-content\/uploads\/2022\/10\/Mansa\u0303o-moderna-a-700-m-da-praia-a-venda-em-Praia-do-Forte-27-210x210.jpg"},"partners-logo":{"file":"Mansa\u0303o-moderna-a-700-m-da-praia-a-venda-em-Praia-do-Forte-27-600x725.jpg","width":600,"height":725,"mime-type":"image\/jpeg","filesize":48248,"url":"https:\/\/hansenimoveis.com\/wp-content\/uploads\/2022\/10\/Mansa\u0303o-moderna-a-700-m-da-praia-a-venda-em-Praia-do-Forte-27-600x725.jpg"},"post-featured-image":{"file":"Mansa\u0303o-moderna-a-700-m-da-praia-a-venda-em-Praia-do-Forte-27-1240x720.jpg","width":1240,"height":720,"mime-type":"image\/jpeg","filesize":84183,"url":"https:\/\/hansenimoveis.com\/wp-content\/uploads\/2022\/10\/Mansa\u0303o-moderna-a-700-m-da-praia-a-venda-em-Praia-do-Forte-27-1240x720.jpg"}},"image_meta":{"aperture":"8","credit":"john hansen","camera":"ILCE-7SM3","caption":"","created_timestamp":"1664557540","copyright":"hansen imoveis","focal_length":"12","iso":"100","shutter_speed":"0.16666666666667","title":"","orientation":"0","keywords":[]},"ID":"181222","name":"Mansa\u0303o-moderna-a-700-m-da-praia-a-venda-em-Praia-do-Forte-27.jpg","path":"\/home\/hansenimoveis.com\/public_html\/wp-content\/uploads\/2022\/10\/Mansa\u0303o-moderna-a-700-m-da-praia-a-venda-em-Praia-do-Forte-27.jpg","url":"https:\/\/hansenimoveis.com\/wp-content\/uploads\/2022\/10\/Mansa\u0303o-moderna-a-700-m-da-praia-a-venda-em-Praia-do-Forte-27-150x150.jpg","full_url":"https:\/\/hansenimoveis.com\/wp-content\/uploads\/2022\/10\/Mansa\u0303o-moderna-a-700-m-da-praia-a-venda-em-Praia-do-Forte-27.jpg","title":"Mansa\u0303o moderna a 700 m da praia a venda em Praia do Forte-27","caption":"","description":"","alt":"Mans\u00e3o moderna a 700 m da praia a venda em Praia do Forte","srcset":"https:\/\/hansenimoveis.com\/wp-content\/uploads\/2022\/10\/Mansa\u0303o-moderna-a-700-m-da-praia-a-venda-em-Praia-do-Forte-27-150x150.jpg 150w, https:\/\/hansenimoveis.com\/wp-content\/uploads\/2022\/10\/Mansa\u0303o-moderna-a-700-m-da-praia-a-venda-em-Praia-do-Forte-27-210x210.jpg 210w"},{"width":150,"height":150,"file":"2022\/10\/Mansa\u0303o-moderna-a-700-m-da-praia-a-venda-em-Praia-do-Forte-28.jpg","filesize":414001,"sizes":{"thumbnail":{"file":"Mansa\u0303o-moderna-a-700-m-da-praia-a-venda-em-Praia-do-Forte-28-150x150.jpg","width":150,"height":150,"mime-type":"image\/jpeg","filesize":5830,"url":"https:\/\/hansenimoveis.com\/wp-content\/uploads\/2022\/10\/Mansa\u0303o-moderna-a-700-m-da-praia-a-venda-em-Praia-do-Forte-28-150x150.jpg"},"post-thumbnail":{"file":"Mansa\u0303o-moderna-a-700-m-da-praia-a-venda-em-Praia-do-Forte-28-150x85.jpg","width":150,"height":85,"mime-type":"image\/jpeg","filesize":3330,"url":"https:\/\/hansenimoveis.com\/wp-content\/uploads\/2022\/10\/Mansa\u0303o-moderna-a-700-m-da-praia-a-venda-em-Praia-do-Forte-28-150x85.jpg"},"modern-property-child-slider":{"file":"Mansa\u0303o-moderna-a-700-m-da-praia-a-venda-em-Praia-do-Forte-28-680x510.jpg","width":680,"height":510,"mime-type":"image\/jpeg","filesize":53759,"url":"https:\/\/hansenimoveis.com\/wp-content\/uploads\/2022\/10\/Mansa\u0303o-moderna-a-700-m-da-praia-a-venda-em-Praia-do-Forte-28-680x510.jpg"},"property-thumb-image":{"file":"Mansa\u0303o-moderna-a-700-m-da-praia-a-venda-em-Praia-do-Forte-28-488x326.jpg","width":488,"height":326,"mime-type":"image\/jpeg","filesize":26064,"url":"https:\/\/hansenimoveis.com\/wp-content\/uploads\/2022\/10\/Mansa\u0303o-moderna-a-700-m-da-praia-a-venda-em-Praia-do-Forte-28-488x326.jpg"},"property-detail-video-image":{"file":"Mansa\u0303o-moderna-a-700-m-da-praia-a-venda-em-Praia-do-Forte-28-818x417.jpg","width":818,"height":417,"mime-type":"image\/jpeg","filesize":47375,"url":"https:\/\/hansenimoveis.com\/wp-content\/uploads\/2022\/10\/Mansa\u0303o-moderna-a-700-m-da-praia-a-venda-em-Praia-do-Forte-28-818x417.jpg"},"agent-image":{"file":"Mansa\u0303o-moderna-a-700-m-da-praia-a-venda-em-Praia-do-Forte-28-210x210.jpg","width":210,"height":210,"mime-type":"image\/jpeg","filesize":9979,"url":"https:\/\/hansenimoveis.com\/wp-content\/uploads\/2022\/10\/Mansa\u0303o-moderna-a-700-m-da-praia-a-venda-em-Praia-do-Forte-28-210x210.jpg"},"partners-logo":{"file":"Mansa\u0303o-moderna-a-700-m-da-praia-a-venda-em-Praia-do-Forte-28-600x725.jpg","width":600,"height":725,"mime-type":"image\/jpeg","filesize":84205,"url":"https:\/\/hansenimoveis.com\/wp-content\/uploads\/2022\/10\/Mansa\u0303o-moderna-a-700-m-da-praia-a-venda-em-Praia-do-Forte-28-600x725.jpg"},"post-featured-image":{"file":"Mansa\u0303o-moderna-a-700-m-da-praia-a-venda-em-Praia-do-Forte-28-1240x720.jpg","width":1240,"height":720,"mime-type":"image\/jpeg","filesize":106140,"url":"https:\/\/hansenimoveis.com\/wp-content\/uploads\/2022\/10\/Mansa\u0303o-moderna-a-700-m-da-praia-a-venda-em-Praia-do-Forte-28-1240x720.jpg"}},"image_meta":{"aperture":"8","credit":"john hansen","camera":"ILCE-7SM3","caption":"","created_timestamp":"1664557594","copyright":"hansen imoveis","focal_length":"12","iso":"100","shutter_speed":"0.02","title":"","orientation":"0","keywords":[]},"ID":"181226","name":"Mansa\u0303o-moderna-a-700-m-da-praia-a-venda-em-Praia-do-Forte-28.jpg","path":"\/home\/hansenimoveis.com\/public_html\/wp-content\/uploads\/2022\/10\/Mansa\u0303o-moderna-a-700-m-da-praia-a-venda-em-Praia-do-Forte-28.jpg","url":"https:\/\/hansenimoveis.com\/wp-content\/uploads\/2022\/10\/Mansa\u0303o-moderna-a-700-m-da-praia-a-venda-em-Praia-do-Forte-28-150x150.jpg","full_url":"https:\/\/hansenimoveis.com\/wp-content\/uploads\/2022\/10\/Mansa\u0303o-moderna-a-700-m-da-praia-a-venda-em-Praia-do-Forte-28.jpg","title":"Mansa\u0303o moderna a 700 m da praia a venda em Praia do Forte-28","caption":"","description":"","alt":"Mans\u00e3o moderna a 700 m da praia a venda em Praia do Forte","srcset":"https:\/\/hansenimoveis.com\/wp-content\/uploads\/2022\/10\/Mansa\u0303o-moderna-a-700-m-da-praia-a-venda-em-Praia-do-Forte-28-150x150.jpg 150w, https:\/\/hansenimoveis.com\/wp-content\/uploads\/2022\/10\/Mansa\u0303o-moderna-a-700-m-da-praia-a-venda-em-Praia-do-Forte-28-210x210.jpg 210w"},{"width":150,"height":150,"file":"2022\/10\/Mansa\u0303o-moderna-a-700-m-da-praia-a-venda-em-Praia-do-Forte-29.jpg","filesize":318496,"sizes":{"thumbnail":{"file":"Mansa\u0303o-moderna-a-700-m-da-praia-a-venda-em-Praia-do-Forte-29-150x150.jpg","width":150,"height":150,"mime-type":"image\/jpeg","filesize":4522,"url":"https:\/\/hansenimoveis.com\/wp-content\/uploads\/2022\/10\/Mansa\u0303o-moderna-a-700-m-da-praia-a-venda-em-Praia-do-Forte-29-150x150.jpg"},"post-thumbnail":{"file":"Mansa\u0303o-moderna-a-700-m-da-praia-a-venda-em-Praia-do-Forte-29-150x85.jpg","width":150,"height":85,"mime-type":"image\/jpeg","filesize":3217,"url":"https:\/\/hansenimoveis.com\/wp-content\/uploads\/2022\/10\/Mansa\u0303o-moderna-a-700-m-da-praia-a-venda-em-Praia-do-Forte-29-150x85.jpg"},"modern-property-child-slider":{"file":"Mansa\u0303o-moderna-a-700-m-da-praia-a-venda-em-Praia-do-Forte-29-680x510.jpg","width":680,"height":510,"mime-type":"image\/jpeg","filesize":38628,"url":"https:\/\/hansenimoveis.com\/wp-content\/uploads\/2022\/10\/Mansa\u0303o-moderna-a-700-m-da-praia-a-venda-em-Praia-do-Forte-29-680x510.jpg"},"property-thumb-image":{"file":"Mansa\u0303o-moderna-a-700-m-da-praia-a-venda-em-Praia-do-Forte-29-488x326.jpg","width":488,"height":326,"mime-type":"image\/jpeg","filesize":20377,"url":"https:\/\/hansenimoveis.com\/wp-content\/uploads\/2022\/10\/Mansa\u0303o-moderna-a-700-m-da-praia-a-venda-em-Praia-do-Forte-29-488x326.jpg"},"property-detail-video-image":{"file":"Mansa\u0303o-moderna-a-700-m-da-praia-a-venda-em-Praia-do-Forte-29-818x417.jpg","width":818,"height":417,"mime-type":"image\/jpeg","filesize":36177,"url":"https:\/\/hansenimoveis.com\/wp-content\/uploads\/2022\/10\/Mansa\u0303o-moderna-a-700-m-da-praia-a-venda-em-Praia-do-Forte-29-818x417.jpg"},"agent-image":{"file":"Mansa\u0303o-moderna-a-700-m-da-praia-a-venda-em-Praia-do-Forte-29-210x210.jpg","width":210,"height":210,"mime-type":"image\/jpeg","filesize":7472,"url":"https:\/\/hansenimoveis.com\/wp-content\/uploads\/2022\/10\/Mansa\u0303o-moderna-a-700-m-da-praia-a-venda-em-Praia-do-Forte-29-210x210.jpg"},"partners-logo":{"file":"Mansa\u0303o-moderna-a-700-m-da-praia-a-venda-em-Praia-do-Forte-29-600x725.jpg","width":600,"height":725,"mime-type":"image\/jpeg","filesize":46224,"url":"https:\/\/hansenimoveis.com\/wp-content\/uploads\/2022\/10\/Mansa\u0303o-moderna-a-700-m-da-praia-a-venda-em-Praia-do-Forte-29-600x725.jpg"},"post-featured-image":{"file":"Mansa\u0303o-moderna-a-700-m-da-praia-a-venda-em-Praia-do-Forte-29-1240x720.jpg","width":1240,"height":720,"mime-type":"image\/jpeg","filesize":77911,"url":"https:\/\/hansenimoveis.com\/wp-content\/uploads\/2022\/10\/Mansa\u0303o-moderna-a-700-m-da-praia-a-venda-em-Praia-do-Forte-29-1240x720.jpg"}},"image_meta":{"aperture":"8","credit":"john hansen","camera":"ILCE-7SM3","caption":"","created_timestamp":"1664557787","copyright":"hansen imoveis","focal_length":"12","iso":"100","shutter_speed":"0.1","title":"","orientation":"0","keywords":[]},"ID":"181230","name":"Mansa\u0303o-moderna-a-700-m-da-praia-a-venda-em-Praia-do-Forte-29.jpg","path":"\/home\/hansenimoveis.com\/public_html\/wp-content\/uploads\/2022\/10\/Mansa\u0303o-moderna-a-700-m-da-praia-a-venda-em-Praia-do-Forte-29.jpg","url":"https:\/\/hansenimoveis.com\/wp-content\/uploads\/2022\/10\/Mansa\u0303o-moderna-a-700-m-da-praia-a-venda-em-Praia-do-Forte-29-150x150.jpg","full_url":"https:\/\/hansenimoveis.com\/wp-content\/uploads\/2022\/10\/Mansa\u0303o-moderna-a-700-m-da-praia-a-venda-em-Praia-do-Forte-29.jpg","title":"Mansa\u0303o moderna a 700 m da praia a venda em Praia do Forte-29","caption":"","description":"","alt":"Mans\u00e3o moderna a 700 m da praia a venda em Praia do Forte","srcset":"https:\/\/hansenimoveis.com\/wp-content\/uploads\/2022\/10\/Mansa\u0303o-moderna-a-700-m-da-praia-a-venda-em-Praia-do-Forte-29-150x150.jpg 150w, https:\/\/hansenimoveis.com\/wp-content\/uploads\/2022\/10\/Mansa\u0303o-moderna-a-700-m-da-praia-a-venda-em-Praia-do-Forte-29-210x210.jpg 210w"},{"width":150,"height":150,"file":"2022\/10\/Mansa\u0303o-moderna-a-700-m-da-praia-a-venda-em-Praia-do-Forte-32.jpg","filesize":909149,"sizes":{"thumbnail":{"file":"Mansa\u0303o-moderna-a-700-m-da-praia-a-venda-em-Praia-do-Forte-32-150x150.jpg","width":150,"height":150,"mime-type":"image\/jpeg","filesize":8091,"url":"https:\/\/hansenimoveis.com\/wp-content\/uploads\/2022\/10\/Mansa\u0303o-moderna-a-700-m-da-praia-a-venda-em-Praia-do-Forte-32-150x150.jpg"},"post-thumbnail":{"file":"Mansa\u0303o-moderna-a-700-m-da-praia-a-venda-em-Praia-do-Forte-32-150x85.jpg","width":150,"height":85,"mime-type":"image\/jpeg","filesize":5064,"url":"https:\/\/hansenimoveis.com\/wp-content\/uploads\/2022\/10\/Mansa\u0303o-moderna-a-700-m-da-praia-a-venda-em-Praia-do-Forte-32-150x85.jpg"},"modern-property-child-slider":{"file":"Mansa\u0303o-moderna-a-700-m-da-praia-a-venda-em-Praia-do-Forte-32-680x510.jpg","width":680,"height":510,"mime-type":"image\/jpeg","filesize":105722,"url":"https:\/\/hansenimoveis.com\/wp-content\/uploads\/2022\/10\/Mansa\u0303o-moderna-a-700-m-da-praia-a-venda-em-Praia-do-Forte-32-680x510.jpg"},"property-thumb-image":{"file":"Mansa\u0303o-moderna-a-700-m-da-praia-a-venda-em-Praia-do-Forte-32-488x326.jpg","width":488,"height":326,"mime-type":"image\/jpeg","filesize":51444,"url":"https:\/\/hansenimoveis.com\/wp-content\/uploads\/2022\/10\/Mansa\u0303o-moderna-a-700-m-da-praia-a-venda-em-Praia-do-Forte-32-488x326.jpg"},"property-detail-video-image":{"file":"Mansa\u0303o-moderna-a-700-m-da-praia-a-venda-em-Praia-do-Forte-32-818x417.jpg","width":818,"height":417,"mime-type":"image\/jpeg","filesize":112356,"url":"https:\/\/hansenimoveis.com\/wp-content\/uploads\/2022\/10\/Mansa\u0303o-moderna-a-700-m-da-praia-a-venda-em-Praia-do-Forte-32-818x417.jpg"},"agent-image":{"file":"Mansa\u0303o-moderna-a-700-m-da-praia-a-venda-em-Praia-do-Forte-32-210x210.jpg","width":210,"height":210,"mime-type":"image\/jpeg","filesize":15262,"url":"https:\/\/hansenimoveis.com\/wp-content\/uploads\/2022\/10\/Mansa\u0303o-moderna-a-700-m-da-praia-a-venda-em-Praia-do-Forte-32-210x210.jpg"},"partners-logo":{"file":"Mansa\u0303o-moderna-a-700-m-da-praia-a-venda-em-Praia-do-Forte-32-600x725.jpg","width":600,"height":725,"mime-type":"image\/jpeg","filesize":149068,"url":"https:\/\/hansenimoveis.com\/wp-content\/uploads\/2022\/10\/Mansa\u0303o-moderna-a-700-m-da-praia-a-venda-em-Praia-do-Forte-32-600x725.jpg"},"post-featured-image":{"file":"Mansa\u0303o-moderna-a-700-m-da-praia-a-venda-em-Praia-do-Forte-32-1240x720.jpg","width":1240,"height":720,"mime-type":"image\/jpeg","filesize":258374,"url":"https:\/\/hansenimoveis.com\/wp-content\/uploads\/2022\/10\/Mansa\u0303o-moderna-a-700-m-da-praia-a-venda-em-Praia-do-Forte-32-1240x720.jpg"}},"image_meta":{"aperture":"8","credit":"john hansen","camera":"ILCE-7SM3","caption":"","created_timestamp":"1664558586","copyright":"hansen imoveis","focal_length":"24","iso":"100","shutter_speed":"0.0125","title":"","orientation":"0","keywords":[]},"ID":"181242","name":"Mansa\u0303o-moderna-a-700-m-da-praia-a-venda-em-Praia-do-Forte-32.jpg","path":"\/home\/hansenimoveis.com\/public_html\/wp-content\/uploads\/2022\/10\/Mansa\u0303o-moderna-a-700-m-da-praia-a-venda-em-Praia-do-Forte-32.jpg","url":"https:\/\/hansenimoveis.com\/wp-content\/uploads\/2022\/10\/Mansa\u0303o-moderna-a-700-m-da-praia-a-venda-em-Praia-do-Forte-32-150x150.jpg","full_url":"https:\/\/hansenimoveis.com\/wp-content\/uploads\/2022\/10\/Mansa\u0303o-moderna-a-700-m-da-praia-a-venda-em-Praia-do-Forte-32.jpg","title":"Mansa\u0303o moderna a 700 m da praia a venda em Praia do Forte-32","caption":"","description":"","alt":"Mans\u00e3o moderna a 700 m da praia a venda em Praia do Forte","srcset":"https:\/\/hansenimoveis.com\/wp-content\/uploads\/2022\/10\/Mansa\u0303o-moderna-a-700-m-da-praia-a-venda-em-Praia-do-Forte-32-150x150.jpg 150w, https:\/\/hansenimoveis.com\/wp-content\/uploads\/2022\/10\/Mansa\u0303o-moderna-a-700-m-da-praia-a-venda-em-Praia-do-Forte-32-210x210.jpg 210w"},{"width":150,"height":150,"file":"2022\/10\/Mansa\u0303o-moderna-a-700-m-da-praia-a-venda-em-Praia-do-Forte-31.jpg","filesize":515520,"sizes":{"thumbnail":{"file":"Mansa\u0303o-moderna-a-700-m-da-praia-a-venda-em-Praia-do-Forte-31-150x150.jpg","width":150,"height":150,"mime-type":"image\/jpeg","filesize":5419,"url":"https:\/\/hansenimoveis.com\/wp-content\/uploads\/2022\/10\/Mansa\u0303o-moderna-a-700-m-da-praia-a-venda-em-Praia-do-Forte-31-150x150.jpg"},"post-thumbnail":{"file":"Mansa\u0303o-moderna-a-700-m-da-praia-a-venda-em-Praia-do-Forte-31-150x85.jpg","width":150,"height":85,"mime-type":"image\/jpeg","filesize":4266,"url":"https:\/\/hansenimoveis.com\/wp-content\/uploads\/2022\/10\/Mansa\u0303o-moderna-a-700-m-da-praia-a-venda-em-Praia-do-Forte-31-150x85.jpg"},"modern-property-child-slider":{"file":"Mansa\u0303o-moderna-a-700-m-da-praia-a-venda-em-Praia-do-Forte-31-680x510.jpg","width":680,"height":510,"mime-type":"image\/jpeg","filesize":54702,"url":"https:\/\/hansenimoveis.com\/wp-content\/uploads\/2022\/10\/Mansa\u0303o-moderna-a-700-m-da-praia-a-venda-em-Praia-do-Forte-31-680x510.jpg"},"property-thumb-image":{"file":"Mansa\u0303o-moderna-a-700-m-da-praia-a-venda-em-Praia-do-Forte-31-488x326.jpg","width":488,"height":326,"mime-type":"image\/jpeg","filesize":30007,"url":"https:\/\/hansenimoveis.com\/wp-content\/uploads\/2022\/10\/Mansa\u0303o-moderna-a-700-m-da-praia-a-venda-em-Praia-do-Forte-31-488x326.jpg"},"property-detail-video-image":{"file":"Mansa\u0303o-moderna-a-700-m-da-praia-a-venda-em-Praia-do-Forte-31-818x417.jpg","width":818,"height":417,"mime-type":"image\/jpeg","filesize":61853,"url":"https:\/\/hansenimoveis.com\/wp-content\/uploads\/2022\/10\/Mansa\u0303o-moderna-a-700-m-da-praia-a-venda-em-Praia-do-Forte-31-818x417.jpg"},"agent-image":{"file":"Mansa\u0303o-moderna-a-700-m-da-praia-a-venda-em-Praia-do-Forte-31-210x210.jpg","width":210,"height":210,"mime-type":"image\/jpeg","filesize":9242,"url":"https:\/\/hansenimoveis.com\/wp-content\/uploads\/2022\/10\/Mansa\u0303o-moderna-a-700-m-da-praia-a-venda-em-Praia-do-Forte-31-210x210.jpg"},"partners-logo":{"file":"Mansa\u0303o-moderna-a-700-m-da-praia-a-venda-em-Praia-do-Forte-31-600x725.jpg","width":600,"height":725,"mime-type":"image\/jpeg","filesize":64585,"url":"https:\/\/hansenimoveis.com\/wp-content\/uploads\/2022\/10\/Mansa\u0303o-moderna-a-700-m-da-praia-a-venda-em-Praia-do-Forte-31-600x725.jpg"},"post-featured-image":{"file":"Mansa\u0303o-moderna-a-700-m-da-praia-a-venda-em-Praia-do-Forte-31-1240x720.jpg","width":1240,"height":720,"mime-type":"image\/jpeg","filesize":131967,"url":"https:\/\/hansenimoveis.com\/wp-content\/uploads\/2022\/10\/Mansa\u0303o-moderna-a-700-m-da-praia-a-venda-em-Praia-do-Forte-31-1240x720.jpg"}},"image_meta":{"aperture":"8","credit":"john hansen","camera":"ILCE-7SM3","caption":"","created_timestamp":"1664558507","copyright":"hansen imoveis","focal_length":"12","iso":"100","shutter_speed":"0.066666666666667","title":"","orientation":"0","keywords":[]},"ID":"181238","name":"Mansa\u0303o-moderna-a-700-m-da-praia-a-venda-em-Praia-do-Forte-31.jpg","path":"\/home\/hansenimoveis.com\/public_html\/wp-content\/uploads\/2022\/10\/Mansa\u0303o-moderna-a-700-m-da-praia-a-venda-em-Praia-do-Forte-31.jpg","url":"https:\/\/hansenimoveis.com\/wp-content\/uploads\/2022\/10\/Mansa\u0303o-moderna-a-700-m-da-praia-a-venda-em-Praia-do-Forte-31-150x150.jpg","full_url":"https:\/\/hansenimoveis.com\/wp-content\/uploads\/2022\/10\/Mansa\u0303o-moderna-a-700-m-da-praia-a-venda-em-Praia-do-Forte-31.jpg","title":"Mansa\u0303o moderna a 700 m da praia a venda em Praia do Forte-31","caption":"","description":"","alt":"Mans\u00e3o moderna a 700 m da praia a venda em Praia do Forte","srcset":"https:\/\/hansenimoveis.com\/wp-content\/uploads\/2022\/10\/Mansa\u0303o-moderna-a-700-m-da-praia-a-venda-em-Praia-do-Forte-31-150x150.jpg 150w, https:\/\/hansenimoveis.com\/wp-content\/uploads\/2022\/10\/Mansa\u0303o-moderna-a-700-m-da-praia-a-venda-em-Praia-do-Forte-31-210x210.jpg 210w"},{"width":150,"height":150,"file":"2022\/10\/Mansa\u0303o-moderna-a-700-m-da-praia-a-venda-em-Praia-do-Forte-4-1.jpg","filesize":552384,"sizes":{"thumbnail":{"file":"Mansa\u0303o-moderna-a-700-m-da-praia-a-venda-em-Praia-do-Forte-4-1-150x150.jpg","width":150,"height":150,"mime-type":"image\/jpeg","filesize":6786,"url":"https:\/\/hansenimoveis.com\/wp-content\/uploads\/2022\/10\/Mansa\u0303o-moderna-a-700-m-da-praia-a-venda-em-Praia-do-Forte-4-1-150x150.jpg"},"post-thumbnail":{"file":"Mansa\u0303o-moderna-a-700-m-da-praia-a-venda-em-Praia-do-Forte-4-1-150x85.jpg","width":150,"height":85,"mime-type":"image\/jpeg","filesize":4556,"url":"https:\/\/hansenimoveis.com\/wp-content\/uploads\/2022\/10\/Mansa\u0303o-moderna-a-700-m-da-praia-a-venda-em-Praia-do-Forte-4-1-150x85.jpg"},"modern-property-child-slider":{"file":"Mansa\u0303o-moderna-a-700-m-da-praia-a-venda-em-Praia-do-Forte-4-1-680x510.jpg","width":680,"height":510,"mime-type":"image\/jpeg","filesize":60340,"url":"https:\/\/hansenimoveis.com\/wp-content\/uploads\/2022\/10\/Mansa\u0303o-moderna-a-700-m-da-praia-a-venda-em-Praia-do-Forte-4-1-680x510.jpg"},"property-thumb-image":{"file":"Mansa\u0303o-moderna-a-700-m-da-praia-a-venda-em-Praia-do-Forte-4-1-488x326.jpg","width":488,"height":326,"mime-type":"image\/jpeg","filesize":32561,"url":"https:\/\/hansenimoveis.com\/wp-content\/uploads\/2022\/10\/Mansa\u0303o-moderna-a-700-m-da-praia-a-venda-em-Praia-do-Forte-4-1-488x326.jpg"},"property-detail-video-image":{"file":"Mansa\u0303o-moderna-a-700-m-da-praia-a-venda-em-Praia-do-Forte-4-1-818x417.jpg","width":818,"height":417,"mime-type":"image\/jpeg","filesize":59537,"url":"https:\/\/hansenimoveis.com\/wp-content\/uploads\/2022\/10\/Mansa\u0303o-moderna-a-700-m-da-praia-a-venda-em-Praia-do-Forte-4-1-818x417.jpg"},"agent-image":{"file":"Mansa\u0303o-moderna-a-700-m-da-praia-a-venda-em-Praia-do-Forte-4-1-210x210.jpg","width":210,"height":210,"mime-type":"image\/jpeg","filesize":11568,"url":"https:\/\/hansenimoveis.com\/wp-content\/uploads\/2022\/10\/Mansa\u0303o-moderna-a-700-m-da-praia-a-venda-em-Praia-do-Forte-4-1-210x210.jpg"},"partners-logo":{"file":"Mansa\u0303o-moderna-a-700-m-da-praia-a-venda-em-Praia-do-Forte-4-1-600x725.jpg","width":600,"height":725,"mime-type":"image\/jpeg","filesize":76891,"url":"https:\/\/hansenimoveis.com\/wp-content\/uploads\/2022\/10\/Mansa\u0303o-moderna-a-700-m-da-praia-a-venda-em-Praia-do-Forte-4-1-600x725.jpg"},"post-featured-image":{"file":"Mansa\u0303o-moderna-a-700-m-da-praia-a-venda-em-Praia-do-Forte-4-1-1240x720.jpg","width":1240,"height":720,"mime-type":"image\/jpeg","filesize":129937,"url":"https:\/\/hansenimoveis.com\/wp-content\/uploads\/2022\/10\/Mansa\u0303o-moderna-a-700-m-da-praia-a-venda-em-Praia-do-Forte-4-1-1240x720.jpg"}},"image_meta":{"aperture":"0","credit":"","camera":"","caption":"","created_timestamp":"1665942568","copyright":"","focal_length":"0","iso":"0","shutter_speed":"0","title":"","orientation":"0","keywords":[]},"ID":"181258","name":"Mansa\u0303o-moderna-a-700-m-da-praia-a-venda-em-Praia-do-Forte-4-1.jpg","path":"\/home\/hansenimoveis.com\/public_html\/wp-content\/uploads\/2022\/10\/Mansa\u0303o-moderna-a-700-m-da-praia-a-venda-em-Praia-do-Forte-4-1.jpg","url":"https:\/\/hansenimoveis.com\/wp-content\/uploads\/2022\/10\/Mansa\u0303o-moderna-a-700-m-da-praia-a-venda-em-Praia-do-Forte-4-1-150x150.jpg","full_url":"https:\/\/hansenimoveis.com\/wp-content\/uploads\/2022\/10\/Mansa\u0303o-moderna-a-700-m-da-praia-a-venda-em-Praia-do-Forte-4-1.jpg","title":"Mansa\u0303o moderna a 700 m da praia a venda em Praia do Forte-4","caption":"","description":"","alt":"Mans\u00e3o moderna a 700 m da praia a venda em Praia do Forte","srcset":"https:\/\/hansenimoveis.com\/wp-content\/uploads\/2022\/10\/Mansa\u0303o-moderna-a-700-m-da-praia-a-venda-em-Praia-do-Forte-4-1-150x150.jpg 150w, https:\/\/hansenimoveis.com\/wp-content\/uploads\/2022\/10\/Mansa\u0303o-moderna-a-700-m-da-praia-a-venda-em-Praia-do-Forte-4-1-210x210.jpg 210w"},{"width":150,"height":150,"file":"2022\/10\/Mansa\u0303o-moderna-a-700-m-da-praia-a-venda-em-Praia-do-Forte-2-1.jpg","filesize":773879,"sizes":{"thumbnail":{"file":"Mansa\u0303o-moderna-a-700-m-da-praia-a-venda-em-Praia-do-Forte-2-1-150x150.jpg","width":150,"height":150,"mime-type":"image\/jpeg","filesize":9031,"url":"https:\/\/hansenimoveis.com\/wp-content\/uploads\/2022\/10\/Mansa\u0303o-moderna-a-700-m-da-praia-a-venda-em-Praia-do-Forte-2-1-150x150.jpg"},"post-thumbnail":{"file":"Mansa\u0303o-moderna-a-700-m-da-praia-a-venda-em-Praia-do-Forte-2-1-150x84.jpg","width":150,"height":84,"mime-type":"image\/jpeg","filesize":5947,"url":"https:\/\/hansenimoveis.com\/wp-content\/uploads\/2022\/10\/Mansa\u0303o-moderna-a-700-m-da-praia-a-venda-em-Praia-do-Forte-2-1-150x84.jpg"},"modern-property-child-slider":{"file":"Mansa\u0303o-moderna-a-700-m-da-praia-a-venda-em-Praia-do-Forte-2-1-680x510.jpg","width":680,"height":510,"mime-type":"image\/jpeg","filesize":96665,"url":"https:\/\/hansenimoveis.com\/wp-content\/uploads\/2022\/10\/Mansa\u0303o-moderna-a-700-m-da-praia-a-venda-em-Praia-do-Forte-2-1-680x510.jpg"},"property-thumb-image":{"file":"Mansa\u0303o-moderna-a-700-m-da-praia-a-venda-em-Praia-do-Forte-2-1-488x326.jpg","width":488,"height":326,"mime-type":"image\/jpeg","filesize":50733,"url":"https:\/\/hansenimoveis.com\/wp-content\/uploads\/2022\/10\/Mansa\u0303o-moderna-a-700-m-da-praia-a-venda-em-Praia-do-Forte-2-1-488x326.jpg"},"property-detail-video-image":{"file":"Mansa\u0303o-moderna-a-700-m-da-praia-a-venda-em-Praia-do-Forte-2-1-818x417.jpg","width":818,"height":417,"mime-type":"image\/jpeg","filesize":101031,"url":"https:\/\/hansenimoveis.com\/wp-content\/uploads\/2022\/10\/Mansa\u0303o-moderna-a-700-m-da-praia-a-venda-em-Praia-do-Forte-2-1-818x417.jpg"},"agent-image":{"file":"Mansa\u0303o-moderna-a-700-m-da-praia-a-venda-em-Praia-do-Forte-2-1-210x210.jpg","width":210,"height":210,"mime-type":"image\/jpeg","filesize":16189,"url":"https:\/\/hansenimoveis.com\/wp-content\/uploads\/2022\/10\/Mansa\u0303o-moderna-a-700-m-da-praia-a-venda-em-Praia-do-Forte-2-1-210x210.jpg"},"partners-logo":{"file":"Mansa\u0303o-moderna-a-700-m-da-praia-a-venda-em-Praia-do-Forte-2-1-600x720.jpg","width":600,"height":720,"mime-type":"image\/jpeg","filesize":118294,"url":"https:\/\/hansenimoveis.com\/wp-content\/uploads\/2022\/10\/Mansa\u0303o-moderna-a-700-m-da-praia-a-venda-em-Praia-do-Forte-2-1-600x720.jpg"},"post-featured-image":{"file":"Mansa\u0303o-moderna-a-700-m-da-praia-a-venda-em-Praia-do-Forte-2-1-1240x720.jpg","width":1240,"height":720,"mime-type":"image\/jpeg","filesize":242128,"url":"https:\/\/hansenimoveis.com\/wp-content\/uploads\/2022\/10\/Mansa\u0303o-moderna-a-700-m-da-praia-a-venda-em-Praia-do-Forte-2-1-1240x720.jpg"}},"image_meta":{"aperture":"0","credit":"","camera":"","caption":"","created_timestamp":"1665942267","copyright":"","focal_length":"0","iso":"0","shutter_speed":"0","title":"","orientation":"0","keywords":[]},"ID":"181254","name":"Mansa\u0303o-moderna-a-700-m-da-praia-a-venda-em-Praia-do-Forte-2-1.jpg","path":"\/home\/hansenimoveis.com\/public_html\/wp-content\/uploads\/2022\/10\/Mansa\u0303o-moderna-a-700-m-da-praia-a-venda-em-Praia-do-Forte-2-1.jpg","url":"https:\/\/hansenimoveis.com\/wp-content\/uploads\/2022\/10\/Mansa\u0303o-moderna-a-700-m-da-praia-a-venda-em-Praia-do-Forte-2-1-150x150.jpg","full_url":"https:\/\/hansenimoveis.com\/wp-content\/uploads\/2022\/10\/Mansa\u0303o-moderna-a-700-m-da-praia-a-venda-em-Praia-do-Forte-2-1.jpg","title":"Mansa\u0303o moderna a 700 m da praia a venda em Praia do Forte-2","caption":"","description":"","alt":"Mans\u00e3o moderna a 700 m da praia a venda em Praia do Forte","srcset":"https:\/\/hansenimoveis.com\/wp-content\/uploads\/2022\/10\/Mansa\u0303o-moderna-a-700-m-da-praia-a-venda-em-Praia-do-Forte-2-1-150x150.jpg 150w, https:\/\/hansenimoveis.com\/wp-content\/uploads\/2022\/10\/Mansa\u0303o-moderna-a-700-m-da-praia-a-venda-em-Praia-do-Forte-2-1-210x210.jpg 210w"},{"width":150,"height":150,"file":"2022\/10\/Mansa\u0303o-moderna-a-700-m-da-praia-a-venda-em-Praia-do-Forte-5-1.jpg","filesize":739180,"sizes":{"thumbnail":{"file":"Mansa\u0303o-moderna-a-700-m-da-praia-a-venda-em-Praia-do-Forte-5-1-150x150.jpg","width":150,"height":150,"mime-type":"image\/jpeg","filesize":8285,"url":"https:\/\/hansenimoveis.com\/wp-content\/uploads\/2022\/10\/Mansa\u0303o-moderna-a-700-m-da-praia-a-venda-em-Praia-do-Forte-5-1-150x150.jpg"},"post-thumbnail":{"file":"Mansa\u0303o-moderna-a-700-m-da-praia-a-venda-em-Praia-do-Forte-5-1-150x85.jpg","width":150,"height":85,"mime-type":"image\/jpeg","filesize":5267,"url":"https:\/\/hansenimoveis.com\/wp-content\/uploads\/2022\/10\/Mansa\u0303o-moderna-a-700-m-da-praia-a-venda-em-Praia-do-Forte-5-1-150x85.jpg"},"modern-property-child-slider":{"file":"Mansa\u0303o-moderna-a-700-m-da-praia-a-venda-em-Praia-do-Forte-5-1-680x510.jpg","width":680,"height":510,"mime-type":"image\/jpeg","filesize":88685,"url":"https:\/\/hansenimoveis.com\/wp-content\/uploads\/2022\/10\/Mansa\u0303o-moderna-a-700-m-da-praia-a-venda-em-Praia-do-Forte-5-1-680x510.jpg"},"property-thumb-image":{"file":"Mansa\u0303o-moderna-a-700-m-da-praia-a-venda-em-Praia-do-Forte-5-1-488x326.jpg","width":488,"height":326,"mime-type":"image\/jpeg","filesize":45185,"url":"https:\/\/hansenimoveis.com\/wp-content\/uploads\/2022\/10\/Mansa\u0303o-moderna-a-700-m-da-praia-a-venda-em-Praia-do-Forte-5-1-488x326.jpg"},"property-detail-video-image":{"file":"Mansa\u0303o-moderna-a-700-m-da-praia-a-venda-em-Praia-do-Forte-5-1-818x417.jpg","width":818,"height":417,"mime-type":"image\/jpeg","filesize":92604,"url":"https:\/\/hansenimoveis.com\/wp-content\/uploads\/2022\/10\/Mansa\u0303o-moderna-a-700-m-da-praia-a-venda-em-Praia-do-Forte-5-1-818x417.jpg"},"agent-image":{"file":"Mansa\u0303o-moderna-a-700-m-da-praia-a-venda-em-Praia-do-Forte-5-1-210x210.jpg","width":210,"height":210,"mime-type":"image\/jpeg","filesize":14962,"url":"https:\/\/hansenimoveis.com\/wp-content\/uploads\/2022\/10\/Mansa\u0303o-moderna-a-700-m-da-praia-a-venda-em-Praia-do-Forte-5-1-210x210.jpg"},"partners-logo":{"file":"Mansa\u0303o-moderna-a-700-m-da-praia-a-venda-em-Praia-do-Forte-5-1-600x725.jpg","width":600,"height":725,"mime-type":"image\/jpeg","filesize":117959,"url":"https:\/\/hansenimoveis.com\/wp-content\/uploads\/2022\/10\/Mansa\u0303o-moderna-a-700-m-da-praia-a-venda-em-Praia-do-Forte-5-1-600x725.jpg"},"post-featured-image":{"file":"Mansa\u0303o-moderna-a-700-m-da-praia-a-venda-em-Praia-do-Forte-5-1-1240x720.jpg","width":1240,"height":720,"mime-type":"image\/jpeg","filesize":197746,"url":"https:\/\/hansenimoveis.com\/wp-content\/uploads\/2022\/10\/Mansa\u0303o-moderna-a-700-m-da-praia-a-venda-em-Praia-do-Forte-5-1-1240x720.jpg"}},"image_meta":{"aperture":"0","credit":"","camera":"","caption":"","created_timestamp":"1665942623","copyright":"","focal_length":"0","iso":"0","shutter_speed":"0","title":"","orientation":"0","keywords":[]},"ID":"181262","name":"Mansa\u0303o-moderna-a-700-m-da-praia-a-venda-em-Praia-do-Forte-5-1.jpg","path":"\/home\/hansenimoveis.com\/public_html\/wp-content\/uploads\/2022\/10\/Mansa\u0303o-moderna-a-700-m-da-praia-a-venda-em-Praia-do-Forte-5-1.jpg","url":"https:\/\/hansenimoveis.com\/wp-content\/uploads\/2022\/10\/Mansa\u0303o-moderna-a-700-m-da-praia-a-venda-em-Praia-do-Forte-5-1-150x150.jpg","full_url":"https:\/\/hansenimoveis.com\/wp-content\/uploads\/2022\/10\/Mansa\u0303o-moderna-a-700-m-da-praia-a-venda-em-Praia-do-Forte-5-1.jpg","title":"Mansa\u0303o moderna a 700 m da praia a venda em Praia do Forte-5","caption":"","description":"","alt":"Mans\u00e3o moderna a 700 m da praia a venda em Praia do Forte","srcset":"https:\/\/hansenimoveis.com\/wp-content\/uploads\/2022\/10\/Mansa\u0303o-moderna-a-700-m-da-praia-a-venda-em-Praia-do-Forte-5-1-150x150.jpg 150w, https:\/\/hansenimoveis.com\/wp-content\/uploads\/2022\/10\/Mansa\u0303o-moderna-a-700-m-da-praia-a-venda-em-Praia-do-Forte-5-1-210x210.jpg 210w"},{"width":150,"height":150,"file":"2022\/10\/Mansa\u0303o-moderna-a-700-m-da-praia-a-venda-em-Praia-do-Forte-6-1.jpg","filesize":796733,"sizes":{"thumbnail":{"file":"Mansa\u0303o-moderna-a-700-m-da-praia-a-venda-em-Praia-do-Forte-6-1-150x150.jpg","width":150,"height":150,"mime-type":"image\/jpeg","filesize":9199,"url":"https:\/\/hansenimoveis.com\/wp-content\/uploads\/2022\/10\/Mansa\u0303o-moderna-a-700-m-da-praia-a-venda-em-Praia-do-Forte-6-1-150x150.jpg"},"post-thumbnail":{"file":"Mansa\u0303o-moderna-a-700-m-da-praia-a-venda-em-Praia-do-Forte-6-1-150x84.jpg","width":150,"height":84,"mime-type":"image\/jpeg","filesize":6005,"url":"https:\/\/hansenimoveis.com\/wp-content\/uploads\/2022\/10\/Mansa\u0303o-moderna-a-700-m-da-praia-a-venda-em-Praia-do-Forte-6-1-150x84.jpg"},"modern-property-child-slider":{"file":"Mansa\u0303o-moderna-a-700-m-da-praia-a-venda-em-Praia-do-Forte-6-1-680x510.jpg","width":680,"height":510,"mime-type":"image\/jpeg","filesize":94246,"url":"https:\/\/hansenimoveis.com\/wp-content\/uploads\/2022\/10\/Mansa\u0303o-moderna-a-700-m-da-praia-a-venda-em-Praia-do-Forte-6-1-680x510.jpg"},"property-thumb-image":{"file":"Mansa\u0303o-moderna-a-700-m-da-praia-a-venda-em-Praia-do-Forte-6-1-488x326.jpg","width":488,"height":326,"mime-type":"image\/jpeg","filesize":49203,"url":"https:\/\/hansenimoveis.com\/wp-content\/uploads\/2022\/10\/Mansa\u0303o-moderna-a-700-m-da-praia-a-venda-em-Praia-do-Forte-6-1-488x326.jpg"},"property-detail-video-image":{"file":"Mansa\u0303o-moderna-a-700-m-da-praia-a-venda-em-Praia-do-Forte-6-1-818x417.jpg","width":818,"height":417,"mime-type":"image\/jpeg","filesize":95543,"url":"https:\/\/hansenimoveis.com\/wp-content\/uploads\/2022\/10\/Mansa\u0303o-moderna-a-700-m-da-praia-a-venda-em-Praia-do-Forte-6-1-818x417.jpg"},"agent-image":{"file":"Mansa\u0303o-moderna-a-700-m-da-praia-a-venda-em-Praia-do-Forte-6-1-210x210.jpg","width":210,"height":210,"mime-type":"image\/jpeg","filesize":16283,"url":"https:\/\/hansenimoveis.com\/wp-content\/uploads\/2022\/10\/Mansa\u0303o-moderna-a-700-m-da-praia-a-venda-em-Praia-do-Forte-6-1-210x210.jpg"},"partners-logo":{"file":"Mansa\u0303o-moderna-a-700-m-da-praia-a-venda-em-Praia-do-Forte-6-1-600x720.jpg","width":600,"height":720,"mime-type":"image\/jpeg","filesize":123735,"url":"https:\/\/hansenimoveis.com\/wp-content\/uploads\/2022\/10\/Mansa\u0303o-moderna-a-700-m-da-praia-a-venda-em-Praia-do-Forte-6-1-600x720.jpg"},"post-featured-image":{"file":"Mansa\u0303o-moderna-a-700-m-da-praia-a-venda-em-Praia-do-Forte-6-1-1240x720.jpg","width":1240,"height":720,"mime-type":"image\/jpeg","filesize":239996,"url":"https:\/\/hansenimoveis.com\/wp-content\/uploads\/2022\/10\/Mansa\u0303o-moderna-a-700-m-da-praia-a-venda-em-Praia-do-Forte-6-1-1240x720.jpg"}},"image_meta":{"aperture":"0","credit":"","camera":"","caption":"","created_timestamp":"1665942638","copyright":"","focal_length":"0","iso":"0","shutter_speed":"0","title":"","orientation":"0","keywords":[]},"ID":"181266","name":"Mansa\u0303o-moderna-a-700-m-da-praia-a-venda-em-Praia-do-Forte-6-1.jpg","path":"\/home\/hansenimoveis.com\/public_html\/wp-content\/uploads\/2022\/10\/Mansa\u0303o-moderna-a-700-m-da-praia-a-venda-em-Praia-do-Forte-6-1.jpg","url":"https:\/\/hansenimoveis.com\/wp-content\/uploads\/2022\/10\/Mansa\u0303o-moderna-a-700-m-da-praia-a-venda-em-Praia-do-Forte-6-1-150x150.jpg","full_url":"https:\/\/hansenimoveis.com\/wp-content\/uploads\/2022\/10\/Mansa\u0303o-moderna-a-700-m-da-praia-a-venda-em-Praia-do-Forte-6-1.jpg","title":"Mansa\u0303o moderna a 700 m da praia a venda em Praia do Forte-6","caption":"","description":"","alt":"Mans\u00e3o moderna a 700 m da praia a venda em Praia do Forte","srcset":"https:\/\/hansenimoveis.com\/wp-content\/uploads\/2022\/10\/Mansa\u0303o-moderna-a-700-m-da-praia-a-venda-em-Praia-do-Forte-6-1-150x150.jpg 150w, https:\/\/hansenimoveis.com\/wp-content\/uploads\/2022\/10\/Mansa\u0303o-moderna-a-700-m-da-praia-a-venda-em-Praia-do-Forte-6-1-210x210.jpg 210w"},{"width":150,"height":150,"file":"2022\/10\/Mansa\u0303o-moderna-a-700-m-da-praia-a-venda-em-Praia-do-Forte-1.jpg","filesize":717643,"sizes":{"thumbnail":{"file":"Mansa\u0303o-moderna-a-700-m-da-praia-a-venda-em-Praia-do-Forte-1-150x150.jpg","width":150,"height":150,"mime-type":"image\/jpeg","filesize":6339,"url":"https:\/\/hansenimoveis.com\/wp-content\/uploads\/2022\/10\/Mansa\u0303o-moderna-a-700-m-da-praia-a-venda-em-Praia-do-Forte-1-150x150.jpg"},"post-thumbnail":{"file":"Mansa\u0303o-moderna-a-700-m-da-praia-a-venda-em-Praia-do-Forte-1-150x85.jpg","width":150,"height":85,"mime-type":"image\/jpeg","filesize":4473,"url":"https:\/\/hansenimoveis.com\/wp-content\/uploads\/2022\/10\/Mansa\u0303o-moderna-a-700-m-da-praia-a-venda-em-Praia-do-Forte-1-150x85.jpg"},"modern-property-child-slider":{"file":"Mansa\u0303o-moderna-a-700-m-da-praia-a-venda-em-Praia-do-Forte-1-680x510.jpg","width":680,"height":510,"mime-type":"image\/jpeg","filesize":73308,"url":"https:\/\/hansenimoveis.com\/wp-content\/uploads\/2022\/10\/Mansa\u0303o-moderna-a-700-m-da-praia-a-venda-em-Praia-do-Forte-1-680x510.jpg"},"property-thumb-image":{"file":"Mansa\u0303o-moderna-a-700-m-da-praia-a-venda-em-Praia-do-Forte-1-488x326.jpg","width":488,"height":326,"mime-type":"image\/jpeg","filesize":38071,"url":"https:\/\/hansenimoveis.com\/wp-content\/uploads\/2022\/10\/Mansa\u0303o-moderna-a-700-m-da-praia-a-venda-em-Praia-do-Forte-1-488x326.jpg"},"property-detail-video-image":{"file":"Mansa\u0303o-moderna-a-700-m-da-praia-a-venda-em-Praia-do-Forte-1-818x417.jpg","width":818,"height":417,"mime-type":"image\/jpeg","filesize":78385,"url":"https:\/\/hansenimoveis.com\/wp-content\/uploads\/2022\/10\/Mansa\u0303o-moderna-a-700-m-da-praia-a-venda-em-Praia-do-Forte-1-818x417.jpg"},"agent-image":{"file":"Mansa\u0303o-moderna-a-700-m-da-praia-a-venda-em-Praia-do-Forte-1-210x210.jpg","width":210,"height":210,"mime-type":"image\/jpeg","filesize":11339,"url":"https:\/\/hansenimoveis.com\/wp-content\/uploads\/2022\/10\/Mansa\u0303o-moderna-a-700-m-da-praia-a-venda-em-Praia-do-Forte-1-210x210.jpg"},"partners-logo":{"file":"Mansa\u0303o-moderna-a-700-m-da-praia-a-venda-em-Praia-do-Forte-1-600x725.jpg","width":600,"height":725,"mime-type":"image\/jpeg","filesize":86035,"url":"https:\/\/hansenimoveis.com\/wp-content\/uploads\/2022\/10\/Mansa\u0303o-moderna-a-700-m-da-praia-a-venda-em-Praia-do-Forte-1-600x725.jpg"},"post-featured-image":{"file":"Mansa\u0303o-moderna-a-700-m-da-praia-a-venda-em-Praia-do-Forte-1-1240x720.jpg","width":1240,"height":720,"mime-type":"image\/jpeg","filesize":172129,"url":"https:\/\/hansenimoveis.com\/wp-content\/uploads\/2022\/10\/Mansa\u0303o-moderna-a-700-m-da-praia-a-venda-em-Praia-do-Forte-1-1240x720.jpg"}},"image_meta":{"aperture":"0","credit":"","camera":"","caption":"","created_timestamp":"1665942239","copyright":"","focal_length":"0","iso":"0","shutter_speed":"0","title":"","orientation":"0","keywords":[]},"ID":"181294","name":"Mansa\u0303o-moderna-a-700-m-da-praia-a-venda-em-Praia-do-Forte-1.jpg","path":"\/home\/hansenimoveis.com\/public_html\/wp-content\/uploads\/2022\/10\/Mansa\u0303o-moderna-a-700-m-da-praia-a-venda-em-Praia-do-Forte-1.jpg","url":"https:\/\/hansenimoveis.com\/wp-content\/uploads\/2022\/10\/Mansa\u0303o-moderna-a-700-m-da-praia-a-venda-em-Praia-do-Forte-1-150x150.jpg","full_url":"https:\/\/hansenimoveis.com\/wp-content\/uploads\/2022\/10\/Mansa\u0303o-moderna-a-700-m-da-praia-a-venda-em-Praia-do-Forte-1.jpg","title":"Mansa\u0303o moderna a 700 m da praia a venda em Praia do Forte","caption":"","description":"","alt":"Mans\u00e3o moderna a 700 m da praia a venda em Praia do Forte","srcset":"https:\/\/hansenimoveis.com\/wp-content\/uploads\/2022\/10\/Mansa\u0303o-moderna-a-700-m-da-praia-a-venda-em-Praia-do-Forte-1-150x150.jpg 150w, https:\/\/hansenimoveis.com\/wp-content\/uploads\/2022\/10\/Mansa\u0303o-moderna-a-700-m-da-praia-a-venda-em-Praia-do-Forte-1-210x210.jpg 210w"},{"width":150,"height":150,"file":"2022\/10\/Mansa\u0303o-moderna-a-700-m-da-praia-a-venda-em-Praia-do-Forte-8-1.jpg","filesize":607112,"sizes":{"thumbnail":{"file":"Mansa\u0303o-moderna-a-700-m-da-praia-a-venda-em-Praia-do-Forte-8-1-150x150.jpg","width":150,"height":150,"mime-type":"image\/jpeg","filesize":7525,"url":"https:\/\/hansenimoveis.com\/wp-content\/uploads\/2022\/10\/Mansa\u0303o-moderna-a-700-m-da-praia-a-venda-em-Praia-do-Forte-8-1-150x150.jpg"},"post-thumbnail":{"file":"Mansa\u0303o-moderna-a-700-m-da-praia-a-venda-em-Praia-do-Forte-8-1-150x85.jpg","width":150,"height":85,"mime-type":"image\/jpeg","filesize":4628,"url":"https:\/\/hansenimoveis.com\/wp-content\/uploads\/2022\/10\/Mansa\u0303o-moderna-a-700-m-da-praia-a-venda-em-Praia-do-Forte-8-1-150x85.jpg"},"modern-property-child-slider":{"file":"Mansa\u0303o-moderna-a-700-m-da-praia-a-venda-em-Praia-do-Forte-8-1-680x510.jpg","width":680,"height":510,"mime-type":"image\/jpeg","filesize":72670,"url":"https:\/\/hansenimoveis.com\/wp-content\/uploads\/2022\/10\/Mansa\u0303o-moderna-a-700-m-da-praia-a-venda-em-Praia-do-Forte-8-1-680x510.jpg"},"property-thumb-image":{"file":"Mansa\u0303o-moderna-a-700-m-da-praia-a-venda-em-Praia-do-Forte-8-1-488x326.jpg","width":488,"height":326,"mime-type":"image\/jpeg","filesize":38112,"url":"https:\/\/hansenimoveis.com\/wp-content\/uploads\/2022\/10\/Mansa\u0303o-moderna-a-700-m-da-praia-a-venda-em-Praia-do-Forte-8-1-488x326.jpg"},"property-detail-video-image":{"file":"Mansa\u0303o-moderna-a-700-m-da-praia-a-venda-em-Praia-do-Forte-8-1-818x417.jpg","width":818,"height":417,"mime-type":"image\/jpeg","filesize":73247,"url":"https:\/\/hansenimoveis.com\/wp-content\/uploads\/2022\/10\/Mansa\u0303o-moderna-a-700-m-da-praia-a-venda-em-Praia-do-Forte-8-1-818x417.jpg"},"agent-image":{"file":"Mansa\u0303o-moderna-a-700-m-da-praia-a-venda-em-Praia-do-Forte-8-1-210x210.jpg","width":210,"height":210,"mime-type":"image\/jpeg","filesize":13311,"url":"https:\/\/hansenimoveis.com\/wp-content\/uploads\/2022\/10\/Mansa\u0303o-moderna-a-700-m-da-praia-a-venda-em-Praia-do-Forte-8-1-210x210.jpg"},"partners-logo":{"file":"Mansa\u0303o-moderna-a-700-m-da-praia-a-venda-em-Praia-do-Forte-8-1-600x725.jpg","width":600,"height":725,"mime-type":"image\/jpeg","filesize":96197,"url":"https:\/\/hansenimoveis.com\/wp-content\/uploads\/2022\/10\/Mansa\u0303o-moderna-a-700-m-da-praia-a-venda-em-Praia-do-Forte-8-1-600x725.jpg"},"post-featured-image":{"file":"Mansa\u0303o-moderna-a-700-m-da-praia-a-venda-em-Praia-do-Forte-8-1-1240x720.jpg","width":1240,"height":720,"mime-type":"image\/jpeg","filesize":156421,"url":"https:\/\/hansenimoveis.com\/wp-content\/uploads\/2022\/10\/Mansa\u0303o-moderna-a-700-m-da-praia-a-venda-em-Praia-do-Forte-8-1-1240x720.jpg"}},"image_meta":{"aperture":"0","credit":"","camera":"","caption":"","created_timestamp":"1665942695","copyright":"","focal_length":"0","iso":"0","shutter_speed":"0","title":"","orientation":"0","keywords":[]},"ID":"181270","name":"Mansa\u0303o-moderna-a-700-m-da-praia-a-venda-em-Praia-do-Forte-8-1.jpg","path":"\/home\/hansenimoveis.com\/public_html\/wp-content\/uploads\/2022\/10\/Mansa\u0303o-moderna-a-700-m-da-praia-a-venda-em-Praia-do-Forte-8-1.jpg","url":"https:\/\/hansenimoveis.com\/wp-content\/uploads\/2022\/10\/Mansa\u0303o-moderna-a-700-m-da-praia-a-venda-em-Praia-do-Forte-8-1-150x150.jpg","full_url":"https:\/\/hansenimoveis.com\/wp-content\/uploads\/2022\/10\/Mansa\u0303o-moderna-a-700-m-da-praia-a-venda-em-Praia-do-Forte-8-1.jpg","title":"Mansa\u0303o moderna a 700 m da praia a venda em Praia do Forte-8","caption":"","description":"","alt":"Mans\u00e3o moderna a 700 m da praia a venda em Praia do Forte","srcset":"https:\/\/hansenimoveis.com\/wp-content\/uploads\/2022\/10\/Mansa\u0303o-moderna-a-700-m-da-praia-a-venda-em-Praia-do-Forte-8-1-150x150.jpg 150w, https:\/\/hansenimoveis.com\/wp-content\/uploads\/2022\/10\/Mansa\u0303o-moderna-a-700-m-da-praia-a-venda-em-Praia-do-Forte-8-1-210x210.jpg 210w"},{"width":150,"height":150,"file":"2022\/10\/Mansa\u0303o-moderna-a-700-m-da-praia-a-venda-em-Praia-do-Forte-9-1.jpg","filesize":632405,"sizes":{"thumbnail":{"file":"Mansa\u0303o-moderna-a-700-m-da-praia-a-venda-em-Praia-do-Forte-9-1-150x150.jpg","width":150,"height":150,"mime-type":"image\/jpeg","filesize":7303,"url":"https:\/\/hansenimoveis.com\/wp-content\/uploads\/2022\/10\/Mansa\u0303o-moderna-a-700-m-da-praia-a-venda-em-Praia-do-Forte-9-1-150x150.jpg"},"post-thumbnail":{"file":"Mansa\u0303o-moderna-a-700-m-da-praia-a-venda-em-Praia-do-Forte-9-1-150x85.jpg","width":150,"height":85,"mime-type":"image\/jpeg","filesize":4945,"url":"https:\/\/hansenimoveis.com\/wp-content\/uploads\/2022\/10\/Mansa\u0303o-moderna-a-700-m-da-praia-a-venda-em-Praia-do-Forte-9-1-150x85.jpg"},"modern-property-child-slider":{"file":"Mansa\u0303o-moderna-a-700-m-da-praia-a-venda-em-Praia-do-Forte-9-1-680x510.jpg","width":680,"height":510,"mime-type":"image\/jpeg","filesize":74857,"url":"https:\/\/hansenimoveis.com\/wp-content\/uploads\/2022\/10\/Mansa\u0303o-moderna-a-700-m-da-praia-a-venda-em-Praia-do-Forte-9-1-680x510.jpg"},"property-thumb-image":{"file":"Mansa\u0303o-moderna-a-700-m-da-praia-a-venda-em-Praia-do-Forte-9-1-488x326.jpg","width":488,"height":326,"mime-type":"image\/jpeg","filesize":39259,"url":"https:\/\/hansenimoveis.com\/wp-content\/uploads\/2022\/10\/Mansa\u0303o-moderna-a-700-m-da-praia-a-venda-em-Praia-do-Forte-9-1-488x326.jpg"},"property-detail-video-image":{"file":"Mansa\u0303o-moderna-a-700-m-da-praia-a-venda-em-Praia-do-Forte-9-1-818x417.jpg","width":818,"height":417,"mime-type":"image\/jpeg","filesize":77708,"url":"https:\/\/hansenimoveis.com\/wp-content\/uploads\/2022\/10\/Mansa\u0303o-moderna-a-700-m-da-praia-a-venda-em-Praia-do-Forte-9-1-818x417.jpg"},"agent-image":{"file":"Mansa\u0303o-moderna-a-700-m-da-praia-a-venda-em-Praia-do-Forte-9-1-210x210.jpg","width":210,"height":210,"mime-type":"image\/jpeg","filesize":13000,"url":"https:\/\/hansenimoveis.com\/wp-content\/uploads\/2022\/10\/Mansa\u0303o-moderna-a-700-m-da-praia-a-venda-em-Praia-do-Forte-9-1-210x210.jpg"},"partners-logo":{"file":"Mansa\u0303o-moderna-a-700-m-da-praia-a-venda-em-Praia-do-Forte-9-1-600x725.jpg","width":600,"height":725,"mime-type":"image\/jpeg","filesize":92860,"url":"https:\/\/hansenimoveis.com\/wp-content\/uploads\/2022\/10\/Mansa\u0303o-moderna-a-700-m-da-praia-a-venda-em-Praia-do-Forte-9-1-600x725.jpg"},"post-featured-image":{"file":"Mansa\u0303o-moderna-a-700-m-da-praia-a-venda-em-Praia-do-Forte-9-1-1240x720.jpg","width":1240,"height":720,"mime-type":"image\/jpeg","filesize":164346,"url":"https:\/\/hansenimoveis.com\/wp-content\/uploads\/2022\/10\/Mansa\u0303o-moderna-a-700-m-da-praia-a-venda-em-Praia-do-Forte-9-1-1240x720.jpg"}},"image_meta":{"aperture":"0","credit":"","camera":"","caption":"","created_timestamp":"1665942709","copyright":"","focal_length":"0","iso":"0","shutter_speed":"0","title":"","orientation":"0","keywords":[]},"ID":"181274","name":"Mansa\u0303o-moderna-a-700-m-da-praia-a-venda-em-Praia-do-Forte-9-1.jpg","path":"\/home\/hansenimoveis.com\/public_html\/wp-content\/uploads\/2022\/10\/Mansa\u0303o-moderna-a-700-m-da-praia-a-venda-em-Praia-do-Forte-9-1.jpg","url":"https:\/\/hansenimoveis.com\/wp-content\/uploads\/2022\/10\/Mansa\u0303o-moderna-a-700-m-da-praia-a-venda-em-Praia-do-Forte-9-1-150x150.jpg","full_url":"https:\/\/hansenimoveis.com\/wp-content\/uploads\/2022\/10\/Mansa\u0303o-moderna-a-700-m-da-praia-a-venda-em-Praia-do-Forte-9-1.jpg","title":"Mansa\u0303o moderna a 700 m da praia a venda em Praia do Forte-9","caption":"","description":"","alt":"Mans\u00e3o moderna a 700 m da praia a venda em Praia do Forte","srcset":"https:\/\/hansenimoveis.com\/wp-content\/uploads\/2022\/10\/Mansa\u0303o-moderna-a-700-m-da-praia-a-venda-em-Praia-do-Forte-9-1-150x150.jpg 150w, https:\/\/hansenimoveis.com\/wp-content\/uploads\/2022\/10\/Mansa\u0303o-moderna-a-700-m-da-praia-a-venda-em-Praia-do-Forte-9-1-210x210.jpg 210w"},{"width":150,"height":150,"file":"2022\/10\/Mansa\u0303o-moderna-a-700-m-da-praia-a-venda-em-Praia-do-Forte-13-1.jpg","filesize":710206,"sizes":{"thumbnail":{"file":"Mansa\u0303o-moderna-a-700-m-da-praia-a-venda-em-Praia-do-Forte-13-1-150x150.jpg","width":150,"height":150,"mime-type":"image\/jpeg","filesize":7849,"url":"https:\/\/hansenimoveis.com\/wp-content\/uploads\/2022\/10\/Mansa\u0303o-moderna-a-700-m-da-praia-a-venda-em-Praia-do-Forte-13-1-150x150.jpg"},"post-thumbnail":{"file":"Mansa\u0303o-moderna-a-700-m-da-praia-a-venda-em-Praia-do-Forte-13-1-150x85.jpg","width":150,"height":85,"mime-type":"image\/jpeg","filesize":5391,"url":"https:\/\/hansenimoveis.com\/wp-content\/uploads\/2022\/10\/Mansa\u0303o-moderna-a-700-m-da-praia-a-venda-em-Praia-do-Forte-13-1-150x85.jpg"},"modern-property-child-slider":{"file":"Mansa\u0303o-moderna-a-700-m-da-praia-a-venda-em-Praia-do-Forte-13-1-680x510.jpg","width":680,"height":510,"mime-type":"image\/jpeg","filesize":77535,"url":"https:\/\/hansenimoveis.com\/wp-content\/uploads\/2022\/10\/Mansa\u0303o-moderna-a-700-m-da-praia-a-venda-em-Praia-do-Forte-13-1-680x510.jpg"},"property-thumb-image":{"file":"Mansa\u0303o-moderna-a-700-m-da-praia-a-venda-em-Praia-do-Forte-13-1-488x326.jpg","width":488,"height":326,"mime-type":"image\/jpeg","filesize":40035,"url":"https:\/\/hansenimoveis.com\/wp-content\/uploads\/2022\/10\/Mansa\u0303o-moderna-a-700-m-da-praia-a-venda-em-Praia-do-Forte-13-1-488x326.jpg"},"property-detail-video-image":{"file":"Mansa\u0303o-moderna-a-700-m-da-praia-a-venda-em-Praia-do-Forte-13-1-818x417.jpg","width":818,"height":417,"mime-type":"image\/jpeg","filesize":82103,"url":"https:\/\/hansenimoveis.com\/wp-content\/uploads\/2022\/10\/Mansa\u0303o-moderna-a-700-m-da-praia-a-venda-em-Praia-do-Forte-13-1-818x417.jpg"},"agent-image":{"file":"Mansa\u0303o-moderna-a-700-m-da-praia-a-venda-em-Praia-do-Forte-13-1-210x210.jpg","width":210,"height":210,"mime-type":"image\/jpeg","filesize":13617,"url":"https:\/\/hansenimoveis.com\/wp-content\/uploads\/2022\/10\/Mansa\u0303o-moderna-a-700-m-da-praia-a-venda-em-Praia-do-Forte-13-1-210x210.jpg"},"partners-logo":{"file":"Mansa\u0303o-moderna-a-700-m-da-praia-a-venda-em-Praia-do-Forte-13-1-600x725.jpg","width":600,"height":725,"mime-type":"image\/jpeg","filesize":101179,"url":"https:\/\/hansenimoveis.com\/wp-content\/uploads\/2022\/10\/Mansa\u0303o-moderna-a-700-m-da-praia-a-venda-em-Praia-do-Forte-13-1-600x725.jpg"},"post-featured-image":{"file":"Mansa\u0303o-moderna-a-700-m-da-praia-a-venda-em-Praia-do-Forte-13-1-1240x720.jpg","width":1240,"height":720,"mime-type":"image\/jpeg","filesize":173067,"url":"https:\/\/hansenimoveis.com\/wp-content\/uploads\/2022\/10\/Mansa\u0303o-moderna-a-700-m-da-praia-a-venda-em-Praia-do-Forte-13-1-1240x720.jpg"}},"image_meta":{"aperture":"0","credit":"","camera":"","caption":"","created_timestamp":"1665942800","copyright":"","focal_length":"0","iso":"0","shutter_speed":"0","title":"","orientation":"0","keywords":[]},"ID":"181278","name":"Mansa\u0303o-moderna-a-700-m-da-praia-a-venda-em-Praia-do-Forte-13-1.jpg","path":"\/home\/hansenimoveis.com\/public_html\/wp-content\/uploads\/2022\/10\/Mansa\u0303o-moderna-a-700-m-da-praia-a-venda-em-Praia-do-Forte-13-1.jpg","url":"https:\/\/hansenimoveis.com\/wp-content\/uploads\/2022\/10\/Mansa\u0303o-moderna-a-700-m-da-praia-a-venda-em-Praia-do-Forte-13-1-150x150.jpg","full_url":"https:\/\/hansenimoveis.com\/wp-content\/uploads\/2022\/10\/Mansa\u0303o-moderna-a-700-m-da-praia-a-venda-em-Praia-do-Forte-13-1.jpg","title":"Mansa\u0303o moderna a 700 m da praia a venda em Praia do Forte-13","caption":"","description":"","alt":"Mans\u00e3o moderna a 700 m da praia a venda em Praia do Forte","srcset":"https:\/\/hansenimoveis.com\/wp-content\/uploads\/2022\/10\/Mansa\u0303o-moderna-a-700-m-da-praia-a-venda-em-Praia-do-Forte-13-1-150x150.jpg 150w, https:\/\/hansenimoveis.com\/wp-content\/uploads\/2022\/10\/Mansa\u0303o-moderna-a-700-m-da-praia-a-venda-em-Praia-do-Forte-13-1-210x210.jpg 210w"},{"width":150,"height":150,"file":"2022\/10\/Mansa\u0303o-moderna-a-700-m-da-praia-a-venda-em-Praia-do-Forte-25-1.jpg","filesize":708599,"sizes":{"thumbnail":{"file":"Mansa\u0303o-moderna-a-700-m-da-praia-a-venda-em-Praia-do-Forte-25-1-150x150.jpg","width":150,"height":150,"mime-type":"image\/jpeg","filesize":8152,"url":"https:\/\/hansenimoveis.com\/wp-content\/uploads\/2022\/10\/Mansa\u0303o-moderna-a-700-m-da-praia-a-venda-em-Praia-do-Forte-25-1-150x150.jpg"},"post-thumbnail":{"file":"Mansa\u0303o-moderna-a-700-m-da-praia-a-venda-em-Praia-do-Forte-25-1-150x85.jpg","width":150,"height":85,"mime-type":"image\/jpeg","filesize":5417,"url":"https:\/\/hansenimoveis.com\/wp-content\/uploads\/2022\/10\/Mansa\u0303o-moderna-a-700-m-da-praia-a-venda-em-Praia-do-Forte-25-1-150x85.jpg"},"modern-property-child-slider":{"file":"Mansa\u0303o-moderna-a-700-m-da-praia-a-venda-em-Praia-do-Forte-25-1-680x510.jpg","width":680,"height":510,"mime-type":"image\/jpeg","filesize":80209,"url":"https:\/\/hansenimoveis.com\/wp-content\/uploads\/2022\/10\/Mansa\u0303o-moderna-a-700-m-da-praia-a-venda-em-Praia-do-Forte-25-1-680x510.jpg"},"property-thumb-image":{"file":"Mansa\u0303o-moderna-a-700-m-da-praia-a-venda-em-Praia-do-Forte-25-1-488x326.jpg","width":488,"height":326,"mime-type":"image\/jpeg","filesize":43640,"url":"https:\/\/hansenimoveis.com\/wp-content\/uploads\/2022\/10\/Mansa\u0303o-moderna-a-700-m-da-praia-a-venda-em-Praia-do-Forte-25-1-488x326.jpg"},"property-detail-video-image":{"file":"Mansa\u0303o-moderna-a-700-m-da-praia-a-venda-em-Praia-do-Forte-25-1-818x417.jpg","width":818,"height":417,"mime-type":"image\/jpeg","filesize":85545,"url":"https:\/\/hansenimoveis.com\/wp-content\/uploads\/2022\/10\/Mansa\u0303o-moderna-a-700-m-da-praia-a-venda-em-Praia-do-Forte-25-1-818x417.jpg"},"agent-image":{"file":"Mansa\u0303o-moderna-a-700-m-da-praia-a-venda-em-Praia-do-Forte-25-1-210x210.jpg","width":210,"height":210,"mime-type":"image\/jpeg","filesize":13799,"url":"https:\/\/hansenimoveis.com\/wp-content\/uploads\/2022\/10\/Mansa\u0303o-moderna-a-700-m-da-praia-a-venda-em-Praia-do-Forte-25-1-210x210.jpg"},"partners-logo":{"file":"Mansa\u0303o-moderna-a-700-m-da-praia-a-venda-em-Praia-do-Forte-25-1-600x725.jpg","width":600,"height":725,"mime-type":"image\/jpeg","filesize":76309,"url":"https:\/\/hansenimoveis.com\/wp-content\/uploads\/2022\/10\/Mansa\u0303o-moderna-a-700-m-da-praia-a-venda-em-Praia-do-Forte-25-1-600x725.jpg"},"post-featured-image":{"file":"Mansa\u0303o-moderna-a-700-m-da-praia-a-venda-em-Praia-do-Forte-25-1-1240x720.jpg","width":1240,"height":720,"mime-type":"image\/jpeg","filesize":189138,"url":"https:\/\/hansenimoveis.com\/wp-content\/uploads\/2022\/10\/Mansa\u0303o-moderna-a-700-m-da-praia-a-venda-em-Praia-do-Forte-25-1-1240x720.jpg"}},"image_meta":{"aperture":"0","credit":"","camera":"","caption":"","created_timestamp":"1665943010","copyright":"","focal_length":"0","iso":"0","shutter_speed":"0","title":"","orientation":"0","keywords":[]},"ID":"181282","name":"Mansa\u0303o-moderna-a-700-m-da-praia-a-venda-em-Praia-do-Forte-25-1.jpg","path":"\/home\/hansenimoveis.com\/public_html\/wp-content\/uploads\/2022\/10\/Mansa\u0303o-moderna-a-700-m-da-praia-a-venda-em-Praia-do-Forte-25-1.jpg","url":"https:\/\/hansenimoveis.com\/wp-content\/uploads\/2022\/10\/Mansa\u0303o-moderna-a-700-m-da-praia-a-venda-em-Praia-do-Forte-25-1-150x150.jpg","full_url":"https:\/\/hansenimoveis.com\/wp-content\/uploads\/2022\/10\/Mansa\u0303o-moderna-a-700-m-da-praia-a-venda-em-Praia-do-Forte-25-1.jpg","title":"Mansa\u0303o moderna a 700 m da praia a venda em Praia do Forte-25","caption":"","description":"","alt":"Mans\u00e3o moderna a 700 m da praia a venda em Praia do Forte","srcset":"https:\/\/hansenimoveis.com\/wp-content\/uploads\/2022\/10\/Mansa\u0303o-moderna-a-700-m-da-praia-a-venda-em-Praia-do-Forte-25-1-150x150.jpg 150w, https:\/\/hansenimoveis.com\/wp-content\/uploads\/2022\/10\/Mansa\u0303o-moderna-a-700-m-da-praia-a-venda-em-Praia-do-Forte-25-1-210x210.jpg 210w"},{"width":150,"height":150,"file":"2022\/10\/Mansa\u0303o-moderna-a-700-m-da-praia-a-venda-em-Praia-do-Forte-27-1.jpg","filesize":643748,"sizes":{"thumbnail":{"file":"Mansa\u0303o-moderna-a-700-m-da-praia-a-venda-em-Praia-do-Forte-27-1-150x150.jpg","width":150,"height":150,"mime-type":"image\/jpeg","filesize":8298,"url":"https:\/\/hansenimoveis.com\/wp-content\/uploads\/2022\/10\/Mansa\u0303o-moderna-a-700-m-da-praia-a-venda-em-Praia-do-Forte-27-1-150x150.jpg"},"post-thumbnail":{"file":"Mansa\u0303o-moderna-a-700-m-da-praia-a-venda-em-Praia-do-Forte-27-1-150x85.jpg","width":150,"height":85,"mime-type":"image\/jpeg","filesize":5557,"url":"https:\/\/hansenimoveis.com\/wp-content\/uploads\/2022\/10\/Mansa\u0303o-moderna-a-700-m-da-praia-a-venda-em-Praia-do-Forte-27-1-150x85.jpg"},"modern-property-child-slider":{"file":"Mansa\u0303o-moderna-a-700-m-da-praia-a-venda-em-Praia-do-Forte-27-1-680x510.jpg","width":680,"height":510,"mime-type":"image\/jpeg","filesize":75307,"url":"https:\/\/hansenimoveis.com\/wp-content\/uploads\/2022\/10\/Mansa\u0303o-moderna-a-700-m-da-praia-a-venda-em-Praia-do-Forte-27-1-680x510.jpg"},"property-thumb-image":{"file":"Mansa\u0303o-moderna-a-700-m-da-praia-a-venda-em-Praia-do-Forte-27-1-488x326.jpg","width":488,"height":326,"mime-type":"image\/jpeg","filesize":41420,"url":"https:\/\/hansenimoveis.com\/wp-content\/uploads\/2022\/10\/Mansa\u0303o-moderna-a-700-m-da-praia-a-venda-em-Praia-do-Forte-27-1-488x326.jpg"},"property-detail-video-image":{"file":"Mansa\u0303o-moderna-a-700-m-da-praia-a-venda-em-Praia-do-Forte-27-1-818x417.jpg","width":818,"height":417,"mime-type":"image\/jpeg","filesize":80834,"url":"https:\/\/hansenimoveis.com\/wp-content\/uploads\/2022\/10\/Mansa\u0303o-moderna-a-700-m-da-praia-a-venda-em-Praia-do-Forte-27-1-818x417.jpg"},"agent-image":{"file":"Mansa\u0303o-moderna-a-700-m-da-praia-a-venda-em-Praia-do-Forte-27-1-210x210.jpg","width":210,"height":210,"mime-type":"image\/jpeg","filesize":14024,"url":"https:\/\/hansenimoveis.com\/wp-content\/uploads\/2022\/10\/Mansa\u0303o-moderna-a-700-m-da-praia-a-venda-em-Praia-do-Forte-27-1-210x210.jpg"},"partners-logo":{"file":"Mansa\u0303o-moderna-a-700-m-da-praia-a-venda-em-Praia-do-Forte-27-1-600x725.jpg","width":600,"height":725,"mime-type":"image\/jpeg","filesize":85916,"url":"https:\/\/hansenimoveis.com\/wp-content\/uploads\/2022\/10\/Mansa\u0303o-moderna-a-700-m-da-praia-a-venda-em-Praia-do-Forte-27-1-600x725.jpg"},"post-featured-image":{"file":"Mansa\u0303o-moderna-a-700-m-da-praia-a-venda-em-Praia-do-Forte-27-1-1240x720.jpg","width":1240,"height":720,"mime-type":"image\/jpeg","filesize":164973,"url":"https:\/\/hansenimoveis.com\/wp-content\/uploads\/2022\/10\/Mansa\u0303o-moderna-a-700-m-da-praia-a-venda-em-Praia-do-Forte-27-1-1240x720.jpg"}},"image_meta":{"aperture":"0","credit":"","camera":"","caption":"","created_timestamp":"1665943032","copyright":"","focal_length":"0","iso":"0","shutter_speed":"0","title":"","orientation":"0","keywords":[]},"ID":"181286","name":"Mansa\u0303o-moderna-a-700-m-da-praia-a-venda-em-Praia-do-Forte-27-1.jpg","path":"\/home\/hansenimoveis.com\/public_html\/wp-content\/uploads\/2022\/10\/Mansa\u0303o-moderna-a-700-m-da-praia-a-venda-em-Praia-do-Forte-27-1.jpg","url":"https:\/\/hansenimoveis.com\/wp-content\/uploads\/2022\/10\/Mansa\u0303o-moderna-a-700-m-da-praia-a-venda-em-Praia-do-Forte-27-1-150x150.jpg","full_url":"https:\/\/hansenimoveis.com\/wp-content\/uploads\/2022\/10\/Mansa\u0303o-moderna-a-700-m-da-praia-a-venda-em-Praia-do-Forte-27-1.jpg","title":"Mansa\u0303o moderna a 700 m da praia a venda em Praia do Forte-27","caption":"","description":"","alt":"Mans\u00e3o moderna a 700 m da praia a venda em Praia do Forte","srcset":"https:\/\/hansenimoveis.com\/wp-content\/uploads\/2022\/10\/Mansa\u0303o-moderna-a-700-m-da-praia-a-venda-em-Praia-do-Forte-27-1-150x150.jpg 150w, https:\/\/hansenimoveis.com\/wp-content\/uploads\/2022\/10\/Mansa\u0303o-moderna-a-700-m-da-praia-a-venda-em-Praia-do-Forte-27-1-210x210.jpg 210w"},{"width":150,"height":150,"file":"2022\/10\/Mansa\u0303o-moderna-a-700-m-da-praia-a-venda-em-Praia-do-Forte-29-1.jpg","filesize":573362,"sizes":{"thumbnail":{"file":"Mansa\u0303o-moderna-a-700-m-da-praia-a-venda-em-Praia-do-Forte-29-1-150x150.jpg","width":150,"height":150,"mime-type":"image\/jpeg","filesize":6612,"url":"https:\/\/hansenimoveis.com\/wp-content\/uploads\/2022\/10\/Mansa\u0303o-moderna-a-700-m-da-praia-a-venda-em-Praia-do-Forte-29-1-150x150.jpg"},"post-thumbnail":{"file":"Mansa\u0303o-moderna-a-700-m-da-praia-a-venda-em-Praia-do-Forte-29-1-150x85.jpg","width":150,"height":85,"mime-type":"image\/jpeg","filesize":4758,"url":"https:\/\/hansenimoveis.com\/wp-content\/uploads\/2022\/10\/Mansa\u0303o-moderna-a-700-m-da-praia-a-venda-em-Praia-do-Forte-29-1-150x85.jpg"},"modern-property-child-slider":{"file":"Mansa\u0303o-moderna-a-700-m-da-praia-a-venda-em-Praia-do-Forte-29-1-680x510.jpg","width":680,"height":510,"mime-type":"image\/jpeg","filesize":66076,"url":"https:\/\/hansenimoveis.com\/wp-content\/uploads\/2022\/10\/Mansa\u0303o-moderna-a-700-m-da-praia-a-venda-em-Praia-do-Forte-29-1-680x510.jpg"},"property-thumb-image":{"file":"Mansa\u0303o-moderna-a-700-m-da-praia-a-venda-em-Praia-do-Forte-29-1-488x326.jpg","width":488,"height":326,"mime-type":"image\/jpeg","filesize":35958,"url":"https:\/\/hansenimoveis.com\/wp-content\/uploads\/2022\/10\/Mansa\u0303o-moderna-a-700-m-da-praia-a-venda-em-Praia-do-Forte-29-1-488x326.jpg"},"property-detail-video-image":{"file":"Mansa\u0303o-moderna-a-700-m-da-praia-a-venda-em-Praia-do-Forte-29-1-818x417.jpg","width":818,"height":417,"mime-type":"image\/jpeg","filesize":71281,"url":"https:\/\/hansenimoveis.com\/wp-content\/uploads\/2022\/10\/Mansa\u0303o-moderna-a-700-m-da-praia-a-venda-em-Praia-do-Forte-29-1-818x417.jpg"},"agent-image":{"file":"Mansa\u0303o-moderna-a-700-m-da-praia-a-venda-em-Praia-do-Forte-29-1-210x210.jpg","width":210,"height":210,"mime-type":"image\/jpeg","filesize":11640,"url":"https:\/\/hansenimoveis.com\/wp-content\/uploads\/2022\/10\/Mansa\u0303o-moderna-a-700-m-da-praia-a-venda-em-Praia-do-Forte-29-1-210x210.jpg"},"partners-logo":{"file":"Mansa\u0303o-moderna-a-700-m-da-praia-a-venda-em-Praia-do-Forte-29-1-600x725.jpg","width":600,"height":725,"mime-type":"image\/jpeg","filesize":74617,"url":"https:\/\/hansenimoveis.com\/wp-content\/uploads\/2022\/10\/Mansa\u0303o-moderna-a-700-m-da-praia-a-venda-em-Praia-do-Forte-29-1-600x725.jpg"},"post-featured-image":{"file":"Mansa\u0303o-moderna-a-700-m-da-praia-a-venda-em-Praia-do-Forte-29-1-1240x720.jpg","width":1240,"height":720,"mime-type":"image\/jpeg","filesize":145770,"url":"https:\/\/hansenimoveis.com\/wp-content\/uploads\/2022\/10\/Mansa\u0303o-moderna-a-700-m-da-praia-a-venda-em-Praia-do-Forte-29-1-1240x720.jpg"}},"image_meta":{"aperture":"0","credit":"","camera":"","caption":"","created_timestamp":"1665943062","copyright":"","focal_length":"0","iso":"0","shutter_speed":"0","title":"","orientation":"0","keywords":[]},"ID":"181290","name":"Mansa\u0303o-moderna-a-700-m-da-praia-a-venda-em-Praia-do-Forte-29-1.jpg","path":"\/home\/hansenimoveis.com\/public_html\/wp-content\/uploads\/2022\/10\/Mansa\u0303o-moderna-a-700-m-da-praia-a-venda-em-Praia-do-Forte-29-1.jpg","url":"https:\/\/hansenimoveis.com\/wp-content\/uploads\/2022\/10\/Mansa\u0303o-moderna-a-700-m-da-praia-a-venda-em-Praia-do-Forte-29-1-150x150.jpg","full_url":"https:\/\/hansenimoveis.com\/wp-content\/uploads\/2022\/10\/Mansa\u0303o-moderna-a-700-m-da-praia-a-venda-em-Praia-do-Forte-29-1.jpg","title":"Mansa\u0303o moderna a 700 m da praia a venda em Praia do Forte-29","caption":"","description":"","alt":"Mans\u00e3o moderna a 700 m da praia a venda em Praia do Forte","srcset":"https:\/\/hansenimoveis.com\/wp-content\/uploads\/2022\/10\/Mansa\u0303o-moderna-a-700-m-da-praia-a-venda-em-Praia-do-Forte-29-1-150x150.jpg 150w, https:\/\/hansenimoveis.com\/wp-content\/uploads\/2022\/10\/Mansa\u0303o-moderna-a-700-m-da-praia-a-venda-em-Praia-do-Forte-29-1-210x210.jpg 210w"}],"REAL_HOMES_change_gallery_slider_type":"0","REAL_HOMES_gallery_slider_type":"thumb-on-right","inspiry_floor_plans":[],"inspiry_video_group":[{"inspiry_video_group_url":"https:\/\/youtu.be\/DVFhnQhhAIM"}],"REAL_HOMES_360_virtual_tour":"","REAL_HOMES_agent_display_option":"agent_info","REAL_HOMES_agents":["664"],"REAL_HOMES_energy_class":"none","REAL_HOMES_energy_performance":"","REAL_HOMES_epc_current_rating":"","REAL_HOMES_epc_potential_rating":"","ere_property_schedule_tour":"global","ere_property_schedule_time_slots":"","ere_property_schedule_description":"","REAL_HOMES_sticky":"1","inspiry_property_label":"","inspiry_property_label_color":"","inspiry_property_tax":"0","inspiry_additional_fee":"","REAL_HOMES_attachments":[],"inspiry_property_owner_name":"Andre Barbosa","inspiry_property_owner_contact":"","inspiry_property_owner_address":"","REAL_HOMES_property_private_note":"Condom\u00ednio Praia Bella, Praia do Forte, 386","inspiry_message_to_reviewer":"","inspiry_global_property_template_override":"0","REAL_HOMES_add_in_slider":"no","REAL_HOMES_slider_image":[],"REAL_HOMES_page_banner_image":[],"REAL_HOMES_hide_property_advance_search":"0","REAL_HOMES_custom_header_display":"default","REAL_HOMES_custom_header_position":"relative","REAL_HOMES_custom_footer_display":"default","REAL_HOMES_hide_advance_search":"0","REAL_HOMES_custom_search_form":"default","REAL_HOMES_search_form_margin_top":"","REAL_HOMES_search_form_margin_bottom":""},"_links":{"self":[{"href":"https:\/\/hansenimoveis.com\/de\/wp-json\/wp\/v2\/property\/169334","targetHints":{"allow":["GET"]}}],"collection":[{"href":"https:\/\/hansenimoveis.com\/de\/wp-json\/wp\/v2\/property"}],"about":[{"href":"https:\/\/hansenimoveis.com\/de\/wp-json\/wp\/v2\/types\/property"}],"author":[{"embeddable":true,"href":"https:\/\/hansenimoveis.com\/de\/wp-json\/wp\/v2\/users\/2"}],"replies":[{"embeddable":true,"href":"https:\/\/hansenimoveis.com\/de\/wp-json\/wp\/v2\/comments?post=169334"}],"version-history":[{"count":0,"href":"https:\/\/hansenimoveis.com\/de\/wp-json\/wp\/v2\/property\/169334\/revisions"}],"wp:featuredmedia":[{"embeddable":true,"href":"https:\/\/hansenimoveis.com\/de\/wp-json\/wp\/v2\/media\/154471"}],"wp:attachment":[{"href":"https:\/\/hansenimoveis.com\/de\/wp-json\/wp\/v2\/media?parent=169334"}],"wp:term":[{"taxonomy":"property-feature","embeddable":true,"href":"https:\/\/hansenimoveis.com\/de\/wp-json\/wp\/v2\/property-feature?post=169334"},{"taxonomy":"property-type","embeddable":true,"href":"https:\/\/hansenimoveis.com\/de\/wp-json\/wp\/v2\/property-type?post=169334"},{"taxonomy":"property-city","embeddable":true,"href":"https:\/\/hansenimoveis.com\/de\/wp-json\/wp\/v2\/property-city?post=169334"},{"taxonomy":"property-status","embeddable":true,"href":"https:\/\/hansenimoveis.com\/de\/wp-json\/wp\/v2\/property-status?post=169334"}],"curies":[{"name":"wp","href":"https:\/\/api.w.org\/{rel}","templated":true}]}}